{"id":212249,"date":"2019-03-08T13:35:22","date_gmt":"2019-03-08T13:35:22","guid":{"rendered":"https:\/\/admin.industriall-union.org\/aerospatial\/"},"modified":"2026-03-12T15:58:43","modified_gmt":"2026-03-12T15:58:43","slug":"aerospatial","status":"publish","type":"page","link":"https:\/\/admin.industriall-union.org\/fr\/aerospatial\/","title":{"rendered":"A\u00e9rospatial"},"content":{"rendered":"<section class=\"boxTurquoise\">\n<h2>A\u00e9rospatial<\/h2>\n<p>Le secteur de l&#8217;a\u00e9rospatial interagit avec les filiales pour \u00e9laborer une politique sectorielle commune et d\u00e9velopper une strat\u00e9gie commune pour les syndicats afin de s&#8217;occuper des d\u00e9veloppements et des d\u00e9fis dans l&#8217;industrie. Le travail est men\u00e9 par le Comit\u00e9 Directeur.<\/p>\n<h3>Contact<\/h3>\n<table style=\"width: 100%;\" border=\"1\" cellspacing=\"1\" cellpadding=\"1\">\n<tbody>\n<tr>\n<td style=\"text-align: center;\"><img decoding=\"async\" style=\"width: 200px; height: 200px;\" src=\"\/wp-content\/uploads\/images\/People\/Internal\/IndustriALL-Staff\/georgblue.png\" alt=\"\" \/><\/td>\n<td>\n<h4><strong>Georg Leutert<\/strong><br \/>\nTel.\u00a0+41 22 308 5026<br \/>\ne-mail: <a href=\"mailto:gleutert@industriall-union.org\">gleutert<\/a><\/h4>\n<\/td>\n<\/tr>\n<\/tbody>\n<\/table>\n<h4><\/h4>\n<\/section>\n<h4>Accords Cadres Mondiaux dans le secteur a\u00e9rospatial<\/h4>\n<table style=\"width: 500px;\" border=\"1\" cellspacing=\"1\" cellpadding=\"1\">\n<tbody>\n<tr>\n<td><a href=\"https:\/\/www.industriall-union.org\/eads\"><img style=\"width: 150px; height: 107px;\" alt=\"\" \/><\/a><\/td>\n<td><a href=\"https:\/\/www.industriall-union.org\/industriall-signs-global-agreement-with-saab\"><img decoding=\"async\" style=\"width: 150px; height: 52px;\" src=\"\/wp-content\/uploads\/images\/Company-Logos\/saab_logo.png\" alt=\"\" \/><\/a><\/td>\n<td><a href=\"https:\/\/www.industriall-union.org\/industriall-global-union-signs-global-framework-agreement-with-safran\"><img decoding=\"async\" style=\"width: 150px; height: 90px;\" src=\"\/wp-content\/uploads\/images\/Company-Logos\/safran.jpg\" alt=\"\" \/><\/a><\/td>\n<\/tr>\n<\/tbody>\n<\/table>\n<h3>Articles de fond<\/h3>\n<figure class=\"imageArticle imageFull\"><img decoding=\"async\" style=\"width: 1440px; height: 954px;\" src=\"\/wp-content\/uploads\/styles\/article_top_image_w1440\/public\/uploads\/images\/Global-Worker\/2020-1\/aeropspace_shutterstock_1048379746.jpg\" alt=\"\" \/><figcaption class=\"imageContent\">\n<div class=\"imageTitle\">\n<h1 style=\"text-align: right;\"><a href=\"https:\/\/www.industriall-union.org\/fr\/industrie-aerospatiale-mondiale-proche-dun-atterrissage-en-catastrophe\">Industrie a\u00e9rospatiale mondiale : proche d\u2019un atterrissage en catastrophe ?<\/a><\/h1>\n<\/div>\n<div class=\"imageCaption\">\n<p>Global Worker\u00a0&#8211; June 2020<\/p>\n<\/div>\n<\/figcaption><\/figure>\n","protected":false},"excerpt":{"rendered":"<p>A\u00e9rospatial Le secteur de l&#8217;a\u00e9rospatial interagit avec les filiales pour \u00e9laborer une politique sectorielle commune et d\u00e9velopper une strat\u00e9gie commune pour les syndicats afin de s&#8217;occuper des d\u00e9veloppements et des d\u00e9fis dans l&#8217;industrie. Le travail est men\u00e9 par le Comit\u00e9 Directeur. Contact Georg Leutert Tel.\u00a0+41 22 308 5026 e-mail: gleutert Accords Cadres Mondiaux dans le [&hellip;]<\/p>\n","protected":false},"author":1,"featured_media":0,"parent":0,"menu_order":0,"comment_status":"closed","ping_status":"closed","template":"","meta":{"_acf_changed":false,"footnotes":""},"issues":[],"companies":[],"regions":[],"sectors":[427],"article_tags":[],"class_list":["post-212249","page","type-page","status-publish","hentry","sectors-aerospatial"],"acf":[],"yoast_head":"<!-- This site is optimized with the Yoast SEO Premium plugin v27.1 (Yoast SEO v27.1) - https:\/\/yoast.com\/product\/yoast-seo-premium-wordpress\/ -->\n<title>A\u00e9rospatial - industriall-union<\/title>\n<meta name=\"robots\" content=\"index, follow, max-snippet:-1, max-image-preview:large, max-video-preview:-1\" \/>\n<link rel=\"canonical\" href=\"https:\/\/admin.industriall-union.org\/fr\/aerospatial\/\" \/>\n<meta property=\"og:locale\" content=\"fr_FR\" \/>\n<meta property=\"og:type\" content=\"article\" \/>\n<meta property=\"og:title\" content=\"A\u00e9rospatial\" \/>\n<meta property=\"og:description\" content=\"A\u00e9rospatial Le secteur de l&#8217;a\u00e9rospatial interagit avec les filiales pour \u00e9laborer une politique sectorielle commune et d\u00e9velopper une strat\u00e9gie commune pour les syndicats afin de s&#8217;occuper des d\u00e9veloppements et des d\u00e9fis dans l&#8217;industrie. Le travail est men\u00e9 par le Comit\u00e9 Directeur. Contact Georg Leutert Tel.\u00a0+41 22 308 5026 e-mail: gleutert Accords Cadres Mondiaux dans le [&hellip;]\" \/>\n<meta property=\"og:url\" content=\"https:\/\/admin.industriall-union.org\/fr\/aerospatial\/\" \/>\n<meta property=\"og:site_name\" content=\"industriall-union\" \/>\n<meta property=\"article:modified_time\" content=\"2026-03-12T15:58:43+00:00\" \/>\n<meta name=\"twitter:card\" content=\"summary_large_image\" \/>\n<meta name=\"twitter:label1\" content=\"Est. reading time\" \/>\n\t<meta name=\"twitter:data1\" content=\"2 minutes\" \/>\n<script type=\"application\/ld+json\" class=\"yoast-schema-graph\">{\"@context\":\"https:\/\/schema.org\",\"@graph\":[{\"@type\":\"WebPage\",\"@id\":\"https:\/\/admin.industriall-union.org\/fr\/aerospatial\/\",\"url\":\"https:\/\/admin.industriall-union.org\/fr\/aerospatial\/\",\"name\":\"A\u00e9rospatial - industriall-union\",\"isPartOf\":{\"@id\":\"https:\/\/admin.industriall-union.org\/#website\"},\"datePublished\":\"2019-03-08T13:35:22+00:00\",\"dateModified\":\"2026-03-12T15:58:43+00:00\",\"breadcrumb\":{\"@id\":\"https:\/\/admin.industriall-union.org\/fr\/aerospatial\/#breadcrumb\"},\"inLanguage\":\"fr-FR\",\"potentialAction\":[{\"@type\":\"ReadAction\",\"target\":[\"https:\/\/admin.industriall-union.org\/fr\/aerospatial\/\"]}]},{\"@type\":\"BreadcrumbList\",\"@id\":\"https:\/\/admin.industriall-union.org\/fr\/aerospatial\/#breadcrumb\",\"itemListElement\":[{\"@type\":\"ListItem\",\"position\":1,\"name\":\"Home\",\"item\":\"https:\/\/admin.industriall-union.org\/\"},{\"@type\":\"ListItem\",\"position\":2,\"name\":\"A\u00e9rospatial\"}]},{\"@type\":\"WebSite\",\"@id\":\"https:\/\/admin.industriall-union.org\/#website\",\"url\":\"https:\/\/admin.industriall-union.org\/\",\"name\":\"industriall-union\",\"description\":\"\",\"potentialAction\":[{\"@type\":\"SearchAction\",\"target\":{\"@type\":\"EntryPoint\",\"urlTemplate\":\"https:\/\/admin.industriall-union.org\/?s={search_term_string}\"},\"query-input\":{\"@type\":\"PropertyValueSpecification\",\"valueRequired\":true,\"valueName\":\"search_term_string\"}}],\"inLanguage\":\"fr-FR\"}]}<\/script>\n<!-- \/ Yoast SEO Premium plugin. -->","yoast_head_json":{"title":"A\u00e9rospatial - industriall-union","robots":{"index":"index","follow":"follow","max-snippet":"max-snippet:-1","max-image-preview":"max-image-preview:large","max-video-preview":"max-video-preview:-1"},"canonical":"https:\/\/admin.industriall-union.org\/fr\/aerospatial\/","og_locale":"fr_FR","og_type":"article","og_title":"A\u00e9rospatial","og_description":"A\u00e9rospatial Le secteur de l&#8217;a\u00e9rospatial interagit avec les filiales pour \u00e9laborer une politique sectorielle commune et d\u00e9velopper une strat\u00e9gie commune pour les syndicats afin de s&#8217;occuper des d\u00e9veloppements et des d\u00e9fis dans l&#8217;industrie. Le travail est men\u00e9 par le Comit\u00e9 Directeur. Contact Georg Leutert Tel.\u00a0+41 22 308 5026 e-mail: gleutert Accords Cadres Mondiaux dans le [&hellip;]","og_url":"https:\/\/admin.industriall-union.org\/fr\/aerospatial\/","og_site_name":"industriall-union","article_modified_time":"2026-03-12T15:58:43+00:00","twitter_card":"summary_large_image","twitter_misc":{"Est. reading time":"2 minutes"},"schema":{"@context":"https:\/\/schema.org","@graph":[{"@type":"WebPage","@id":"https:\/\/admin.industriall-union.org\/fr\/aerospatial\/","url":"https:\/\/admin.industriall-union.org\/fr\/aerospatial\/","name":"A\u00e9rospatial - industriall-union","isPartOf":{"@id":"https:\/\/admin.industriall-union.org\/#website"},"datePublished":"2019-03-08T13:35:22+00:00","dateModified":"2026-03-12T15:58:43+00:00","breadcrumb":{"@id":"https:\/\/admin.industriall-union.org\/fr\/aerospatial\/#breadcrumb"},"inLanguage":"fr-FR","potentialAction":[{"@type":"ReadAction","target":["https:\/\/admin.industriall-union.org\/fr\/aerospatial\/"]}]},{"@type":"BreadcrumbList","@id":"https:\/\/admin.industriall-union.org\/fr\/aerospatial\/#breadcrumb","itemListElement":[{"@type":"ListItem","position":1,"name":"Home","item":"https:\/\/admin.industriall-union.org\/"},{"@type":"ListItem","position":2,"name":"A\u00e9rospatial"}]},{"@type":"WebSite","@id":"https:\/\/admin.industriall-union.org\/#website","url":"https:\/\/admin.industriall-union.org\/","name":"industriall-union","description":"","potentialAction":[{"@type":"SearchAction","target":{"@type":"EntryPoint","urlTemplate":"https:\/\/admin.industriall-union.org\/?s={search_term_string}"},"query-input":{"@type":"PropertyValueSpecification","valueRequired":true,"valueName":"search_term_string"}}],"inLanguage":"fr-FR"}]}},"_links":{"self":[{"href":"https:\/\/admin.industriall-union.org\/fr\/wp-json\/wp\/v2\/pages\/212249","targetHints":{"allow":["GET"]}}],"collection":[{"href":"https:\/\/admin.industriall-union.org\/fr\/wp-json\/wp\/v2\/pages"}],"about":[{"href":"https:\/\/admin.industriall-union.org\/fr\/wp-json\/wp\/v2\/types\/page"}],"author":[{"embeddable":true,"href":"https:\/\/admin.industriall-union.org\/fr\/wp-json\/wp\/v2\/users\/1"}],"replies":[{"embeddable":true,"href":"https:\/\/admin.industriall-union.org\/fr\/wp-json\/wp\/v2\/comments?post=212249"}],"version-history":[{"count":4,"href":"https:\/\/admin.industriall-union.org\/fr\/wp-json\/wp\/v2\/pages\/212249\/revisions"}],"predecessor-version":[{"id":467562,"href":"https:\/\/admin.industriall-union.org\/fr\/wp-json\/wp\/v2\/pages\/212249\/revisions\/467562"}],"wp:attachment":[{"href":"https:\/\/admin.industriall-union.org\/fr\/wp-json\/wp\/v2\/media?parent=212249"}],"wp:term":[{"taxonomy":"issues","embeddable":true,"href":"https:\/\/admin.industriall-union.org\/fr\/wp-json\/wp\/v2\/issues?post=212249"},{"taxonomy":"companies","embeddable":true,"href":"https:\/\/admin.industriall-union.org\/fr\/wp-json\/wp\/v2\/companies?post=212249"},{"taxonomy":"regions","embeddable":true,"href":"https:\/\/admin.industriall-union.org\/fr\/wp-json\/wp\/v2\/regions?post=212249"},{"taxonomy":"sectors","embeddable":true,"href":"https:\/\/admin.industriall-union.org\/fr\/wp-json\/wp\/v2\/sectors?post=212249"},{"taxonomy":"article_tags","embeddable":true,"href":"https:\/\/admin.industriall-union.org\/fr\/wp-json\/wp\/v2\/article_tags?post=212249"}],"curies":[{"name":"wp","href":"https:\/\/api.w.org\/{rel}","templated":true}]}}