{"id":212197,"date":"2019-03-11T13:57:15","date_gmt":"2019-03-11T13:57:15","guid":{"rendered":"https:\/\/admin.industriall-union.org\/jeunes\/"},"modified":"2026-02-03T11:11:20","modified_gmt":"2026-02-03T11:11:20","slug":"jeunesse","status":"publish","type":"page","link":"https:\/\/admin.industriall-union.org\/fr\/jeunesse\/","title":{"rendered":"Jeunes"},"content":{"rendered":"<p><iframe loading=\"lazy\" allow=\"accelerometer; autoplay; clipboard-write; encrypted-media; gyroscope; picture-in-picture\" allowfullscreen=\"\" frameborder=\"0\" height=\"315\" src=\"https:\/\/www.youtube.com\/embed\/RT7z8Q9z814\" width=\"560\"><\/iframe><\/p><section class=\"boxTurquoiseImage\"><span style=\"font-size: 2.4rem;font-weight: 800\">Autonomisation, repr\u00e9sentation et participation<\/span><\/section><p style=\"text-align: center\"><img decoding=\"async\" alt=\"\" src=\"\/wp-content\/uploads\/images\/Youth\/yia_logo_new_graf.jpg\" style=\"width: 250px;height: 225px\" \/><\/p><p>IndustriALL promeut l&#039;int\u00e9gration active des jeunes travailleurs dans les syndicats et soutient les efforts des syndicats pour les organiser et r\u00e9pondre \u00e0 leurs pr\u00e9occupations sp\u00e9cifiques. La strat\u00e9gie d&#039;IndustriALL est ax\u00e9e sur trois domaines principaux:<\/p><ul><li>l&#039;autonomisation<\/li><li>la repr\u00e9sentation<\/li><li>la participation<\/li><\/ul><p>Pour autonomiser les jeunes travailleurs, IndustriALL organise des programmes sp\u00e9cifiques de formation pour les jeunes afin de renforcer les capacit\u00e9s et de sensibiliser le public aux probl\u00e8mes que les syndicats devraient traiter. IndustriALL travaille \u00e9galement avec les jeunes leaders pour d\u00e9velopper des comp\u00e9tences de leadership efficaces et am\u00e9liorer les connaissances afin de r\u00e9pondre aux pr\u00e9occupations sp\u00e9cifiques des jeunes travailleurs, ce qui a pour cons\u00e9quence une am\u00e9lioration des conditions de vie et de travail des jeunes travailleurs. En Am\u00e9rique latine et dans les Cara\u00efbes, dans la r\u00e9gion MENA, en Asie du Sud-Est et en Afrique subsaharienne, de jeunes travailleurs \u00e9changent des exp\u00e9riences, les responsabilisant et leur ouvrant des possibilit\u00e9s de r\u00e9seautage r\u00e9gional.<\/p><p>IndustriALL s&#039;emploie \u00e0 accro\u00eetre la repr\u00e9sentation des jeunes au sein des syndicats affili\u00e9s en encourageant et en soutenant les affili\u00e9s dans leurs efforts pour d\u00e9velopper des politiques et des programmes pour la jeunesse afin d&#039;organiser et de former les jeunes travailleurs en:<\/p><p>former les jeunes travailleurs \u00e0 prendre part aux actions visant \u00e0 d\u00e9velopper et \u00e0 mettre en \u0153uvre la politique de la jeunesse dans leurs syndicats.<br \/>encourager le d\u00e9veloppement de structures et de plans d&#039;action pour la jeunesse, associ\u00e9s \u00e0 des ressources et des activit\u00e9s.<br \/>l&rsquo;augmentation du nombre de jeunes dans les syndicats, ainsi que la v\u00e9ritable int\u00e9gration des jeunes syndicalistes dans les m\u00e9canismes de prise de d\u00e9cisions des syndicats.<\/p><p><br \/>IndustriALL encourage la participation des jeunes travailleurs \u00e0 la vie quotidienne des syndicats et \u00e0 l&rsquo;action \u00e0 tous les niveaux. Gr\u00e2ce \u00e0 une participation accrue des jeunes travailleurs et des jeunes dirigeants syndicaux, les affili\u00e9s accorderont une attention beaucoup plus grande aux probl\u00e8mes des jeunes et des jeunes travailleurs.<\/p><h3><strong><span class=\"turquoise\">Activities<\/span><\/strong><\/h3><figure class=\"imageArticle imageFull\"><a href=\"industriall.consids5.se\/young-filipino-workers-pledge-to-be-dynamic-actors-in-society\" target=\"_blank\"><img decoding=\"async\" alt=\"\" src=\"\/wp-content\/uploads\/images\/2018\/PHILIPPINES\/20181208_135254.jpg\" style=\"width: 4128px;height: 3096px\" \/><\/a><figcaption class=\"imageContent\"><div class=\"imageTitle\"><h1 style=\"text-align: right\"><a href=\"http:\/\/www.industriall-union.org\/young-filipino-workers-pledge-to-be-dynamic-actors-in-society\"><span style=\"color:#ffffff\">Young Filipino trade unionists<\/span> <span style=\"color:#2ecc71\">optimistic about their future<\/span><\/a><\/h1><\/div><div class=\"imageCaption\"><p>National young workers&rsquo; training workshop<\/p><\/div><\/figcaption><\/figure><h3>R\u00e9solution jeunes<\/h3><table border=\"1\" cellpadding=\"1\" cellspacing=\"1\" style=\"width:500px\"><tbody><tr><td><a href=\"\/wp-content\/uploads\/images\/2021\/CONGRESS2021\/Resolutions\/resolution_on_youth_arabic.pdf\">ARA<\/a><\/td><td><a href=\"\/wp-content\/uploads\/documents\/2021\/CONGRESS_2021\/bangla_resolution_on_youth.pdf\">BEN<\/a><\/td><td><a href=\"\/wp-content\/uploads\/images\/2021\/CONGRESS2021\/Resolutions\/resolution_on_youth_german.pdf\">DEU<\/a><\/td><td><a href=\"\/wp-content\/uploads\/images\/2021\/CONGRESS2021\/Resolutions\/resolution_on_youth_english_0.pdf\">ENG<\/a><\/td><td><a href=\"\/wp-content\/uploads\/images\/2021\/CONGRESS2021\/Resolutions\/resolution_on_youth_french.pdf\">FRA<\/a><\/td><td><a href=\"\/wp-content\/uploads\/documents\/2021\/CONGRESS_2021\/hindi_resolution_on_youth.pdf\">HIN<\/a><\/td><td><a href=\"\/wp-content\/uploads\/images\/2021\/CONGRESS2021\/Resolutions\/resolution_on_youth_bahasa.pdf\">IND<\/a><\/td><td><a href=\"\/wp-content\/uploads\/images\/2021\/CONGRESS2021\/Resolutions\/resolution_on_youth_japanese.pdf\">JPN<\/a><\/td><td><a href=\"\/wp-content\/uploads\/images\/adopted_youth_resolution_-_the_futur_is_ours-eng_pt.pdf\">POR<\/a><\/td><\/tr><tr><td><a href=\"\/wp-content\/uploads\/images\/2021\/CONGRESS2021\/Resolutions\/resolution_on_youth_burmese.pdf\">MYA<\/a><\/td><td><a href=\"\/wp-content\/uploads\/images\/2021\/CONGRESS2021\/Resolutions\/resolution_on_youth_russian.pdf\">RUS<\/a><\/td><td><a href=\"\/wp-content\/uploads\/documents\/2021\/CONGRESS_2021\/sinhala_resolution_on_youth.pdf\">SIN<\/a><\/td><td><a href=\"\/wp-content\/uploads\/images\/2021\/CONGRESS2021\/Resolutions\/resolution_on_youth_spanish.pdf\">SPA<\/a><\/td><td><a href=\"\/wp-content\/uploads\/images\/2021\/CONGRESS2021\/Resolutions\/youthresolution_thai.pdf\">THA<\/a><\/td><td><a href=\"\/wp-content\/uploads\/documents\/2022\/tamil_resolution_on_youth.pdf\">TAM<\/a><\/td><td><a href=\"\/wp-content\/uploads\/documents\/2022\/odiya-resolution_on_youth.pdf\">ODI<\/a><\/td><td><a href=\"\/wp-content\/uploads\/documents\/2022\/nepali-resolution_on_youth.pdf\">NEP<\/a><\/td><td>&nbsp;<\/td><\/tr><\/tbody><\/table><h3><span class=\"turquoise\">Ressources<\/span><\/h3><p>T\u00e9l\u00e9chargez le logo des jeunes en anglais et en espagnol ci-dessous<\/p><table border=\"1\" cellpadding=\"1\" cellspacing=\"1\" style=\"width:100%\"><tbody><tr><td><img decoding=\"async\" alt=\"\" src=\"\/wp-content\/uploads\/images\/Youth\/yia_logo_new_graf_en.jpg\" style=\"height: 248px;width: 350px\" \/><\/td><td><img decoding=\"async\" alt=\"\" src=\"\/wp-content\/uploads\/images\/Youth\/yia_logo_new_graf_cutout_es.jpg\" style=\"width: 300px;height: 200px\" \/><\/td><\/tr><tr><td style=\"text-align: center\"><strong><a href=\"\/wp-content\/uploads\/images\/Youth\/yia_logo_new_graf.jpg\"><span style=\"color:#95a5a6\">Logo English (JPG)<\/span><\/a><\/strong><\/td><td style=\"text-align: center\"><a href=\"\/wp-content\/uploads\/images\/Youth\/yia_logo_new_graf_cutout_es.jpg\"><span style=\"color:#95a5a6\"><strong>Logo Spanish (JPG)<\/strong><\/span><\/a><\/td><\/tr><\/tbody><\/table><p>Personne de contact:<\/p><table border=\"1\" cellpadding=\"1\" cellspacing=\"1\"><tbody><tr><td><img decoding=\"async\" alt=\"\" src=\"\/wp-content\/uploads\/images\/People\/Internal\/IndustriALL-Staff\/sarah_flores.jpg\" style=\"height: 187px;width: 200px\" \/><\/td><td>Sarah Flores<br \/>Youth and Project Officer<br \/>tel. +41 22 308 5029<br \/>e-mail: <a href=\"mailto:SFlores@industriALL-Union.org\">SFlores@industriALL-Union.org<\/a><\/td><\/tr><\/tbody><\/table>","protected":false},"excerpt":{"rendered":"<p>Autonomisation, repr\u00e9sentation et participation IndustriALL promeut l&#039;int\u00e9gration active des jeunes travailleurs dans les syndicats et soutient les efforts des syndicats pour les organiser et r\u00e9pondre \u00e0 leurs pr\u00e9occupations sp\u00e9cifiques. La strat\u00e9gie d&#039;IndustriALL est ax\u00e9e sur trois domaines principaux: l&#039;autonomisation la repr\u00e9sentation la participation Pour autonomiser les jeunes travailleurs, IndustriALL organise des programmes sp\u00e9cifiques de formation [&hellip;]<\/p>\n","protected":false},"author":1,"featured_media":0,"parent":0,"menu_order":0,"comment_status":"closed","ping_status":"closed","template":"","meta":{"_acf_changed":false,"footnotes":""},"issues":[],"companies":[],"regions":[],"sectors":[],"article_tags":[536],"class_list":["post-212197","page","type-page","status-publish","hentry","article_tags-youth"],"acf":[],"yoast_head":"<!-- This site is optimized with the Yoast SEO Premium plugin v27.1 (Yoast SEO v27.1) - https:\/\/yoast.com\/product\/yoast-seo-premium-wordpress\/ -->\n<title>Jeunes - industriall-union<\/title>\n<meta name=\"robots\" content=\"index, follow, max-snippet:-1, max-image-preview:large, max-video-preview:-1\" \/>\n<link rel=\"canonical\" href=\"https:\/\/admin.industriall-union.org\/fr\/jeunesse\/\" \/>\n<meta property=\"og:locale\" content=\"fr_FR\" \/>\n<meta property=\"og:type\" content=\"article\" \/>\n<meta property=\"og:title\" content=\"Jeunes\" \/>\n<meta property=\"og:description\" content=\"Autonomisation, repr\u00e9sentation et participation IndustriALL promeut l&#039;int\u00e9gration active des jeunes travailleurs dans les syndicats et soutient les efforts des syndicats pour les organiser et r\u00e9pondre \u00e0 leurs pr\u00e9occupations sp\u00e9cifiques. La strat\u00e9gie d&#039;IndustriALL est ax\u00e9e sur trois domaines principaux: l&#039;autonomisation la repr\u00e9sentation la participation Pour autonomiser les jeunes travailleurs, IndustriALL organise des programmes sp\u00e9cifiques de formation [&hellip;]\" \/>\n<meta property=\"og:url\" content=\"https:\/\/admin.industriall-union.org\/fr\/jeunesse\/\" \/>\n<meta property=\"og:site_name\" content=\"industriall-union\" \/>\n<meta property=\"article:modified_time\" content=\"2026-02-03T11:11:20+00:00\" \/>\n<meta name=\"twitter:card\" content=\"summary_large_image\" \/>\n<meta name=\"twitter:label1\" content=\"Est. reading time\" \/>\n\t<meta name=\"twitter:data1\" content=\"2 minutes\" \/>\n<script type=\"application\/ld+json\" class=\"yoast-schema-graph\">{\"@context\":\"https:\/\/schema.org\",\"@graph\":[{\"@type\":\"WebPage\",\"@id\":\"https:\/\/admin.industriall-union.org\/fr\/jeunesse\/\",\"url\":\"https:\/\/admin.industriall-union.org\/fr\/jeunesse\/\",\"name\":\"Jeunes - industriall-union\",\"isPartOf\":{\"@id\":\"https:\/\/admin.industriall-union.org\/es\/#website\"},\"datePublished\":\"2019-03-11T13:57:15+00:00\",\"dateModified\":\"2026-02-03T11:11:20+00:00\",\"breadcrumb\":{\"@id\":\"https:\/\/admin.industriall-union.org\/fr\/jeunesse\/#breadcrumb\"},\"inLanguage\":\"fr-FR\",\"potentialAction\":[{\"@type\":\"ReadAction\",\"target\":[\"https:\/\/admin.industriall-union.org\/fr\/jeunesse\/\"]}]},{\"@type\":\"BreadcrumbList\",\"@id\":\"https:\/\/admin.industriall-union.org\/fr\/jeunesse\/#breadcrumb\",\"itemListElement\":[{\"@type\":\"ListItem\",\"position\":1,\"name\":\"Home\",\"item\":\"https:\/\/admin.industriall-union.org\/es\/\"},{\"@type\":\"ListItem\",\"position\":2,\"name\":\"Jeunes\"}]},{\"@type\":\"WebSite\",\"@id\":\"https:\/\/admin.industriall-union.org\/es\/#website\",\"url\":\"https:\/\/admin.industriall-union.org\/es\/\",\"name\":\"industriall-union\",\"description\":\"\",\"potentialAction\":[{\"@type\":\"SearchAction\",\"target\":{\"@type\":\"EntryPoint\",\"urlTemplate\":\"https:\/\/admin.industriall-union.org\/es\/?s={search_term_string}\"},\"query-input\":{\"@type\":\"PropertyValueSpecification\",\"valueRequired\":true,\"valueName\":\"search_term_string\"}}],\"inLanguage\":\"fr-FR\"}]}<\/script>\n<!-- \/ Yoast SEO Premium plugin. -->","yoast_head_json":{"title":"Jeunes - industriall-union","robots":{"index":"index","follow":"follow","max-snippet":"max-snippet:-1","max-image-preview":"max-image-preview:large","max-video-preview":"max-video-preview:-1"},"canonical":"https:\/\/admin.industriall-union.org\/fr\/jeunesse\/","og_locale":"fr_FR","og_type":"article","og_title":"Jeunes","og_description":"Autonomisation, repr\u00e9sentation et participation IndustriALL promeut l&#039;int\u00e9gration active des jeunes travailleurs dans les syndicats et soutient les efforts des syndicats pour les organiser et r\u00e9pondre \u00e0 leurs pr\u00e9occupations sp\u00e9cifiques. La strat\u00e9gie d&#039;IndustriALL est ax\u00e9e sur trois domaines principaux: l&#039;autonomisation la repr\u00e9sentation la participation Pour autonomiser les jeunes travailleurs, IndustriALL organise des programmes sp\u00e9cifiques de formation [&hellip;]","og_url":"https:\/\/admin.industriall-union.org\/fr\/jeunesse\/","og_site_name":"industriall-union","article_modified_time":"2026-02-03T11:11:20+00:00","twitter_card":"summary_large_image","twitter_misc":{"Est. reading time":"2 minutes"},"schema":{"@context":"https:\/\/schema.org","@graph":[{"@type":"WebPage","@id":"https:\/\/admin.industriall-union.org\/fr\/jeunesse\/","url":"https:\/\/admin.industriall-union.org\/fr\/jeunesse\/","name":"Jeunes - industriall-union","isPartOf":{"@id":"https:\/\/admin.industriall-union.org\/es\/#website"},"datePublished":"2019-03-11T13:57:15+00:00","dateModified":"2026-02-03T11:11:20+00:00","breadcrumb":{"@id":"https:\/\/admin.industriall-union.org\/fr\/jeunesse\/#breadcrumb"},"inLanguage":"fr-FR","potentialAction":[{"@type":"ReadAction","target":["https:\/\/admin.industriall-union.org\/fr\/jeunesse\/"]}]},{"@type":"BreadcrumbList","@id":"https:\/\/admin.industriall-union.org\/fr\/jeunesse\/#breadcrumb","itemListElement":[{"@type":"ListItem","position":1,"name":"Home","item":"https:\/\/admin.industriall-union.org\/es\/"},{"@type":"ListItem","position":2,"name":"Jeunes"}]},{"@type":"WebSite","@id":"https:\/\/admin.industriall-union.org\/es\/#website","url":"https:\/\/admin.industriall-union.org\/es\/","name":"industriall-union","description":"","potentialAction":[{"@type":"SearchAction","target":{"@type":"EntryPoint","urlTemplate":"https:\/\/admin.industriall-union.org\/es\/?s={search_term_string}"},"query-input":{"@type":"PropertyValueSpecification","valueRequired":true,"valueName":"search_term_string"}}],"inLanguage":"fr-FR"}]}},"_links":{"self":[{"href":"https:\/\/admin.industriall-union.org\/fr\/wp-json\/wp\/v2\/pages\/212197","targetHints":{"allow":["GET"]}}],"collection":[{"href":"https:\/\/admin.industriall-union.org\/fr\/wp-json\/wp\/v2\/pages"}],"about":[{"href":"https:\/\/admin.industriall-union.org\/fr\/wp-json\/wp\/v2\/types\/page"}],"author":[{"embeddable":true,"href":"https:\/\/admin.industriall-union.org\/fr\/wp-json\/wp\/v2\/users\/1"}],"replies":[{"embeddable":true,"href":"https:\/\/admin.industriall-union.org\/fr\/wp-json\/wp\/v2\/comments?post=212197"}],"version-history":[{"count":5,"href":"https:\/\/admin.industriall-union.org\/fr\/wp-json\/wp\/v2\/pages\/212197\/revisions"}],"predecessor-version":[{"id":466988,"href":"https:\/\/admin.industriall-union.org\/fr\/wp-json\/wp\/v2\/pages\/212197\/revisions\/466988"}],"wp:attachment":[{"href":"https:\/\/admin.industriall-union.org\/fr\/wp-json\/wp\/v2\/media?parent=212197"}],"wp:term":[{"taxonomy":"issues","embeddable":true,"href":"https:\/\/admin.industriall-union.org\/fr\/wp-json\/wp\/v2\/issues?post=212197"},{"taxonomy":"companies","embeddable":true,"href":"https:\/\/admin.industriall-union.org\/fr\/wp-json\/wp\/v2\/companies?post=212197"},{"taxonomy":"regions","embeddable":true,"href":"https:\/\/admin.industriall-union.org\/fr\/wp-json\/wp\/v2\/regions?post=212197"},{"taxonomy":"sectors","embeddable":true,"href":"https:\/\/admin.industriall-union.org\/fr\/wp-json\/wp\/v2\/sectors?post=212197"},{"taxonomy":"article_tags","embeddable":true,"href":"https:\/\/admin.industriall-union.org\/fr\/wp-json\/wp\/v2\/article_tags?post=212197"}],"curies":[{"name":"wp","href":"https:\/\/api.w.org\/{rel}","templated":true}]}}