{"id":206903,"date":"2012-06-16T13:42:20","date_gmt":"2012-06-16T13:42:20","guid":{"rendered":"https:\/\/admin.industriall-union.org\/reunion-sur-la-construction-et-l-equipment-minier-amp-le-machinisme-agricole\/"},"modified":"2012-06-16T13:42:20","modified_gmt":"2012-06-16T13:42:20","slug":"reunion-sur-la-construction-et-l-equipment-minier-amp-le-machinisme-agricole","status":"publish","type":"event","link":"https:\/\/admin.industriall-union.org\/fr\/reunion-sur-la-construction-et-l-equipment-minier-amp-le-machinisme-agricole\/","title":{"rendered":"R\u00e9union sur la Construction et l\u2019Equipment Minier &amp; le machinisme agricole"},"content":{"rendered":"<p>Les participant(e)s \u00e0 la r\u00e9union sur les engins de chantiers et des mines et sur les machines agricoles ont identifi\u00e9 des entreprises pour la cr\u00e9ation de r\u00e9seaux syndicaux et mis l&rsquo;accent sur la n\u00e9cessit\u00e9 d&rsquo;intensifier la lutte contre l&rsquo;emploi pr\u00e9caire.&nbsp;<\/p><p>La r\u00e9union de IndustriALL sur les engins de chantiers et des mines et sur les machines agricoles a permis de r\u00e9unir \u00e0 Gen\u00e8ve, les 8-9 novembre 2012, une soixantaine de d\u00e9l\u00e9gu\u00e9(e)s de 16 pays pour examiner les d\u00e9fis auxquels les travailleurs et travailleuses font face pour la cr\u00e9ation de r\u00e9seaux syndicaux dans ces deux importants sous-secteurs de l&rsquo;ing\u00e9nierie m\u00e9canique.<\/p><p>Des expos\u00e9s ont \u00e9t\u00e9 pr\u00e9sent\u00e9s sur la situation et les principales tendances dans les diverses r\u00e9gions et dans les entreprises qui dominent dans ces sous-secteurs. Ils ont donn\u00e9, d&rsquo;une mani\u00e8re g\u00e9n\u00e9rale, une image vari\u00e9e avec des d\u00e9veloppements irr\u00e9guliers en termes de production et d&rsquo;emploi et de perspectives de croissance, en raison de circonstances instables dans la dynamique mondiale.&nbsp; Malgr\u00e9 les signes d&rsquo;un ralentissement, notamment dans les engins de chantier, on s&rsquo;attend \u00e0 ce que les fabricants chinois gagnent du terrain au cours des prochaines ann\u00e9es. &nbsp;Le Br\u00e9sil et l&rsquo;Inde se profilent \u00e9galement comme d&rsquo;importants march\u00e9s pour ces deux sous-secteurs.<\/p><p>Les d\u00e9l\u00e9gu\u00e9(e)s ont examin\u00e9 le r\u00f4le des r\u00e9seaux syndicaux comme outils de d\u00e9veloppement pour la puissance et de la solidarit\u00e9 syndicales.&nbsp; En prenant comme exemple le r\u00e9seau Caterpillar qui existe depuis 2010 et d&rsquo;autres r\u00e9seaux du ressort de IndustriALL, ils ont recherch\u00e9 les possibilit\u00e9s d&rsquo;\u00e9tablir des r\u00e9seaux dans des entreprises importantes de ces sous-secteurs. &nbsp;Ces discussions ont permis de d\u00e9cider la cr\u00e9ation d&rsquo;un r\u00e9seau syndical mondial chez John Deere et Case New Holland, et de d\u00e9terminer les premi\u00e8res \u00e9tapes pour entamer un processus identique chez Komatsu. &nbsp;En outre, la d\u00e9cision a \u00e9t\u00e9 prise d&rsquo;\u00e9tablir un comit\u00e9 de direction pour les engins de construction et des mines et pour les machines agricoles.&nbsp;<\/p><p>L&rsquo;emploi pr\u00e9caire a fait l&rsquo;objet d&rsquo;un d\u00e9bat intense. Les participant(e)s ont partag\u00e9 leur exp\u00e9rience face aux emplois temporaires et aux agences d&rsquo;emploi priv\u00e9es, et sur les strat\u00e9gies syndicales visant \u00e0 endiguer une mar\u00e9e d&rsquo;emplois instables. &ldquo;Les entreprises ont recours \u00e0 l&rsquo;emploi pr\u00e9caire, m\u00eame si cela n&rsquo;est pas n\u00e9cessaire&rdquo; a d\u00e9clar\u00e9 un d\u00e9l\u00e9gu\u00e9.&nbsp; En r\u00e9affirmant leur engagement pour \u00e9tablir une solidarit\u00e9 internationale visant \u00e0 assurer des conditions de vie justes pour toutes les personnes et combattre les pratiques d&rsquo;emploi abusives, les participant(e)s ont adopt\u00e9 \u00e0 l&rsquo;unanimit\u00e9 une d\u00e9claration de soutien \u00e0 l&rsquo;intensification de la lutte contre l&rsquo;emploi pr\u00e9caire.&nbsp;<\/p><p>Malgr\u00e9 un environnement \u00e9conomique d\u00e9favorable et les attaques de plus en plus nombreuses contre les droits des travailleurs et travailleuses, des syndicats ont r\u00e9ussi \u00e0 recruter de nouveaux membres.&nbsp; En Australie, par exemple, des progr\u00e8s ont \u00e9t\u00e9 r\u00e9alis\u00e9s dans les engins de chantier et des mines, et il y a un important potentiel de d\u00e9veloppement syndical dans ce secteur. &nbsp;<\/p><p>Rainer Wimmer, pr\u00e9sident de l&rsquo;affili\u00e9 autrichien PRO-GE et du secteur de l&rsquo;ing\u00e9nierie m\u00e9canique de IndustriALL, a salu\u00e9 les r\u00e9sultats de la r\u00e9union en ces termes:&nbsp;<\/p><p>Nous voulons envoyer un signal fort \u00e0 IndustriALL en donnant la preuve de l&rsquo;activit\u00e9 des travailleurs et travailleuses de ce secteur, et de l&rsquo;engagement des membres de la famille syndicale mondiale. Beaucoup d&rsquo;entreprises multinationales, dans leur champ d&rsquo;activit\u00e9, ont recours \u00e0 des formes d&rsquo;emploi qui ne sont pas standard dans le but de porter atteinte d\u00e9lib\u00e9r\u00e9ment et syst\u00e9matiquement aux structures syndicales.&nbsp; Pour cette seule raison, nous devons avoir comme objectif principal de restreindre&nbsp; l&rsquo;emploi pr\u00e9caire.&nbsp;<\/p><p>Le secr\u00e9taire g\u00e9n\u00e9ral Jyrki Raina a ajout\u00e9:&nbsp;<\/p><p>IndustriALL Global Union rendra l&rsquo;ing\u00e9nierie m\u00e9canique encore plus visible et plus active dans les r\u00e9seaux des sous-secteurs des ascenseurs\/monte-charge&nbsp;et des engins de chantier\/machines agricoles.<\/p><p>La r\u00e9union avait b\u00e9n\u00e9fici\u00e9 du soutien de la Fondation Friedrich Ebert.<\/p>","protected":false},"featured_media":0,"template":"","issues":[],"companies":[],"regions":[],"sectors":[],"article_tags":[],"class_list":["post-206903","event","type-event","status-publish","hentry"],"acf":[],"yoast_head":"<!-- This site is optimized with the Yoast SEO Premium plugin v27.1 (Yoast SEO v27.1) - https:\/\/yoast.com\/product\/yoast-seo-premium-wordpress\/ -->\n<title>R\u00e9union sur la Construction et l\u2019Equipment Minier &amp; le machinisme agricole - industriall-union<\/title>\n<meta name=\"robots\" content=\"index, follow, max-snippet:-1, max-image-preview:large, max-video-preview:-1\" \/>\n<link rel=\"canonical\" href=\"https:\/\/admin.industriall-union.org\/fr\/reunion-sur-la-construction-et-l-equipment-minier-amp-le-machinisme-agricole\/\" \/>\n<meta property=\"og:locale\" content=\"fr_FR\" \/>\n<meta property=\"og:type\" content=\"article\" \/>\n<meta property=\"og:title\" content=\"R\u00e9union sur la Construction et l\u2019Equipment Minier &amp; le machinisme agricole\" \/>\n<meta property=\"og:description\" content=\"Les participant(e)s \u00e0 la r\u00e9union sur les engins de chantiers et des mines et sur les machines agricoles ont identifi\u00e9 des entreprises pour la cr\u00e9ation de r\u00e9seaux syndicaux et mis l&rsquo;accent sur la n\u00e9cessit\u00e9 d&rsquo;intensifier la lutte contre l&rsquo;emploi pr\u00e9caire.&nbsp; La r\u00e9union de IndustriALL sur les engins de chantiers et des mines et sur les [&hellip;]\" \/>\n<meta property=\"og:url\" content=\"https:\/\/admin.industriall-union.org\/fr\/reunion-sur-la-construction-et-l-equipment-minier-amp-le-machinisme-agricole\/\" \/>\n<meta property=\"og:site_name\" content=\"industriall-union\" \/>\n<meta name=\"twitter:card\" content=\"summary_large_image\" \/>\n<meta name=\"twitter:label1\" content=\"Est. reading time\" \/>\n\t<meta name=\"twitter:data1\" content=\"4 minutes\" \/>\n<script type=\"application\/ld+json\" class=\"yoast-schema-graph\">{\"@context\":\"https:\/\/schema.org\",\"@graph\":[{\"@type\":\"WebPage\",\"@id\":\"https:\/\/admin.industriall-union.org\/fr\/reunion-sur-la-construction-et-l-equipment-minier-amp-le-machinisme-agricole\/\",\"url\":\"https:\/\/admin.industriall-union.org\/fr\/reunion-sur-la-construction-et-l-equipment-minier-amp-le-machinisme-agricole\/\",\"name\":\"R\u00e9union sur la Construction et l\u2019Equipment Minier &amp; le machinisme agricole - industriall-union\",\"isPartOf\":{\"@id\":\"https:\/\/admin.industriall-union.org\/#website\"},\"datePublished\":\"2012-06-16T13:42:20+00:00\",\"breadcrumb\":{\"@id\":\"https:\/\/admin.industriall-union.org\/fr\/reunion-sur-la-construction-et-l-equipment-minier-amp-le-machinisme-agricole\/#breadcrumb\"},\"inLanguage\":\"fr-FR\",\"potentialAction\":[{\"@type\":\"ReadAction\",\"target\":[\"https:\/\/admin.industriall-union.org\/fr\/reunion-sur-la-construction-et-l-equipment-minier-amp-le-machinisme-agricole\/\"]}]},{\"@type\":\"BreadcrumbList\",\"@id\":\"https:\/\/admin.industriall-union.org\/fr\/reunion-sur-la-construction-et-l-equipment-minier-amp-le-machinisme-agricole\/#breadcrumb\",\"itemListElement\":[{\"@type\":\"ListItem\",\"position\":1,\"name\":\"Home\",\"item\":\"https:\/\/admin.industriall-union.org\/\"},{\"@type\":\"ListItem\",\"position\":2,\"name\":\"Events\",\"item\":\"https:\/\/admin.industriall-union.org\/event\/\"},{\"@type\":\"ListItem\",\"position\":3,\"name\":\"R\u00e9union sur la Construction et l\u2019Equipment Minier &amp; le machinisme agricole\"}]},{\"@type\":\"WebSite\",\"@id\":\"https:\/\/admin.industriall-union.org\/#website\",\"url\":\"https:\/\/admin.industriall-union.org\/\",\"name\":\"industriall-union\",\"description\":\"\",\"potentialAction\":[{\"@type\":\"SearchAction\",\"target\":{\"@type\":\"EntryPoint\",\"urlTemplate\":\"https:\/\/admin.industriall-union.org\/?s={search_term_string}\"},\"query-input\":{\"@type\":\"PropertyValueSpecification\",\"valueRequired\":true,\"valueName\":\"search_term_string\"}}],\"inLanguage\":\"fr-FR\"}]}<\/script>\n<!-- \/ Yoast SEO Premium plugin. -->","yoast_head_json":{"title":"R\u00e9union sur la Construction et l\u2019Equipment Minier &amp; le machinisme agricole - industriall-union","robots":{"index":"index","follow":"follow","max-snippet":"max-snippet:-1","max-image-preview":"max-image-preview:large","max-video-preview":"max-video-preview:-1"},"canonical":"https:\/\/admin.industriall-union.org\/fr\/reunion-sur-la-construction-et-l-equipment-minier-amp-le-machinisme-agricole\/","og_locale":"fr_FR","og_type":"article","og_title":"R\u00e9union sur la Construction et l\u2019Equipment Minier &amp; le machinisme agricole","og_description":"Les participant(e)s \u00e0 la r\u00e9union sur les engins de chantiers et des mines et sur les machines agricoles ont identifi\u00e9 des entreprises pour la cr\u00e9ation de r\u00e9seaux syndicaux et mis l&rsquo;accent sur la n\u00e9cessit\u00e9 d&rsquo;intensifier la lutte contre l&rsquo;emploi pr\u00e9caire.&nbsp; La r\u00e9union de IndustriALL sur les engins de chantiers et des mines et sur les [&hellip;]","og_url":"https:\/\/admin.industriall-union.org\/fr\/reunion-sur-la-construction-et-l-equipment-minier-amp-le-machinisme-agricole\/","og_site_name":"industriall-union","twitter_card":"summary_large_image","twitter_misc":{"Est. reading time":"4 minutes"},"schema":{"@context":"https:\/\/schema.org","@graph":[{"@type":"WebPage","@id":"https:\/\/admin.industriall-union.org\/fr\/reunion-sur-la-construction-et-l-equipment-minier-amp-le-machinisme-agricole\/","url":"https:\/\/admin.industriall-union.org\/fr\/reunion-sur-la-construction-et-l-equipment-minier-amp-le-machinisme-agricole\/","name":"R\u00e9union sur la Construction et l\u2019Equipment Minier &amp; le machinisme agricole - industriall-union","isPartOf":{"@id":"https:\/\/admin.industriall-union.org\/#website"},"datePublished":"2012-06-16T13:42:20+00:00","breadcrumb":{"@id":"https:\/\/admin.industriall-union.org\/fr\/reunion-sur-la-construction-et-l-equipment-minier-amp-le-machinisme-agricole\/#breadcrumb"},"inLanguage":"fr-FR","potentialAction":[{"@type":"ReadAction","target":["https:\/\/admin.industriall-union.org\/fr\/reunion-sur-la-construction-et-l-equipment-minier-amp-le-machinisme-agricole\/"]}]},{"@type":"BreadcrumbList","@id":"https:\/\/admin.industriall-union.org\/fr\/reunion-sur-la-construction-et-l-equipment-minier-amp-le-machinisme-agricole\/#breadcrumb","itemListElement":[{"@type":"ListItem","position":1,"name":"Home","item":"https:\/\/admin.industriall-union.org\/"},{"@type":"ListItem","position":2,"name":"Events","item":"https:\/\/admin.industriall-union.org\/event\/"},{"@type":"ListItem","position":3,"name":"R\u00e9union sur la Construction et l\u2019Equipment Minier &amp; le machinisme agricole"}]},{"@type":"WebSite","@id":"https:\/\/admin.industriall-union.org\/#website","url":"https:\/\/admin.industriall-union.org\/","name":"industriall-union","description":"","potentialAction":[{"@type":"SearchAction","target":{"@type":"EntryPoint","urlTemplate":"https:\/\/admin.industriall-union.org\/?s={search_term_string}"},"query-input":{"@type":"PropertyValueSpecification","valueRequired":true,"valueName":"search_term_string"}}],"inLanguage":"fr-FR"}]}},"_links":{"self":[{"href":"https:\/\/admin.industriall-union.org\/fr\/wp-json\/wp\/v2\/event\/206903","targetHints":{"allow":["GET"]}}],"collection":[{"href":"https:\/\/admin.industriall-union.org\/fr\/wp-json\/wp\/v2\/event"}],"about":[{"href":"https:\/\/admin.industriall-union.org\/fr\/wp-json\/wp\/v2\/types\/event"}],"wp:attachment":[{"href":"https:\/\/admin.industriall-union.org\/fr\/wp-json\/wp\/v2\/media?parent=206903"}],"wp:term":[{"taxonomy":"issues","embeddable":true,"href":"https:\/\/admin.industriall-union.org\/fr\/wp-json\/wp\/v2\/issues?post=206903"},{"taxonomy":"companies","embeddable":true,"href":"https:\/\/admin.industriall-union.org\/fr\/wp-json\/wp\/v2\/companies?post=206903"},{"taxonomy":"regions","embeddable":true,"href":"https:\/\/admin.industriall-union.org\/fr\/wp-json\/wp\/v2\/regions?post=206903"},{"taxonomy":"sectors","embeddable":true,"href":"https:\/\/admin.industriall-union.org\/fr\/wp-json\/wp\/v2\/sectors?post=206903"},{"taxonomy":"article_tags","embeddable":true,"href":"https:\/\/admin.industriall-union.org\/fr\/wp-json\/wp\/v2\/article_tags?post=206903"}],"curies":[{"name":"wp","href":"https:\/\/api.w.org\/{rel}","templated":true}]}}