{"id":204929,"date":"2008-02-29T15:20:00","date_gmt":"2008-02-29T15:20:00","guid":{"rendered":"https:\/\/admin.industriall-union.org\/archive\/imf\/l-039-identite-et-le-lieu-d-039-habitation-de-mineurs-victimes-d-039-un-accident-a-casapalca-ne-sont-pas-connus\/"},"modified":"2025-01-31T11:04:01","modified_gmt":"2025-01-31T11:04:01","slug":"l-039-identite-et-le-lieu-d-039-habitation-de-mineurs-victimes-d-039-un-accident-a-casapalca-ne-sont-pas-connus","status":"publish","type":"archive_imf","link":"https:\/\/admin.industriall-union.org\/fr\/archive\/imf\/l-039-identite-et-le-lieu-d-039-habitation-de-mineurs-victimes-d-039-un-accident-a-casapalca-ne-sont-pas-connus\/","title":{"rendered":"L&#039;identit\u00e9 et le lieu d&#039;habitation de mineurs victimes d&#039;un accident \u00e0 Casapalca ne sont pas connus"},"content":{"rendered":"<p>P\u00c9ROU: La Centrale nationale des femmes de mineurs (Central Nacional de la Mujer Minera &#8212; CNMM) signale que deux travailleurs employ\u00e9s sous contrat temporaire par l&#8217;entreprise mini\u00e8re Casapalca ont \u00e9t\u00e9 victimes, mercredi 27 f\u00e9vrier, d&#8217;un accident \u00e0 leur travail. Personne ne sait s&#8217;ils sont encore en vie ou s&#8217;ils sont d\u00e9c\u00e9d\u00e9s, leur \u00e9tat de sant\u00e9 s&#8217;ils sont vivants et o\u00f9 ils ont \u00e9t\u00e9 transport\u00e9s. <br \/><br \/>Selon des sources de la Centrale, les travailleurs ont \u00e9t\u00e9 plac\u00e9s dans l&#8217;arri\u00e8re salle d&#8217;un h\u00f4tel bon march\u00e9, situ\u00e9 sur la grande route, pr\u00e8s des bureaux de l&#8217;entreprise mini\u00e8re. Ils portaient tous deux leurs v\u00eatements de travail et ne donnaient pas signe de vie. Ils \u00e9taient plac\u00e9s sous la garde du personnel de s\u00e9curit\u00e9 et du service social de l&#8217;entreprise. <br \/><br \/>Selon les sources, l&#8217;entreprise a indiqu\u00e9 que les travailleurs n&#8217;\u00e9taient pas employ\u00e9s dans la mine, mais qu&#8217;ils se rendaient dans la r\u00e9gion mini\u00e8re de Morococha. L&#8217;entreprise refuse de donner davantage de renseignements, comme l&#8217;identit\u00e9 des mineurs et l&#8217;endroit o\u00f9 ils se trouvent actuellement. <br \/><br \/>La CNMM demande au gouvernement p\u00e9ruvien, plus exactement au minist\u00e8re de l&#8217;\u00c9nergie et des Mines, de mener une enqu\u00eate d\u00e9taill\u00e9e sur cette trag\u00e9die et de faire une d\u00e9claration pour indiquer si ces travailleurs sont en vie ou s&#8217;ils sont d\u00e9c\u00e9d\u00e9s, leurs noms, leurs lieux d&#8217;habitation, les causes de l&#8217;accident et la responsabilit\u00e9 de l&#8217;entreprise mini\u00e8re dans cette affaire. <br \/><br \/>La mine de Casapalca produit de l&#8217;argent, du zinc, du plomb et du cuivre. Elle est situ\u00e9e pr\u00e8s de Lima, \u00e0 plus de 3.800 m\u00e8tres d&#8217;altitude. <\/p><p>&#160;<\/p>","protected":false},"featured_media":0,"template":"","class_list":["post-204929","archive_imf","type-archive_imf","status-publish","hentry"],"acf":[],"yoast_head":"<!-- This site is optimized with the Yoast SEO Premium plugin v27.1 (Yoast SEO v27.1) - https:\/\/yoast.com\/product\/yoast-seo-premium-wordpress\/ -->\n<title>L&#039;identit\u00e9 et le lieu d&#039;habitation de mineurs victimes d&#039;un accident \u00e0 Casapalca ne sont pas connus - industriall-union<\/title>\n<meta name=\"robots\" content=\"index, follow, max-snippet:-1, max-image-preview:large, max-video-preview:-1\" \/>\n<link rel=\"canonical\" href=\"https:\/\/admin.industriall-union.org\/fr\/archive\/imf\/l-039-identite-et-le-lieu-d-039-habitation-de-mineurs-victimes-d-039-un-accident-a-casapalca-ne-sont-pas-connus\/\" \/>\n<meta property=\"og:locale\" content=\"fr_FR\" \/>\n<meta property=\"og:type\" content=\"article\" \/>\n<meta property=\"og:title\" content=\"L&#039;identit\u00e9 et le lieu d&#039;habitation de mineurs victimes d&#039;un accident \u00e0 Casapalca ne sont pas connus\" \/>\n<meta property=\"og:description\" content=\"P\u00c9ROU: La Centrale nationale des femmes de mineurs (Central Nacional de la Mujer Minera &#8212; CNMM) signale que deux travailleurs employ\u00e9s sous contrat temporaire par l&#8217;entreprise mini\u00e8re Casapalca ont \u00e9t\u00e9 victimes, mercredi 27 f\u00e9vrier, d&#8217;un accident \u00e0 leur travail. Personne ne sait s&#8217;ils sont encore en vie ou s&#8217;ils sont d\u00e9c\u00e9d\u00e9s, leur \u00e9tat de sant\u00e9 [&hellip;]\" \/>\n<meta property=\"og:url\" content=\"https:\/\/admin.industriall-union.org\/fr\/archive\/imf\/l-039-identite-et-le-lieu-d-039-habitation-de-mineurs-victimes-d-039-un-accident-a-casapalca-ne-sont-pas-connus\/\" \/>\n<meta property=\"og:site_name\" content=\"industriall-union\" \/>\n<meta property=\"article:modified_time\" content=\"2025-01-31T11:04:01+00:00\" \/>\n<meta name=\"twitter:card\" content=\"summary_large_image\" \/>\n<meta name=\"twitter:label1\" content=\"Est. reading time\" \/>\n\t<meta name=\"twitter:data1\" content=\"1 minute\" \/>\n<script type=\"application\/ld+json\" class=\"yoast-schema-graph\">{\"@context\":\"https:\/\/schema.org\",\"@graph\":[{\"@type\":\"WebPage\",\"@id\":\"https:\/\/admin.industriall-union.org\/fr\/archive\/imf\/l-039-identite-et-le-lieu-d-039-habitation-de-mineurs-victimes-d-039-un-accident-a-casapalca-ne-sont-pas-connus\/\",\"url\":\"https:\/\/admin.industriall-union.org\/fr\/archive\/imf\/l-039-identite-et-le-lieu-d-039-habitation-de-mineurs-victimes-d-039-un-accident-a-casapalca-ne-sont-pas-connus\/\",\"name\":\"L&#039;identit\u00e9 et le lieu d&#039;habitation de mineurs victimes d&#039;un accident \u00e0 Casapalca ne sont pas connus - industriall-union\",\"isPartOf\":{\"@id\":\"https:\/\/admin.industriall-union.org\/#website\"},\"datePublished\":\"2008-02-29T15:20:00+00:00\",\"dateModified\":\"2025-01-31T11:04:01+00:00\",\"breadcrumb\":{\"@id\":\"https:\/\/admin.industriall-union.org\/fr\/archive\/imf\/l-039-identite-et-le-lieu-d-039-habitation-de-mineurs-victimes-d-039-un-accident-a-casapalca-ne-sont-pas-connus\/#breadcrumb\"},\"inLanguage\":\"fr-FR\",\"potentialAction\":[{\"@type\":\"ReadAction\",\"target\":[\"https:\/\/admin.industriall-union.org\/fr\/archive\/imf\/l-039-identite-et-le-lieu-d-039-habitation-de-mineurs-victimes-d-039-un-accident-a-casapalca-ne-sont-pas-connus\/\"]}]},{\"@type\":\"BreadcrumbList\",\"@id\":\"https:\/\/admin.industriall-union.org\/fr\/archive\/imf\/l-039-identite-et-le-lieu-d-039-habitation-de-mineurs-victimes-d-039-un-accident-a-casapalca-ne-sont-pas-connus\/#breadcrumb\",\"itemListElement\":[{\"@type\":\"ListItem\",\"position\":1,\"name\":\"Home\",\"item\":\"https:\/\/admin.industriall-union.org\/\"},{\"@type\":\"ListItem\",\"position\":2,\"name\":\"Archive Imf\",\"item\":\"https:\/\/admin.industriall-union.org\/es\/archive\/imf\/\"},{\"@type\":\"ListItem\",\"position\":3,\"name\":\"L&#039;identit\u00e9 et le lieu d&#039;habitation de mineurs victimes d&#039;un accident \u00e0 Casapalca ne sont pas connus\"}]},{\"@type\":\"WebSite\",\"@id\":\"https:\/\/admin.industriall-union.org\/#website\",\"url\":\"https:\/\/admin.industriall-union.org\/\",\"name\":\"industriall-union\",\"description\":\"\",\"potentialAction\":[{\"@type\":\"SearchAction\",\"target\":{\"@type\":\"EntryPoint\",\"urlTemplate\":\"https:\/\/admin.industriall-union.org\/?s={search_term_string}\"},\"query-input\":{\"@type\":\"PropertyValueSpecification\",\"valueRequired\":true,\"valueName\":\"search_term_string\"}}],\"inLanguage\":\"fr-FR\"}]}<\/script>\n<!-- \/ Yoast SEO Premium plugin. -->","yoast_head_json":{"title":"L&#039;identit\u00e9 et le lieu d&#039;habitation de mineurs victimes d&#039;un accident \u00e0 Casapalca ne sont pas connus - industriall-union","robots":{"index":"index","follow":"follow","max-snippet":"max-snippet:-1","max-image-preview":"max-image-preview:large","max-video-preview":"max-video-preview:-1"},"canonical":"https:\/\/admin.industriall-union.org\/fr\/archive\/imf\/l-039-identite-et-le-lieu-d-039-habitation-de-mineurs-victimes-d-039-un-accident-a-casapalca-ne-sont-pas-connus\/","og_locale":"fr_FR","og_type":"article","og_title":"L&#039;identit\u00e9 et le lieu d&#039;habitation de mineurs victimes d&#039;un accident \u00e0 Casapalca ne sont pas connus","og_description":"P\u00c9ROU: La Centrale nationale des femmes de mineurs (Central Nacional de la Mujer Minera &#8212; CNMM) signale que deux travailleurs employ\u00e9s sous contrat temporaire par l&#8217;entreprise mini\u00e8re Casapalca ont \u00e9t\u00e9 victimes, mercredi 27 f\u00e9vrier, d&#8217;un accident \u00e0 leur travail. Personne ne sait s&#8217;ils sont encore en vie ou s&#8217;ils sont d\u00e9c\u00e9d\u00e9s, leur \u00e9tat de sant\u00e9 [&hellip;]","og_url":"https:\/\/admin.industriall-union.org\/fr\/archive\/imf\/l-039-identite-et-le-lieu-d-039-habitation-de-mineurs-victimes-d-039-un-accident-a-casapalca-ne-sont-pas-connus\/","og_site_name":"industriall-union","article_modified_time":"2025-01-31T11:04:01+00:00","twitter_card":"summary_large_image","twitter_misc":{"Est. reading time":"1 minute"},"schema":{"@context":"https:\/\/schema.org","@graph":[{"@type":"WebPage","@id":"https:\/\/admin.industriall-union.org\/fr\/archive\/imf\/l-039-identite-et-le-lieu-d-039-habitation-de-mineurs-victimes-d-039-un-accident-a-casapalca-ne-sont-pas-connus\/","url":"https:\/\/admin.industriall-union.org\/fr\/archive\/imf\/l-039-identite-et-le-lieu-d-039-habitation-de-mineurs-victimes-d-039-un-accident-a-casapalca-ne-sont-pas-connus\/","name":"L&#039;identit\u00e9 et le lieu d&#039;habitation de mineurs victimes d&#039;un accident \u00e0 Casapalca ne sont pas connus - industriall-union","isPartOf":{"@id":"https:\/\/admin.industriall-union.org\/#website"},"datePublished":"2008-02-29T15:20:00+00:00","dateModified":"2025-01-31T11:04:01+00:00","breadcrumb":{"@id":"https:\/\/admin.industriall-union.org\/fr\/archive\/imf\/l-039-identite-et-le-lieu-d-039-habitation-de-mineurs-victimes-d-039-un-accident-a-casapalca-ne-sont-pas-connus\/#breadcrumb"},"inLanguage":"fr-FR","potentialAction":[{"@type":"ReadAction","target":["https:\/\/admin.industriall-union.org\/fr\/archive\/imf\/l-039-identite-et-le-lieu-d-039-habitation-de-mineurs-victimes-d-039-un-accident-a-casapalca-ne-sont-pas-connus\/"]}]},{"@type":"BreadcrumbList","@id":"https:\/\/admin.industriall-union.org\/fr\/archive\/imf\/l-039-identite-et-le-lieu-d-039-habitation-de-mineurs-victimes-d-039-un-accident-a-casapalca-ne-sont-pas-connus\/#breadcrumb","itemListElement":[{"@type":"ListItem","position":1,"name":"Home","item":"https:\/\/admin.industriall-union.org\/"},{"@type":"ListItem","position":2,"name":"Archive Imf","item":"https:\/\/admin.industriall-union.org\/es\/archive\/imf\/"},{"@type":"ListItem","position":3,"name":"L&#039;identit\u00e9 et le lieu d&#039;habitation de mineurs victimes d&#039;un accident \u00e0 Casapalca ne sont pas connus"}]},{"@type":"WebSite","@id":"https:\/\/admin.industriall-union.org\/#website","url":"https:\/\/admin.industriall-union.org\/","name":"industriall-union","description":"","potentialAction":[{"@type":"SearchAction","target":{"@type":"EntryPoint","urlTemplate":"https:\/\/admin.industriall-union.org\/?s={search_term_string}"},"query-input":{"@type":"PropertyValueSpecification","valueRequired":true,"valueName":"search_term_string"}}],"inLanguage":"fr-FR"}]}},"_links":{"self":[{"href":"https:\/\/admin.industriall-union.org\/fr\/wp-json\/wp\/v2\/archive_imf\/204929","targetHints":{"allow":["GET"]}}],"collection":[{"href":"https:\/\/admin.industriall-union.org\/fr\/wp-json\/wp\/v2\/archive_imf"}],"about":[{"href":"https:\/\/admin.industriall-union.org\/fr\/wp-json\/wp\/v2\/types\/archive_imf"}],"wp:attachment":[{"href":"https:\/\/admin.industriall-union.org\/fr\/wp-json\/wp\/v2\/media?parent=204929"}],"curies":[{"name":"wp","href":"https:\/\/api.w.org\/{rel}","templated":true}]}}