{"id":204647,"date":"2008-05-30T08:58:00","date_gmt":"2008-05-30T08:58:00","guid":{"rendered":"https:\/\/admin.industriall-union.org\/archive\/imf\/la-solidarite-internationale-avec-les-mineurs-mexicains-continue\/"},"modified":"2025-01-31T10:59:08","modified_gmt":"2025-01-31T10:59:08","slug":"la-solidarite-internationale-avec-les-mineurs-mexicains-continue","status":"publish","type":"archive_imf","link":"https:\/\/admin.industriall-union.org\/fr\/archive\/imf\/la-solidarite-internationale-avec-les-mineurs-mexicains-continue\/","title":{"rendered":"La solidarit\u00e9 internationale avec les mineurs mexicains continue"},"content":{"rendered":"<p>MONDE: Ces deux derniers mois, des affili\u00e9s de la FIOM en Europe et sur le continent am\u00e9ricain ont entrepris une s\u00e9rie d&#8217;actions visant \u00e0 soutenir la lutte du syndicat mexicain des mineurs pour l&#8217;ind\u00e9pendance syndicale.<\/p><p>Au Mexique, la plus grande entreprise d&#8217;exploitation mini\u00e8re du pays, Grupo M\u00e9xico, et le gouvernement mexicain, d&#8217;abord sous le Pr\u00e9sident Fox et maintenant sous le Pr\u00e9sident Calder\u00f3n, ont enfreint syst\u00e9matiquement et \u00e0 maintes reprises la l\u00e9gislation mexicaine et les normes internationales pour tenter d&#8217;\u00e9craser le syndicat national des mineurs et des m\u00e9tallurgistes du Mexique (SNTMMSRM).<\/p><p>La FIOM et ses affili\u00e9s demandent au gouvernement mexicain: <\/p><ul><li>de d\u00e9bloquer tous les fonds syndicaux saisis ill\u00e9galement par le gouvernement;<\/li><li>de retirer tous les chefs d&#8217;accusation port\u00e9s contre Napole\u00f3n G\u00f3mez Urrutia et d&#8217;autres membres du SNTMMSRM;<\/li><li>d&#8217;engager imm\u00e9diatement et dans la transparence des poursuites judiciaires contre toutes les personnes impliqu\u00e9es dans l&#8217;alt\u00e9ration de documents et de faits; et <\/li><li>d&#8217;enqu\u00eater sur l&#8217;implication de Grupo M\u00e9xico dans l&#8217;assassinat de Reynaldo Hern\u00e1ndez Gonz\u00e1lez et la d\u00e9tention et les tortures de 20 membres du SNTMMSRM \u00e0 Nacozari, Sonora.<\/li><\/ul><p>Dans le cadre de ses actions de solidarit\u00e9 pour soutenir le syndicat, la FIOM a publi\u00e9 le 23 avril 2008 &quot;Une attaque contre l&#8217;un d&#8217;entre nous est l&#8217;affaire de tous: Les mineurs et les m\u00e9tallurgistes mexicains d\u00e9fendent l&#8217;autonomie de leur syndicat&quot;, un livre blanc et un documentaire de 18 minutes sur DVD concernant les abus contre les droits de la personne et les droits syndicaux au Mexique. Depuis la publication de ces documents, des syndicats du monde entier ont pris une s\u00e9rie de mesures pour continuer de manifester leur appui au syndicat mexicain des mineurs. <\/p><p><strong>Argentine:<\/strong><\/p><p>En Argentine, les affili\u00e9s de la FIOM ont \u00e9crit au Congr\u00e8s national pour d\u00e9noncer la situation au Mexique. Avec le soutien de plusieurs membres du Congr\u00e8s, la question est maintenant \u00e0 l&#8217;ordre du jour du Congr\u00e8s pour examen. <\/p><p><strong>Br\u00e9sil:<\/strong><\/p><p>Au Br\u00e9sil, CNM-CUT a publi\u00e9 le livre blanc et le DVD de la FIOM sur son site web et dans des publications. En outre, le syndicat a envoy\u00e9 des copies du livre blanc et des lettres aux membres du Parlement pour leur demander d&#8217;aborder la question avec l&#8217;ambassadeur du Mexique. Le syndicat a \u00e9galement envoy\u00e9 des communiqu\u00e9s \u00e0 la presse locale au sujet de ces actions. <\/p><p><strong>FEM:<\/strong><\/p><p>En Europe, la F\u00e9d\u00e9ration europ\u00e9enne des m\u00e9tallurgistes a demand\u00e9 \u00e0 Erika Mann, membre du Parlement europ\u00e9en, de soulever la question au Sommet de Lima. La lettre de la FEM est publi\u00e9e sur le site web de la FIOM. <\/p><p><strong>FIOM:<\/strong><\/p><p>Sur le plan international, la FIOM a lanc\u00e9 le 23 avril 2008 &quot;Une attaque contre l&#8217;un d&#8217;entre nous est l&#8217;affaire de tous: Les mineurs et les m\u00e9tallurgistes mexicains d\u00e9fendent l&#8217;autonomie de leur syndicat&quot;, un livre blanc et un documentaire de 18 minutes sur DVD concernant les abus aux droits de la personne et aux droits syndicaux au Mexique, en collaboration avec le syndicat mexicain des mineurs. La FIOM a pr\u00e9sent\u00e9 le DVD \u00e0 la Nuit du court m\u00e9trage sur le travail, organis\u00e9e le Premier Mai \u00e0 Gen\u00e8ve, et a publi\u00e9 les documents sur son site internet et diffus\u00e9 des copies \u00e0 ses affili\u00e9s. En outre, la FIOM a \u00e9crit aux commissaires europ\u00e9ens et \u00e0 des membres du Parlement europ\u00e9en pour leur demander de soulever cette question au Sommet UE \/ ALC au P\u00e9rou. Les lettres sont publi\u00e9es sur le site web de la FIOM. <\/p><p><strong>Allemagne:<\/strong><\/p><p>En Allemagne, IG Metall a \u00e9crit au ministre des Affaires \u00e9trang\u00e8res et \u00e0 des membres du minist\u00e8re des Affaires \u00e9trang\u00e8res pour demander que le gouvernement se penche sur la situation au Mexique et soul\u00e8ve la question avec le gouvernement mexicain. <\/p><p><strong>Mexique:<\/strong><\/p><p>Le syndicat mexicain des mineurs a tenu une conf\u00e9rence de presse le 23 avril pour appeler \u00e0 mettre fin \u00e0 la r\u00e9pression contre le syndicat des mineurs, en comm\u00e9moration du deuxi\u00e8me anniversaire de l&#8217;assassinat de deux sid\u00e9rurgistes en gr\u00e8ve, abattus par les forces de s\u00e9curit\u00e9 mexicaines \u00e0 Lazaro Cardenas, Mexique. <\/p><p><strong>Espagne:<\/strong><\/p><p>En Espagne, la Federation Minerometal\u00fargica de Comisiones Obreras (FMCO) a recueilli les signatures de travailleurs\/euses pour une p\u00e9tition demandant la remont\u00e9e des corps des mineurs ensevelis lors de l&#8217;accident de Pasta de Conches.<\/p><p><strong>P\u00e9rou:<\/strong><\/p><p>Au Sommet des peuples organis\u00e9 au P\u00e9rou du 13 au 16 mai, parall\u00e8lement au V<sup>e<\/sup> sommet UE &#8212; ALC qui r\u00e9unissait des chefs d&#8217;\u00c9tat et de gouvernement de l&#8217;ALC, la Conf\u00e9d\u00e9ration nationale des femmes mineurs du P\u00e9rou (CNMM) et le Syndicat national des mineurs et des m\u00e9tallurgistes du Mexique (SNTMMSRM) ont montr\u00e9 la r\u00e9pression et le harc\u00e8lement dont sont victimes les mineurs mexicains. Le documentaire &quot;Une attaque contre l&#8217;un d&#8217;entre nous est l&#8217;affaire de tous&quot; a \u00e9t\u00e9 pr\u00e9sent\u00e9 et des exemplaires du livre blanc de la FIOM ont \u00e9t\u00e9 distribu\u00e9es. Pour plus d&#8217;informations, <a href=\"..\/main\/index.cfm?n=47&amp;l=2&amp;ol=5&amp;c=17689\">cliquez ici<\/a>. <\/p><p><strong>Royaume-Uni:<\/strong><\/p><p>Au Royaume-Uni, une Early Day Motion (motion renvoy\u00e9e \u00e0 un jour prochain) d&#8217;appui \u00e0 Napol\u00e9on Gomez et au syndicat mexicain des mineurs a \u00e9t\u00e9 pr\u00e9sent\u00e9e au Parlement avec le soutien de 38 d\u00e9put\u00e9s. En outre, la Communaut\u00e9 a \u00e9crit au ministre des Affaires \u00e9trang\u00e8res David Miliband, avec copie au Premier ministre Gordon Brown, pour appeler le gouvernement britannique \u00e0 exprimer ses pr\u00e9occupations sur la situation au Mexique aupr\u00e8s du gouvernement mexicain. Le texte de la Early Day Motion est publi\u00e9 sur le site web de la FIOM. <\/p><p><strong>\u00c9tats-Unis et Canada:<\/strong> <\/p><p>Aux \u00c9tats-Unis, le syndicat United Steelworkers (USW) a organis\u00e9 des r\u00e9unions avec Hispanic Congressional Caucus (groupe hispanique du Congr\u00e8s), rencontr\u00e9 les ambassadeurs du Mexique et envoy\u00e9 des d\u00e9l\u00e9gations au Mexique pour une conf\u00e9rence de presse tenue le 23 avril. Une d\u00e9l\u00e9gation du USW a \u00e9galement assist\u00e9 au Congr\u00e8s du Syndicat national des mineurs et des m\u00e9tallurgistes du Mexique, et 12 femmes de membres du USW sont all\u00e9es en mission \u00e0 Cananea pour soutenir les gr\u00e9vistes. <br \/>Le 13 mai, USW a annonc\u00e9 la cr\u00e9ation d&#8217;un site sur le web charg\u00e9 de diffuser des informations sur les pratiques en vigueur de Grupo Mexico. La page web, qui se trouve sur http:\/\/www.therecordspeaksforitself.com\/, contient des liens menant \u00e0 des sites permettant au public d&#8217;apprendre comment Grupo Mexico se conduit envers son personnel, au plan national comme \u00e0 l&#8217;\u00e9tranger, de m\u00eame que dans le domaine de l&#8217;environnement, et la mani\u00e8re dont il m\u00e8ne ses op\u00e9rations.<\/p>","protected":false},"featured_media":0,"template":"","class_list":["post-204647","archive_imf","type-archive_imf","status-publish","hentry"],"acf":[],"yoast_head":"<!-- This site is optimized with the Yoast SEO Premium plugin v27.1 (Yoast SEO v27.1) - https:\/\/yoast.com\/product\/yoast-seo-premium-wordpress\/ -->\n<title>La solidarit\u00e9 internationale avec les mineurs mexicains continue - industriall-union<\/title>\n<meta name=\"robots\" content=\"index, follow, max-snippet:-1, max-image-preview:large, max-video-preview:-1\" \/>\n<link rel=\"canonical\" href=\"https:\/\/admin.industriall-union.org\/fr\/archive\/imf\/la-solidarite-internationale-avec-les-mineurs-mexicains-continue\/\" \/>\n<meta property=\"og:locale\" content=\"fr_FR\" \/>\n<meta property=\"og:type\" content=\"article\" \/>\n<meta property=\"og:title\" content=\"La solidarit\u00e9 internationale avec les mineurs mexicains continue\" \/>\n<meta property=\"og:description\" content=\"MONDE: Ces deux derniers mois, des affili\u00e9s de la FIOM en Europe et sur le continent am\u00e9ricain ont entrepris une s\u00e9rie d&#8217;actions visant \u00e0 soutenir la lutte du syndicat mexicain des mineurs pour l&#8217;ind\u00e9pendance syndicale. Au Mexique, la plus grande entreprise d&#8217;exploitation mini\u00e8re du pays, Grupo M\u00e9xico, et le gouvernement mexicain, d&#8217;abord sous le Pr\u00e9sident [&hellip;]\" \/>\n<meta property=\"og:url\" content=\"https:\/\/admin.industriall-union.org\/fr\/archive\/imf\/la-solidarite-internationale-avec-les-mineurs-mexicains-continue\/\" \/>\n<meta property=\"og:site_name\" content=\"industriall-union\" \/>\n<meta property=\"article:modified_time\" content=\"2025-01-31T10:59:08+00:00\" \/>\n<meta name=\"twitter:card\" content=\"summary_large_image\" \/>\n<meta name=\"twitter:label1\" content=\"Est. reading time\" \/>\n\t<meta name=\"twitter:data1\" content=\"6 minutes\" \/>\n<script type=\"application\/ld+json\" class=\"yoast-schema-graph\">{\"@context\":\"https:\/\/schema.org\",\"@graph\":[{\"@type\":\"WebPage\",\"@id\":\"https:\/\/admin.industriall-union.org\/fr\/archive\/imf\/la-solidarite-internationale-avec-les-mineurs-mexicains-continue\/\",\"url\":\"https:\/\/admin.industriall-union.org\/fr\/archive\/imf\/la-solidarite-internationale-avec-les-mineurs-mexicains-continue\/\",\"name\":\"La solidarit\u00e9 internationale avec les mineurs mexicains continue - industriall-union\",\"isPartOf\":{\"@id\":\"https:\/\/admin.industriall-union.org\/#website\"},\"datePublished\":\"2008-05-30T08:58:00+00:00\",\"dateModified\":\"2025-01-31T10:59:08+00:00\",\"breadcrumb\":{\"@id\":\"https:\/\/admin.industriall-union.org\/fr\/archive\/imf\/la-solidarite-internationale-avec-les-mineurs-mexicains-continue\/#breadcrumb\"},\"inLanguage\":\"fr-FR\",\"potentialAction\":[{\"@type\":\"ReadAction\",\"target\":[\"https:\/\/admin.industriall-union.org\/fr\/archive\/imf\/la-solidarite-internationale-avec-les-mineurs-mexicains-continue\/\"]}]},{\"@type\":\"BreadcrumbList\",\"@id\":\"https:\/\/admin.industriall-union.org\/fr\/archive\/imf\/la-solidarite-internationale-avec-les-mineurs-mexicains-continue\/#breadcrumb\",\"itemListElement\":[{\"@type\":\"ListItem\",\"position\":1,\"name\":\"Home\",\"item\":\"https:\/\/admin.industriall-union.org\/\"},{\"@type\":\"ListItem\",\"position\":2,\"name\":\"Archive Imf\",\"item\":\"https:\/\/admin.industriall-union.org\/es\/archive\/imf\/\"},{\"@type\":\"ListItem\",\"position\":3,\"name\":\"La solidarit\u00e9 internationale avec les mineurs mexicains continue\"}]},{\"@type\":\"WebSite\",\"@id\":\"https:\/\/admin.industriall-union.org\/#website\",\"url\":\"https:\/\/admin.industriall-union.org\/\",\"name\":\"industriall-union\",\"description\":\"\",\"potentialAction\":[{\"@type\":\"SearchAction\",\"target\":{\"@type\":\"EntryPoint\",\"urlTemplate\":\"https:\/\/admin.industriall-union.org\/?s={search_term_string}\"},\"query-input\":{\"@type\":\"PropertyValueSpecification\",\"valueRequired\":true,\"valueName\":\"search_term_string\"}}],\"inLanguage\":\"fr-FR\"}]}<\/script>\n<!-- \/ Yoast SEO Premium plugin. -->","yoast_head_json":{"title":"La solidarit\u00e9 internationale avec les mineurs mexicains continue - industriall-union","robots":{"index":"index","follow":"follow","max-snippet":"max-snippet:-1","max-image-preview":"max-image-preview:large","max-video-preview":"max-video-preview:-1"},"canonical":"https:\/\/admin.industriall-union.org\/fr\/archive\/imf\/la-solidarite-internationale-avec-les-mineurs-mexicains-continue\/","og_locale":"fr_FR","og_type":"article","og_title":"La solidarit\u00e9 internationale avec les mineurs mexicains continue","og_description":"MONDE: Ces deux derniers mois, des affili\u00e9s de la FIOM en Europe et sur le continent am\u00e9ricain ont entrepris une s\u00e9rie d&#8217;actions visant \u00e0 soutenir la lutte du syndicat mexicain des mineurs pour l&#8217;ind\u00e9pendance syndicale. Au Mexique, la plus grande entreprise d&#8217;exploitation mini\u00e8re du pays, Grupo M\u00e9xico, et le gouvernement mexicain, d&#8217;abord sous le Pr\u00e9sident [&hellip;]","og_url":"https:\/\/admin.industriall-union.org\/fr\/archive\/imf\/la-solidarite-internationale-avec-les-mineurs-mexicains-continue\/","og_site_name":"industriall-union","article_modified_time":"2025-01-31T10:59:08+00:00","twitter_card":"summary_large_image","twitter_misc":{"Est. reading time":"6 minutes"},"schema":{"@context":"https:\/\/schema.org","@graph":[{"@type":"WebPage","@id":"https:\/\/admin.industriall-union.org\/fr\/archive\/imf\/la-solidarite-internationale-avec-les-mineurs-mexicains-continue\/","url":"https:\/\/admin.industriall-union.org\/fr\/archive\/imf\/la-solidarite-internationale-avec-les-mineurs-mexicains-continue\/","name":"La solidarit\u00e9 internationale avec les mineurs mexicains continue - industriall-union","isPartOf":{"@id":"https:\/\/admin.industriall-union.org\/#website"},"datePublished":"2008-05-30T08:58:00+00:00","dateModified":"2025-01-31T10:59:08+00:00","breadcrumb":{"@id":"https:\/\/admin.industriall-union.org\/fr\/archive\/imf\/la-solidarite-internationale-avec-les-mineurs-mexicains-continue\/#breadcrumb"},"inLanguage":"fr-FR","potentialAction":[{"@type":"ReadAction","target":["https:\/\/admin.industriall-union.org\/fr\/archive\/imf\/la-solidarite-internationale-avec-les-mineurs-mexicains-continue\/"]}]},{"@type":"BreadcrumbList","@id":"https:\/\/admin.industriall-union.org\/fr\/archive\/imf\/la-solidarite-internationale-avec-les-mineurs-mexicains-continue\/#breadcrumb","itemListElement":[{"@type":"ListItem","position":1,"name":"Home","item":"https:\/\/admin.industriall-union.org\/"},{"@type":"ListItem","position":2,"name":"Archive Imf","item":"https:\/\/admin.industriall-union.org\/es\/archive\/imf\/"},{"@type":"ListItem","position":3,"name":"La solidarit\u00e9 internationale avec les mineurs mexicains continue"}]},{"@type":"WebSite","@id":"https:\/\/admin.industriall-union.org\/#website","url":"https:\/\/admin.industriall-union.org\/","name":"industriall-union","description":"","potentialAction":[{"@type":"SearchAction","target":{"@type":"EntryPoint","urlTemplate":"https:\/\/admin.industriall-union.org\/?s={search_term_string}"},"query-input":{"@type":"PropertyValueSpecification","valueRequired":true,"valueName":"search_term_string"}}],"inLanguage":"fr-FR"}]}},"_links":{"self":[{"href":"https:\/\/admin.industriall-union.org\/fr\/wp-json\/wp\/v2\/archive_imf\/204647","targetHints":{"allow":["GET"]}}],"collection":[{"href":"https:\/\/admin.industriall-union.org\/fr\/wp-json\/wp\/v2\/archive_imf"}],"about":[{"href":"https:\/\/admin.industriall-union.org\/fr\/wp-json\/wp\/v2\/types\/archive_imf"}],"wp:attachment":[{"href":"https:\/\/admin.industriall-union.org\/fr\/wp-json\/wp\/v2\/media?parent=204647"}],"curies":[{"name":"wp","href":"https:\/\/api.w.org\/{rel}","templated":true}]}}