{"id":204612,"date":"2008-06-23T09:31:00","date_gmt":"2008-06-23T09:31:00","guid":{"rendered":"https:\/\/admin.industriall-union.org\/archive\/imf\/la-nouvelle-reglementation-de-l-039-ue-sur-la-migration-declenche-la-colere-des-syndicats\/"},"modified":"2025-01-31T10:58:55","modified_gmt":"2025-01-31T10:58:55","slug":"la-nouvelle-reglementation-de-l-039-ue-sur-la-migration-declenche-la-colere-des-syndicats","status":"publish","type":"archive_imf","link":"https:\/\/admin.industriall-union.org\/fr\/archive\/imf\/la-nouvelle-reglementation-de-l-039-ue-sur-la-migration-declenche-la-colere-des-syndicats\/","title":{"rendered":"La nouvelle r\u00e9glementation de l&#039;UE sur la migration d\u00e9clenche la col\u00e8re des syndicats"},"content":{"rendered":"EUROPE: Le Parlement europ\u00e9en a approuv\u00e9 le 18 juin une nouvelle r\u00e9glementation r\u00e9gressive sur le retour des migrants en situation irr\u00e9guli\u00e8re, accompagn\u00e9e de dispositions s\u00e9v\u00e8res sur la d\u00e9tention et la r\u00e9admission. <br \/><br \/>La Conf\u00e9d\u00e9ration europ\u00e9enne des syndicats (CES) a \u00e9crit aux membres du Parlement europ\u00e9en avant le vote pour leur exprimer sa vive pr\u00e9occupation du fait que plusieurs dispositions sont contraires aux droits fondamentaux. <br \/><br \/>En particulier, des dispositions permettent la d\u00e9tention de personnes pour un maximum de 18 mois avant leur expulsion, 5 ans d&#8217;interdiction de r\u00e9admission sur le territoire et le retour forc\u00e9 vers des pays autres que le pays d&#8217;origine. Ces dispositions sont consid\u00e9r\u00e9es comme inacceptables par les syndicats et les groupes de d\u00e9fense de la justice sociale en Europe. <br \/><br \/>La CES fait valoir que &quot;la lutte contre la migration irr\u00e9guli\u00e8re ne saurait \u00eatre efficace sans canaux r\u00e9guliers de migration, sans politiques claires contre l&#8217;exploitation des migrants en situation irr\u00e9guli\u00e8re, et sans leur fournir la possibilit\u00e9 de sortir de leur situation irr\u00e9guli\u00e8re&quot;. <br \/><br \/>&quot;L&#8217;injustice des politiques de migration r\u00e9gressives, telles que celles qui viennent d&#8217;\u00eatre adopt\u00e9es par l&#8217;UE, va \u00e0 l&#8217;encontre des principes fondamentaux des droits et de la dignit\u00e9 des personnes&quot;, affirme Marcello Malentacchi, secr\u00e9taire g\u00e9n\u00e9ral de la FIOM.","protected":false},"featured_media":0,"template":"","class_list":["post-204612","archive_imf","type-archive_imf","status-publish","hentry"],"acf":[],"yoast_head":"<!-- This site is optimized with the Yoast SEO Premium plugin v27.1 (Yoast SEO v27.1) - https:\/\/yoast.com\/product\/yoast-seo-premium-wordpress\/ -->\n<title>La nouvelle r\u00e9glementation de l&#039;UE sur la migration d\u00e9clenche la col\u00e8re des syndicats - industriall-union<\/title>\n<meta name=\"robots\" content=\"index, follow, max-snippet:-1, max-image-preview:large, max-video-preview:-1\" \/>\n<link rel=\"canonical\" href=\"https:\/\/admin.industriall-union.org\/fr\/archive\/imf\/la-nouvelle-reglementation-de-l-039-ue-sur-la-migration-declenche-la-colere-des-syndicats\/\" \/>\n<meta property=\"og:locale\" content=\"fr_FR\" \/>\n<meta property=\"og:type\" content=\"article\" \/>\n<meta property=\"og:title\" content=\"La nouvelle r\u00e9glementation de l&#039;UE sur la migration d\u00e9clenche la col\u00e8re des syndicats\" \/>\n<meta property=\"og:description\" content=\"EUROPE: Le Parlement europ\u00e9en a approuv\u00e9 le 18 juin une nouvelle r\u00e9glementation r\u00e9gressive sur le retour des migrants en situation irr\u00e9guli\u00e8re, accompagn\u00e9e de dispositions s\u00e9v\u00e8res sur la d\u00e9tention et la r\u00e9admission. La Conf\u00e9d\u00e9ration europ\u00e9enne des syndicats (CES) a \u00e9crit aux membres du Parlement europ\u00e9en avant le vote pour leur exprimer sa vive pr\u00e9occupation du fait [&hellip;]\" \/>\n<meta property=\"og:url\" content=\"https:\/\/admin.industriall-union.org\/fr\/archive\/imf\/la-nouvelle-reglementation-de-l-039-ue-sur-la-migration-declenche-la-colere-des-syndicats\/\" \/>\n<meta property=\"og:site_name\" content=\"industriall-union\" \/>\n<meta property=\"article:modified_time\" content=\"2025-01-31T10:58:55+00:00\" \/>\n<meta name=\"twitter:card\" content=\"summary_large_image\" \/>\n<meta name=\"twitter:label1\" content=\"Est. reading time\" \/>\n\t<meta name=\"twitter:data1\" content=\"1 minute\" \/>\n<script type=\"application\/ld+json\" class=\"yoast-schema-graph\">{\"@context\":\"https:\/\/schema.org\",\"@graph\":[{\"@type\":\"WebPage\",\"@id\":\"https:\/\/admin.industriall-union.org\/fr\/archive\/imf\/la-nouvelle-reglementation-de-l-039-ue-sur-la-migration-declenche-la-colere-des-syndicats\/\",\"url\":\"https:\/\/admin.industriall-union.org\/fr\/archive\/imf\/la-nouvelle-reglementation-de-l-039-ue-sur-la-migration-declenche-la-colere-des-syndicats\/\",\"name\":\"La nouvelle r\u00e9glementation de l&#039;UE sur la migration d\u00e9clenche la col\u00e8re des syndicats - industriall-union\",\"isPartOf\":{\"@id\":\"https:\/\/admin.industriall-union.org\/#website\"},\"datePublished\":\"2008-06-23T09:31:00+00:00\",\"dateModified\":\"2025-01-31T10:58:55+00:00\",\"breadcrumb\":{\"@id\":\"https:\/\/admin.industriall-union.org\/fr\/archive\/imf\/la-nouvelle-reglementation-de-l-039-ue-sur-la-migration-declenche-la-colere-des-syndicats\/#breadcrumb\"},\"inLanguage\":\"fr-FR\",\"potentialAction\":[{\"@type\":\"ReadAction\",\"target\":[\"https:\/\/admin.industriall-union.org\/fr\/archive\/imf\/la-nouvelle-reglementation-de-l-039-ue-sur-la-migration-declenche-la-colere-des-syndicats\/\"]}]},{\"@type\":\"BreadcrumbList\",\"@id\":\"https:\/\/admin.industriall-union.org\/fr\/archive\/imf\/la-nouvelle-reglementation-de-l-039-ue-sur-la-migration-declenche-la-colere-des-syndicats\/#breadcrumb\",\"itemListElement\":[{\"@type\":\"ListItem\",\"position\":1,\"name\":\"Home\",\"item\":\"https:\/\/admin.industriall-union.org\/\"},{\"@type\":\"ListItem\",\"position\":2,\"name\":\"Archive Imf\",\"item\":\"https:\/\/admin.industriall-union.org\/es\/archive\/imf\/\"},{\"@type\":\"ListItem\",\"position\":3,\"name\":\"La nouvelle r\u00e9glementation de l&#039;UE sur la migration d\u00e9clenche la col\u00e8re des syndicats\"}]},{\"@type\":\"WebSite\",\"@id\":\"https:\/\/admin.industriall-union.org\/#website\",\"url\":\"https:\/\/admin.industriall-union.org\/\",\"name\":\"industriall-union\",\"description\":\"\",\"potentialAction\":[{\"@type\":\"SearchAction\",\"target\":{\"@type\":\"EntryPoint\",\"urlTemplate\":\"https:\/\/admin.industriall-union.org\/?s={search_term_string}\"},\"query-input\":{\"@type\":\"PropertyValueSpecification\",\"valueRequired\":true,\"valueName\":\"search_term_string\"}}],\"inLanguage\":\"fr-FR\"}]}<\/script>\n<!-- \/ Yoast SEO Premium plugin. -->","yoast_head_json":{"title":"La nouvelle r\u00e9glementation de l&#039;UE sur la migration d\u00e9clenche la col\u00e8re des syndicats - industriall-union","robots":{"index":"index","follow":"follow","max-snippet":"max-snippet:-1","max-image-preview":"max-image-preview:large","max-video-preview":"max-video-preview:-1"},"canonical":"https:\/\/admin.industriall-union.org\/fr\/archive\/imf\/la-nouvelle-reglementation-de-l-039-ue-sur-la-migration-declenche-la-colere-des-syndicats\/","og_locale":"fr_FR","og_type":"article","og_title":"La nouvelle r\u00e9glementation de l&#039;UE sur la migration d\u00e9clenche la col\u00e8re des syndicats","og_description":"EUROPE: Le Parlement europ\u00e9en a approuv\u00e9 le 18 juin une nouvelle r\u00e9glementation r\u00e9gressive sur le retour des migrants en situation irr\u00e9guli\u00e8re, accompagn\u00e9e de dispositions s\u00e9v\u00e8res sur la d\u00e9tention et la r\u00e9admission. La Conf\u00e9d\u00e9ration europ\u00e9enne des syndicats (CES) a \u00e9crit aux membres du Parlement europ\u00e9en avant le vote pour leur exprimer sa vive pr\u00e9occupation du fait [&hellip;]","og_url":"https:\/\/admin.industriall-union.org\/fr\/archive\/imf\/la-nouvelle-reglementation-de-l-039-ue-sur-la-migration-declenche-la-colere-des-syndicats\/","og_site_name":"industriall-union","article_modified_time":"2025-01-31T10:58:55+00:00","twitter_card":"summary_large_image","twitter_misc":{"Est. reading time":"1 minute"},"schema":{"@context":"https:\/\/schema.org","@graph":[{"@type":"WebPage","@id":"https:\/\/admin.industriall-union.org\/fr\/archive\/imf\/la-nouvelle-reglementation-de-l-039-ue-sur-la-migration-declenche-la-colere-des-syndicats\/","url":"https:\/\/admin.industriall-union.org\/fr\/archive\/imf\/la-nouvelle-reglementation-de-l-039-ue-sur-la-migration-declenche-la-colere-des-syndicats\/","name":"La nouvelle r\u00e9glementation de l&#039;UE sur la migration d\u00e9clenche la col\u00e8re des syndicats - industriall-union","isPartOf":{"@id":"https:\/\/admin.industriall-union.org\/#website"},"datePublished":"2008-06-23T09:31:00+00:00","dateModified":"2025-01-31T10:58:55+00:00","breadcrumb":{"@id":"https:\/\/admin.industriall-union.org\/fr\/archive\/imf\/la-nouvelle-reglementation-de-l-039-ue-sur-la-migration-declenche-la-colere-des-syndicats\/#breadcrumb"},"inLanguage":"fr-FR","potentialAction":[{"@type":"ReadAction","target":["https:\/\/admin.industriall-union.org\/fr\/archive\/imf\/la-nouvelle-reglementation-de-l-039-ue-sur-la-migration-declenche-la-colere-des-syndicats\/"]}]},{"@type":"BreadcrumbList","@id":"https:\/\/admin.industriall-union.org\/fr\/archive\/imf\/la-nouvelle-reglementation-de-l-039-ue-sur-la-migration-declenche-la-colere-des-syndicats\/#breadcrumb","itemListElement":[{"@type":"ListItem","position":1,"name":"Home","item":"https:\/\/admin.industriall-union.org\/"},{"@type":"ListItem","position":2,"name":"Archive Imf","item":"https:\/\/admin.industriall-union.org\/es\/archive\/imf\/"},{"@type":"ListItem","position":3,"name":"La nouvelle r\u00e9glementation de l&#039;UE sur la migration d\u00e9clenche la col\u00e8re des syndicats"}]},{"@type":"WebSite","@id":"https:\/\/admin.industriall-union.org\/#website","url":"https:\/\/admin.industriall-union.org\/","name":"industriall-union","description":"","potentialAction":[{"@type":"SearchAction","target":{"@type":"EntryPoint","urlTemplate":"https:\/\/admin.industriall-union.org\/?s={search_term_string}"},"query-input":{"@type":"PropertyValueSpecification","valueRequired":true,"valueName":"search_term_string"}}],"inLanguage":"fr-FR"}]}},"_links":{"self":[{"href":"https:\/\/admin.industriall-union.org\/fr\/wp-json\/wp\/v2\/archive_imf\/204612","targetHints":{"allow":["GET"]}}],"collection":[{"href":"https:\/\/admin.industriall-union.org\/fr\/wp-json\/wp\/v2\/archive_imf"}],"about":[{"href":"https:\/\/admin.industriall-union.org\/fr\/wp-json\/wp\/v2\/types\/archive_imf"}],"wp:attachment":[{"href":"https:\/\/admin.industriall-union.org\/fr\/wp-json\/wp\/v2\/media?parent=204612"}],"curies":[{"name":"wp","href":"https:\/\/api.w.org\/{rel}","templated":true}]}}