{"id":204595,"date":"2008-06-25T07:27:00","date_gmt":"2008-06-25T07:27:00","guid":{"rendered":"https:\/\/admin.industriall-union.org\/archive\/imf\/l-039-oit-demande-au-gouvernement-mexicain-de-resoudre-son-differend-avec-le-syndicat-des-mineurs\/"},"modified":"2025-01-31T10:58:50","modified_gmt":"2025-01-31T10:58:50","slug":"l-039-oit-demande-au-gouvernement-mexicain-de-resoudre-son-differend-avec-le-syndicat-des-mineurs","status":"publish","type":"archive_imf","link":"https:\/\/admin.industriall-union.org\/fr\/archive\/imf\/l-039-oit-demande-au-gouvernement-mexicain-de-resoudre-son-differend-avec-le-syndicat-des-mineurs\/","title":{"rendered":"L&#039;OIT demande au gouvernement mexicain de r\u00e9soudre son diff\u00e9rend avec le syndicat des mineurs"},"content":{"rendered":"<p>MEXIQUE: Le Comit\u00e9 de la libert\u00e9 syndicale de l&#8217;Organisation internationale du Travail (OIT) a publi\u00e9 le Rapport g\u00e9n\u00e9ral 350, qui traite du litige dans l&#8217;exploitation mini\u00e8re au Mexique (affaire 2478) et pr\u00e9sente neuf recommandations au gouvernement mexicain au sujet des actions d\u00e9nonc\u00e9es par le Syndicat national des mineurs et des m\u00e9tallurgistes (SNTMMSRM) et la FIOM. <\/p><p>La premi\u00e8re recommandation regrette la reconnaissance &quot;ill\u00e9gale&quot; par le ministre du Travail et de la Protection sociale de El\u00edas Morales et l&#8217;\u00e9limination de Napole\u00f3n G\u00f3mez Urrutia du poste de secr\u00e9taire g\u00e9n\u00e9ral du syndicat, et pr\u00e9cise que &quot;l&#8217;action des services de la main-d&#8217;\u0153uvre est incompatible avec l&#8217;article 3 de la Convention de l&#8217;OIT 87, qui \u00e9tablit le droit des travailleurs d&#8217;\u00e9lire librement leurs repr\u00e9sentants&quot;. <\/p><p>Le comit\u00e9 estime que le gouvernement mexicain n&#8217;a pas clarifi\u00e9 les &quot;diverses irr\u00e9gularit\u00e9s&quot; commises par les services de la main-d&#8217;\u0153uvre, sauf pour la falsification de la signature d&#8217;un membre du Comit\u00e9 de vigilance du syndicat. Le comit\u00e9 de l&#8217;OIT prie le gouvernement de &quot;fournir les informations&quot;. <\/p><p>Le comit\u00e9 &quot;d\u00e9plore la dur\u00e9e excessive&quot; des proc\u00e9dures judiciaires &quot;en ce qui concerne divers aspects de l&#8217;affaire et le pr\u00e9judice grave caus\u00e9 au syndicat requ\u00e9rant&quot; et demande aux autorit\u00e9s de prendre des &quot;mesures rapides pour garantir la justice en ce qui concerne l&#8217;exercice des droits syndicaux&quot;. Le comit\u00e9 demande instamment au gouvernement d&#8217;assurer la conclusion rapide des proc\u00e9dures judiciaires&quot;. <br \/><br \/>La quatri\u00e8me recommandation du comit\u00e9 d\u00e9plore profond\u00e9ment le d\u00e9c\u00e8s du travailleur, Reynaldo Gonz\u00e1lez Hern\u00e1ndez, exprime le vif espoir que les proc\u00e9dures p\u00e9nales en cours seront achev\u00e9es aussi rapidement que possible, et demande au gouvernement de communiquer le jugement rendu par le tribunal. <\/p><p>La cinqui\u00e8me recommandation demande au gouvernement &quot;d&#8217;indiquer si les syndicalistes arr\u00eat\u00e9s le 11 ao\u00fbt 2007 ont \u00e9t\u00e9 lib\u00e9r\u00e9s&quot; (il s&#8217;agit des travailleurs qui ont \u00e9t\u00e9 attaqu\u00e9s le m\u00eame jour et au m\u00eame endroit o\u00f9 Hern\u00e1ndez Gonz\u00e1lez a \u00e9t\u00e9 tu\u00e9 \u00e0 Nacozari, \u00c9tat de Sonora). Il invite \u00e9galement les autorit\u00e9s mexicaines \u00e0 fournir des informations sur le diff\u00e9rend concernant les droits de repr\u00e9sentation pour les conventions collectives dans huit entreprises, o\u00f9 le SNTMMSRM a ces droits. <\/p><p>Ces droits sont contest\u00e9s par d&#8217;autres syndicats. Le comit\u00e9 a \u00e9galement demand\u00e9 des informations sur les &quot;expulsions violentes de gr\u00e9vistes \u00e0 l&#8217;entr\u00e9e de la mine de Cananea, et d&#8217;une mani\u00e8re g\u00e9n\u00e9rale, sur l&#8217;intervention des forces de s\u00e9curit\u00e9 de l&#8217;\u00c9tat dans le conflit du travail en question&quot;. <br \/><br \/>La recommandation finale du Comit\u00e9 de la libert\u00e9 syndicale invite &quot;les parties concern\u00e9es \u00e0 poursuivre des n\u00e9gociations visant \u00e0 r\u00e9soudre le diff\u00e9rend auquel se rapporte la pr\u00e9sente affaire&quot;. Le comit\u00e9 demande \u00e9galement au gouvernement de r\u00e9pondre, sans d\u00e9lai, \u00e0 des all\u00e9gations concernant des menaces de mort, des enl\u00e8vements ill\u00e9gaux et des passages \u00e0 tabac de membres du syndicat et de leurs familles, y compris &quot;l&#8217;attaque contre les gr\u00e9vistes de Sicartsa par les forces de s\u00e9curit\u00e9 le 20 avril 2006, et l&#8217;enl\u00e8vement, le passage \u00e0 tabac et les menaces de mort contre l&#8217;\u00e9pouse de Mario Garc\u00eda Ortiz, un membre du comit\u00e9 ex\u00e9cutif du syndicat plaignant&quot;. <br \/><br \/>Le Secr\u00e9taire g\u00e9n\u00e9ral de la FIOM, Marcello Malentacchi, a particip\u00e9 \u00e0 la r\u00e9union de l&#8217;OIT, le 12 juin 2008, o\u00f9 il a pr\u00e9sent\u00e9 la plainte du syndicat. Le syndicat des mineurs mexicains estime que ce rapport de l&#8217;OIT oblige &quot;le gouvernement mexicain \u00e0 se conformer aux r\u00e9solutions et aux recommandations de l&#8217;OIT d\u00e9coulant de la condamnation qu&#8217;il a re\u00e7ue, et donc de prendre des mesures pour mettre fin \u00e0 ce diff\u00e9rend avec les mineurs&quot;. <\/p><p>Le syndicat affirme \u00e9galement que le diff\u00e9rend &quot;a montr\u00e9 que le gouvernement \u00e9tait r\u00e9pressif, inefficace, arbitraire, despotique et incapable de mettre fin \u00e0 ce grave probl\u00e8me dont il a h\u00e9rit\u00e9 et qu&#8217;il n&#8217;a pas \u00e9t\u00e9 en mesure de r\u00e9soudre, alors que le conflit dure maintenant depuis 20 mois&quot;. Le rapport complet se trouve sur ce <a href=\"http:\/\/www.ilo.org\/global\/What_we_do\/Officialmeetings\/gb\/lang--en\/docName--WCMS_094216\/index.htm\" title=\"lien\">lien<\/a>.<\/p>","protected":false},"featured_media":0,"template":"","class_list":["post-204595","archive_imf","type-archive_imf","status-publish","hentry"],"acf":[],"yoast_head":"<!-- This site is optimized with the Yoast SEO Premium plugin v27.1 (Yoast SEO v27.1) - https:\/\/yoast.com\/product\/yoast-seo-premium-wordpress\/ -->\n<title>L&#039;OIT demande au gouvernement mexicain de r\u00e9soudre son diff\u00e9rend avec le syndicat des mineurs - industriall-union<\/title>\n<meta name=\"robots\" content=\"index, follow, max-snippet:-1, max-image-preview:large, max-video-preview:-1\" \/>\n<link rel=\"canonical\" href=\"https:\/\/admin.industriall-union.org\/fr\/archive\/imf\/l-039-oit-demande-au-gouvernement-mexicain-de-resoudre-son-differend-avec-le-syndicat-des-mineurs\/\" \/>\n<meta property=\"og:locale\" content=\"fr_FR\" \/>\n<meta property=\"og:type\" content=\"article\" \/>\n<meta property=\"og:title\" content=\"L&#039;OIT demande au gouvernement mexicain de r\u00e9soudre son diff\u00e9rend avec le syndicat des mineurs\" \/>\n<meta property=\"og:description\" content=\"MEXIQUE: Le Comit\u00e9 de la libert\u00e9 syndicale de l&#8217;Organisation internationale du Travail (OIT) a publi\u00e9 le Rapport g\u00e9n\u00e9ral 350, qui traite du litige dans l&#8217;exploitation mini\u00e8re au Mexique (affaire 2478) et pr\u00e9sente neuf recommandations au gouvernement mexicain au sujet des actions d\u00e9nonc\u00e9es par le Syndicat national des mineurs et des m\u00e9tallurgistes (SNTMMSRM) et la FIOM. [&hellip;]\" \/>\n<meta property=\"og:url\" content=\"https:\/\/admin.industriall-union.org\/fr\/archive\/imf\/l-039-oit-demande-au-gouvernement-mexicain-de-resoudre-son-differend-avec-le-syndicat-des-mineurs\/\" \/>\n<meta property=\"og:site_name\" content=\"industriall-union\" \/>\n<meta property=\"article:modified_time\" content=\"2025-01-31T10:58:50+00:00\" \/>\n<meta name=\"twitter:card\" content=\"summary_large_image\" \/>\n<meta name=\"twitter:label1\" content=\"Est. reading time\" \/>\n\t<meta name=\"twitter:data1\" content=\"4 minutes\" \/>\n<script type=\"application\/ld+json\" class=\"yoast-schema-graph\">{\"@context\":\"https:\/\/schema.org\",\"@graph\":[{\"@type\":\"WebPage\",\"@id\":\"https:\/\/admin.industriall-union.org\/fr\/archive\/imf\/l-039-oit-demande-au-gouvernement-mexicain-de-resoudre-son-differend-avec-le-syndicat-des-mineurs\/\",\"url\":\"https:\/\/admin.industriall-union.org\/fr\/archive\/imf\/l-039-oit-demande-au-gouvernement-mexicain-de-resoudre-son-differend-avec-le-syndicat-des-mineurs\/\",\"name\":\"L&#039;OIT demande au gouvernement mexicain de r\u00e9soudre son diff\u00e9rend avec le syndicat des mineurs - industriall-union\",\"isPartOf\":{\"@id\":\"https:\/\/admin.industriall-union.org\/#website\"},\"datePublished\":\"2008-06-25T07:27:00+00:00\",\"dateModified\":\"2025-01-31T10:58:50+00:00\",\"breadcrumb\":{\"@id\":\"https:\/\/admin.industriall-union.org\/fr\/archive\/imf\/l-039-oit-demande-au-gouvernement-mexicain-de-resoudre-son-differend-avec-le-syndicat-des-mineurs\/#breadcrumb\"},\"inLanguage\":\"fr-FR\",\"potentialAction\":[{\"@type\":\"ReadAction\",\"target\":[\"https:\/\/admin.industriall-union.org\/fr\/archive\/imf\/l-039-oit-demande-au-gouvernement-mexicain-de-resoudre-son-differend-avec-le-syndicat-des-mineurs\/\"]}]},{\"@type\":\"BreadcrumbList\",\"@id\":\"https:\/\/admin.industriall-union.org\/fr\/archive\/imf\/l-039-oit-demande-au-gouvernement-mexicain-de-resoudre-son-differend-avec-le-syndicat-des-mineurs\/#breadcrumb\",\"itemListElement\":[{\"@type\":\"ListItem\",\"position\":1,\"name\":\"Home\",\"item\":\"https:\/\/admin.industriall-union.org\/\"},{\"@type\":\"ListItem\",\"position\":2,\"name\":\"Archive Imf\",\"item\":\"https:\/\/admin.industriall-union.org\/es\/archive\/imf\/\"},{\"@type\":\"ListItem\",\"position\":3,\"name\":\"L&#039;OIT demande au gouvernement mexicain de r\u00e9soudre son diff\u00e9rend avec le syndicat des mineurs\"}]},{\"@type\":\"WebSite\",\"@id\":\"https:\/\/admin.industriall-union.org\/#website\",\"url\":\"https:\/\/admin.industriall-union.org\/\",\"name\":\"industriall-union\",\"description\":\"\",\"potentialAction\":[{\"@type\":\"SearchAction\",\"target\":{\"@type\":\"EntryPoint\",\"urlTemplate\":\"https:\/\/admin.industriall-union.org\/?s={search_term_string}\"},\"query-input\":{\"@type\":\"PropertyValueSpecification\",\"valueRequired\":true,\"valueName\":\"search_term_string\"}}],\"inLanguage\":\"fr-FR\"}]}<\/script>\n<!-- \/ Yoast SEO Premium plugin. -->","yoast_head_json":{"title":"L&#039;OIT demande au gouvernement mexicain de r\u00e9soudre son diff\u00e9rend avec le syndicat des mineurs - industriall-union","robots":{"index":"index","follow":"follow","max-snippet":"max-snippet:-1","max-image-preview":"max-image-preview:large","max-video-preview":"max-video-preview:-1"},"canonical":"https:\/\/admin.industriall-union.org\/fr\/archive\/imf\/l-039-oit-demande-au-gouvernement-mexicain-de-resoudre-son-differend-avec-le-syndicat-des-mineurs\/","og_locale":"fr_FR","og_type":"article","og_title":"L&#039;OIT demande au gouvernement mexicain de r\u00e9soudre son diff\u00e9rend avec le syndicat des mineurs","og_description":"MEXIQUE: Le Comit\u00e9 de la libert\u00e9 syndicale de l&#8217;Organisation internationale du Travail (OIT) a publi\u00e9 le Rapport g\u00e9n\u00e9ral 350, qui traite du litige dans l&#8217;exploitation mini\u00e8re au Mexique (affaire 2478) et pr\u00e9sente neuf recommandations au gouvernement mexicain au sujet des actions d\u00e9nonc\u00e9es par le Syndicat national des mineurs et des m\u00e9tallurgistes (SNTMMSRM) et la FIOM. [&hellip;]","og_url":"https:\/\/admin.industriall-union.org\/fr\/archive\/imf\/l-039-oit-demande-au-gouvernement-mexicain-de-resoudre-son-differend-avec-le-syndicat-des-mineurs\/","og_site_name":"industriall-union","article_modified_time":"2025-01-31T10:58:50+00:00","twitter_card":"summary_large_image","twitter_misc":{"Est. reading time":"4 minutes"},"schema":{"@context":"https:\/\/schema.org","@graph":[{"@type":"WebPage","@id":"https:\/\/admin.industriall-union.org\/fr\/archive\/imf\/l-039-oit-demande-au-gouvernement-mexicain-de-resoudre-son-differend-avec-le-syndicat-des-mineurs\/","url":"https:\/\/admin.industriall-union.org\/fr\/archive\/imf\/l-039-oit-demande-au-gouvernement-mexicain-de-resoudre-son-differend-avec-le-syndicat-des-mineurs\/","name":"L&#039;OIT demande au gouvernement mexicain de r\u00e9soudre son diff\u00e9rend avec le syndicat des mineurs - industriall-union","isPartOf":{"@id":"https:\/\/admin.industriall-union.org\/#website"},"datePublished":"2008-06-25T07:27:00+00:00","dateModified":"2025-01-31T10:58:50+00:00","breadcrumb":{"@id":"https:\/\/admin.industriall-union.org\/fr\/archive\/imf\/l-039-oit-demande-au-gouvernement-mexicain-de-resoudre-son-differend-avec-le-syndicat-des-mineurs\/#breadcrumb"},"inLanguage":"fr-FR","potentialAction":[{"@type":"ReadAction","target":["https:\/\/admin.industriall-union.org\/fr\/archive\/imf\/l-039-oit-demande-au-gouvernement-mexicain-de-resoudre-son-differend-avec-le-syndicat-des-mineurs\/"]}]},{"@type":"BreadcrumbList","@id":"https:\/\/admin.industriall-union.org\/fr\/archive\/imf\/l-039-oit-demande-au-gouvernement-mexicain-de-resoudre-son-differend-avec-le-syndicat-des-mineurs\/#breadcrumb","itemListElement":[{"@type":"ListItem","position":1,"name":"Home","item":"https:\/\/admin.industriall-union.org\/"},{"@type":"ListItem","position":2,"name":"Archive Imf","item":"https:\/\/admin.industriall-union.org\/es\/archive\/imf\/"},{"@type":"ListItem","position":3,"name":"L&#039;OIT demande au gouvernement mexicain de r\u00e9soudre son diff\u00e9rend avec le syndicat des mineurs"}]},{"@type":"WebSite","@id":"https:\/\/admin.industriall-union.org\/#website","url":"https:\/\/admin.industriall-union.org\/","name":"industriall-union","description":"","potentialAction":[{"@type":"SearchAction","target":{"@type":"EntryPoint","urlTemplate":"https:\/\/admin.industriall-union.org\/?s={search_term_string}"},"query-input":{"@type":"PropertyValueSpecification","valueRequired":true,"valueName":"search_term_string"}}],"inLanguage":"fr-FR"}]}},"_links":{"self":[{"href":"https:\/\/admin.industriall-union.org\/fr\/wp-json\/wp\/v2\/archive_imf\/204595","targetHints":{"allow":["GET"]}}],"collection":[{"href":"https:\/\/admin.industriall-union.org\/fr\/wp-json\/wp\/v2\/archive_imf"}],"about":[{"href":"https:\/\/admin.industriall-union.org\/fr\/wp-json\/wp\/v2\/types\/archive_imf"}],"wp:attachment":[{"href":"https:\/\/admin.industriall-union.org\/fr\/wp-json\/wp\/v2\/media?parent=204595"}],"curies":[{"name":"wp","href":"https:\/\/api.w.org\/{rel}","templated":true}]}}