{"id":204550,"date":"2008-07-18T15:48:00","date_gmt":"2008-07-18T15:48:00","guid":{"rendered":"https:\/\/admin.industriall-union.org\/archive\/imf\/les-syndicats-veulent-des-emplois-de-qualite-dans-le-mercosur\/"},"modified":"2025-01-31T10:58:35","modified_gmt":"2025-01-31T10:58:35","slug":"les-syndicats-veulent-des-emplois-de-qualite-dans-le-mercosur","status":"publish","type":"archive_imf","link":"https:\/\/admin.industriall-union.org\/fr\/archive\/imf\/les-syndicats-veulent-des-emplois-de-qualite-dans-le-mercosur\/","title":{"rendered":"Les syndicats veulent des emplois de qualit\u00e9 dans le Mercosur"},"content":{"rendered":"ARGENTINE: Un s\u00e9minaire sur les accords commerciaux du Mercosur, organis\u00e9 par la F\u00e9d\u00e9ration internationale des organisations de travailleurs de la m\u00e9tallurgie, s&#8217;est tenu \u00e0 Buenos Aires, du 16 au 18 juillet, avec la participation des affili\u00e9s d&#8217;Argentine, du Br\u00e9sil, du Chili, du Paraguay et d&#8217;Uruguay. <br \/><br \/>Le s\u00e9minaire a pris connaissance d&#8217;un rapport sur un projet pilote de recherche FIOM\/OIT concernant les m\u00e9thodes d&#8217;\u00e9valuation des r\u00e9percussions de la lib\u00e9ralisation des \u00e9changes dans l&#8217;industrie de la m\u00e9tallurgie en Argentine et au Br\u00e9sil. Le rapport souligne l&#8217;effet combin\u00e9 de divers facteurs sur le nombre et la qualit\u00e9 des emplois. Les implications dans les activit\u00e9s syndicales ont \u00e9t\u00e9 examin\u00e9es, ainsi que les perspectives pour la poursuite du d\u00e9veloppement du projet de recherche qui a \u00e9t\u00e9 r\u00e9alis\u00e9 avec le soutien de l&#8217;Observatoire social au Br\u00e9sil et de la Fondation LASOS en Argentine. <br \/><br \/>Une table ronde compos\u00e9e de repr\u00e9sentants du patronat, du gouvernement et des syndicats d&#8217;Argentine, et des centrales syndicales des pays du C\u00f4ne sud, a examin\u00e9 les perspectives d&#8217;int\u00e9gration de la production dans Mercosur, ainsi que les cons\u00e9quences de la lib\u00e9ralisation des \u00e9changes dans la production industrielle et sur le d\u00e9veloppement des pays membres. Les syndicats ont rappel\u00e9 leur int\u00e9r\u00eat dans l&#8217;am\u00e9lioration du travail et des dispositions sociales. Toutefois, la n\u00e9cessit\u00e9 d&#8217;\u00e9tablir un lien entre les droits dans le travail et le d\u00e9veloppement durable a \u00e9t\u00e9 affirm\u00e9e, ainsi que la cr\u00e9ation d&#8217;emplois stables et de qualit\u00e9. <br \/><br \/>&quot;Les syndicats d&#8217;Am\u00e9rique latine ont une strat\u00e9gie du travail et sociale \u00e0 proposer&quot;, a d\u00e9clar\u00e9 Hilda Sanchez de TUCA\/CIS, &quot;mais nous ne sommes pas int\u00e9ress\u00e9s \u00e0 rester dans la pi\u00e8ce voisine pour parler seulement de l&#8217;inclusion de clauses de travail. La question centrale concerne la production et son lien avec le d\u00e9veloppement et le travail d\u00e9cent&quot;. Sanchez a contribu\u00e9 \u00e0 une analyse approfondie de la mobilisation syndicale, notamment en Am\u00e9rique latine, autour des questions li\u00e9es \u00e0 la lib\u00e9ralisation des \u00e9changes qui concernent la main-d&#8217;\u0153uvre, et elle a soulign\u00e9 la collaboration tr\u00e8s positive avec la FIOM. <br \/><br \/>Le ministre argentin du Travail, M. Carlos Tomada, a ouvert le s\u00e9minaire par une allocution dans laquelle il a soulign\u00e9 la place centrale occup\u00e9e par le travail. Il a fait remarquer qu&#8217;il y avait un d\u00e9ficit dans le nombre et la qualit\u00e9 des emplois, et que les pratiques de la sous-sous-traitance au nom de la concurrence \u00e9taient les ennemis les plus dangereux du d\u00e9veloppement et de la r\u00e9duction de la pauvret\u00e9. &quot;Nous devons lutter contre l&#8217;exploitation et la pr\u00e9carisation dans la recherche de la r\u00e9duction des co\u00fbts&quot;. <br \/><br \/>Dans une r\u00e9union distincte avec lui, des repr\u00e9sentants syndicaux de la FIOM et de TUCA ont exprim\u00e9 leurs pr\u00e9occupations dans les n\u00e9gociations du Cycle de Doha. Le ministre Tomada a affirm\u00e9 \u00e0 nouveau que le gouvernement argentin consid\u00e8re le d\u00e9veloppement et l&#8217;emploi comme des questions prioritaires dans les n\u00e9gociations \u00e0 l&#8217;OMC. ","protected":false},"featured_media":0,"template":"","class_list":["post-204550","archive_imf","type-archive_imf","status-publish","hentry"],"acf":[],"yoast_head":"<!-- This site is optimized with the Yoast SEO Premium plugin v27.1 (Yoast SEO v27.1) - https:\/\/yoast.com\/product\/yoast-seo-premium-wordpress\/ -->\n<title>Les syndicats veulent des emplois de qualit\u00e9 dans le Mercosur - industriall-union<\/title>\n<meta name=\"robots\" content=\"index, follow, max-snippet:-1, max-image-preview:large, max-video-preview:-1\" \/>\n<link rel=\"canonical\" href=\"https:\/\/admin.industriall-union.org\/fr\/archive\/imf\/les-syndicats-veulent-des-emplois-de-qualite-dans-le-mercosur\/\" \/>\n<meta property=\"og:locale\" content=\"fr_FR\" \/>\n<meta property=\"og:type\" content=\"article\" \/>\n<meta property=\"og:title\" content=\"Les syndicats veulent des emplois de qualit\u00e9 dans le Mercosur\" \/>\n<meta property=\"og:description\" content=\"ARGENTINE: Un s\u00e9minaire sur les accords commerciaux du Mercosur, organis\u00e9 par la F\u00e9d\u00e9ration internationale des organisations de travailleurs de la m\u00e9tallurgie, s&#8217;est tenu \u00e0 Buenos Aires, du 16 au 18 juillet, avec la participation des affili\u00e9s d&#8217;Argentine, du Br\u00e9sil, du Chili, du Paraguay et d&#8217;Uruguay. Le s\u00e9minaire a pris connaissance d&#8217;un rapport sur un projet [&hellip;]\" \/>\n<meta property=\"og:url\" content=\"https:\/\/admin.industriall-union.org\/fr\/archive\/imf\/les-syndicats-veulent-des-emplois-de-qualite-dans-le-mercosur\/\" \/>\n<meta property=\"og:site_name\" content=\"industriall-union\" \/>\n<meta property=\"article:modified_time\" content=\"2025-01-31T10:58:35+00:00\" \/>\n<meta name=\"twitter:card\" content=\"summary_large_image\" \/>\n<meta name=\"twitter:label1\" content=\"Est. reading time\" \/>\n\t<meta name=\"twitter:data1\" content=\"3 minutes\" \/>\n<script type=\"application\/ld+json\" class=\"yoast-schema-graph\">{\"@context\":\"https:\/\/schema.org\",\"@graph\":[{\"@type\":\"WebPage\",\"@id\":\"https:\/\/admin.industriall-union.org\/fr\/archive\/imf\/les-syndicats-veulent-des-emplois-de-qualite-dans-le-mercosur\/\",\"url\":\"https:\/\/admin.industriall-union.org\/fr\/archive\/imf\/les-syndicats-veulent-des-emplois-de-qualite-dans-le-mercosur\/\",\"name\":\"Les syndicats veulent des emplois de qualit\u00e9 dans le Mercosur - industriall-union\",\"isPartOf\":{\"@id\":\"https:\/\/admin.industriall-union.org\/#website\"},\"datePublished\":\"2008-07-18T15:48:00+00:00\",\"dateModified\":\"2025-01-31T10:58:35+00:00\",\"breadcrumb\":{\"@id\":\"https:\/\/admin.industriall-union.org\/fr\/archive\/imf\/les-syndicats-veulent-des-emplois-de-qualite-dans-le-mercosur\/#breadcrumb\"},\"inLanguage\":\"fr-FR\",\"potentialAction\":[{\"@type\":\"ReadAction\",\"target\":[\"https:\/\/admin.industriall-union.org\/fr\/archive\/imf\/les-syndicats-veulent-des-emplois-de-qualite-dans-le-mercosur\/\"]}]},{\"@type\":\"BreadcrumbList\",\"@id\":\"https:\/\/admin.industriall-union.org\/fr\/archive\/imf\/les-syndicats-veulent-des-emplois-de-qualite-dans-le-mercosur\/#breadcrumb\",\"itemListElement\":[{\"@type\":\"ListItem\",\"position\":1,\"name\":\"Home\",\"item\":\"https:\/\/admin.industriall-union.org\/\"},{\"@type\":\"ListItem\",\"position\":2,\"name\":\"Archive Imf\",\"item\":\"https:\/\/admin.industriall-union.org\/es\/archive\/imf\/\"},{\"@type\":\"ListItem\",\"position\":3,\"name\":\"Les syndicats veulent des emplois de qualit\u00e9 dans le Mercosur\"}]},{\"@type\":\"WebSite\",\"@id\":\"https:\/\/admin.industriall-union.org\/#website\",\"url\":\"https:\/\/admin.industriall-union.org\/\",\"name\":\"industriall-union\",\"description\":\"\",\"potentialAction\":[{\"@type\":\"SearchAction\",\"target\":{\"@type\":\"EntryPoint\",\"urlTemplate\":\"https:\/\/admin.industriall-union.org\/?s={search_term_string}\"},\"query-input\":{\"@type\":\"PropertyValueSpecification\",\"valueRequired\":true,\"valueName\":\"search_term_string\"}}],\"inLanguage\":\"fr-FR\"}]}<\/script>\n<!-- \/ Yoast SEO Premium plugin. -->","yoast_head_json":{"title":"Les syndicats veulent des emplois de qualit\u00e9 dans le Mercosur - industriall-union","robots":{"index":"index","follow":"follow","max-snippet":"max-snippet:-1","max-image-preview":"max-image-preview:large","max-video-preview":"max-video-preview:-1"},"canonical":"https:\/\/admin.industriall-union.org\/fr\/archive\/imf\/les-syndicats-veulent-des-emplois-de-qualite-dans-le-mercosur\/","og_locale":"fr_FR","og_type":"article","og_title":"Les syndicats veulent des emplois de qualit\u00e9 dans le Mercosur","og_description":"ARGENTINE: Un s\u00e9minaire sur les accords commerciaux du Mercosur, organis\u00e9 par la F\u00e9d\u00e9ration internationale des organisations de travailleurs de la m\u00e9tallurgie, s&#8217;est tenu \u00e0 Buenos Aires, du 16 au 18 juillet, avec la participation des affili\u00e9s d&#8217;Argentine, du Br\u00e9sil, du Chili, du Paraguay et d&#8217;Uruguay. Le s\u00e9minaire a pris connaissance d&#8217;un rapport sur un projet [&hellip;]","og_url":"https:\/\/admin.industriall-union.org\/fr\/archive\/imf\/les-syndicats-veulent-des-emplois-de-qualite-dans-le-mercosur\/","og_site_name":"industriall-union","article_modified_time":"2025-01-31T10:58:35+00:00","twitter_card":"summary_large_image","twitter_misc":{"Est. reading time":"3 minutes"},"schema":{"@context":"https:\/\/schema.org","@graph":[{"@type":"WebPage","@id":"https:\/\/admin.industriall-union.org\/fr\/archive\/imf\/les-syndicats-veulent-des-emplois-de-qualite-dans-le-mercosur\/","url":"https:\/\/admin.industriall-union.org\/fr\/archive\/imf\/les-syndicats-veulent-des-emplois-de-qualite-dans-le-mercosur\/","name":"Les syndicats veulent des emplois de qualit\u00e9 dans le Mercosur - industriall-union","isPartOf":{"@id":"https:\/\/admin.industriall-union.org\/#website"},"datePublished":"2008-07-18T15:48:00+00:00","dateModified":"2025-01-31T10:58:35+00:00","breadcrumb":{"@id":"https:\/\/admin.industriall-union.org\/fr\/archive\/imf\/les-syndicats-veulent-des-emplois-de-qualite-dans-le-mercosur\/#breadcrumb"},"inLanguage":"fr-FR","potentialAction":[{"@type":"ReadAction","target":["https:\/\/admin.industriall-union.org\/fr\/archive\/imf\/les-syndicats-veulent-des-emplois-de-qualite-dans-le-mercosur\/"]}]},{"@type":"BreadcrumbList","@id":"https:\/\/admin.industriall-union.org\/fr\/archive\/imf\/les-syndicats-veulent-des-emplois-de-qualite-dans-le-mercosur\/#breadcrumb","itemListElement":[{"@type":"ListItem","position":1,"name":"Home","item":"https:\/\/admin.industriall-union.org\/"},{"@type":"ListItem","position":2,"name":"Archive Imf","item":"https:\/\/admin.industriall-union.org\/es\/archive\/imf\/"},{"@type":"ListItem","position":3,"name":"Les syndicats veulent des emplois de qualit\u00e9 dans le Mercosur"}]},{"@type":"WebSite","@id":"https:\/\/admin.industriall-union.org\/#website","url":"https:\/\/admin.industriall-union.org\/","name":"industriall-union","description":"","potentialAction":[{"@type":"SearchAction","target":{"@type":"EntryPoint","urlTemplate":"https:\/\/admin.industriall-union.org\/?s={search_term_string}"},"query-input":{"@type":"PropertyValueSpecification","valueRequired":true,"valueName":"search_term_string"}}],"inLanguage":"fr-FR"}]}},"_links":{"self":[{"href":"https:\/\/admin.industriall-union.org\/fr\/wp-json\/wp\/v2\/archive_imf\/204550","targetHints":{"allow":["GET"]}}],"collection":[{"href":"https:\/\/admin.industriall-union.org\/fr\/wp-json\/wp\/v2\/archive_imf"}],"about":[{"href":"https:\/\/admin.industriall-union.org\/fr\/wp-json\/wp\/v2\/types\/archive_imf"}],"wp:attachment":[{"href":"https:\/\/admin.industriall-union.org\/fr\/wp-json\/wp\/v2\/media?parent=204550"}],"curies":[{"name":"wp","href":"https:\/\/api.w.org\/{rel}","templated":true}]}}