{"id":204549,"date":"2008-07-21T09:19:00","date_gmt":"2008-07-21T09:19:00","guid":{"rendered":"https:\/\/admin.industriall-union.org\/archive\/imf\/cc-oo-et-ugt-demandent-la-remontee-des-corps-des-victimes-de-pasta-de-conchos\/"},"modified":"2025-01-31T10:58:35","modified_gmt":"2025-01-31T10:58:35","slug":"cc-oo-et-ugt-demandent-la-remontee-des-corps-des-victimes-de-pasta-de-conchos","status":"publish","type":"archive_imf","link":"https:\/\/admin.industriall-union.org\/fr\/archive\/imf\/cc-oo-et-ugt-demandent-la-remontee-des-corps-des-victimes-de-pasta-de-conchos\/","title":{"rendered":"CC.OO et UGT demandent la remont\u00e9e des corps des victimes de Pasta de Conchos"},"content":{"rendered":"Espagne: Les syndicats espagnols, Comisiones Obreras (CC.OO) et Uni\u00f3n General de Trabajadores (UGT), ainsi que la F\u00e9d\u00e9ration internationale des organisations de travailleurs de la m\u00e9tallurgie, se sont rendus \u00e0 l&#8217;ambassade du Mexique en Espagne, mardi 15 Juillet, pour exiger la remont\u00e9e des corps des mineurs tu\u00e9s le 19 f\u00e9vrier 2006 dans la catastrophe de Pasta de Conchos au Mexique.<br \/><br \/>\u00c0 la r\u00e9union \u00e0 laquelle assistait Fernando Lopes, secr\u00e9taire g\u00e9n\u00e9ral adjoint de la FIOM, les repr\u00e9sentants syndicaux ont remis des documents contenant les d\u00e9tails de la catastrophe de la mine de Grupo M\u00e9xico, en exigeant la remont\u00e9e des 63 corps ensevelis pour les remettre \u00e0 leurs familles. <br \/><br \/>Une p\u00e9tition comportant plus de 4.000 signatures a \u00e9t\u00e9 remise \u00e0 l&#8217;ambassade du Mexique. Les syndicats CC.OO et FIA-UGT ont fait signer la p\u00e9tition par solidarit\u00e9 avec les familles des victimes. Elle demande \u00e0 l&#8217;entreprise et au gouvernement de prendre les mesures n\u00e9cessaires pour assurer le remont\u00e9e des corps des travailleurs et clarifier les causes de l&#8217;accident. <br \/><br \/>La F\u00e9d\u00e9ration des mineurs et des m\u00e9tallurgistes CC.OO a annonc\u00e9 qu&#8217;elle se joignait \u00e0 cette lutte car &quot;elle comprend que la remont\u00e9e des corps des travailleurs permettrait non seulement de soulager les souffrances des familles qui vivent dans la r\u00e9gion, mais \u00e9galement de clarifier les causes de l&#8217;accident afin que d&#8217;en tirer des conclusions pour que ce type de catastrophe ne se reproduise plus&quot;. <br \/><br \/>La f\u00e9d\u00e9ration a pris contact avec la soci\u00e9t\u00e9 mini\u00e8re Hunosa, qui participait \u00e0 la Brigade de sauvetage et qui a enqu\u00eat\u00e9 sur les lieux de l&#8217;accident en mai 2006. L&#8217;entreprise affirme qu&#8217;il est techniquement possible d&#8217;assurer la remont\u00e9e des 63 corps ensevelis dans la mine, mais que l&#8217;op\u00e9ration a besoin de la coop\u00e9ration de l&#8217;entreprise et du gouvernement mexicain. <br \/><br \/>Les syndicats espagnols affili\u00e9s \u00e0 la FIOM se sont rendus \u00e0 l&#8217;ambassade du Mexique, parce qu&#8217;ils sont convaincus qu&#8217;il est n\u00e9cessaire de faire pression sur l&#8217;entreprise et sur le gouvernement mexicain pour envisager la possibilit\u00e9 de remonter \u00e0 la surface les corps des travailleurs. ","protected":false},"featured_media":0,"template":"","class_list":["post-204549","archive_imf","type-archive_imf","status-publish","hentry"],"acf":[],"yoast_head":"<!-- This site is optimized with the Yoast SEO Premium plugin v27.1 (Yoast SEO v27.1) - https:\/\/yoast.com\/product\/yoast-seo-premium-wordpress\/ -->\n<title>CC.OO et UGT demandent la remont\u00e9e des corps des victimes de Pasta de Conchos - industriall-union<\/title>\n<meta name=\"robots\" content=\"index, follow, max-snippet:-1, max-image-preview:large, max-video-preview:-1\" \/>\n<link rel=\"canonical\" href=\"https:\/\/admin.industriall-union.org\/fr\/archive\/imf\/cc-oo-et-ugt-demandent-la-remontee-des-corps-des-victimes-de-pasta-de-conchos\/\" \/>\n<meta property=\"og:locale\" content=\"fr_FR\" \/>\n<meta property=\"og:type\" content=\"article\" \/>\n<meta property=\"og:title\" content=\"CC.OO et UGT demandent la remont\u00e9e des corps des victimes de Pasta de Conchos\" \/>\n<meta property=\"og:description\" content=\"Espagne: Les syndicats espagnols, Comisiones Obreras (CC.OO) et Uni\u00f3n General de Trabajadores (UGT), ainsi que la F\u00e9d\u00e9ration internationale des organisations de travailleurs de la m\u00e9tallurgie, se sont rendus \u00e0 l&#8217;ambassade du Mexique en Espagne, mardi 15 Juillet, pour exiger la remont\u00e9e des corps des mineurs tu\u00e9s le 19 f\u00e9vrier 2006 dans la catastrophe de Pasta [&hellip;]\" \/>\n<meta property=\"og:url\" content=\"https:\/\/admin.industriall-union.org\/fr\/archive\/imf\/cc-oo-et-ugt-demandent-la-remontee-des-corps-des-victimes-de-pasta-de-conchos\/\" \/>\n<meta property=\"og:site_name\" content=\"industriall-union\" \/>\n<meta property=\"article:modified_time\" content=\"2025-01-31T10:58:35+00:00\" \/>\n<meta name=\"twitter:card\" content=\"summary_large_image\" \/>\n<meta name=\"twitter:label1\" content=\"Est. reading time\" \/>\n\t<meta name=\"twitter:data1\" content=\"2 minutes\" \/>\n<script type=\"application\/ld+json\" class=\"yoast-schema-graph\">{\"@context\":\"https:\/\/schema.org\",\"@graph\":[{\"@type\":\"WebPage\",\"@id\":\"https:\/\/admin.industriall-union.org\/fr\/archive\/imf\/cc-oo-et-ugt-demandent-la-remontee-des-corps-des-victimes-de-pasta-de-conchos\/\",\"url\":\"https:\/\/admin.industriall-union.org\/fr\/archive\/imf\/cc-oo-et-ugt-demandent-la-remontee-des-corps-des-victimes-de-pasta-de-conchos\/\",\"name\":\"CC.OO et UGT demandent la remont\u00e9e des corps des victimes de Pasta de Conchos - industriall-union\",\"isPartOf\":{\"@id\":\"https:\/\/admin.industriall-union.org\/#website\"},\"datePublished\":\"2008-07-21T09:19:00+00:00\",\"dateModified\":\"2025-01-31T10:58:35+00:00\",\"breadcrumb\":{\"@id\":\"https:\/\/admin.industriall-union.org\/fr\/archive\/imf\/cc-oo-et-ugt-demandent-la-remontee-des-corps-des-victimes-de-pasta-de-conchos\/#breadcrumb\"},\"inLanguage\":\"fr-FR\",\"potentialAction\":[{\"@type\":\"ReadAction\",\"target\":[\"https:\/\/admin.industriall-union.org\/fr\/archive\/imf\/cc-oo-et-ugt-demandent-la-remontee-des-corps-des-victimes-de-pasta-de-conchos\/\"]}]},{\"@type\":\"BreadcrumbList\",\"@id\":\"https:\/\/admin.industriall-union.org\/fr\/archive\/imf\/cc-oo-et-ugt-demandent-la-remontee-des-corps-des-victimes-de-pasta-de-conchos\/#breadcrumb\",\"itemListElement\":[{\"@type\":\"ListItem\",\"position\":1,\"name\":\"Home\",\"item\":\"https:\/\/admin.industriall-union.org\/\"},{\"@type\":\"ListItem\",\"position\":2,\"name\":\"Archive Imf\",\"item\":\"https:\/\/admin.industriall-union.org\/es\/archive\/imf\/\"},{\"@type\":\"ListItem\",\"position\":3,\"name\":\"CC.OO et UGT demandent la remont\u00e9e des corps des victimes de Pasta de Conchos\"}]},{\"@type\":\"WebSite\",\"@id\":\"https:\/\/admin.industriall-union.org\/#website\",\"url\":\"https:\/\/admin.industriall-union.org\/\",\"name\":\"industriall-union\",\"description\":\"\",\"potentialAction\":[{\"@type\":\"SearchAction\",\"target\":{\"@type\":\"EntryPoint\",\"urlTemplate\":\"https:\/\/admin.industriall-union.org\/?s={search_term_string}\"},\"query-input\":{\"@type\":\"PropertyValueSpecification\",\"valueRequired\":true,\"valueName\":\"search_term_string\"}}],\"inLanguage\":\"fr-FR\"}]}<\/script>\n<!-- \/ Yoast SEO Premium plugin. -->","yoast_head_json":{"title":"CC.OO et UGT demandent la remont\u00e9e des corps des victimes de Pasta de Conchos - industriall-union","robots":{"index":"index","follow":"follow","max-snippet":"max-snippet:-1","max-image-preview":"max-image-preview:large","max-video-preview":"max-video-preview:-1"},"canonical":"https:\/\/admin.industriall-union.org\/fr\/archive\/imf\/cc-oo-et-ugt-demandent-la-remontee-des-corps-des-victimes-de-pasta-de-conchos\/","og_locale":"fr_FR","og_type":"article","og_title":"CC.OO et UGT demandent la remont\u00e9e des corps des victimes de Pasta de Conchos","og_description":"Espagne: Les syndicats espagnols, Comisiones Obreras (CC.OO) et Uni\u00f3n General de Trabajadores (UGT), ainsi que la F\u00e9d\u00e9ration internationale des organisations de travailleurs de la m\u00e9tallurgie, se sont rendus \u00e0 l&#8217;ambassade du Mexique en Espagne, mardi 15 Juillet, pour exiger la remont\u00e9e des corps des mineurs tu\u00e9s le 19 f\u00e9vrier 2006 dans la catastrophe de Pasta [&hellip;]","og_url":"https:\/\/admin.industriall-union.org\/fr\/archive\/imf\/cc-oo-et-ugt-demandent-la-remontee-des-corps-des-victimes-de-pasta-de-conchos\/","og_site_name":"industriall-union","article_modified_time":"2025-01-31T10:58:35+00:00","twitter_card":"summary_large_image","twitter_misc":{"Est. reading time":"2 minutes"},"schema":{"@context":"https:\/\/schema.org","@graph":[{"@type":"WebPage","@id":"https:\/\/admin.industriall-union.org\/fr\/archive\/imf\/cc-oo-et-ugt-demandent-la-remontee-des-corps-des-victimes-de-pasta-de-conchos\/","url":"https:\/\/admin.industriall-union.org\/fr\/archive\/imf\/cc-oo-et-ugt-demandent-la-remontee-des-corps-des-victimes-de-pasta-de-conchos\/","name":"CC.OO et UGT demandent la remont\u00e9e des corps des victimes de Pasta de Conchos - industriall-union","isPartOf":{"@id":"https:\/\/admin.industriall-union.org\/#website"},"datePublished":"2008-07-21T09:19:00+00:00","dateModified":"2025-01-31T10:58:35+00:00","breadcrumb":{"@id":"https:\/\/admin.industriall-union.org\/fr\/archive\/imf\/cc-oo-et-ugt-demandent-la-remontee-des-corps-des-victimes-de-pasta-de-conchos\/#breadcrumb"},"inLanguage":"fr-FR","potentialAction":[{"@type":"ReadAction","target":["https:\/\/admin.industriall-union.org\/fr\/archive\/imf\/cc-oo-et-ugt-demandent-la-remontee-des-corps-des-victimes-de-pasta-de-conchos\/"]}]},{"@type":"BreadcrumbList","@id":"https:\/\/admin.industriall-union.org\/fr\/archive\/imf\/cc-oo-et-ugt-demandent-la-remontee-des-corps-des-victimes-de-pasta-de-conchos\/#breadcrumb","itemListElement":[{"@type":"ListItem","position":1,"name":"Home","item":"https:\/\/admin.industriall-union.org\/"},{"@type":"ListItem","position":2,"name":"Archive Imf","item":"https:\/\/admin.industriall-union.org\/es\/archive\/imf\/"},{"@type":"ListItem","position":3,"name":"CC.OO et UGT demandent la remont\u00e9e des corps des victimes de Pasta de Conchos"}]},{"@type":"WebSite","@id":"https:\/\/admin.industriall-union.org\/#website","url":"https:\/\/admin.industriall-union.org\/","name":"industriall-union","description":"","potentialAction":[{"@type":"SearchAction","target":{"@type":"EntryPoint","urlTemplate":"https:\/\/admin.industriall-union.org\/?s={search_term_string}"},"query-input":{"@type":"PropertyValueSpecification","valueRequired":true,"valueName":"search_term_string"}}],"inLanguage":"fr-FR"}]}},"_links":{"self":[{"href":"https:\/\/admin.industriall-union.org\/fr\/wp-json\/wp\/v2\/archive_imf\/204549","targetHints":{"allow":["GET"]}}],"collection":[{"href":"https:\/\/admin.industriall-union.org\/fr\/wp-json\/wp\/v2\/archive_imf"}],"about":[{"href":"https:\/\/admin.industriall-union.org\/fr\/wp-json\/wp\/v2\/types\/archive_imf"}],"wp:attachment":[{"href":"https:\/\/admin.industriall-union.org\/fr\/wp-json\/wp\/v2\/media?parent=204549"}],"curies":[{"name":"wp","href":"https:\/\/api.w.org\/{rel}","templated":true}]}}