{"id":204073,"date":"2009-04-29T17:32:00","date_gmt":"2009-04-29T17:32:00","guid":{"rendered":"https:\/\/admin.industriall-union.org\/archive\/imf\/surprise-la-dereglementation-du-marche-du-travail-n-039-est-pas-une-recette-pour-le-developpement\/"},"modified":"2025-01-31T10:44:07","modified_gmt":"2025-01-31T10:44:07","slug":"surprise-la-dereglementation-du-marche-du-travail-n-039-est-pas-une-recette-pour-le-developpement","status":"publish","type":"archive_imf","link":"https:\/\/admin.industriall-union.org\/fr\/archive\/imf\/surprise-la-dereglementation-du-marche-du-travail-n-039-est-pas-une-recette-pour-le-developpement\/","title":{"rendered":"Surprise: la d\u00e9r\u00e9glementation du march\u00e9 du travail n&#039;est pas une recette pour le d\u00e9veloppement!"},"content":{"rendered":"<p>MONDE: Apr\u00e8s avoir \u00e9t\u00e9 tr\u00e8s critiqu\u00e9e pendant des ann\u00e9es par les syndicats, la Banque mondiale a finalement donn\u00e9 comme instruction \u00e0 ses fonctionnaires de cesser d&#8217;utiliser les indicateurs de l&#8217;emploi de sa publication phare &quot;Doing Business&quot; qui donnent un indice plus \u00e9lev\u00e9 aux pays dans lesquels la protection des travailleurs\/euses est la plus faible. Cette m\u00e9thode a \u00e9t\u00e9 utilis\u00e9e pour pousser les pays en d\u00e9veloppement \u00e0 adopter des politiques strictes de d\u00e9r\u00e9glementation du march\u00e9 du travail, comme recette pour le d\u00e9veloppement et pour les conditions d&#8217;\u00e9ligibilit\u00e9 \u00e0 des pr\u00eats et des subventions.<\/p><p>\u00c0 une \u00e9poque de crise mondiale o\u00f9 les institutions de financement sont s\u00e9v\u00e8rement critiqu\u00e9es comme \u00e9tant en partie la cause des probl\u00e8mes actuels qui frappent tr\u00e8s durement les travailleurs\/euses de tous les pays du Sud et du Nord, la Banque mondiale fait un geste significatif qui, s&#8217;il se traduit concr\u00e8tement, rapidement et de mani\u00e8re effective dans ses recommandations, marquera un changement important avec des effets positifs sur les politiques de l&#8217;emploi dans les pays en d\u00e9veloppement. <\/p><p>La Banque mondiale a publi\u00e9 le 27 avril un communiqu\u00e9 dans lequel elle souligne l&#8217;importance des &quot;<em>objectifs du d\u00e9veloppement<\/em>&quot; tels que les <em>&quot;filets de protection sociale destin\u00e9s \u00e0 prot\u00e9ger les parties vuln\u00e9rables de la soci\u00e9t\u00e9 d&#8217;un risque intol\u00e9rable et \u00e0 assurer la protection des droits des travailleurs\/euses et des m\u00e9nages, de m\u00eame que pour les entreprises&quot;<\/em>. La Banque d\u00e9veloppe \u00e9galement son activit\u00e9 dans le domaine des filets de protection sociale, sur les &quot;<em>questions concernant l&#8217;acc\u00e8s \u00e0 des prestations, comme par exemple l&#8217;assurance-ch\u00f4mage et la s\u00e9curit\u00e9 sociale&quot;. <\/em><\/p><p>En ce qui concerne les indicateurs de Doing Business, la Banque ajustera l&#8217;\u00e9valuation dans son rapport annuel &quot;<em>concernant les dispositions pour les travailleurs\/euses sous contrat \u00e0 dur\u00e9e d\u00e9termin\u00e9e<\/em><em> et les normes relatives au paiement des indemnit\u00e9s de licenciement, jours de repos obligatoire, travail de nuit et jours de cong\u00e9, et les niveaux de salaire minimum, afin d&#8217;accorder un bilan favorable aux politiques de protection des travailleurs\/euses qui respectent \u00e0 la lettre et dans l&#8217;esprit des conventions de l&#8217;OIT, en reconnaissant que les protections bien con\u00e7ues des travailleurs\/euses b\u00e9n\u00e9ficient \u00e0 la soci\u00e9t\u00e9 dans son ensemble<\/em>&quot;. <\/p><p>De plus &quot;<em>une note d&#8217;orientation sera publi\u00e9e qui pr\u00e9cisera que les indicateurs ne repr\u00e9sentent pas la politique de la Banque mondiale et ne doivent pas \u00eatre utilis\u00e9s comme base de conseils pratiques, ou dans aucun document de programme de pays qui d\u00e9crit ou \u00e9value une strat\u00e9gie de d\u00e9veloppement ou un programme d&#8217;assistance pour un pays b\u00e9n\u00e9ficiaire. La note mettra l&#8217;accent sur l&#8217;importance des approches r\u00e9glementaires qui facilitent la cr\u00e9ation de nouveaux emplois dans le secteur formel avec des garanties suffisantes pour les droits des salari\u00e9s qui les pr\u00e9munissent contre le d\u00e9placement du risque de l&#8217;entreprise aux salari\u00e9s et aux familles \u00e0 faible revenu&#8230;..Nous allons r\u00e9unir un groupe de travail comprenant des repr\u00e9sentant(e)s de l&#8217;OIT, en tant qu&#8217;organe international de fixation des normes, des syndicats, des entreprises, des universitaires et des experts juridiques&#8230;..pour donner des conseils sur la r\u00e9vision du EWI et la cr\u00e9ation d&#8217;un nouvel indicateur de protection des travailleurs\/euses&#8230;&#8230;.et sur le march\u00e9 du travail et les questions de protection de l&#8217;emploi &#8212; en vue d&#8217;\u00e9tablir des r\u00e8gles qui aident \u00e0 cr\u00e9er des emplois robustes avec une protection suffisante dans le secteur formel, capables de r\u00e9sister aux crises \u00e0 venir. Le d\u00e9veloppement d&#8217;un nouvel indicateur de protection des travailleurs\/euses (WPI)&#8230;&#8230;.pourrait couvrir des questions telles que l&#8217;adh\u00e9sion d&#8217;un pays aux normes fondamentales du travail, et utiliser la loi, la r\u00e9glementation et d&#8217;autres instruments de gouvernement pour s&#8217;assurer que les travailleurs\/euses sont suffisamment prot\u00e9g\u00e9(e)s, notamment en cas de ch\u00f4mage&quot;.<\/em><\/p><p>La F\u00e9d\u00e9ration internationale des organisations de travailleurs de la m\u00e9tallurgie suivra attentivement avec les autres syndicats mondiaux la traduction de cette \u00e9volution heureuse dans la pratique.<\/p>","protected":false},"featured_media":0,"template":"","class_list":["post-204073","archive_imf","type-archive_imf","status-publish","hentry"],"acf":[],"yoast_head":"<!-- This site is optimized with the Yoast SEO Premium plugin v27.1 (Yoast SEO v27.1) - https:\/\/yoast.com\/product\/yoast-seo-premium-wordpress\/ -->\n<title>Surprise: la d\u00e9r\u00e9glementation du march\u00e9 du travail n&#039;est pas une recette pour le d\u00e9veloppement! - industriall-union<\/title>\n<meta name=\"robots\" content=\"index, follow, max-snippet:-1, max-image-preview:large, max-video-preview:-1\" \/>\n<link rel=\"canonical\" href=\"https:\/\/admin.industriall-union.org\/fr\/archive\/imf\/surprise-la-dereglementation-du-marche-du-travail-n-039-est-pas-une-recette-pour-le-developpement\/\" \/>\n<meta property=\"og:locale\" content=\"fr_FR\" \/>\n<meta property=\"og:type\" content=\"article\" \/>\n<meta property=\"og:title\" content=\"Surprise: la d\u00e9r\u00e9glementation du march\u00e9 du travail n&#039;est pas une recette pour le d\u00e9veloppement!\" \/>\n<meta property=\"og:description\" content=\"MONDE: Apr\u00e8s avoir \u00e9t\u00e9 tr\u00e8s critiqu\u00e9e pendant des ann\u00e9es par les syndicats, la Banque mondiale a finalement donn\u00e9 comme instruction \u00e0 ses fonctionnaires de cesser d&#8217;utiliser les indicateurs de l&#8217;emploi de sa publication phare &quot;Doing Business&quot; qui donnent un indice plus \u00e9lev\u00e9 aux pays dans lesquels la protection des travailleurs\/euses est la plus faible. Cette [&hellip;]\" \/>\n<meta property=\"og:url\" content=\"https:\/\/admin.industriall-union.org\/fr\/archive\/imf\/surprise-la-dereglementation-du-marche-du-travail-n-039-est-pas-une-recette-pour-le-developpement\/\" \/>\n<meta property=\"og:site_name\" content=\"industriall-union\" \/>\n<meta property=\"article:modified_time\" content=\"2025-01-31T10:44:07+00:00\" \/>\n<meta name=\"twitter:card\" content=\"summary_large_image\" \/>\n<meta name=\"twitter:label1\" content=\"Est. reading time\" \/>\n\t<meta name=\"twitter:data1\" content=\"3 minutes\" \/>\n<script type=\"application\/ld+json\" class=\"yoast-schema-graph\">{\"@context\":\"https:\/\/schema.org\",\"@graph\":[{\"@type\":\"WebPage\",\"@id\":\"https:\/\/admin.industriall-union.org\/fr\/archive\/imf\/surprise-la-dereglementation-du-marche-du-travail-n-039-est-pas-une-recette-pour-le-developpement\/\",\"url\":\"https:\/\/admin.industriall-union.org\/fr\/archive\/imf\/surprise-la-dereglementation-du-marche-du-travail-n-039-est-pas-une-recette-pour-le-developpement\/\",\"name\":\"Surprise: la d\u00e9r\u00e9glementation du march\u00e9 du travail n&#039;est pas une recette pour le d\u00e9veloppement! - industriall-union\",\"isPartOf\":{\"@id\":\"https:\/\/admin.industriall-union.org\/#website\"},\"datePublished\":\"2009-04-29T17:32:00+00:00\",\"dateModified\":\"2025-01-31T10:44:07+00:00\",\"breadcrumb\":{\"@id\":\"https:\/\/admin.industriall-union.org\/fr\/archive\/imf\/surprise-la-dereglementation-du-marche-du-travail-n-039-est-pas-une-recette-pour-le-developpement\/#breadcrumb\"},\"inLanguage\":\"fr-FR\",\"potentialAction\":[{\"@type\":\"ReadAction\",\"target\":[\"https:\/\/admin.industriall-union.org\/fr\/archive\/imf\/surprise-la-dereglementation-du-marche-du-travail-n-039-est-pas-une-recette-pour-le-developpement\/\"]}]},{\"@type\":\"BreadcrumbList\",\"@id\":\"https:\/\/admin.industriall-union.org\/fr\/archive\/imf\/surprise-la-dereglementation-du-marche-du-travail-n-039-est-pas-une-recette-pour-le-developpement\/#breadcrumb\",\"itemListElement\":[{\"@type\":\"ListItem\",\"position\":1,\"name\":\"Home\",\"item\":\"https:\/\/admin.industriall-union.org\/\"},{\"@type\":\"ListItem\",\"position\":2,\"name\":\"Archive Imf\",\"item\":\"https:\/\/admin.industriall-union.org\/es\/archive\/imf\/\"},{\"@type\":\"ListItem\",\"position\":3,\"name\":\"Surprise: la d\u00e9r\u00e9glementation du march\u00e9 du travail n&#039;est pas une recette pour le d\u00e9veloppement!\"}]},{\"@type\":\"WebSite\",\"@id\":\"https:\/\/admin.industriall-union.org\/#website\",\"url\":\"https:\/\/admin.industriall-union.org\/\",\"name\":\"industriall-union\",\"description\":\"\",\"potentialAction\":[{\"@type\":\"SearchAction\",\"target\":{\"@type\":\"EntryPoint\",\"urlTemplate\":\"https:\/\/admin.industriall-union.org\/?s={search_term_string}\"},\"query-input\":{\"@type\":\"PropertyValueSpecification\",\"valueRequired\":true,\"valueName\":\"search_term_string\"}}],\"inLanguage\":\"fr-FR\"}]}<\/script>\n<!-- \/ Yoast SEO Premium plugin. -->","yoast_head_json":{"title":"Surprise: la d\u00e9r\u00e9glementation du march\u00e9 du travail n&#039;est pas une recette pour le d\u00e9veloppement! - industriall-union","robots":{"index":"index","follow":"follow","max-snippet":"max-snippet:-1","max-image-preview":"max-image-preview:large","max-video-preview":"max-video-preview:-1"},"canonical":"https:\/\/admin.industriall-union.org\/fr\/archive\/imf\/surprise-la-dereglementation-du-marche-du-travail-n-039-est-pas-une-recette-pour-le-developpement\/","og_locale":"fr_FR","og_type":"article","og_title":"Surprise: la d\u00e9r\u00e9glementation du march\u00e9 du travail n&#039;est pas une recette pour le d\u00e9veloppement!","og_description":"MONDE: Apr\u00e8s avoir \u00e9t\u00e9 tr\u00e8s critiqu\u00e9e pendant des ann\u00e9es par les syndicats, la Banque mondiale a finalement donn\u00e9 comme instruction \u00e0 ses fonctionnaires de cesser d&#8217;utiliser les indicateurs de l&#8217;emploi de sa publication phare &quot;Doing Business&quot; qui donnent un indice plus \u00e9lev\u00e9 aux pays dans lesquels la protection des travailleurs\/euses est la plus faible. Cette [&hellip;]","og_url":"https:\/\/admin.industriall-union.org\/fr\/archive\/imf\/surprise-la-dereglementation-du-marche-du-travail-n-039-est-pas-une-recette-pour-le-developpement\/","og_site_name":"industriall-union","article_modified_time":"2025-01-31T10:44:07+00:00","twitter_card":"summary_large_image","twitter_misc":{"Est. reading time":"3 minutes"},"schema":{"@context":"https:\/\/schema.org","@graph":[{"@type":"WebPage","@id":"https:\/\/admin.industriall-union.org\/fr\/archive\/imf\/surprise-la-dereglementation-du-marche-du-travail-n-039-est-pas-une-recette-pour-le-developpement\/","url":"https:\/\/admin.industriall-union.org\/fr\/archive\/imf\/surprise-la-dereglementation-du-marche-du-travail-n-039-est-pas-une-recette-pour-le-developpement\/","name":"Surprise: la d\u00e9r\u00e9glementation du march\u00e9 du travail n&#039;est pas une recette pour le d\u00e9veloppement! - industriall-union","isPartOf":{"@id":"https:\/\/admin.industriall-union.org\/#website"},"datePublished":"2009-04-29T17:32:00+00:00","dateModified":"2025-01-31T10:44:07+00:00","breadcrumb":{"@id":"https:\/\/admin.industriall-union.org\/fr\/archive\/imf\/surprise-la-dereglementation-du-marche-du-travail-n-039-est-pas-une-recette-pour-le-developpement\/#breadcrumb"},"inLanguage":"fr-FR","potentialAction":[{"@type":"ReadAction","target":["https:\/\/admin.industriall-union.org\/fr\/archive\/imf\/surprise-la-dereglementation-du-marche-du-travail-n-039-est-pas-une-recette-pour-le-developpement\/"]}]},{"@type":"BreadcrumbList","@id":"https:\/\/admin.industriall-union.org\/fr\/archive\/imf\/surprise-la-dereglementation-du-marche-du-travail-n-039-est-pas-une-recette-pour-le-developpement\/#breadcrumb","itemListElement":[{"@type":"ListItem","position":1,"name":"Home","item":"https:\/\/admin.industriall-union.org\/"},{"@type":"ListItem","position":2,"name":"Archive Imf","item":"https:\/\/admin.industriall-union.org\/es\/archive\/imf\/"},{"@type":"ListItem","position":3,"name":"Surprise: la d\u00e9r\u00e9glementation du march\u00e9 du travail n&#039;est pas une recette pour le d\u00e9veloppement!"}]},{"@type":"WebSite","@id":"https:\/\/admin.industriall-union.org\/#website","url":"https:\/\/admin.industriall-union.org\/","name":"industriall-union","description":"","potentialAction":[{"@type":"SearchAction","target":{"@type":"EntryPoint","urlTemplate":"https:\/\/admin.industriall-union.org\/?s={search_term_string}"},"query-input":{"@type":"PropertyValueSpecification","valueRequired":true,"valueName":"search_term_string"}}],"inLanguage":"fr-FR"}]}},"_links":{"self":[{"href":"https:\/\/admin.industriall-union.org\/fr\/wp-json\/wp\/v2\/archive_imf\/204073","targetHints":{"allow":["GET"]}}],"collection":[{"href":"https:\/\/admin.industriall-union.org\/fr\/wp-json\/wp\/v2\/archive_imf"}],"about":[{"href":"https:\/\/admin.industriall-union.org\/fr\/wp-json\/wp\/v2\/types\/archive_imf"}],"wp:attachment":[{"href":"https:\/\/admin.industriall-union.org\/fr\/wp-json\/wp\/v2\/media?parent=204073"}],"curies":[{"name":"wp","href":"https:\/\/api.w.org\/{rel}","templated":true}]}}