{"id":204069,"date":"2009-04-30T12:14:00","date_gmt":"2009-04-30T12:14:00","guid":{"rendered":"https:\/\/admin.industriall-union.org\/archive\/imf\/la-celebration-du-premier-mai-c-039-est-important\/"},"modified":"2025-01-31T10:44:05","modified_gmt":"2025-01-31T10:44:05","slug":"la-celebration-du-premier-mai-c-039-est-important","status":"publish","type":"archive_imf","link":"https:\/\/admin.industriall-union.org\/fr\/archive\/imf\/la-celebration-du-premier-mai-c-039-est-important\/","title":{"rendered":"La c\u00e9l\u00e9bration du Premier Mai, c&#039;est important!"},"content":{"rendered":"<p>MONDE: Le Premier Mai n&#039;est pas seulement un jour de cong\u00e9. Sa signification poss\u00e8de des racines profondes pour tous les hommes et les femmes qui travaillent. <\/p><p>Pour les jeunes, il convient de rappeler que nous comm\u00e9morons en cette journ\u00e9e du 1<sup>er<\/sup> mai les 11 travailleurs am\u00e9ricains tu\u00e9s \u00e0 Chicago le 1<sup>er<\/sup> mai 1886 et qui \u00e9taient descendus dans la rue avec des milliers d&#8217;autres travailleurs\/euses pour exiger la journ\u00e9e de huit heures de travail. C&#039;est ce qui s&#039;est pass\u00e9 en ce 1<sup>er<\/sup> mai qui est aujourd&#039;hui c\u00e9l\u00e9br\u00e9 comme la F\u00eate des Travailleurs ou la F\u00eate du Travail. <\/p><p>Il est important de rappeler que chaque ann\u00e9e, les travailleurs\/euses marchent main dans la main le Premier Mai pour faire entendre leur voix dans toutes les villes du monde. <\/p><p>&quot;La FIOM lutte pour le respect des droits des travailleurs\/euses dans de nombreux pays du monde. Et aujourd&#039;hui, pour le Premier Mai, nous envoyons un message de solidarit\u00e9 \u00e0 tous nos camarades, hommes et femmes, mais surtout aux travailleurs de l&#8217;automobile en Inde qui luttent pour obtenir la reconnaissance syndicale et la n\u00e9gociation d&#8217;une convention collective chez Hyundai; aux travailleurs d&#8217;Indon\u00e9sie confront\u00e9s \u00e0 la violence antisyndicale de leur employeur Toshiba; aux travailleurs de Cor\u00e9e qui luttent pour bloquer la nouvelle l\u00e9gislation qui \u00e9tend la p\u00e9riode d&#8217;emploi pr\u00e9caire de 2 \u00e0 4 ans avant d&#8217;avoir droit \u00e0 un emploi permanent; aux mineurs mexicains en gr\u00e8ve depuis 21 mois et qui sont menac\u00e9s de licenciement avant de pouvoir \u00eatre embauch\u00e9s de nouveau sur une base non syndicale; aux travailleurs de Sinter Metal en Turquie qui luttent pour la r\u00e9int\u00e9gration de plus de 300 travailleurs licenci\u00e9s pour leurs activit\u00e9s syndicales; aux sid\u00e9rurgistes en Bulgarie qui se battent pour leurs emplois et leurs salaires impay\u00e9s, et aux nombreux autres qui luttent pour leur droit \u00e0 des conditions de vie d\u00e9centes et respectables&quot;, d\u00e9clare Marcello Malentacchi, secr\u00e9taire g\u00e9n\u00e9ral de la FIOM, en s&#8217;adressant aux m\u00e9tallurgistes pour le Premier Mai. <\/p><p>&quot;Ce sont autant de bonnes raisons pour descendre dans la rue et manifester le Premier Mai et rejoindre ceux et celles qui luttent et qui ne sont pas autoris\u00e9(e)s \u00e0 se joindre \u00e0 nous. Ainsi, c\u00e9l\u00e9brons le Premier Mai, et o\u00f9 que vous soyez, rejoignez la manifestation pour faire entendre votre voix!&quot; <\/p>","protected":false},"featured_media":0,"template":"","class_list":["post-204069","archive_imf","type-archive_imf","status-publish","hentry"],"acf":[],"yoast_head":"<!-- This site is optimized with the Yoast SEO Premium plugin v27.1 (Yoast SEO v27.1) - https:\/\/yoast.com\/product\/yoast-seo-premium-wordpress\/ -->\n<title>La c\u00e9l\u00e9bration du Premier Mai, c&#039;est important! - industriall-union<\/title>\n<meta name=\"robots\" content=\"index, follow, max-snippet:-1, max-image-preview:large, max-video-preview:-1\" \/>\n<link rel=\"canonical\" href=\"https:\/\/admin.industriall-union.org\/fr\/archive\/imf\/la-celebration-du-premier-mai-c-039-est-important\/\" \/>\n<meta property=\"og:locale\" content=\"fr_FR\" \/>\n<meta property=\"og:type\" content=\"article\" \/>\n<meta property=\"og:title\" content=\"La c\u00e9l\u00e9bration du Premier Mai, c&#039;est important!\" \/>\n<meta property=\"og:description\" content=\"MONDE: Le Premier Mai n&#039;est pas seulement un jour de cong\u00e9. Sa signification poss\u00e8de des racines profondes pour tous les hommes et les femmes qui travaillent. Pour les jeunes, il convient de rappeler que nous comm\u00e9morons en cette journ\u00e9e du 1er mai les 11 travailleurs am\u00e9ricains tu\u00e9s \u00e0 Chicago le 1er mai 1886 et qui [&hellip;]\" \/>\n<meta property=\"og:url\" content=\"https:\/\/admin.industriall-union.org\/fr\/archive\/imf\/la-celebration-du-premier-mai-c-039-est-important\/\" \/>\n<meta property=\"og:site_name\" content=\"industriall-union\" \/>\n<meta property=\"article:modified_time\" content=\"2025-01-31T10:44:05+00:00\" \/>\n<meta name=\"twitter:card\" content=\"summary_large_image\" \/>\n<meta name=\"twitter:label1\" content=\"Est. reading time\" \/>\n\t<meta name=\"twitter:data1\" content=\"2 minutes\" \/>\n<script type=\"application\/ld+json\" class=\"yoast-schema-graph\">{\"@context\":\"https:\/\/schema.org\",\"@graph\":[{\"@type\":\"WebPage\",\"@id\":\"https:\/\/admin.industriall-union.org\/fr\/archive\/imf\/la-celebration-du-premier-mai-c-039-est-important\/\",\"url\":\"https:\/\/admin.industriall-union.org\/fr\/archive\/imf\/la-celebration-du-premier-mai-c-039-est-important\/\",\"name\":\"La c\u00e9l\u00e9bration du Premier Mai, c&#039;est important! - industriall-union\",\"isPartOf\":{\"@id\":\"https:\/\/admin.industriall-union.org\/#website\"},\"datePublished\":\"2009-04-30T12:14:00+00:00\",\"dateModified\":\"2025-01-31T10:44:05+00:00\",\"breadcrumb\":{\"@id\":\"https:\/\/admin.industriall-union.org\/fr\/archive\/imf\/la-celebration-du-premier-mai-c-039-est-important\/#breadcrumb\"},\"inLanguage\":\"fr-FR\",\"potentialAction\":[{\"@type\":\"ReadAction\",\"target\":[\"https:\/\/admin.industriall-union.org\/fr\/archive\/imf\/la-celebration-du-premier-mai-c-039-est-important\/\"]}]},{\"@type\":\"BreadcrumbList\",\"@id\":\"https:\/\/admin.industriall-union.org\/fr\/archive\/imf\/la-celebration-du-premier-mai-c-039-est-important\/#breadcrumb\",\"itemListElement\":[{\"@type\":\"ListItem\",\"position\":1,\"name\":\"Home\",\"item\":\"https:\/\/admin.industriall-union.org\/\"},{\"@type\":\"ListItem\",\"position\":2,\"name\":\"Archive Imf\",\"item\":\"https:\/\/admin.industriall-union.org\/es\/archive\/imf\/\"},{\"@type\":\"ListItem\",\"position\":3,\"name\":\"La c\u00e9l\u00e9bration du Premier Mai, c&#039;est important!\"}]},{\"@type\":\"WebSite\",\"@id\":\"https:\/\/admin.industriall-union.org\/#website\",\"url\":\"https:\/\/admin.industriall-union.org\/\",\"name\":\"industriall-union\",\"description\":\"\",\"potentialAction\":[{\"@type\":\"SearchAction\",\"target\":{\"@type\":\"EntryPoint\",\"urlTemplate\":\"https:\/\/admin.industriall-union.org\/?s={search_term_string}\"},\"query-input\":{\"@type\":\"PropertyValueSpecification\",\"valueRequired\":true,\"valueName\":\"search_term_string\"}}],\"inLanguage\":\"fr-FR\"}]}<\/script>\n<!-- \/ Yoast SEO Premium plugin. -->","yoast_head_json":{"title":"La c\u00e9l\u00e9bration du Premier Mai, c&#039;est important! - industriall-union","robots":{"index":"index","follow":"follow","max-snippet":"max-snippet:-1","max-image-preview":"max-image-preview:large","max-video-preview":"max-video-preview:-1"},"canonical":"https:\/\/admin.industriall-union.org\/fr\/archive\/imf\/la-celebration-du-premier-mai-c-039-est-important\/","og_locale":"fr_FR","og_type":"article","og_title":"La c\u00e9l\u00e9bration du Premier Mai, c&#039;est important!","og_description":"MONDE: Le Premier Mai n&#039;est pas seulement un jour de cong\u00e9. Sa signification poss\u00e8de des racines profondes pour tous les hommes et les femmes qui travaillent. Pour les jeunes, il convient de rappeler que nous comm\u00e9morons en cette journ\u00e9e du 1er mai les 11 travailleurs am\u00e9ricains tu\u00e9s \u00e0 Chicago le 1er mai 1886 et qui [&hellip;]","og_url":"https:\/\/admin.industriall-union.org\/fr\/archive\/imf\/la-celebration-du-premier-mai-c-039-est-important\/","og_site_name":"industriall-union","article_modified_time":"2025-01-31T10:44:05+00:00","twitter_card":"summary_large_image","twitter_misc":{"Est. reading time":"2 minutes"},"schema":{"@context":"https:\/\/schema.org","@graph":[{"@type":"WebPage","@id":"https:\/\/admin.industriall-union.org\/fr\/archive\/imf\/la-celebration-du-premier-mai-c-039-est-important\/","url":"https:\/\/admin.industriall-union.org\/fr\/archive\/imf\/la-celebration-du-premier-mai-c-039-est-important\/","name":"La c\u00e9l\u00e9bration du Premier Mai, c&#039;est important! - industriall-union","isPartOf":{"@id":"https:\/\/admin.industriall-union.org\/#website"},"datePublished":"2009-04-30T12:14:00+00:00","dateModified":"2025-01-31T10:44:05+00:00","breadcrumb":{"@id":"https:\/\/admin.industriall-union.org\/fr\/archive\/imf\/la-celebration-du-premier-mai-c-039-est-important\/#breadcrumb"},"inLanguage":"fr-FR","potentialAction":[{"@type":"ReadAction","target":["https:\/\/admin.industriall-union.org\/fr\/archive\/imf\/la-celebration-du-premier-mai-c-039-est-important\/"]}]},{"@type":"BreadcrumbList","@id":"https:\/\/admin.industriall-union.org\/fr\/archive\/imf\/la-celebration-du-premier-mai-c-039-est-important\/#breadcrumb","itemListElement":[{"@type":"ListItem","position":1,"name":"Home","item":"https:\/\/admin.industriall-union.org\/"},{"@type":"ListItem","position":2,"name":"Archive Imf","item":"https:\/\/admin.industriall-union.org\/es\/archive\/imf\/"},{"@type":"ListItem","position":3,"name":"La c\u00e9l\u00e9bration du Premier Mai, c&#039;est important!"}]},{"@type":"WebSite","@id":"https:\/\/admin.industriall-union.org\/#website","url":"https:\/\/admin.industriall-union.org\/","name":"industriall-union","description":"","potentialAction":[{"@type":"SearchAction","target":{"@type":"EntryPoint","urlTemplate":"https:\/\/admin.industriall-union.org\/?s={search_term_string}"},"query-input":{"@type":"PropertyValueSpecification","valueRequired":true,"valueName":"search_term_string"}}],"inLanguage":"fr-FR"}]}},"_links":{"self":[{"href":"https:\/\/admin.industriall-union.org\/fr\/wp-json\/wp\/v2\/archive_imf\/204069","targetHints":{"allow":["GET"]}}],"collection":[{"href":"https:\/\/admin.industriall-union.org\/fr\/wp-json\/wp\/v2\/archive_imf"}],"about":[{"href":"https:\/\/admin.industriall-union.org\/fr\/wp-json\/wp\/v2\/types\/archive_imf"}],"wp:attachment":[{"href":"https:\/\/admin.industriall-union.org\/fr\/wp-json\/wp\/v2\/media?parent=204069"}],"curies":[{"name":"wp","href":"https:\/\/api.w.org\/{rel}","templated":true}]}}