{"id":202784,"date":"2009-08-26T11:44:36","date_gmt":"2009-08-26T11:44:36","guid":{"rendered":"https:\/\/admin.industriall-union.org\/archive\/imf\/les-communicateurs-fiom-fem-vont-debattre-de-campagnes-syndicales-mondiales\/"},"modified":"2025-01-31T10:30:08","modified_gmt":"2025-01-31T10:30:08","slug":"les-communicateurs-fiom-fem-vont-debattre-de-campagnes-syndicales-mondiales","status":"publish","type":"archive_imf","link":"https:\/\/admin.industriall-union.org\/fr\/archive\/imf\/les-communicateurs-fiom-fem-vont-debattre-de-campagnes-syndicales-mondiales\/","title":{"rendered":"Les communicateurs FIOM-FEM vont d\u00e9battre de campagnes syndicales mondiales"},"content":{"rendered":"MONDE:\u00a0 La F\u00e9d\u00e9ration internationale des organisations de travailleurs de la m\u00e9tallurgie organise avec l&#8217;aide de IG Metall le premier Forum conjoint FEM-FIOM des communicateurs \u00e0 Francfort (Allemagne) qui aura lieu les 17-18 novembre. Pendant deux jours, les professionnels de la communication syndicale repr\u00e9sentant les affili\u00e9s de la FIOM et de la FEM engageront des discussions sur les campagnes syndicales, compareront les nouvelles techniques utilis\u00e9es dans les m\u00e9dias et \u00e9tabliront un r\u00e9seau efficace des communicateurs.<br \/><br \/>Le Forum mettra particuli\u00e8rement l&#8217;accent sur les nouvelles techniques utilis\u00e9es par les m\u00e9dias et sur les instruments au service des campagnes men\u00e9es sur le web pour aider les syndicats dans les domaines de la cr\u00e9ation de syndicat et de la syndicalisation, et pour r\u00e9aliser des perc\u00e9es sur des sujets tels que le changement climatique et le d\u00e9veloppement de l&#8217;emploi pr\u00e9caire. Les participant(e)s examineront la fa\u00e7on dont les syndicats utilisent avec succ\u00e8s FaceBook, YouTube, Flickr et autres sites dans le contexte de l&#8217;industrie m\u00e9tallurgiste.<br \/><br \/>Les deux f\u00e9d\u00e9rations de m\u00e9tallurgistes, europ\u00e9enne et internationale, font \u00e9tat d&#8217;un besoin important de coop\u00e9ration pour assurer la protection des int\u00e9r\u00eats des m\u00e9tallurgistes et am\u00e9liorer les m\u00e9thodes de communication de leurs organisations membres. Le Forum permettra d&#8217;am\u00e9liorer des campagne mondiales conjointes destin\u00e9es \u00e0 aider les syndicats \u00e0 se d\u00e9fendre contre une mondialisation et une externalisation de plus en plus fortes, une r\u00e9duction de la protection sociale et des droits du travail, une augmentation de l&#8217;emploi pr\u00e9caire, et des cons\u00e9quences du changement climatique.<br \/><br \/>Le dernier Forum des communicateurs de la FIOM a eu lieu en 2007 \u00e0 Gen\u00e8ve. Il a permis d&#8217;avoir des discussions en profondeur et de donner des exemples de campagnes de solidarit\u00e9. Plusieurs actions conjointes de solidarit\u00e9 FEM-FIOM ont eu lieu depuis lors, comme les campagnes de soutien des travailleurs de Sinter Metal en Turquie et des mineurs au Mexique, ainsi que la campagne en 2008 contre l&#8217;emploi pr\u00e9caire.<br \/><br \/>Pour en savoir plus, veuillez contacter <a href=\"mailto:aivanou@imfmetal.org\">Alex Ivanou<\/a> et\/ou  <a href=\"http:\/\/www.emf-fem.org\/Contact\/Staff\/Jacobsson-Caroline\">Caroline Jacobsson<\/a>.","protected":false},"featured_media":0,"template":"","class_list":["post-202784","archive_imf","type-archive_imf","status-publish","hentry"],"acf":[],"yoast_head":"<!-- This site is optimized with the Yoast SEO Premium plugin v27.1 (Yoast SEO v27.1) - https:\/\/yoast.com\/product\/yoast-seo-premium-wordpress\/ -->\n<title>Les communicateurs FIOM-FEM vont d\u00e9battre de campagnes syndicales mondiales - industriall-union<\/title>\n<meta name=\"robots\" content=\"index, follow, max-snippet:-1, max-image-preview:large, max-video-preview:-1\" \/>\n<link rel=\"canonical\" href=\"https:\/\/admin.industriall-union.org\/fr\/archive\/imf\/les-communicateurs-fiom-fem-vont-debattre-de-campagnes-syndicales-mondiales\/\" \/>\n<meta property=\"og:locale\" content=\"fr_FR\" \/>\n<meta property=\"og:type\" content=\"article\" \/>\n<meta property=\"og:title\" content=\"Les communicateurs FIOM-FEM vont d\u00e9battre de campagnes syndicales mondiales\" \/>\n<meta property=\"og:description\" content=\"MONDE:\u00a0 La F\u00e9d\u00e9ration internationale des organisations de travailleurs de la m\u00e9tallurgie organise avec l&#8217;aide de IG Metall le premier Forum conjoint FEM-FIOM des communicateurs \u00e0 Francfort (Allemagne) qui aura lieu les 17-18 novembre. Pendant deux jours, les professionnels de la communication syndicale repr\u00e9sentant les affili\u00e9s de la FIOM et de la FEM engageront des discussions [&hellip;]\" \/>\n<meta property=\"og:url\" content=\"https:\/\/admin.industriall-union.org\/fr\/archive\/imf\/les-communicateurs-fiom-fem-vont-debattre-de-campagnes-syndicales-mondiales\/\" \/>\n<meta property=\"og:site_name\" content=\"industriall-union\" \/>\n<meta property=\"article:modified_time\" content=\"2025-01-31T10:30:08+00:00\" \/>\n<meta name=\"twitter:card\" content=\"summary_large_image\" \/>\n<meta name=\"twitter:label1\" content=\"Est. reading time\" \/>\n\t<meta name=\"twitter:data1\" content=\"2 minutes\" \/>\n<script type=\"application\/ld+json\" class=\"yoast-schema-graph\">{\"@context\":\"https:\/\/schema.org\",\"@graph\":[{\"@type\":\"WebPage\",\"@id\":\"https:\/\/admin.industriall-union.org\/fr\/archive\/imf\/les-communicateurs-fiom-fem-vont-debattre-de-campagnes-syndicales-mondiales\/\",\"url\":\"https:\/\/admin.industriall-union.org\/fr\/archive\/imf\/les-communicateurs-fiom-fem-vont-debattre-de-campagnes-syndicales-mondiales\/\",\"name\":\"Les communicateurs FIOM-FEM vont d\u00e9battre de campagnes syndicales mondiales - industriall-union\",\"isPartOf\":{\"@id\":\"https:\/\/admin.industriall-union.org\/#website\"},\"datePublished\":\"2009-08-26T11:44:36+00:00\",\"dateModified\":\"2025-01-31T10:30:08+00:00\",\"breadcrumb\":{\"@id\":\"https:\/\/admin.industriall-union.org\/fr\/archive\/imf\/les-communicateurs-fiom-fem-vont-debattre-de-campagnes-syndicales-mondiales\/#breadcrumb\"},\"inLanguage\":\"fr-FR\",\"potentialAction\":[{\"@type\":\"ReadAction\",\"target\":[\"https:\/\/admin.industriall-union.org\/fr\/archive\/imf\/les-communicateurs-fiom-fem-vont-debattre-de-campagnes-syndicales-mondiales\/\"]}]},{\"@type\":\"BreadcrumbList\",\"@id\":\"https:\/\/admin.industriall-union.org\/fr\/archive\/imf\/les-communicateurs-fiom-fem-vont-debattre-de-campagnes-syndicales-mondiales\/#breadcrumb\",\"itemListElement\":[{\"@type\":\"ListItem\",\"position\":1,\"name\":\"Home\",\"item\":\"https:\/\/admin.industriall-union.org\/\"},{\"@type\":\"ListItem\",\"position\":2,\"name\":\"Archive Imf\",\"item\":\"https:\/\/admin.industriall-union.org\/es\/archive\/imf\/\"},{\"@type\":\"ListItem\",\"position\":3,\"name\":\"Les communicateurs FIOM-FEM vont d\u00e9battre de campagnes syndicales mondiales\"}]},{\"@type\":\"WebSite\",\"@id\":\"https:\/\/admin.industriall-union.org\/#website\",\"url\":\"https:\/\/admin.industriall-union.org\/\",\"name\":\"industriall-union\",\"description\":\"\",\"potentialAction\":[{\"@type\":\"SearchAction\",\"target\":{\"@type\":\"EntryPoint\",\"urlTemplate\":\"https:\/\/admin.industriall-union.org\/?s={search_term_string}\"},\"query-input\":{\"@type\":\"PropertyValueSpecification\",\"valueRequired\":true,\"valueName\":\"search_term_string\"}}],\"inLanguage\":\"fr-FR\"}]}<\/script>\n<!-- \/ Yoast SEO Premium plugin. -->","yoast_head_json":{"title":"Les communicateurs FIOM-FEM vont d\u00e9battre de campagnes syndicales mondiales - industriall-union","robots":{"index":"index","follow":"follow","max-snippet":"max-snippet:-1","max-image-preview":"max-image-preview:large","max-video-preview":"max-video-preview:-1"},"canonical":"https:\/\/admin.industriall-union.org\/fr\/archive\/imf\/les-communicateurs-fiom-fem-vont-debattre-de-campagnes-syndicales-mondiales\/","og_locale":"fr_FR","og_type":"article","og_title":"Les communicateurs FIOM-FEM vont d\u00e9battre de campagnes syndicales mondiales","og_description":"MONDE:\u00a0 La F\u00e9d\u00e9ration internationale des organisations de travailleurs de la m\u00e9tallurgie organise avec l&#8217;aide de IG Metall le premier Forum conjoint FEM-FIOM des communicateurs \u00e0 Francfort (Allemagne) qui aura lieu les 17-18 novembre. Pendant deux jours, les professionnels de la communication syndicale repr\u00e9sentant les affili\u00e9s de la FIOM et de la FEM engageront des discussions [&hellip;]","og_url":"https:\/\/admin.industriall-union.org\/fr\/archive\/imf\/les-communicateurs-fiom-fem-vont-debattre-de-campagnes-syndicales-mondiales\/","og_site_name":"industriall-union","article_modified_time":"2025-01-31T10:30:08+00:00","twitter_card":"summary_large_image","twitter_misc":{"Est. reading time":"2 minutes"},"schema":{"@context":"https:\/\/schema.org","@graph":[{"@type":"WebPage","@id":"https:\/\/admin.industriall-union.org\/fr\/archive\/imf\/les-communicateurs-fiom-fem-vont-debattre-de-campagnes-syndicales-mondiales\/","url":"https:\/\/admin.industriall-union.org\/fr\/archive\/imf\/les-communicateurs-fiom-fem-vont-debattre-de-campagnes-syndicales-mondiales\/","name":"Les communicateurs FIOM-FEM vont d\u00e9battre de campagnes syndicales mondiales - industriall-union","isPartOf":{"@id":"https:\/\/admin.industriall-union.org\/#website"},"datePublished":"2009-08-26T11:44:36+00:00","dateModified":"2025-01-31T10:30:08+00:00","breadcrumb":{"@id":"https:\/\/admin.industriall-union.org\/fr\/archive\/imf\/les-communicateurs-fiom-fem-vont-debattre-de-campagnes-syndicales-mondiales\/#breadcrumb"},"inLanguage":"fr-FR","potentialAction":[{"@type":"ReadAction","target":["https:\/\/admin.industriall-union.org\/fr\/archive\/imf\/les-communicateurs-fiom-fem-vont-debattre-de-campagnes-syndicales-mondiales\/"]}]},{"@type":"BreadcrumbList","@id":"https:\/\/admin.industriall-union.org\/fr\/archive\/imf\/les-communicateurs-fiom-fem-vont-debattre-de-campagnes-syndicales-mondiales\/#breadcrumb","itemListElement":[{"@type":"ListItem","position":1,"name":"Home","item":"https:\/\/admin.industriall-union.org\/"},{"@type":"ListItem","position":2,"name":"Archive Imf","item":"https:\/\/admin.industriall-union.org\/es\/archive\/imf\/"},{"@type":"ListItem","position":3,"name":"Les communicateurs FIOM-FEM vont d\u00e9battre de campagnes syndicales mondiales"}]},{"@type":"WebSite","@id":"https:\/\/admin.industriall-union.org\/#website","url":"https:\/\/admin.industriall-union.org\/","name":"industriall-union","description":"","potentialAction":[{"@type":"SearchAction","target":{"@type":"EntryPoint","urlTemplate":"https:\/\/admin.industriall-union.org\/?s={search_term_string}"},"query-input":{"@type":"PropertyValueSpecification","valueRequired":true,"valueName":"search_term_string"}}],"inLanguage":"fr-FR"}]}},"_links":{"self":[{"href":"https:\/\/admin.industriall-union.org\/fr\/wp-json\/wp\/v2\/archive_imf\/202784","targetHints":{"allow":["GET"]}}],"collection":[{"href":"https:\/\/admin.industriall-union.org\/fr\/wp-json\/wp\/v2\/archive_imf"}],"about":[{"href":"https:\/\/admin.industriall-union.org\/fr\/wp-json\/wp\/v2\/types\/archive_imf"}],"wp:attachment":[{"href":"https:\/\/admin.industriall-union.org\/fr\/wp-json\/wp\/v2\/media?parent=202784"}],"curies":[{"name":"wp","href":"https:\/\/api.w.org\/{rel}","templated":true}]}}