{"id":202605,"date":"2009-09-09T13:30:00","date_gmt":"2009-09-09T13:30:00","guid":{"rendered":"https:\/\/admin.industriall-union.org\/archive\/imf\/reduction-des-emissions-transformation-des-emplois\/"},"modified":"2025-01-31T10:24:48","modified_gmt":"2025-01-31T10:24:48","slug":"reduction-des-emissions-transformation-des-emplois","status":"publish","type":"archive_imf","link":"https:\/\/admin.industriall-union.org\/fr\/archive\/imf\/reduction-des-emissions-transformation-des-emplois\/","title":{"rendered":"R\u00e9duction des \u00e9missions &#8212; Transformation des emplois"},"content":{"rendered":"MONDE: La Conf\u00e9rence des Nations Unies sur le changement climatique (COP 15) a lieu en d\u00e9cembre 2009 \u00e0 Copenhague. Le mouvement syndical international joue un r\u00f4le dans ce processus pour soutenir un accord international contraignant qui assurera un cadre de lutte contre le r\u00e9chauffement de la plan\u00e8te, tout en prot\u00e9geant l&#8217;emploi et les droits des travailleurs\/euses.<br \/><br \/>Afin de discuter et de proposer une position commune des salari\u00e9s de l&#8217;industrie, la FIOM, la F\u00e9d\u00e9ration internationale des syndicats de travailleurs de la chimie, de l&#8217;\u00e9nergie, des mines et des industries diverses (ICEM), la F\u00e9d\u00e9ration europ\u00e9enne des m\u00e9tallurgistes (FEM) et la F\u00e9d\u00e9ration europ\u00e9enne des syndicats des mines, de la chimie et de l&#8217;\u00e9nergie (EMCEF) organisent le 14 et le 15 octobre en Allemagne une r\u00e9union conjointe sous le titre &quot;R\u00e9duction des \u00e9missions &#8212; Transformation des emplois&quot;.<br \/><br \/>La FIOM, l&#8217;ICEM, la FEM et l&#8217;EMCEF utiliseront cet \u00e9v\u00e8nement pour parvenir \u00e0 une position commune sur le changement climatique qui sera pr\u00e9sent\u00e9e \u00e0 la Conf\u00e9rence des Nations Unies sur le changement climatique (COP 15) en d\u00e9cembre \u00e0 Copenhague.<br \/><br \/>La r\u00e9union sera organis\u00e9e en tables rondes autour des th\u00e8mes principaux: protection de l&#8217;environnement, d\u00e9veloppement durable, pr\u00e9occupations sectorielles, emplois &#8216;verts&#8217; et transition \u00e9quitable. Les principes unificateurs seront ensuite examin\u00e9s ainsi que les documents \u00e0 pr\u00e9parer pour les travaux futurs. <br \/>","protected":false},"featured_media":0,"template":"","class_list":["post-202605","archive_imf","type-archive_imf","status-publish","hentry"],"acf":[],"yoast_head":"<!-- This site is optimized with the Yoast SEO Premium plugin v27.1 (Yoast SEO v27.1) - https:\/\/yoast.com\/product\/yoast-seo-premium-wordpress\/ -->\n<title>R\u00e9duction des \u00e9missions - Transformation des emplois - industriall-union<\/title>\n<meta name=\"robots\" content=\"index, follow, max-snippet:-1, max-image-preview:large, max-video-preview:-1\" \/>\n<link rel=\"canonical\" href=\"https:\/\/admin.industriall-union.org\/fr\/archive\/imf\/reduction-des-emissions-transformation-des-emplois\/\" \/>\n<meta property=\"og:locale\" content=\"fr_FR\" \/>\n<meta property=\"og:type\" content=\"article\" \/>\n<meta property=\"og:title\" content=\"R\u00e9duction des \u00e9missions -- Transformation des emplois\" \/>\n<meta property=\"og:description\" content=\"MONDE: La Conf\u00e9rence des Nations Unies sur le changement climatique (COP 15) a lieu en d\u00e9cembre 2009 \u00e0 Copenhague. Le mouvement syndical international joue un r\u00f4le dans ce processus pour soutenir un accord international contraignant qui assurera un cadre de lutte contre le r\u00e9chauffement de la plan\u00e8te, tout en prot\u00e9geant l&#8217;emploi et les droits des [&hellip;]\" \/>\n<meta property=\"og:url\" content=\"https:\/\/admin.industriall-union.org\/fr\/archive\/imf\/reduction-des-emissions-transformation-des-emplois\/\" \/>\n<meta property=\"og:site_name\" content=\"industriall-union\" \/>\n<meta property=\"article:modified_time\" content=\"2025-01-31T10:24:48+00:00\" \/>\n<meta name=\"twitter:card\" content=\"summary_large_image\" \/>\n<meta name=\"twitter:label1\" content=\"Est. reading time\" \/>\n\t<meta name=\"twitter:data1\" content=\"1 minute\" \/>\n<script type=\"application\/ld+json\" class=\"yoast-schema-graph\">{\"@context\":\"https:\/\/schema.org\",\"@graph\":[{\"@type\":\"WebPage\",\"@id\":\"https:\/\/admin.industriall-union.org\/fr\/archive\/imf\/reduction-des-emissions-transformation-des-emplois\/\",\"url\":\"https:\/\/admin.industriall-union.org\/fr\/archive\/imf\/reduction-des-emissions-transformation-des-emplois\/\",\"name\":\"R\u00e9duction des \u00e9missions - Transformation des emplois - industriall-union\",\"isPartOf\":{\"@id\":\"https:\/\/admin.industriall-union.org\/#website\"},\"datePublished\":\"2009-09-09T13:30:00+00:00\",\"dateModified\":\"2025-01-31T10:24:48+00:00\",\"breadcrumb\":{\"@id\":\"https:\/\/admin.industriall-union.org\/fr\/archive\/imf\/reduction-des-emissions-transformation-des-emplois\/#breadcrumb\"},\"inLanguage\":\"fr-FR\",\"potentialAction\":[{\"@type\":\"ReadAction\",\"target\":[\"https:\/\/admin.industriall-union.org\/fr\/archive\/imf\/reduction-des-emissions-transformation-des-emplois\/\"]}]},{\"@type\":\"BreadcrumbList\",\"@id\":\"https:\/\/admin.industriall-union.org\/fr\/archive\/imf\/reduction-des-emissions-transformation-des-emplois\/#breadcrumb\",\"itemListElement\":[{\"@type\":\"ListItem\",\"position\":1,\"name\":\"Home\",\"item\":\"https:\/\/admin.industriall-union.org\/\"},{\"@type\":\"ListItem\",\"position\":2,\"name\":\"Archive Imf\",\"item\":\"https:\/\/admin.industriall-union.org\/es\/archive\/imf\/\"},{\"@type\":\"ListItem\",\"position\":3,\"name\":\"R\u00e9duction des \u00e9missions &#8212; Transformation des emplois\"}]},{\"@type\":\"WebSite\",\"@id\":\"https:\/\/admin.industriall-union.org\/#website\",\"url\":\"https:\/\/admin.industriall-union.org\/\",\"name\":\"industriall-union\",\"description\":\"\",\"potentialAction\":[{\"@type\":\"SearchAction\",\"target\":{\"@type\":\"EntryPoint\",\"urlTemplate\":\"https:\/\/admin.industriall-union.org\/?s={search_term_string}\"},\"query-input\":{\"@type\":\"PropertyValueSpecification\",\"valueRequired\":true,\"valueName\":\"search_term_string\"}}],\"inLanguage\":\"fr-FR\"}]}<\/script>\n<!-- \/ Yoast SEO Premium plugin. -->","yoast_head_json":{"title":"R\u00e9duction des \u00e9missions - Transformation des emplois - industriall-union","robots":{"index":"index","follow":"follow","max-snippet":"max-snippet:-1","max-image-preview":"max-image-preview:large","max-video-preview":"max-video-preview:-1"},"canonical":"https:\/\/admin.industriall-union.org\/fr\/archive\/imf\/reduction-des-emissions-transformation-des-emplois\/","og_locale":"fr_FR","og_type":"article","og_title":"R\u00e9duction des \u00e9missions -- Transformation des emplois","og_description":"MONDE: La Conf\u00e9rence des Nations Unies sur le changement climatique (COP 15) a lieu en d\u00e9cembre 2009 \u00e0 Copenhague. Le mouvement syndical international joue un r\u00f4le dans ce processus pour soutenir un accord international contraignant qui assurera un cadre de lutte contre le r\u00e9chauffement de la plan\u00e8te, tout en prot\u00e9geant l&#8217;emploi et les droits des [&hellip;]","og_url":"https:\/\/admin.industriall-union.org\/fr\/archive\/imf\/reduction-des-emissions-transformation-des-emplois\/","og_site_name":"industriall-union","article_modified_time":"2025-01-31T10:24:48+00:00","twitter_card":"summary_large_image","twitter_misc":{"Est. reading time":"1 minute"},"schema":{"@context":"https:\/\/schema.org","@graph":[{"@type":"WebPage","@id":"https:\/\/admin.industriall-union.org\/fr\/archive\/imf\/reduction-des-emissions-transformation-des-emplois\/","url":"https:\/\/admin.industriall-union.org\/fr\/archive\/imf\/reduction-des-emissions-transformation-des-emplois\/","name":"R\u00e9duction des \u00e9missions - Transformation des emplois - industriall-union","isPartOf":{"@id":"https:\/\/admin.industriall-union.org\/#website"},"datePublished":"2009-09-09T13:30:00+00:00","dateModified":"2025-01-31T10:24:48+00:00","breadcrumb":{"@id":"https:\/\/admin.industriall-union.org\/fr\/archive\/imf\/reduction-des-emissions-transformation-des-emplois\/#breadcrumb"},"inLanguage":"fr-FR","potentialAction":[{"@type":"ReadAction","target":["https:\/\/admin.industriall-union.org\/fr\/archive\/imf\/reduction-des-emissions-transformation-des-emplois\/"]}]},{"@type":"BreadcrumbList","@id":"https:\/\/admin.industriall-union.org\/fr\/archive\/imf\/reduction-des-emissions-transformation-des-emplois\/#breadcrumb","itemListElement":[{"@type":"ListItem","position":1,"name":"Home","item":"https:\/\/admin.industriall-union.org\/"},{"@type":"ListItem","position":2,"name":"Archive Imf","item":"https:\/\/admin.industriall-union.org\/es\/archive\/imf\/"},{"@type":"ListItem","position":3,"name":"R\u00e9duction des \u00e9missions &#8212; Transformation des emplois"}]},{"@type":"WebSite","@id":"https:\/\/admin.industriall-union.org\/#website","url":"https:\/\/admin.industriall-union.org\/","name":"industriall-union","description":"","potentialAction":[{"@type":"SearchAction","target":{"@type":"EntryPoint","urlTemplate":"https:\/\/admin.industriall-union.org\/?s={search_term_string}"},"query-input":{"@type":"PropertyValueSpecification","valueRequired":true,"valueName":"search_term_string"}}],"inLanguage":"fr-FR"}]}},"_links":{"self":[{"href":"https:\/\/admin.industriall-union.org\/fr\/wp-json\/wp\/v2\/archive_imf\/202605","targetHints":{"allow":["GET"]}}],"collection":[{"href":"https:\/\/admin.industriall-union.org\/fr\/wp-json\/wp\/v2\/archive_imf"}],"about":[{"href":"https:\/\/admin.industriall-union.org\/fr\/wp-json\/wp\/v2\/types\/archive_imf"}],"wp:attachment":[{"href":"https:\/\/admin.industriall-union.org\/fr\/wp-json\/wp\/v2\/media?parent=202605"}],"curies":[{"name":"wp","href":"https:\/\/api.w.org\/{rel}","templated":true}]}}