{"id":202288,"date":"2009-11-03T08:41:00","date_gmt":"2009-11-03T08:41:00","guid":{"rendered":"https:\/\/admin.industriall-union.org\/archive\/imf\/des-metallurgistes-francais-detenus-sur-un-aeroport-aux-etats-unis-pour-activite-syndicale\/"},"modified":"2025-01-31T10:13:42","modified_gmt":"2025-01-31T10:13:42","slug":"des-metallurgistes-francais-detenus-sur-un-aeroport-aux-etats-unis-pour-activite-syndicale","status":"publish","type":"archive_imf","link":"https:\/\/admin.industriall-union.org\/fr\/archive\/imf\/des-metallurgistes-francais-detenus-sur-un-aeroport-aux-etats-unis-pour-activite-syndicale\/","title":{"rendered":"Des m\u00e9tallurgistes fran\u00e7ais d\u00e9tenus sur un a\u00e9roport aux \u00c9tats-Unis pour activit\u00e9 syndicale"},"content":{"rendered":"\u00c9TATS-UNIS: Deux syndicalistes fran\u00e7ais de la F\u00e9d\u00e9ration des travailleurs de la m\u00e9tallurgie (CGT), affili\u00e9e \u00e0 la F\u00e9d\u00e9ration internationale des organisations de travailleurs de la m\u00e9tallurgie, ont \u00e9t\u00e9 d\u00e9tenus le 29 octobre par des agents des services am\u00e9ricains de l&#8217;immigration \u00e0 l&#8217;a\u00e9roport O&#8217;Hare de Chicago, et interrog\u00e9s sur leur participation \u00e0 une manifestation sur le site fran\u00e7ais de production de la soci\u00e9t\u00e9 am\u00e9ricaine Molex Incorporated. <br \/><br \/>Les deux syndicalistes, qui ont \u00e9t\u00e9 d\u00e9tenus pendant quatre heures, faisaient partie d&#8217;une d\u00e9l\u00e9gation de membres de la CGT qui s&#8217;\u00e9tait rendue \u00e0 Chicago pour prendre part le 30 octobre \u00e0 une action \u00e0 l&#8217;assembl\u00e9e des actionnaires de la soci\u00e9t\u00e9. Les syndicats de Chicago ont contact\u00e9 les bureaux locaux du Congr\u00e8s am\u00e9ricain pour demander leur lib\u00e9ration. <br \/><br \/>Molex, un fabricant de composants \u00e9lectroniques qui vend ses produits aux grandes entreprises de fabrication automobile, a annonc\u00e9 le 23 octobre 2008 son intention de fermer son usine de Villemur et de licencier 283 salari\u00e9s. L&#8217;entreprise a toujours refus\u00e9 de pr\u00e9senter des informations financi\u00e8res aux repr\u00e9sentants des salari\u00e9s, en infraction avec la l\u00e9gislation fran\u00e7aise du travail. Elle a ill\u00e9galement lock-out\u00e9 les salari\u00e9s en refusant de leur verser les salaires et les primes dus depuis le 6 ao\u00fbt 2009. <br \/><br \/>La CGT, qui repr\u00e9sente les travailleurs\/euses de Molex en France, demande \u00e0 l&#8217;entreprise de se conformer au droit fran\u00e7ais et de tenir son engagement \u00e0 travailler avec le syndicat pour pr\u00e9server les emplois et respecter les droits fondamentaux du travail et les protections des travailleurs\/euses. <br \/><br \/>Les m\u00e9tallurgistes fran\u00e7ais ont \u00e9t\u00e9 rejoints par environ 80 syndicalistes de la r\u00e9gion de Chicago, appartenant \u00e0 United Steelworkers (USW), International Association of Machinists and Aerospace Workers (IAM), International Brotherhood of Teamsters (IBT), Workers United\/SEIU, United Electrical Workers (UE), AFL-CIO, et Jobs with Justice. En d\u00e9pit de la validit\u00e9 de leurs mandats, les membres de la CGT et un repr\u00e9sentant d&#8217;AFL-CIO se sont vus refuser l&#8217;acc\u00e8s \u00e0 l&#8217;assembl\u00e9e des actionnaires. <br \/><br \/>Dans une lettre adress\u00e9e \u00e0 la direction de Molex en France avant l&#8217;action entreprise \u00e0 l&#8217;assembl\u00e9e des actionnaires, le secr\u00e9taire g\u00e9n\u00e9ral de la FIOM, Jyrki Raina, avait demand\u00e9 instamment \u00e0 l&#8217;entreprise de respecter l&#8217;autorit\u00e9 de la loi et ses engagements envers les salari\u00e9s fran\u00e7ais. &quot;Dans le cas o\u00f9 Molex Incorporated continuerait d&#8217;enfreindre ouvertement la l\u00e9gislation fran\u00e7aise du travail, de porter atteinte aux droits de ses salari\u00e9s et de refuser de travailler avec le gouvernement fran\u00e7ais et les syndicats fran\u00e7ais pour parvenir \u00e0 une solution juste et \u00e9quitable, la FIOM poursuivra une action mondiale et utilisera son influence aupr\u00e8s des clients de Molex pour qu&#8217;ils refusent vos produits&quot;, a-t-il averti.","protected":false},"featured_media":0,"template":"","class_list":["post-202288","archive_imf","type-archive_imf","status-publish","hentry"],"acf":[],"yoast_head":"<!-- This site is optimized with the Yoast SEO Premium plugin v27.1 (Yoast SEO v27.1) - https:\/\/yoast.com\/product\/yoast-seo-premium-wordpress\/ -->\n<title>Des m\u00e9tallurgistes fran\u00e7ais d\u00e9tenus sur un a\u00e9roport aux \u00c9tats-Unis pour activit\u00e9 syndicale - industriall-union<\/title>\n<meta name=\"robots\" content=\"index, follow, max-snippet:-1, max-image-preview:large, max-video-preview:-1\" \/>\n<link rel=\"canonical\" href=\"https:\/\/admin.industriall-union.org\/fr\/archive\/imf\/des-metallurgistes-francais-detenus-sur-un-aeroport-aux-etats-unis-pour-activite-syndicale\/\" \/>\n<meta property=\"og:locale\" content=\"fr_FR\" \/>\n<meta property=\"og:type\" content=\"article\" \/>\n<meta property=\"og:title\" content=\"Des m\u00e9tallurgistes fran\u00e7ais d\u00e9tenus sur un a\u00e9roport aux \u00c9tats-Unis pour activit\u00e9 syndicale\" \/>\n<meta property=\"og:description\" content=\"\u00c9TATS-UNIS: Deux syndicalistes fran\u00e7ais de la F\u00e9d\u00e9ration des travailleurs de la m\u00e9tallurgie (CGT), affili\u00e9e \u00e0 la F\u00e9d\u00e9ration internationale des organisations de travailleurs de la m\u00e9tallurgie, ont \u00e9t\u00e9 d\u00e9tenus le 29 octobre par des agents des services am\u00e9ricains de l&#8217;immigration \u00e0 l&#8217;a\u00e9roport O&#8217;Hare de Chicago, et interrog\u00e9s sur leur participation \u00e0 une manifestation sur le site [&hellip;]\" \/>\n<meta property=\"og:url\" content=\"https:\/\/admin.industriall-union.org\/fr\/archive\/imf\/des-metallurgistes-francais-detenus-sur-un-aeroport-aux-etats-unis-pour-activite-syndicale\/\" \/>\n<meta property=\"og:site_name\" content=\"industriall-union\" \/>\n<meta property=\"article:modified_time\" content=\"2025-01-31T10:13:42+00:00\" \/>\n<meta name=\"twitter:card\" content=\"summary_large_image\" \/>\n<meta name=\"twitter:label1\" content=\"Est. reading time\" \/>\n\t<meta name=\"twitter:data1\" content=\"2 minutes\" \/>\n<script type=\"application\/ld+json\" class=\"yoast-schema-graph\">{\"@context\":\"https:\/\/schema.org\",\"@graph\":[{\"@type\":\"WebPage\",\"@id\":\"https:\/\/admin.industriall-union.org\/fr\/archive\/imf\/des-metallurgistes-francais-detenus-sur-un-aeroport-aux-etats-unis-pour-activite-syndicale\/\",\"url\":\"https:\/\/admin.industriall-union.org\/fr\/archive\/imf\/des-metallurgistes-francais-detenus-sur-un-aeroport-aux-etats-unis-pour-activite-syndicale\/\",\"name\":\"Des m\u00e9tallurgistes fran\u00e7ais d\u00e9tenus sur un a\u00e9roport aux \u00c9tats-Unis pour activit\u00e9 syndicale - industriall-union\",\"isPartOf\":{\"@id\":\"https:\/\/admin.industriall-union.org\/#website\"},\"datePublished\":\"2009-11-03T08:41:00+00:00\",\"dateModified\":\"2025-01-31T10:13:42+00:00\",\"breadcrumb\":{\"@id\":\"https:\/\/admin.industriall-union.org\/fr\/archive\/imf\/des-metallurgistes-francais-detenus-sur-un-aeroport-aux-etats-unis-pour-activite-syndicale\/#breadcrumb\"},\"inLanguage\":\"fr-FR\",\"potentialAction\":[{\"@type\":\"ReadAction\",\"target\":[\"https:\/\/admin.industriall-union.org\/fr\/archive\/imf\/des-metallurgistes-francais-detenus-sur-un-aeroport-aux-etats-unis-pour-activite-syndicale\/\"]}]},{\"@type\":\"BreadcrumbList\",\"@id\":\"https:\/\/admin.industriall-union.org\/fr\/archive\/imf\/des-metallurgistes-francais-detenus-sur-un-aeroport-aux-etats-unis-pour-activite-syndicale\/#breadcrumb\",\"itemListElement\":[{\"@type\":\"ListItem\",\"position\":1,\"name\":\"Home\",\"item\":\"https:\/\/admin.industriall-union.org\/\"},{\"@type\":\"ListItem\",\"position\":2,\"name\":\"Archive Imf\",\"item\":\"https:\/\/admin.industriall-union.org\/es\/archive\/imf\/\"},{\"@type\":\"ListItem\",\"position\":3,\"name\":\"Des m\u00e9tallurgistes fran\u00e7ais d\u00e9tenus sur un a\u00e9roport aux \u00c9tats-Unis pour activit\u00e9 syndicale\"}]},{\"@type\":\"WebSite\",\"@id\":\"https:\/\/admin.industriall-union.org\/#website\",\"url\":\"https:\/\/admin.industriall-union.org\/\",\"name\":\"industriall-union\",\"description\":\"\",\"potentialAction\":[{\"@type\":\"SearchAction\",\"target\":{\"@type\":\"EntryPoint\",\"urlTemplate\":\"https:\/\/admin.industriall-union.org\/?s={search_term_string}\"},\"query-input\":{\"@type\":\"PropertyValueSpecification\",\"valueRequired\":true,\"valueName\":\"search_term_string\"}}],\"inLanguage\":\"fr-FR\"}]}<\/script>\n<!-- \/ Yoast SEO Premium plugin. -->","yoast_head_json":{"title":"Des m\u00e9tallurgistes fran\u00e7ais d\u00e9tenus sur un a\u00e9roport aux \u00c9tats-Unis pour activit\u00e9 syndicale - industriall-union","robots":{"index":"index","follow":"follow","max-snippet":"max-snippet:-1","max-image-preview":"max-image-preview:large","max-video-preview":"max-video-preview:-1"},"canonical":"https:\/\/admin.industriall-union.org\/fr\/archive\/imf\/des-metallurgistes-francais-detenus-sur-un-aeroport-aux-etats-unis-pour-activite-syndicale\/","og_locale":"fr_FR","og_type":"article","og_title":"Des m\u00e9tallurgistes fran\u00e7ais d\u00e9tenus sur un a\u00e9roport aux \u00c9tats-Unis pour activit\u00e9 syndicale","og_description":"\u00c9TATS-UNIS: Deux syndicalistes fran\u00e7ais de la F\u00e9d\u00e9ration des travailleurs de la m\u00e9tallurgie (CGT), affili\u00e9e \u00e0 la F\u00e9d\u00e9ration internationale des organisations de travailleurs de la m\u00e9tallurgie, ont \u00e9t\u00e9 d\u00e9tenus le 29 octobre par des agents des services am\u00e9ricains de l&#8217;immigration \u00e0 l&#8217;a\u00e9roport O&#8217;Hare de Chicago, et interrog\u00e9s sur leur participation \u00e0 une manifestation sur le site [&hellip;]","og_url":"https:\/\/admin.industriall-union.org\/fr\/archive\/imf\/des-metallurgistes-francais-detenus-sur-un-aeroport-aux-etats-unis-pour-activite-syndicale\/","og_site_name":"industriall-union","article_modified_time":"2025-01-31T10:13:42+00:00","twitter_card":"summary_large_image","twitter_misc":{"Est. reading time":"2 minutes"},"schema":{"@context":"https:\/\/schema.org","@graph":[{"@type":"WebPage","@id":"https:\/\/admin.industriall-union.org\/fr\/archive\/imf\/des-metallurgistes-francais-detenus-sur-un-aeroport-aux-etats-unis-pour-activite-syndicale\/","url":"https:\/\/admin.industriall-union.org\/fr\/archive\/imf\/des-metallurgistes-francais-detenus-sur-un-aeroport-aux-etats-unis-pour-activite-syndicale\/","name":"Des m\u00e9tallurgistes fran\u00e7ais d\u00e9tenus sur un a\u00e9roport aux \u00c9tats-Unis pour activit\u00e9 syndicale - industriall-union","isPartOf":{"@id":"https:\/\/admin.industriall-union.org\/#website"},"datePublished":"2009-11-03T08:41:00+00:00","dateModified":"2025-01-31T10:13:42+00:00","breadcrumb":{"@id":"https:\/\/admin.industriall-union.org\/fr\/archive\/imf\/des-metallurgistes-francais-detenus-sur-un-aeroport-aux-etats-unis-pour-activite-syndicale\/#breadcrumb"},"inLanguage":"fr-FR","potentialAction":[{"@type":"ReadAction","target":["https:\/\/admin.industriall-union.org\/fr\/archive\/imf\/des-metallurgistes-francais-detenus-sur-un-aeroport-aux-etats-unis-pour-activite-syndicale\/"]}]},{"@type":"BreadcrumbList","@id":"https:\/\/admin.industriall-union.org\/fr\/archive\/imf\/des-metallurgistes-francais-detenus-sur-un-aeroport-aux-etats-unis-pour-activite-syndicale\/#breadcrumb","itemListElement":[{"@type":"ListItem","position":1,"name":"Home","item":"https:\/\/admin.industriall-union.org\/"},{"@type":"ListItem","position":2,"name":"Archive Imf","item":"https:\/\/admin.industriall-union.org\/es\/archive\/imf\/"},{"@type":"ListItem","position":3,"name":"Des m\u00e9tallurgistes fran\u00e7ais d\u00e9tenus sur un a\u00e9roport aux \u00c9tats-Unis pour activit\u00e9 syndicale"}]},{"@type":"WebSite","@id":"https:\/\/admin.industriall-union.org\/#website","url":"https:\/\/admin.industriall-union.org\/","name":"industriall-union","description":"","potentialAction":[{"@type":"SearchAction","target":{"@type":"EntryPoint","urlTemplate":"https:\/\/admin.industriall-union.org\/?s={search_term_string}"},"query-input":{"@type":"PropertyValueSpecification","valueRequired":true,"valueName":"search_term_string"}}],"inLanguage":"fr-FR"}]}},"_links":{"self":[{"href":"https:\/\/admin.industriall-union.org\/fr\/wp-json\/wp\/v2\/archive_imf\/202288","targetHints":{"allow":["GET"]}}],"collection":[{"href":"https:\/\/admin.industriall-union.org\/fr\/wp-json\/wp\/v2\/archive_imf"}],"about":[{"href":"https:\/\/admin.industriall-union.org\/fr\/wp-json\/wp\/v2\/types\/archive_imf"}],"wp:attachment":[{"href":"https:\/\/admin.industriall-union.org\/fr\/wp-json\/wp\/v2\/media?parent=202288"}],"curies":[{"name":"wp","href":"https:\/\/api.w.org\/{rel}","templated":true}]}}