{"id":202218,"date":"2009-11-25T08:14:00","date_gmt":"2009-11-25T08:14:00","guid":{"rendered":"https:\/\/admin.industriall-union.org\/archive\/imf\/la-crise-financiere-touche-l-039-emploi-et-les-droits-des-travailleurs-euses-au-mexique\/"},"modified":"2025-01-31T10:10:08","modified_gmt":"2025-01-31T10:10:08","slug":"la-crise-financiere-touche-l-039-emploi-et-les-droits-des-travailleurs-euses-au-mexique","status":"publish","type":"archive_imf","link":"https:\/\/admin.industriall-union.org\/fr\/archive\/imf\/la-crise-financiere-touche-l-039-emploi-et-les-droits-des-travailleurs-euses-au-mexique\/","title":{"rendered":"La crise financi\u00e8re touche l&#039;emploi et les droits des travailleurs\/euses au Mexique"},"content":{"rendered":"MEXIQUE: La main-d&#8217;\u0153uvre employ\u00e9e au Mexique dans les cha\u00eenes d&#8217;approvisionnement de Nokia, Philips, Panasonic, IBM, HP, Lenovo, Sanmina, Jabil et Flextronics a subi 6.000 pertes d&#8217;emplois, des licenciements massifs, 10 pour cent de r\u00e9duction salariale et une augmentation de 40 \u00e0 60 pour cent du nombre de contrats trimestriels et mensuels qui touche l&#8217;ensemble du personnel depuis 2008.<br \/><br \/>Cependant, Sanmina a affich\u00e9 au quatri\u00e8me trimestre une croissance de 20 pour cent par rapport \u00e0 2008, Nokia a r\u00e9cup\u00e9r\u00e9 les effectifs perdus en 2008, mais avec maintenant 75 pour cent d&#8217;emplois temporaires fournis par Manpower, Flextronics a annonc\u00e9 1.000 nouveaux postes de travail et Jabil a augment\u00e9 ses effectifs ouvriers de 136 pour cent, et HP et IBM ont annonc\u00e9 de nouveaux projets d&#8217;investissement en 2010.<br \/><br \/>Ce troisi\u00e8me rapport sur les conditions de travail dans l&#8217;industrie \u00e9lectronique au Mexique, publi\u00e9 par CEREAL et paru le 17 novembre, indique que &quot;dans la pire ann\u00e9e de la crise, les entreprises ont gagn\u00e9 et les travailleurs\/euses ont perdu&quot;.<br \/><br \/>Le rapport indique avec documents \u00e0 l&#8217;appui des pertes massives d&#8217;emplois dans l&#8217;industrie \u00e9lectronique et la r\u00e9embauche de travailleurs\/euses avec des salaires plus bas, une charge de travail plus forte et un affaiblissement des droits, ainsi qu&#8217;une stabilisation de l&#8217;emploi.<br \/><br \/>&quot;Des changements structurels sont n\u00e9cessaires dans l&#8217;industrie \u00e9lectronique mexicaine pour que nous puissions garantir que toutes les entreprises de ce secteur sont socialement responsables, m\u00eame en temps de crise \u00e9conomique&quot;, \u00e9crit CEREAL. Le &#8216;Labor Action and Reflection Center&#8217; (Centre d&#8217;action ouvri\u00e8re et de r\u00e9flexion), une organisation non gouvernementale de d\u00e9fense des droits des travailleurs\/euses de l&#8217;\u00e9lectronique au Mexique, travaille dans un environnement o\u00f9 le droit de se syndiquer est tr\u00e8s restreint.<br \/><br \/>Le rapport est publi\u00e9 en anglais <a href=\"..\/files\/09112509113366\/CEREAL_REPORT-2009-ENGLISH.pdf\">ici<\/a> sur le site de la FIOM.","protected":false},"featured_media":0,"template":"","class_list":["post-202218","archive_imf","type-archive_imf","status-publish","hentry"],"acf":[],"yoast_head":"<!-- This site is optimized with the Yoast SEO Premium plugin v27.1 (Yoast SEO v27.1) - https:\/\/yoast.com\/product\/yoast-seo-premium-wordpress\/ -->\n<title>La crise financi\u00e8re touche l&#039;emploi et les droits des travailleurs\/euses au Mexique - industriall-union<\/title>\n<meta name=\"robots\" content=\"index, follow, max-snippet:-1, max-image-preview:large, max-video-preview:-1\" \/>\n<link rel=\"canonical\" href=\"https:\/\/admin.industriall-union.org\/fr\/archive\/imf\/la-crise-financiere-touche-l-039-emploi-et-les-droits-des-travailleurs-euses-au-mexique\/\" \/>\n<meta property=\"og:locale\" content=\"fr_FR\" \/>\n<meta property=\"og:type\" content=\"article\" \/>\n<meta property=\"og:title\" content=\"La crise financi\u00e8re touche l&#039;emploi et les droits des travailleurs\/euses au Mexique\" \/>\n<meta property=\"og:description\" content=\"MEXIQUE: La main-d&#8217;\u0153uvre employ\u00e9e au Mexique dans les cha\u00eenes d&#8217;approvisionnement de Nokia, Philips, Panasonic, IBM, HP, Lenovo, Sanmina, Jabil et Flextronics a subi 6.000 pertes d&#8217;emplois, des licenciements massifs, 10 pour cent de r\u00e9duction salariale et une augmentation de 40 \u00e0 60 pour cent du nombre de contrats trimestriels et mensuels qui touche l&#8217;ensemble du [&hellip;]\" \/>\n<meta property=\"og:url\" content=\"https:\/\/admin.industriall-union.org\/fr\/archive\/imf\/la-crise-financiere-touche-l-039-emploi-et-les-droits-des-travailleurs-euses-au-mexique\/\" \/>\n<meta property=\"og:site_name\" content=\"industriall-union\" \/>\n<meta property=\"article:modified_time\" content=\"2025-01-31T10:10:08+00:00\" \/>\n<meta name=\"twitter:card\" content=\"summary_large_image\" \/>\n<meta name=\"twitter:label1\" content=\"Est. reading time\" \/>\n\t<meta name=\"twitter:data1\" content=\"1 minute\" \/>\n<script type=\"application\/ld+json\" class=\"yoast-schema-graph\">{\"@context\":\"https:\/\/schema.org\",\"@graph\":[{\"@type\":\"WebPage\",\"@id\":\"https:\/\/admin.industriall-union.org\/fr\/archive\/imf\/la-crise-financiere-touche-l-039-emploi-et-les-droits-des-travailleurs-euses-au-mexique\/\",\"url\":\"https:\/\/admin.industriall-union.org\/fr\/archive\/imf\/la-crise-financiere-touche-l-039-emploi-et-les-droits-des-travailleurs-euses-au-mexique\/\",\"name\":\"La crise financi\u00e8re touche l&#039;emploi et les droits des travailleurs\/euses au Mexique - industriall-union\",\"isPartOf\":{\"@id\":\"https:\/\/admin.industriall-union.org\/#website\"},\"datePublished\":\"2009-11-25T08:14:00+00:00\",\"dateModified\":\"2025-01-31T10:10:08+00:00\",\"breadcrumb\":{\"@id\":\"https:\/\/admin.industriall-union.org\/fr\/archive\/imf\/la-crise-financiere-touche-l-039-emploi-et-les-droits-des-travailleurs-euses-au-mexique\/#breadcrumb\"},\"inLanguage\":\"fr-FR\",\"potentialAction\":[{\"@type\":\"ReadAction\",\"target\":[\"https:\/\/admin.industriall-union.org\/fr\/archive\/imf\/la-crise-financiere-touche-l-039-emploi-et-les-droits-des-travailleurs-euses-au-mexique\/\"]}]},{\"@type\":\"BreadcrumbList\",\"@id\":\"https:\/\/admin.industriall-union.org\/fr\/archive\/imf\/la-crise-financiere-touche-l-039-emploi-et-les-droits-des-travailleurs-euses-au-mexique\/#breadcrumb\",\"itemListElement\":[{\"@type\":\"ListItem\",\"position\":1,\"name\":\"Home\",\"item\":\"https:\/\/admin.industriall-union.org\/\"},{\"@type\":\"ListItem\",\"position\":2,\"name\":\"Archive Imf\",\"item\":\"https:\/\/admin.industriall-union.org\/es\/archive\/imf\/\"},{\"@type\":\"ListItem\",\"position\":3,\"name\":\"La crise financi\u00e8re touche l&#039;emploi et les droits des travailleurs\/euses au Mexique\"}]},{\"@type\":\"WebSite\",\"@id\":\"https:\/\/admin.industriall-union.org\/#website\",\"url\":\"https:\/\/admin.industriall-union.org\/\",\"name\":\"industriall-union\",\"description\":\"\",\"potentialAction\":[{\"@type\":\"SearchAction\",\"target\":{\"@type\":\"EntryPoint\",\"urlTemplate\":\"https:\/\/admin.industriall-union.org\/?s={search_term_string}\"},\"query-input\":{\"@type\":\"PropertyValueSpecification\",\"valueRequired\":true,\"valueName\":\"search_term_string\"}}],\"inLanguage\":\"fr-FR\"}]}<\/script>\n<!-- \/ Yoast SEO Premium plugin. -->","yoast_head_json":{"title":"La crise financi\u00e8re touche l&#039;emploi et les droits des travailleurs\/euses au Mexique - industriall-union","robots":{"index":"index","follow":"follow","max-snippet":"max-snippet:-1","max-image-preview":"max-image-preview:large","max-video-preview":"max-video-preview:-1"},"canonical":"https:\/\/admin.industriall-union.org\/fr\/archive\/imf\/la-crise-financiere-touche-l-039-emploi-et-les-droits-des-travailleurs-euses-au-mexique\/","og_locale":"fr_FR","og_type":"article","og_title":"La crise financi\u00e8re touche l&#039;emploi et les droits des travailleurs\/euses au Mexique","og_description":"MEXIQUE: La main-d&#8217;\u0153uvre employ\u00e9e au Mexique dans les cha\u00eenes d&#8217;approvisionnement de Nokia, Philips, Panasonic, IBM, HP, Lenovo, Sanmina, Jabil et Flextronics a subi 6.000 pertes d&#8217;emplois, des licenciements massifs, 10 pour cent de r\u00e9duction salariale et une augmentation de 40 \u00e0 60 pour cent du nombre de contrats trimestriels et mensuels qui touche l&#8217;ensemble du [&hellip;]","og_url":"https:\/\/admin.industriall-union.org\/fr\/archive\/imf\/la-crise-financiere-touche-l-039-emploi-et-les-droits-des-travailleurs-euses-au-mexique\/","og_site_name":"industriall-union","article_modified_time":"2025-01-31T10:10:08+00:00","twitter_card":"summary_large_image","twitter_misc":{"Est. reading time":"1 minute"},"schema":{"@context":"https:\/\/schema.org","@graph":[{"@type":"WebPage","@id":"https:\/\/admin.industriall-union.org\/fr\/archive\/imf\/la-crise-financiere-touche-l-039-emploi-et-les-droits-des-travailleurs-euses-au-mexique\/","url":"https:\/\/admin.industriall-union.org\/fr\/archive\/imf\/la-crise-financiere-touche-l-039-emploi-et-les-droits-des-travailleurs-euses-au-mexique\/","name":"La crise financi\u00e8re touche l&#039;emploi et les droits des travailleurs\/euses au Mexique - industriall-union","isPartOf":{"@id":"https:\/\/admin.industriall-union.org\/#website"},"datePublished":"2009-11-25T08:14:00+00:00","dateModified":"2025-01-31T10:10:08+00:00","breadcrumb":{"@id":"https:\/\/admin.industriall-union.org\/fr\/archive\/imf\/la-crise-financiere-touche-l-039-emploi-et-les-droits-des-travailleurs-euses-au-mexique\/#breadcrumb"},"inLanguage":"fr-FR","potentialAction":[{"@type":"ReadAction","target":["https:\/\/admin.industriall-union.org\/fr\/archive\/imf\/la-crise-financiere-touche-l-039-emploi-et-les-droits-des-travailleurs-euses-au-mexique\/"]}]},{"@type":"BreadcrumbList","@id":"https:\/\/admin.industriall-union.org\/fr\/archive\/imf\/la-crise-financiere-touche-l-039-emploi-et-les-droits-des-travailleurs-euses-au-mexique\/#breadcrumb","itemListElement":[{"@type":"ListItem","position":1,"name":"Home","item":"https:\/\/admin.industriall-union.org\/"},{"@type":"ListItem","position":2,"name":"Archive Imf","item":"https:\/\/admin.industriall-union.org\/es\/archive\/imf\/"},{"@type":"ListItem","position":3,"name":"La crise financi\u00e8re touche l&#039;emploi et les droits des travailleurs\/euses au Mexique"}]},{"@type":"WebSite","@id":"https:\/\/admin.industriall-union.org\/#website","url":"https:\/\/admin.industriall-union.org\/","name":"industriall-union","description":"","potentialAction":[{"@type":"SearchAction","target":{"@type":"EntryPoint","urlTemplate":"https:\/\/admin.industriall-union.org\/?s={search_term_string}"},"query-input":{"@type":"PropertyValueSpecification","valueRequired":true,"valueName":"search_term_string"}}],"inLanguage":"fr-FR"}]}},"_links":{"self":[{"href":"https:\/\/admin.industriall-union.org\/fr\/wp-json\/wp\/v2\/archive_imf\/202218","targetHints":{"allow":["GET"]}}],"collection":[{"href":"https:\/\/admin.industriall-union.org\/fr\/wp-json\/wp\/v2\/archive_imf"}],"about":[{"href":"https:\/\/admin.industriall-union.org\/fr\/wp-json\/wp\/v2\/types\/archive_imf"}],"wp:attachment":[{"href":"https:\/\/admin.industriall-union.org\/fr\/wp-json\/wp\/v2\/media?parent=202218"}],"curies":[{"name":"wp","href":"https:\/\/api.w.org\/{rel}","templated":true}]}}