{"id":202095,"date":"2010-01-14T10:01:00","date_gmt":"2010-01-14T10:01:00","guid":{"rendered":"https:\/\/admin.industriall-union.org\/archive\/imf\/vale-entame-son-septieme-mois-de-greve\/"},"modified":"2025-01-31T10:09:33","modified_gmt":"2025-01-31T10:09:33","slug":"vale-entame-son-septieme-mois-de-greve","status":"publish","type":"archive_imf","link":"https:\/\/admin.industriall-union.org\/fr\/archive\/imf\/vale-entame-son-septieme-mois-de-greve\/","title":{"rendered":"Vale entame son septi\u00e8me mois de gr\u00e8ve"},"content":{"rendered":"<p>CANADA: United Steelworkers (USW) a pr\u00e9sent\u00e9 une plainte contre Vale Inco en l&#8217;accusant de refuser d&#8217;engager de bonne foi de v\u00e9ritables n\u00e9gociations pour mettre fin \u00e0 la gr\u00e8ve men\u00e9e depuis six mois par 3.500 travailleurs\/euses au Canada.<br \/><br \/>Des responsables de l&#8217;USW ont pr\u00e9sent\u00e9 une plainte au Bureau des relations de travail de l&#8217;Ontario \u00e0 Toronto, pour marquer l&#8217;anniversaire du d\u00e9clenchement de la gr\u00e8ve qui dure depuis six mois, et qui a \u00e9t\u00e9 salu\u00e9 le 13 janvier \u00e0 Sudbury par un rassemblement et un d\u00e9fil\u00e9.<br \/><br \/>Trois mille cinq cents membres de l&#8217;USW sont en gr\u00e8ve depuis le 13 juillet 2009 \u00e0 Sudbury et \u00e0 Port Colborne, Canada, \u00e0 la suite de la d\u00e9cision de l&#8217;entreprise de ne renouveler leur convention collective que si les travailleurs\/euses acceptaient une r\u00e9duction tr\u00e8s importante des conditions et une d\u00e9t\u00e9rioration de la s\u00e9curit\u00e9 dans l&#8217;emploi. Malgr\u00e9 un b\u00e9n\u00e9fice de 13,2 milliards d&#8217;USD r\u00e9alis\u00e9 l&#8217;ann\u00e9e derni\u00e8re, Vale insiste pour obtenir la mise en place d&#8217;un r\u00e9gime de retraite \u00e0 deux vitesses, une r\u00e9duction consid\u00e9rable de la prime de nickel et une d\u00e9t\u00e9rioration importante des droits d&#8217;anciennet\u00e9, tout en engageant du personnel de remplacement pour continuer la production. Les membres de l&#8217;USW \u00e0 Voisey&#8217;s Bay ont d\u00e9cid\u00e9 le 1er ao\u00fbt de se mettre \u00e9galement en gr\u00e8ve.<br \/><br \/>&quot;La loi sur les relations de travail de l&#8217;Ontario pr\u00e9voit que les employeurs et les travailleurs\/euses doivent faire des efforts raisonnables pour conclure une convention collective&quot;, a d\u00e9clar\u00e9 l&#8217;avocat de l&#8217;USW Brian Shell. &quot;Cela signifie tout au moins une rencontre avec un syndicat en s&#8217;engageant \u00e0 explorer \u00e0 fond toutes les questions et \u00e0 faire son possible pour trouver une voie acceptable afin de r\u00e9aliser des progr\u00e8s&quot;.<br \/><br \/>&quot;Le comportement de Vale Inco d\u00e9montre son manque d&#8217;int\u00e9r\u00eat pour des n\u00e9gociations concr\u00e8tes&quot;, a d\u00e9clar\u00e9 John Fera, pr\u00e9sident de la section 6500 de l&#8217;USW \u00e0 Sudbury. &quot;L&#8217;entreprise utilise sa richesse \u00e9norme pour tenter de faire capituler les travailleurs\/euses et leurs communaut\u00e9s au Canada&quot;. <br \/><br \/>La gr\u00e8ve a obtenu un soutien massif dans le monde au cours des derniers mois, gr\u00e2ce en partie \u00e0 l&#8217;aide des affili\u00e9s de la F\u00e9d\u00e9ration internationale des organisations de travailleurs de la m\u00e9tallurgie et de la F\u00e9d\u00e9ration internationale des syndicats de travailleurs de la chimie, de l&#8217;\u00e9nergie, des mines et des industries diverses. Des travailleurs\/euses de Vale du Canada et du Br\u00e9sil ont parcouru le monde pour partager leur exp\u00e9rience avec des coll\u00e8gues mineurs et m\u00e9tallurgistes sur des sites de production de Vale et dans des r\u00e9unions d&#8217;investisseurs, ainsi que dans des aci\u00e9ries et des fonderies qui se procurent des produits fabriqu\u00e9s par Vale. Les syndicats ont demand\u00e9 \u00e0 Vale de reprendre les n\u00e9gociations et de parvenir \u00e0 un Accord \u00e9quitable MAINTENANT.<br \/><br \/>&quot;Nous croyons que Vale tente de r\u00e9duire \u00e0 n\u00e9ant sa convention collective la plus forte pour \u00e9tablir un pr\u00e9c\u00e9dent et affaiblir ainsi les autres conventions collectives conclues dans le monde, une initiative que la FIOM et ses affili\u00e9s et organisations partenaires partout dans le monde n&#8217;accepteront pas et combattront&quot;, \u00e9crit Jyrki Raina, secr\u00e9taire g\u00e9n\u00e9ral de la FIOM dans un message de solidarit\u00e9 publi\u00e9 \u00e0 cette occasion. <br \/><br \/>&quot;Tant que Vale n&#8217;aura pas chang\u00e9 sa mani\u00e8re d&#8217;agir, la FIOM continuera de s&#8217;opposer aux op\u00e9rations et aux investissements de Vale en mobilisant ses affili\u00e9s partout dans le monde. Nous continuerons d&#8217;encourager activement les entreprises et les gouvernements \u00e0 cesser de faire des affaires avec Vale jusqu&#8217;\u00e0 ce qu&#8217;une solution soit trouv\u00e9e&quot;, a ajout\u00e9 Raina.<\/p><p>&nbsp;<\/p>","protected":false},"featured_media":0,"template":"","class_list":["post-202095","archive_imf","type-archive_imf","status-publish","hentry"],"acf":[],"yoast_head":"<!-- This site is optimized with the Yoast SEO Premium plugin v27.1 (Yoast SEO v27.1) - https:\/\/yoast.com\/product\/yoast-seo-premium-wordpress\/ -->\n<title>Vale entame son septi\u00e8me mois de gr\u00e8ve - industriall-union<\/title>\n<meta name=\"robots\" content=\"index, follow, max-snippet:-1, max-image-preview:large, max-video-preview:-1\" \/>\n<link rel=\"canonical\" href=\"https:\/\/admin.industriall-union.org\/fr\/archive\/imf\/vale-entame-son-septieme-mois-de-greve\/\" \/>\n<meta property=\"og:locale\" content=\"fr_FR\" \/>\n<meta property=\"og:type\" content=\"article\" \/>\n<meta property=\"og:title\" content=\"Vale entame son septi\u00e8me mois de gr\u00e8ve\" \/>\n<meta property=\"og:description\" content=\"CANADA: United Steelworkers (USW) a pr\u00e9sent\u00e9 une plainte contre Vale Inco en l&#8217;accusant de refuser d&#8217;engager de bonne foi de v\u00e9ritables n\u00e9gociations pour mettre fin \u00e0 la gr\u00e8ve men\u00e9e depuis six mois par 3.500 travailleurs\/euses au Canada. Des responsables de l&#8217;USW ont pr\u00e9sent\u00e9 une plainte au Bureau des relations de travail de l&#8217;Ontario \u00e0 Toronto, [&hellip;]\" \/>\n<meta property=\"og:url\" content=\"https:\/\/admin.industriall-union.org\/fr\/archive\/imf\/vale-entame-son-septieme-mois-de-greve\/\" \/>\n<meta property=\"og:site_name\" content=\"industriall-union\" \/>\n<meta property=\"article:modified_time\" content=\"2025-01-31T10:09:33+00:00\" \/>\n<meta name=\"twitter:card\" content=\"summary_large_image\" \/>\n<meta name=\"twitter:label1\" content=\"Est. reading time\" \/>\n\t<meta name=\"twitter:data1\" content=\"3 minutes\" \/>\n<script type=\"application\/ld+json\" class=\"yoast-schema-graph\">{\"@context\":\"https:\/\/schema.org\",\"@graph\":[{\"@type\":\"WebPage\",\"@id\":\"https:\/\/admin.industriall-union.org\/fr\/archive\/imf\/vale-entame-son-septieme-mois-de-greve\/\",\"url\":\"https:\/\/admin.industriall-union.org\/fr\/archive\/imf\/vale-entame-son-septieme-mois-de-greve\/\",\"name\":\"Vale entame son septi\u00e8me mois de gr\u00e8ve - industriall-union\",\"isPartOf\":{\"@id\":\"https:\/\/admin.industriall-union.org\/#website\"},\"datePublished\":\"2010-01-14T10:01:00+00:00\",\"dateModified\":\"2025-01-31T10:09:33+00:00\",\"breadcrumb\":{\"@id\":\"https:\/\/admin.industriall-union.org\/fr\/archive\/imf\/vale-entame-son-septieme-mois-de-greve\/#breadcrumb\"},\"inLanguage\":\"fr-FR\",\"potentialAction\":[{\"@type\":\"ReadAction\",\"target\":[\"https:\/\/admin.industriall-union.org\/fr\/archive\/imf\/vale-entame-son-septieme-mois-de-greve\/\"]}]},{\"@type\":\"BreadcrumbList\",\"@id\":\"https:\/\/admin.industriall-union.org\/fr\/archive\/imf\/vale-entame-son-septieme-mois-de-greve\/#breadcrumb\",\"itemListElement\":[{\"@type\":\"ListItem\",\"position\":1,\"name\":\"Home\",\"item\":\"https:\/\/admin.industriall-union.org\/\"},{\"@type\":\"ListItem\",\"position\":2,\"name\":\"Archive Imf\",\"item\":\"https:\/\/admin.industriall-union.org\/es\/archive\/imf\/\"},{\"@type\":\"ListItem\",\"position\":3,\"name\":\"Vale entame son septi\u00e8me mois de gr\u00e8ve\"}]},{\"@type\":\"WebSite\",\"@id\":\"https:\/\/admin.industriall-union.org\/#website\",\"url\":\"https:\/\/admin.industriall-union.org\/\",\"name\":\"industriall-union\",\"description\":\"\",\"potentialAction\":[{\"@type\":\"SearchAction\",\"target\":{\"@type\":\"EntryPoint\",\"urlTemplate\":\"https:\/\/admin.industriall-union.org\/?s={search_term_string}\"},\"query-input\":{\"@type\":\"PropertyValueSpecification\",\"valueRequired\":true,\"valueName\":\"search_term_string\"}}],\"inLanguage\":\"fr-FR\"}]}<\/script>\n<!-- \/ Yoast SEO Premium plugin. -->","yoast_head_json":{"title":"Vale entame son septi\u00e8me mois de gr\u00e8ve - industriall-union","robots":{"index":"index","follow":"follow","max-snippet":"max-snippet:-1","max-image-preview":"max-image-preview:large","max-video-preview":"max-video-preview:-1"},"canonical":"https:\/\/admin.industriall-union.org\/fr\/archive\/imf\/vale-entame-son-septieme-mois-de-greve\/","og_locale":"fr_FR","og_type":"article","og_title":"Vale entame son septi\u00e8me mois de gr\u00e8ve","og_description":"CANADA: United Steelworkers (USW) a pr\u00e9sent\u00e9 une plainte contre Vale Inco en l&#8217;accusant de refuser d&#8217;engager de bonne foi de v\u00e9ritables n\u00e9gociations pour mettre fin \u00e0 la gr\u00e8ve men\u00e9e depuis six mois par 3.500 travailleurs\/euses au Canada. Des responsables de l&#8217;USW ont pr\u00e9sent\u00e9 une plainte au Bureau des relations de travail de l&#8217;Ontario \u00e0 Toronto, [&hellip;]","og_url":"https:\/\/admin.industriall-union.org\/fr\/archive\/imf\/vale-entame-son-septieme-mois-de-greve\/","og_site_name":"industriall-union","article_modified_time":"2025-01-31T10:09:33+00:00","twitter_card":"summary_large_image","twitter_misc":{"Est. reading time":"3 minutes"},"schema":{"@context":"https:\/\/schema.org","@graph":[{"@type":"WebPage","@id":"https:\/\/admin.industriall-union.org\/fr\/archive\/imf\/vale-entame-son-septieme-mois-de-greve\/","url":"https:\/\/admin.industriall-union.org\/fr\/archive\/imf\/vale-entame-son-septieme-mois-de-greve\/","name":"Vale entame son septi\u00e8me mois de gr\u00e8ve - industriall-union","isPartOf":{"@id":"https:\/\/admin.industriall-union.org\/#website"},"datePublished":"2010-01-14T10:01:00+00:00","dateModified":"2025-01-31T10:09:33+00:00","breadcrumb":{"@id":"https:\/\/admin.industriall-union.org\/fr\/archive\/imf\/vale-entame-son-septieme-mois-de-greve\/#breadcrumb"},"inLanguage":"fr-FR","potentialAction":[{"@type":"ReadAction","target":["https:\/\/admin.industriall-union.org\/fr\/archive\/imf\/vale-entame-son-septieme-mois-de-greve\/"]}]},{"@type":"BreadcrumbList","@id":"https:\/\/admin.industriall-union.org\/fr\/archive\/imf\/vale-entame-son-septieme-mois-de-greve\/#breadcrumb","itemListElement":[{"@type":"ListItem","position":1,"name":"Home","item":"https:\/\/admin.industriall-union.org\/"},{"@type":"ListItem","position":2,"name":"Archive Imf","item":"https:\/\/admin.industriall-union.org\/es\/archive\/imf\/"},{"@type":"ListItem","position":3,"name":"Vale entame son septi\u00e8me mois de gr\u00e8ve"}]},{"@type":"WebSite","@id":"https:\/\/admin.industriall-union.org\/#website","url":"https:\/\/admin.industriall-union.org\/","name":"industriall-union","description":"","potentialAction":[{"@type":"SearchAction","target":{"@type":"EntryPoint","urlTemplate":"https:\/\/admin.industriall-union.org\/?s={search_term_string}"},"query-input":{"@type":"PropertyValueSpecification","valueRequired":true,"valueName":"search_term_string"}}],"inLanguage":"fr-FR"}]}},"_links":{"self":[{"href":"https:\/\/admin.industriall-union.org\/fr\/wp-json\/wp\/v2\/archive_imf\/202095","targetHints":{"allow":["GET"]}}],"collection":[{"href":"https:\/\/admin.industriall-union.org\/fr\/wp-json\/wp\/v2\/archive_imf"}],"about":[{"href":"https:\/\/admin.industriall-union.org\/fr\/wp-json\/wp\/v2\/types\/archive_imf"}],"wp:attachment":[{"href":"https:\/\/admin.industriall-union.org\/fr\/wp-json\/wp\/v2\/media?parent=202095"}],"curies":[{"name":"wp","href":"https:\/\/api.w.org\/{rel}","templated":true}]}}