{"id":202027,"date":"2010-01-19T10:47:00","date_gmt":"2010-01-19T10:47:00","guid":{"rendered":"https:\/\/admin.industriall-union.org\/archive\/imf\/des-groupes-de-defense-des-droits-du-travail-protestent-contre-le-comportement-de-gold-peak\/"},"modified":"2025-01-31T10:09:27","modified_gmt":"2025-01-31T10:09:27","slug":"des-groupes-de-defense-des-droits-du-travail-protestent-contre-le-comportement-de-gold-peak","status":"publish","type":"archive_imf","link":"https:\/\/admin.industriall-union.org\/fr\/archive\/imf\/des-groupes-de-defense-des-droits-du-travail-protestent-contre-le-comportement-de-gold-peak\/","title":{"rendered":"Des groupes de d\u00e9fense des droits du travail protestent contre le comportement de Gold Peak"},"content":{"rendered":"CHINE: Dans un appel urgent pour l&#8217;envoi de lettres \u00e0 Gold Peak, Good Electronics signale la demande d&#8217;ouverture d&#8217;une enqu\u00eate sur la violence exerc\u00e9e contre les travailleurs\/euses par les agents de s\u00e9curit\u00e9 de Power Pack, une succursale de Gold Peak \u00e0 Huizhou, Chine, pendant une gr\u00e8ve en d\u00e9cembre.<br \/><br \/>Des groupes chinois non gouvernementaux de d\u00e9fense des droits du travail, dont Globalization Monitor et Asia Monitor Resource Centre, demandent \u00e9galement \u00e0 Gold Peak de payer les frais d&#8217;hospitalisation complets des travailleurs bless\u00e9s par ces actes de violence et d&#8217;indemniser les personnes licenci\u00e9es \u00e0 la suite de ces incidents.<br \/><br \/>En d\u00e9cembre 2009, l&#8217;insatisfaction croissante cr\u00e9\u00e9e par les bas salaires dans l&#8217;usine a amen\u00e9 le d\u00e9clenchement d&#8217;une gr\u00e8ve de deux jours qui a mal tourn\u00e9 quand trois travailleurs ont \u00e9t\u00e9 enferm\u00e9s et maltrait\u00e9s par des agents de s\u00e9curit\u00e9 de l&#8217;entreprise. Au cours de la gr\u00e8ve, les travailleurs\/euses ont bloqu\u00e9 les entr\u00e9es ainsi que la route principale menant au complexe.<br \/><br \/>Quatre salari\u00e9s de Power Pack ont ensuite \u00e9t\u00e9 convoqu\u00e9s au poste de police local dans le cadre de l&#8217;enqu\u00eate sur le blocage de la route. Il y avait parmi eux Mme Wang Fengping, une ing\u00e9nieure de 45 ans employ\u00e9e par Gold Peak depuis 1995. Mme Wang souffre d&#8217;une insuffisance r\u00e9nale grave caus\u00e9e par une exposition au cadmium dans son travail chez Gold Peak. Mme Wang a \u00e9t\u00e9 rel\u00e2ch\u00e9e apr\u00e8s 10 heures d&#8217;interrogatoire en raison de son \u00e9tat de sant\u00e9; les trois autres travailleurs ont \u00e9t\u00e9 d\u00e9tenus jusqu&#8217;au 2 janvier 2010. Apr\u00e8s sa d\u00e9tention au poste de police, Gold Peak a licenci\u00e9 Mme Wang.<br \/><br \/>Ces probl\u00e8mes r\u00e9cents chez Power Pack doivent \u00eatre vus dans le contexte de la question non r\u00e9solue de l&#8217;indemnisation des travailleurs\/euses de Gold Peak victimes d&#8217;une exposition au cadmium. Au cours des derni\u00e8res ann\u00e9es, des centaines de travailleurs et de travailleuses employ\u00e9(e)s \u00e0 la fabrication des piles et batteries au cadmium ont \u00e9t\u00e9 diagnostiqu\u00e9(e)s avec un empoisonnement au cadmium ou pr\u00e9sentant un taux excessif de cadmium dans l&#8217;urine. Jusqu&#8217;\u00e0 cette date, la direction de Gold Peak et les travailleurs\/euses n&#8217;ont pas r\u00e9ussi \u00e0 se mettre d&#8217;accord sur la m\u00e9thodologie employ\u00e9e pour le diagnostic et sur le montant de l&#8217;indemnisation.<br \/><br \/>Les batteries et piles de Gold Peak sont utilis\u00e9es dans tous les types de jouets et de mat\u00e9riels \u00e9lectroniques.<br \/><br \/>Cliquer ici pour rejoindre l&#8217;appel urgent de Good Electronics \u00e0 Gold Peak pour am\u00e9liorer la conduite de l&#8217;entreprise: <a href=\"http:\/\/goodelectronics.org\/urgent-appeals\/letters\/gold-peak\/\">http:\/\/goodelectronics.org\/urgent-appeals\/letters\/gold-peak\/<\/a>","protected":false},"featured_media":0,"template":"","class_list":["post-202027","archive_imf","type-archive_imf","status-publish","hentry"],"acf":[],"yoast_head":"<!-- This site is optimized with the Yoast SEO Premium plugin v27.1 (Yoast SEO v27.1) - https:\/\/yoast.com\/product\/yoast-seo-premium-wordpress\/ -->\n<title>Des groupes de d\u00e9fense des droits du travail protestent contre le comportement de Gold Peak - industriall-union<\/title>\n<meta name=\"robots\" content=\"index, follow, max-snippet:-1, max-image-preview:large, max-video-preview:-1\" \/>\n<link rel=\"canonical\" href=\"https:\/\/admin.industriall-union.org\/fr\/archive\/imf\/des-groupes-de-defense-des-droits-du-travail-protestent-contre-le-comportement-de-gold-peak\/\" \/>\n<meta property=\"og:locale\" content=\"fr_FR\" \/>\n<meta property=\"og:type\" content=\"article\" \/>\n<meta property=\"og:title\" content=\"Des groupes de d\u00e9fense des droits du travail protestent contre le comportement de Gold Peak\" \/>\n<meta property=\"og:description\" content=\"CHINE: Dans un appel urgent pour l&#8217;envoi de lettres \u00e0 Gold Peak, Good Electronics signale la demande d&#8217;ouverture d&#8217;une enqu\u00eate sur la violence exerc\u00e9e contre les travailleurs\/euses par les agents de s\u00e9curit\u00e9 de Power Pack, une succursale de Gold Peak \u00e0 Huizhou, Chine, pendant une gr\u00e8ve en d\u00e9cembre. Des groupes chinois non gouvernementaux de d\u00e9fense [&hellip;]\" \/>\n<meta property=\"og:url\" content=\"https:\/\/admin.industriall-union.org\/fr\/archive\/imf\/des-groupes-de-defense-des-droits-du-travail-protestent-contre-le-comportement-de-gold-peak\/\" \/>\n<meta property=\"og:site_name\" content=\"industriall-union\" \/>\n<meta property=\"article:modified_time\" content=\"2025-01-31T10:09:27+00:00\" \/>\n<meta name=\"twitter:card\" content=\"summary_large_image\" \/>\n<meta name=\"twitter:label1\" content=\"Est. reading time\" \/>\n\t<meta name=\"twitter:data1\" content=\"2 minutes\" \/>\n<script type=\"application\/ld+json\" class=\"yoast-schema-graph\">{\"@context\":\"https:\/\/schema.org\",\"@graph\":[{\"@type\":\"WebPage\",\"@id\":\"https:\/\/admin.industriall-union.org\/fr\/archive\/imf\/des-groupes-de-defense-des-droits-du-travail-protestent-contre-le-comportement-de-gold-peak\/\",\"url\":\"https:\/\/admin.industriall-union.org\/fr\/archive\/imf\/des-groupes-de-defense-des-droits-du-travail-protestent-contre-le-comportement-de-gold-peak\/\",\"name\":\"Des groupes de d\u00e9fense des droits du travail protestent contre le comportement de Gold Peak - industriall-union\",\"isPartOf\":{\"@id\":\"https:\/\/admin.industriall-union.org\/#website\"},\"datePublished\":\"2010-01-19T10:47:00+00:00\",\"dateModified\":\"2025-01-31T10:09:27+00:00\",\"breadcrumb\":{\"@id\":\"https:\/\/admin.industriall-union.org\/fr\/archive\/imf\/des-groupes-de-defense-des-droits-du-travail-protestent-contre-le-comportement-de-gold-peak\/#breadcrumb\"},\"inLanguage\":\"fr-FR\",\"potentialAction\":[{\"@type\":\"ReadAction\",\"target\":[\"https:\/\/admin.industriall-union.org\/fr\/archive\/imf\/des-groupes-de-defense-des-droits-du-travail-protestent-contre-le-comportement-de-gold-peak\/\"]}]},{\"@type\":\"BreadcrumbList\",\"@id\":\"https:\/\/admin.industriall-union.org\/fr\/archive\/imf\/des-groupes-de-defense-des-droits-du-travail-protestent-contre-le-comportement-de-gold-peak\/#breadcrumb\",\"itemListElement\":[{\"@type\":\"ListItem\",\"position\":1,\"name\":\"Home\",\"item\":\"https:\/\/admin.industriall-union.org\/\"},{\"@type\":\"ListItem\",\"position\":2,\"name\":\"Archive Imf\",\"item\":\"https:\/\/admin.industriall-union.org\/es\/archive\/imf\/\"},{\"@type\":\"ListItem\",\"position\":3,\"name\":\"Des groupes de d\u00e9fense des droits du travail protestent contre le comportement de Gold Peak\"}]},{\"@type\":\"WebSite\",\"@id\":\"https:\/\/admin.industriall-union.org\/#website\",\"url\":\"https:\/\/admin.industriall-union.org\/\",\"name\":\"industriall-union\",\"description\":\"\",\"potentialAction\":[{\"@type\":\"SearchAction\",\"target\":{\"@type\":\"EntryPoint\",\"urlTemplate\":\"https:\/\/admin.industriall-union.org\/?s={search_term_string}\"},\"query-input\":{\"@type\":\"PropertyValueSpecification\",\"valueRequired\":true,\"valueName\":\"search_term_string\"}}],\"inLanguage\":\"fr-FR\"}]}<\/script>\n<!-- \/ Yoast SEO Premium plugin. -->","yoast_head_json":{"title":"Des groupes de d\u00e9fense des droits du travail protestent contre le comportement de Gold Peak - industriall-union","robots":{"index":"index","follow":"follow","max-snippet":"max-snippet:-1","max-image-preview":"max-image-preview:large","max-video-preview":"max-video-preview:-1"},"canonical":"https:\/\/admin.industriall-union.org\/fr\/archive\/imf\/des-groupes-de-defense-des-droits-du-travail-protestent-contre-le-comportement-de-gold-peak\/","og_locale":"fr_FR","og_type":"article","og_title":"Des groupes de d\u00e9fense des droits du travail protestent contre le comportement de Gold Peak","og_description":"CHINE: Dans un appel urgent pour l&#8217;envoi de lettres \u00e0 Gold Peak, Good Electronics signale la demande d&#8217;ouverture d&#8217;une enqu\u00eate sur la violence exerc\u00e9e contre les travailleurs\/euses par les agents de s\u00e9curit\u00e9 de Power Pack, une succursale de Gold Peak \u00e0 Huizhou, Chine, pendant une gr\u00e8ve en d\u00e9cembre. Des groupes chinois non gouvernementaux de d\u00e9fense [&hellip;]","og_url":"https:\/\/admin.industriall-union.org\/fr\/archive\/imf\/des-groupes-de-defense-des-droits-du-travail-protestent-contre-le-comportement-de-gold-peak\/","og_site_name":"industriall-union","article_modified_time":"2025-01-31T10:09:27+00:00","twitter_card":"summary_large_image","twitter_misc":{"Est. reading time":"2 minutes"},"schema":{"@context":"https:\/\/schema.org","@graph":[{"@type":"WebPage","@id":"https:\/\/admin.industriall-union.org\/fr\/archive\/imf\/des-groupes-de-defense-des-droits-du-travail-protestent-contre-le-comportement-de-gold-peak\/","url":"https:\/\/admin.industriall-union.org\/fr\/archive\/imf\/des-groupes-de-defense-des-droits-du-travail-protestent-contre-le-comportement-de-gold-peak\/","name":"Des groupes de d\u00e9fense des droits du travail protestent contre le comportement de Gold Peak - industriall-union","isPartOf":{"@id":"https:\/\/admin.industriall-union.org\/#website"},"datePublished":"2010-01-19T10:47:00+00:00","dateModified":"2025-01-31T10:09:27+00:00","breadcrumb":{"@id":"https:\/\/admin.industriall-union.org\/fr\/archive\/imf\/des-groupes-de-defense-des-droits-du-travail-protestent-contre-le-comportement-de-gold-peak\/#breadcrumb"},"inLanguage":"fr-FR","potentialAction":[{"@type":"ReadAction","target":["https:\/\/admin.industriall-union.org\/fr\/archive\/imf\/des-groupes-de-defense-des-droits-du-travail-protestent-contre-le-comportement-de-gold-peak\/"]}]},{"@type":"BreadcrumbList","@id":"https:\/\/admin.industriall-union.org\/fr\/archive\/imf\/des-groupes-de-defense-des-droits-du-travail-protestent-contre-le-comportement-de-gold-peak\/#breadcrumb","itemListElement":[{"@type":"ListItem","position":1,"name":"Home","item":"https:\/\/admin.industriall-union.org\/"},{"@type":"ListItem","position":2,"name":"Archive Imf","item":"https:\/\/admin.industriall-union.org\/es\/archive\/imf\/"},{"@type":"ListItem","position":3,"name":"Des groupes de d\u00e9fense des droits du travail protestent contre le comportement de Gold Peak"}]},{"@type":"WebSite","@id":"https:\/\/admin.industriall-union.org\/#website","url":"https:\/\/admin.industriall-union.org\/","name":"industriall-union","description":"","potentialAction":[{"@type":"SearchAction","target":{"@type":"EntryPoint","urlTemplate":"https:\/\/admin.industriall-union.org\/?s={search_term_string}"},"query-input":{"@type":"PropertyValueSpecification","valueRequired":true,"valueName":"search_term_string"}}],"inLanguage":"fr-FR"}]}},"_links":{"self":[{"href":"https:\/\/admin.industriall-union.org\/fr\/wp-json\/wp\/v2\/archive_imf\/202027","targetHints":{"allow":["GET"]}}],"collection":[{"href":"https:\/\/admin.industriall-union.org\/fr\/wp-json\/wp\/v2\/archive_imf"}],"about":[{"href":"https:\/\/admin.industriall-union.org\/fr\/wp-json\/wp\/v2\/types\/archive_imf"}],"wp:attachment":[{"href":"https:\/\/admin.industriall-union.org\/fr\/wp-json\/wp\/v2\/media?parent=202027"}],"curies":[{"name":"wp","href":"https:\/\/api.w.org\/{rel}","templated":true}]}}