{"id":202014,"date":"2010-01-21T14:16:12","date_gmt":"2010-01-21T14:16:12","guid":{"rendered":"https:\/\/admin.industriall-union.org\/archive\/imf\/le-fsm-celebre-son-dixieme-anniversaire\/"},"modified":"2025-01-31T10:03:50","modified_gmt":"2025-01-31T10:03:50","slug":"le-fsm-celebre-son-dixieme-anniversaire","status":"publish","type":"archive_imf","link":"https:\/\/admin.industriall-union.org\/fr\/archive\/imf\/le-fsm-celebre-son-dixieme-anniversaire\/","title":{"rendered":"Le FSM c\u00e9l\u00e8bre son dixi\u00e8me anniversaire"},"content":{"rendered":"MONDE: En c\u00e9l\u00e9brant ses dix ann\u00e9es d&#8217;existence, le <a href=\"http:\/\/www.forumsocialmundial.org.br\/index.php?cd_language=3&amp;id_menu=\">Forum social mondial (FSM)<\/a> se d\u00e9roulera en 2010 de fa\u00e7on permanente toute l&#8217;ann\u00e9e avec au moins 27 \u00e9v\u00e8nements r\u00e9gionaux, nationaux et locaux \u00e0 travers le monde au cours de l&#8217;ann\u00e9e.<br \/><br \/>Pour ouvrir ce processus, l&#8217;\u00e9v\u00e8nement r\u00e9gional &quot;Forum social 10 ans &#8212; Grande Porto Alegre&quot;, qui aura lieu du 25 au 29 janvier 2010 dans l&#8217;\u00c9tat br\u00e9silien de Rio Grande do Sul, proposera plus de 500 activit\u00e9s d\u00e9centralis\u00e9es dans les villes de Porto Alegre, Gravata\u00ed, Canoas, S\u00e3o Leopoldo, Novo Hamburgo et Sapiranga.<br \/><br \/>L&#8217;une des principales activit\u00e9s du Forum social dans le Grande Porto Alegre concernera le s\u00e9minaire international &quot;10 ans plus tard: D\u00e9fis et propositions pour un autre monde possible&quot;, qui se chargera d&#8217;examiner les nouveaux d\u00e9fis de la soci\u00e9t\u00e9 civile altermondialiste, et de concevoir les orientations futures que le FSM devra adopter. Cela permettra \u00e9galement de fournir une r\u00e9flexion plus syst\u00e9matique sur ce qui a \u00e9t\u00e9 fait jusqu&#8217;\u00e0 pr\u00e9sent, y compris les erreurs et les r\u00e9ussites. <br \/><br \/>Le FSM est un espace ouvert de rencontres o\u00f9 les mouvements sociaux, les r\u00e9seaux, les ONG et autres organisations de la soci\u00e9t\u00e9 civile peuvent s&#8217;engager dans un processus mondial et permanent de recherche et de r\u00e9alisation de solutions de rechange aux politiques n\u00e9olib\u00e9rales. Beaucoup de syndicats affili\u00e9s \u00e0 la F\u00e9d\u00e9ration internationale des organisations de travailleurs de la m\u00e9tallurgie prendront part aux activit\u00e9s du FSM durant toute l&#8217;ann\u00e9e.<br \/><br \/>Les dates de cet \u00e9v\u00e8nement organis\u00e9 \u00e0 Porte Alegre en 2010 empi\u00e8tent sur la r\u00e9union annuelle du Forum \u00e9conomique mondial \u00e0 Davos, Suisse, qui d\u00e9roule du 27 au 31 janvier 2010. Le 40\u00e8me anniversaire des r\u00e9unions du Forum \u00e9conomique mondial se tiendra sous le th\u00e8me &quot;Am\u00e9liorer l&#8217;\u00e9tat du monde: repenser, redessiner, reconstruire&quot;, o\u00f9 les organisateurs esp\u00e8rent la venue de 2.500 participants de plus de 90 pays repr\u00e9sentant des entreprises, des gouvernements et des organisations de la soci\u00e9t\u00e9 civile, qui montreront leur v\u00e9ritable &quot;citoyennet\u00e9 mondiale d&#8217;entreprise&quot;. <br \/><br \/><br \/>Vous trouverez la liste compl\u00e8te des \u00e9v\u00e8nements et des activit\u00e9s du Forum social mondial <a href=\"http:\/\/www.forumsocialmundial.org.br\/dinamic.php?pagina=eventos%202010%20EN\">ici<\/a>.<br \/><br \/>Cliquez <a href=\"http:\/\/www.weforum.org\/en\/events\/AnnualMeeting2010\/index.htm\">ici<\/a> pour avoir plus de renseignements sur le Forum \u00e9conomique mondial.","protected":false},"featured_media":0,"template":"","class_list":["post-202014","archive_imf","type-archive_imf","status-publish","hentry"],"acf":[],"yoast_head":"<!-- This site is optimized with the Yoast SEO Premium plugin v27.1 (Yoast SEO v27.1) - https:\/\/yoast.com\/product\/yoast-seo-premium-wordpress\/ -->\n<title>Le FSM c\u00e9l\u00e8bre son dixi\u00e8me anniversaire - industriall-union<\/title>\n<meta name=\"robots\" content=\"index, follow, max-snippet:-1, max-image-preview:large, max-video-preview:-1\" \/>\n<link rel=\"canonical\" href=\"https:\/\/admin.industriall-union.org\/fr\/archive\/imf\/le-fsm-celebre-son-dixieme-anniversaire\/\" \/>\n<meta property=\"og:locale\" content=\"fr_FR\" \/>\n<meta property=\"og:type\" content=\"article\" \/>\n<meta property=\"og:title\" content=\"Le FSM c\u00e9l\u00e8bre son dixi\u00e8me anniversaire\" \/>\n<meta property=\"og:description\" content=\"MONDE: En c\u00e9l\u00e9brant ses dix ann\u00e9es d&#8217;existence, le Forum social mondial (FSM) se d\u00e9roulera en 2010 de fa\u00e7on permanente toute l&#8217;ann\u00e9e avec au moins 27 \u00e9v\u00e8nements r\u00e9gionaux, nationaux et locaux \u00e0 travers le monde au cours de l&#8217;ann\u00e9e. Pour ouvrir ce processus, l&#8217;\u00e9v\u00e8nement r\u00e9gional &quot;Forum social 10 ans &#8212; Grande Porto Alegre&quot;, qui aura lieu [&hellip;]\" \/>\n<meta property=\"og:url\" content=\"https:\/\/admin.industriall-union.org\/fr\/archive\/imf\/le-fsm-celebre-son-dixieme-anniversaire\/\" \/>\n<meta property=\"og:site_name\" content=\"industriall-union\" \/>\n<meta property=\"article:modified_time\" content=\"2025-01-31T10:03:50+00:00\" \/>\n<meta name=\"twitter:card\" content=\"summary_large_image\" \/>\n<meta name=\"twitter:label1\" content=\"Est. reading time\" \/>\n\t<meta name=\"twitter:data1\" content=\"2 minutes\" \/>\n<script type=\"application\/ld+json\" class=\"yoast-schema-graph\">{\"@context\":\"https:\/\/schema.org\",\"@graph\":[{\"@type\":\"WebPage\",\"@id\":\"https:\/\/admin.industriall-union.org\/fr\/archive\/imf\/le-fsm-celebre-son-dixieme-anniversaire\/\",\"url\":\"https:\/\/admin.industriall-union.org\/fr\/archive\/imf\/le-fsm-celebre-son-dixieme-anniversaire\/\",\"name\":\"Le FSM c\u00e9l\u00e8bre son dixi\u00e8me anniversaire - industriall-union\",\"isPartOf\":{\"@id\":\"https:\/\/admin.industriall-union.org\/#website\"},\"datePublished\":\"2010-01-21T14:16:12+00:00\",\"dateModified\":\"2025-01-31T10:03:50+00:00\",\"breadcrumb\":{\"@id\":\"https:\/\/admin.industriall-union.org\/fr\/archive\/imf\/le-fsm-celebre-son-dixieme-anniversaire\/#breadcrumb\"},\"inLanguage\":\"fr-FR\",\"potentialAction\":[{\"@type\":\"ReadAction\",\"target\":[\"https:\/\/admin.industriall-union.org\/fr\/archive\/imf\/le-fsm-celebre-son-dixieme-anniversaire\/\"]}]},{\"@type\":\"BreadcrumbList\",\"@id\":\"https:\/\/admin.industriall-union.org\/fr\/archive\/imf\/le-fsm-celebre-son-dixieme-anniversaire\/#breadcrumb\",\"itemListElement\":[{\"@type\":\"ListItem\",\"position\":1,\"name\":\"Home\",\"item\":\"https:\/\/admin.industriall-union.org\/\"},{\"@type\":\"ListItem\",\"position\":2,\"name\":\"Archive Imf\",\"item\":\"https:\/\/admin.industriall-union.org\/es\/archive\/imf\/\"},{\"@type\":\"ListItem\",\"position\":3,\"name\":\"Le FSM c\u00e9l\u00e8bre son dixi\u00e8me anniversaire\"}]},{\"@type\":\"WebSite\",\"@id\":\"https:\/\/admin.industriall-union.org\/#website\",\"url\":\"https:\/\/admin.industriall-union.org\/\",\"name\":\"industriall-union\",\"description\":\"\",\"potentialAction\":[{\"@type\":\"SearchAction\",\"target\":{\"@type\":\"EntryPoint\",\"urlTemplate\":\"https:\/\/admin.industriall-union.org\/?s={search_term_string}\"},\"query-input\":{\"@type\":\"PropertyValueSpecification\",\"valueRequired\":true,\"valueName\":\"search_term_string\"}}],\"inLanguage\":\"fr-FR\"}]}<\/script>\n<!-- \/ Yoast SEO Premium plugin. -->","yoast_head_json":{"title":"Le FSM c\u00e9l\u00e8bre son dixi\u00e8me anniversaire - industriall-union","robots":{"index":"index","follow":"follow","max-snippet":"max-snippet:-1","max-image-preview":"max-image-preview:large","max-video-preview":"max-video-preview:-1"},"canonical":"https:\/\/admin.industriall-union.org\/fr\/archive\/imf\/le-fsm-celebre-son-dixieme-anniversaire\/","og_locale":"fr_FR","og_type":"article","og_title":"Le FSM c\u00e9l\u00e8bre son dixi\u00e8me anniversaire","og_description":"MONDE: En c\u00e9l\u00e9brant ses dix ann\u00e9es d&#8217;existence, le Forum social mondial (FSM) se d\u00e9roulera en 2010 de fa\u00e7on permanente toute l&#8217;ann\u00e9e avec au moins 27 \u00e9v\u00e8nements r\u00e9gionaux, nationaux et locaux \u00e0 travers le monde au cours de l&#8217;ann\u00e9e. Pour ouvrir ce processus, l&#8217;\u00e9v\u00e8nement r\u00e9gional &quot;Forum social 10 ans &#8212; Grande Porto Alegre&quot;, qui aura lieu [&hellip;]","og_url":"https:\/\/admin.industriall-union.org\/fr\/archive\/imf\/le-fsm-celebre-son-dixieme-anniversaire\/","og_site_name":"industriall-union","article_modified_time":"2025-01-31T10:03:50+00:00","twitter_card":"summary_large_image","twitter_misc":{"Est. reading time":"2 minutes"},"schema":{"@context":"https:\/\/schema.org","@graph":[{"@type":"WebPage","@id":"https:\/\/admin.industriall-union.org\/fr\/archive\/imf\/le-fsm-celebre-son-dixieme-anniversaire\/","url":"https:\/\/admin.industriall-union.org\/fr\/archive\/imf\/le-fsm-celebre-son-dixieme-anniversaire\/","name":"Le FSM c\u00e9l\u00e8bre son dixi\u00e8me anniversaire - industriall-union","isPartOf":{"@id":"https:\/\/admin.industriall-union.org\/#website"},"datePublished":"2010-01-21T14:16:12+00:00","dateModified":"2025-01-31T10:03:50+00:00","breadcrumb":{"@id":"https:\/\/admin.industriall-union.org\/fr\/archive\/imf\/le-fsm-celebre-son-dixieme-anniversaire\/#breadcrumb"},"inLanguage":"fr-FR","potentialAction":[{"@type":"ReadAction","target":["https:\/\/admin.industriall-union.org\/fr\/archive\/imf\/le-fsm-celebre-son-dixieme-anniversaire\/"]}]},{"@type":"BreadcrumbList","@id":"https:\/\/admin.industriall-union.org\/fr\/archive\/imf\/le-fsm-celebre-son-dixieme-anniversaire\/#breadcrumb","itemListElement":[{"@type":"ListItem","position":1,"name":"Home","item":"https:\/\/admin.industriall-union.org\/"},{"@type":"ListItem","position":2,"name":"Archive Imf","item":"https:\/\/admin.industriall-union.org\/es\/archive\/imf\/"},{"@type":"ListItem","position":3,"name":"Le FSM c\u00e9l\u00e8bre son dixi\u00e8me anniversaire"}]},{"@type":"WebSite","@id":"https:\/\/admin.industriall-union.org\/#website","url":"https:\/\/admin.industriall-union.org\/","name":"industriall-union","description":"","potentialAction":[{"@type":"SearchAction","target":{"@type":"EntryPoint","urlTemplate":"https:\/\/admin.industriall-union.org\/?s={search_term_string}"},"query-input":{"@type":"PropertyValueSpecification","valueRequired":true,"valueName":"search_term_string"}}],"inLanguage":"fr-FR"}]}},"_links":{"self":[{"href":"https:\/\/admin.industriall-union.org\/fr\/wp-json\/wp\/v2\/archive_imf\/202014","targetHints":{"allow":["GET"]}}],"collection":[{"href":"https:\/\/admin.industriall-union.org\/fr\/wp-json\/wp\/v2\/archive_imf"}],"about":[{"href":"https:\/\/admin.industriall-union.org\/fr\/wp-json\/wp\/v2\/types\/archive_imf"}],"wp:attachment":[{"href":"https:\/\/admin.industriall-union.org\/fr\/wp-json\/wp\/v2\/media?parent=202014"}],"curies":[{"name":"wp","href":"https:\/\/api.w.org\/{rel}","templated":true}]}}