{"id":201914,"date":"2010-02-24T15:22:00","date_gmt":"2010-02-24T15:22:00","guid":{"rendered":"https:\/\/admin.industriall-union.org\/archive\/imf\/les-metallurgistes-les-mineurs-et-les-gens-de-mer-s-039-unissent\/"},"modified":"2025-01-31T10:03:18","modified_gmt":"2025-01-31T10:03:18","slug":"les-metallurgistes-les-mineurs-et-les-gens-de-mer-s-039-unissent","status":"publish","type":"archive_imf","link":"https:\/\/admin.industriall-union.org\/fr\/archive\/imf\/les-metallurgistes-les-mineurs-et-les-gens-de-mer-s-039-unissent\/","title":{"rendered":"Les m\u00e9tallurgistes, les mineurs et les gens de mer s&#039;unissent"},"content":{"rendered":"<p>\u00c9TATS-UNIS: La F\u00e9d\u00e9ration internationale des organisations de travailleurs de la m\u00e9tallurgie s&#8217;est engag\u00e9e avec les dirigeants des syndicats des mineurs et des gens de mer du Canada, des \u00c9tats-Unis, d&#8217;Australie et d&#8217;Afrique du Sud, les 16 et 17 f\u00e9vrier, \u00e0 examiner les moyens de consolider les efforts et la coordination pour s&#8217;attaquer aux soci\u00e9t\u00e9s transnationales qui portent atteinte aux droits fondamentaux des travailleurs et des travailleuses dans le monde entier.<br \/><br \/>L&#8217;alliance strat\u00e9gique qui repose sur une &#8216;Initiative des mineurs et des gens de mer&#8217;, vise \u00e0 organiser un travail en commun pour s&#8217;opposer aux infractions massives aux droits des travailleurs et des travailleuses chez les g\u00e9ants miniers Grupo Mexico, Vale et Rio Tinto o\u00f9 trois f\u00e9d\u00e9rations syndicales internationales ont des affili\u00e9s, \u00e0 savoir la FIOM, la F\u00e9d\u00e9ration internationale des ouvriers du transport (FIOT) et la F\u00e9d\u00e9ration internationale des syndicats de travailleurs de la chimie, de l&#8217;\u00e9nergie, des mines et des industries diverses (ICEM).<br \/><br \/>La violence des attaques de Grupo Mexico contre les travailleurs\/euses ne date pas d&#8217;hier. Le gouvernement mexicain est alli\u00e9 \u00e0 Grupo Mexico depuis plus de quatre ans pour mener une campagne de r\u00e9pression et d&#8217;abus de pouvoir destin\u00e9e \u00e0 \u00e9liminer le syndicat national des mineurs et des m\u00e9tallurgistes du Mexique (SNTMMSRM). Le SNTMMSRM, qui est le syndicat ind\u00e9pendant le plus puissant du pays, est affili\u00e9 \u00e0 la FIOM et \u00e0 l&#8217;ICEM, et son dirigeant, Napole\u00f3n G\u00f3mez Urrutia, si\u00e8ge au Comit\u00e9 ex\u00e9cutif de la FIOM. Cliquer <a href=\"..\/index.cfm?n=663&amp;l=2\" target=\"_blank\">ici<\/a> pour plus de renseignements. <br \/><br \/>En septembre, la FIOM et l&#8217;ICEM ont entrepris avec l&#8217;aide de la FIOT une action internationale pour appeler l&#8217;attention sur les abus contre les droits dans l&#8217;entreprise br\u00e9silienne Vale partout dans le monde, et pour montrer leur solidarit\u00e9 aux 3.500 membres du syndicat United Steelworkers (USW) au Canada qui sont en gr\u00e8ve depuis le 13 juillet \u00e0 la suite de la d\u00e9cision des travailleurs\/euses de refuser d&#8217;accepter une r\u00e9duction draconienne des conditions et une augmentation de l&#8217;ins\u00e9curit\u00e9 dans l&#8217;emploi. Voir d\u00e9tails <a href=\"..\/index.cfm?c=21127&amp;ol=5\" target=\"_blank\">ici<\/a>. <br \/><br \/>La r\u00e9union a eu lieu \u00e0 Palmdale, Californie, \u00e0 proximit\u00e9 d&#8217;une mine de borax et d&#8217;une usine appartenant \u00e0 Rio Tinto o\u00f9 environ 600 membres du syndicat &#8216;International Longshore and Warehouse Union&#8217; (ILWU) sont victimes d&#8217;un lock-out de l&#8217;entreprise qui a tent\u00e9 de forcer les travailleurs\/euses \u00e0 accepter un contrat comportant des concessions extr\u00eamement dures portant sur:<\/p><ul><li>la transformation des emplois \u00e0 temps plein en emplois \u00e0 temps partiel, quand la direction le juge n\u00e9cessaire; <\/li><\/ul><ul><li>le pouvoir de r\u00e9duire les salaires, quand l&#8217;entreprise le juge n\u00e9cessaire, ind\u00e9pendamment du taux de salaire fix\u00e9 dans le contrat et sans aucun droit de faire une r\u00e9clamation; <\/li><\/ul><ul><li>le fait que si Rio Tinto enfreint la l\u00e9gislation du travail de l&#8217;\u00c9tat f\u00e9d\u00e9r\u00e9 ou f\u00e9d\u00e9ral, les travailleurs\/euses se trouvent dans l&#8217;obligation de payer les p\u00e9nalit\u00e9s juridiques, les amendes et les frais d&#8217;avocat de l&#8217;entreprise.<\/li><\/ul><p>Les d\u00e9l\u00e9gu\u00e9(e)s \u00e0 la r\u00e9union ont d\u00e9fil\u00e9 avec les lock-out\u00e9s de Rio Tinto jusqu&#8217;aux portes de l&#8217;usine en scandant &quot;Laissez-nous travailler!&quot; et en faisant le serment de faire appel \u00e0 la solidarit\u00e9 mondiale jusqu&#8217;\u00e0 obtenir justice et traitement \u00e9quitable pour tous les salari\u00e9s de Rio Tinto dans le monde.<br \/><br \/>Voir la d\u00e9claration des mineurs et des gens de mer <a href=\"..\/files\/10022416214266\/MM_statement_Boron.pdf\">ici<\/a>.<\/p><p>&nbsp;<\/p><p>&nbsp;<\/p>","protected":false},"featured_media":0,"template":"","class_list":["post-201914","archive_imf","type-archive_imf","status-publish","hentry"],"acf":[],"yoast_head":"<!-- This site is optimized with the Yoast SEO Premium plugin v27.1 (Yoast SEO v27.1) - https:\/\/yoast.com\/product\/yoast-seo-premium-wordpress\/ -->\n<title>Les m\u00e9tallurgistes, les mineurs et les gens de mer s&#039;unissent - industriall-union<\/title>\n<meta name=\"robots\" content=\"index, follow, max-snippet:-1, max-image-preview:large, max-video-preview:-1\" \/>\n<link rel=\"canonical\" href=\"https:\/\/admin.industriall-union.org\/fr\/archive\/imf\/les-metallurgistes-les-mineurs-et-les-gens-de-mer-s-039-unissent\/\" \/>\n<meta property=\"og:locale\" content=\"fr_FR\" \/>\n<meta property=\"og:type\" content=\"article\" \/>\n<meta property=\"og:title\" content=\"Les m\u00e9tallurgistes, les mineurs et les gens de mer s&#039;unissent\" \/>\n<meta property=\"og:description\" content=\"\u00c9TATS-UNIS: La F\u00e9d\u00e9ration internationale des organisations de travailleurs de la m\u00e9tallurgie s&#8217;est engag\u00e9e avec les dirigeants des syndicats des mineurs et des gens de mer du Canada, des \u00c9tats-Unis, d&#8217;Australie et d&#8217;Afrique du Sud, les 16 et 17 f\u00e9vrier, \u00e0 examiner les moyens de consolider les efforts et la coordination pour s&#8217;attaquer aux soci\u00e9t\u00e9s transnationales [&hellip;]\" \/>\n<meta property=\"og:url\" content=\"https:\/\/admin.industriall-union.org\/fr\/archive\/imf\/les-metallurgistes-les-mineurs-et-les-gens-de-mer-s-039-unissent\/\" \/>\n<meta property=\"og:site_name\" content=\"industriall-union\" \/>\n<meta property=\"article:modified_time\" content=\"2025-01-31T10:03:18+00:00\" \/>\n<meta name=\"twitter:card\" content=\"summary_large_image\" \/>\n<meta name=\"twitter:label1\" content=\"Est. reading time\" \/>\n\t<meta name=\"twitter:data1\" content=\"3 minutes\" \/>\n<script type=\"application\/ld+json\" class=\"yoast-schema-graph\">{\"@context\":\"https:\/\/schema.org\",\"@graph\":[{\"@type\":\"WebPage\",\"@id\":\"https:\/\/admin.industriall-union.org\/fr\/archive\/imf\/les-metallurgistes-les-mineurs-et-les-gens-de-mer-s-039-unissent\/\",\"url\":\"https:\/\/admin.industriall-union.org\/fr\/archive\/imf\/les-metallurgistes-les-mineurs-et-les-gens-de-mer-s-039-unissent\/\",\"name\":\"Les m\u00e9tallurgistes, les mineurs et les gens de mer s&#039;unissent - industriall-union\",\"isPartOf\":{\"@id\":\"https:\/\/admin.industriall-union.org\/#website\"},\"datePublished\":\"2010-02-24T15:22:00+00:00\",\"dateModified\":\"2025-01-31T10:03:18+00:00\",\"breadcrumb\":{\"@id\":\"https:\/\/admin.industriall-union.org\/fr\/archive\/imf\/les-metallurgistes-les-mineurs-et-les-gens-de-mer-s-039-unissent\/#breadcrumb\"},\"inLanguage\":\"fr-FR\",\"potentialAction\":[{\"@type\":\"ReadAction\",\"target\":[\"https:\/\/admin.industriall-union.org\/fr\/archive\/imf\/les-metallurgistes-les-mineurs-et-les-gens-de-mer-s-039-unissent\/\"]}]},{\"@type\":\"BreadcrumbList\",\"@id\":\"https:\/\/admin.industriall-union.org\/fr\/archive\/imf\/les-metallurgistes-les-mineurs-et-les-gens-de-mer-s-039-unissent\/#breadcrumb\",\"itemListElement\":[{\"@type\":\"ListItem\",\"position\":1,\"name\":\"Home\",\"item\":\"https:\/\/admin.industriall-union.org\/\"},{\"@type\":\"ListItem\",\"position\":2,\"name\":\"Archive Imf\",\"item\":\"https:\/\/admin.industriall-union.org\/es\/archive\/imf\/\"},{\"@type\":\"ListItem\",\"position\":3,\"name\":\"Les m\u00e9tallurgistes, les mineurs et les gens de mer s&#039;unissent\"}]},{\"@type\":\"WebSite\",\"@id\":\"https:\/\/admin.industriall-union.org\/#website\",\"url\":\"https:\/\/admin.industriall-union.org\/\",\"name\":\"industriall-union\",\"description\":\"\",\"potentialAction\":[{\"@type\":\"SearchAction\",\"target\":{\"@type\":\"EntryPoint\",\"urlTemplate\":\"https:\/\/admin.industriall-union.org\/?s={search_term_string}\"},\"query-input\":{\"@type\":\"PropertyValueSpecification\",\"valueRequired\":true,\"valueName\":\"search_term_string\"}}],\"inLanguage\":\"fr-FR\"}]}<\/script>\n<!-- \/ Yoast SEO Premium plugin. -->","yoast_head_json":{"title":"Les m\u00e9tallurgistes, les mineurs et les gens de mer s&#039;unissent - industriall-union","robots":{"index":"index","follow":"follow","max-snippet":"max-snippet:-1","max-image-preview":"max-image-preview:large","max-video-preview":"max-video-preview:-1"},"canonical":"https:\/\/admin.industriall-union.org\/fr\/archive\/imf\/les-metallurgistes-les-mineurs-et-les-gens-de-mer-s-039-unissent\/","og_locale":"fr_FR","og_type":"article","og_title":"Les m\u00e9tallurgistes, les mineurs et les gens de mer s&#039;unissent","og_description":"\u00c9TATS-UNIS: La F\u00e9d\u00e9ration internationale des organisations de travailleurs de la m\u00e9tallurgie s&#8217;est engag\u00e9e avec les dirigeants des syndicats des mineurs et des gens de mer du Canada, des \u00c9tats-Unis, d&#8217;Australie et d&#8217;Afrique du Sud, les 16 et 17 f\u00e9vrier, \u00e0 examiner les moyens de consolider les efforts et la coordination pour s&#8217;attaquer aux soci\u00e9t\u00e9s transnationales [&hellip;]","og_url":"https:\/\/admin.industriall-union.org\/fr\/archive\/imf\/les-metallurgistes-les-mineurs-et-les-gens-de-mer-s-039-unissent\/","og_site_name":"industriall-union","article_modified_time":"2025-01-31T10:03:18+00:00","twitter_card":"summary_large_image","twitter_misc":{"Est. reading time":"3 minutes"},"schema":{"@context":"https:\/\/schema.org","@graph":[{"@type":"WebPage","@id":"https:\/\/admin.industriall-union.org\/fr\/archive\/imf\/les-metallurgistes-les-mineurs-et-les-gens-de-mer-s-039-unissent\/","url":"https:\/\/admin.industriall-union.org\/fr\/archive\/imf\/les-metallurgistes-les-mineurs-et-les-gens-de-mer-s-039-unissent\/","name":"Les m\u00e9tallurgistes, les mineurs et les gens de mer s&#039;unissent - industriall-union","isPartOf":{"@id":"https:\/\/admin.industriall-union.org\/#website"},"datePublished":"2010-02-24T15:22:00+00:00","dateModified":"2025-01-31T10:03:18+00:00","breadcrumb":{"@id":"https:\/\/admin.industriall-union.org\/fr\/archive\/imf\/les-metallurgistes-les-mineurs-et-les-gens-de-mer-s-039-unissent\/#breadcrumb"},"inLanguage":"fr-FR","potentialAction":[{"@type":"ReadAction","target":["https:\/\/admin.industriall-union.org\/fr\/archive\/imf\/les-metallurgistes-les-mineurs-et-les-gens-de-mer-s-039-unissent\/"]}]},{"@type":"BreadcrumbList","@id":"https:\/\/admin.industriall-union.org\/fr\/archive\/imf\/les-metallurgistes-les-mineurs-et-les-gens-de-mer-s-039-unissent\/#breadcrumb","itemListElement":[{"@type":"ListItem","position":1,"name":"Home","item":"https:\/\/admin.industriall-union.org\/"},{"@type":"ListItem","position":2,"name":"Archive Imf","item":"https:\/\/admin.industriall-union.org\/es\/archive\/imf\/"},{"@type":"ListItem","position":3,"name":"Les m\u00e9tallurgistes, les mineurs et les gens de mer s&#039;unissent"}]},{"@type":"WebSite","@id":"https:\/\/admin.industriall-union.org\/#website","url":"https:\/\/admin.industriall-union.org\/","name":"industriall-union","description":"","potentialAction":[{"@type":"SearchAction","target":{"@type":"EntryPoint","urlTemplate":"https:\/\/admin.industriall-union.org\/?s={search_term_string}"},"query-input":{"@type":"PropertyValueSpecification","valueRequired":true,"valueName":"search_term_string"}}],"inLanguage":"fr-FR"}]}},"_links":{"self":[{"href":"https:\/\/admin.industriall-union.org\/fr\/wp-json\/wp\/v2\/archive_imf\/201914","targetHints":{"allow":["GET"]}}],"collection":[{"href":"https:\/\/admin.industriall-union.org\/fr\/wp-json\/wp\/v2\/archive_imf"}],"about":[{"href":"https:\/\/admin.industriall-union.org\/fr\/wp-json\/wp\/v2\/types\/archive_imf"}],"wp:attachment":[{"href":"https:\/\/admin.industriall-union.org\/fr\/wp-json\/wp\/v2\/media?parent=201914"}],"curies":[{"name":"wp","href":"https:\/\/api.w.org\/{rel}","templated":true}]}}