{"id":201581,"date":"2010-05-25T15:27:00","date_gmt":"2010-05-25T15:27:00","guid":{"rendered":"https:\/\/admin.industriall-union.org\/archive\/imf\/les-syndicats-belges-demandent-de-ne-pas-ratifier-l-039-accord-de-libre-echange-ue-colombie\/"},"modified":"2025-01-31T09:53:20","modified_gmt":"2025-01-31T09:53:20","slug":"les-syndicats-belges-demandent-de-ne-pas-ratifier-l-039-accord-de-libre-echange-ue-colombie","status":"publish","type":"archive_imf","link":"https:\/\/admin.industriall-union.org\/fr\/archive\/imf\/les-syndicats-belges-demandent-de-ne-pas-ratifier-l-039-accord-de-libre-echange-ue-colombie\/","title":{"rendered":"Les syndicats belges demandent de ne pas ratifier l&#039;accord de libre \u00e9change UE-Colombie"},"content":{"rendered":"BELGIQUE: Au regard d&#8217;un accord commercial bilat\u00e9ral n\u00e9goci\u00e9 par  l&#8217;Union europ\u00e9enne avec la Colombie, les organisations syndicales  belges CSC, FGTB et CGSLB, ainsi que de nombreuses autres organisations  non gouvernementales regroup\u00e9es dans la coalition belge du travail  d\u00e9cent, demandent une investigation compl\u00e8te des activit\u00e9s d&#8217;espionnage  du service de renseignement colombien DAS en Belgique qui ont \u00e9t\u00e9  r\u00e9v\u00e9l\u00e9es par la presse internationale. <br \/><br \/>La coalition  d&#8217;organisations syndicales et d&#8217;ONG a \u00e9galement soulev\u00e9 la question du  triste record en atrocit\u00e9s d\u00e9tenu par la Colombie pour les infractions  aux droits de la personne et aux droits syndicaux avec 2.742 assassinats  de syndicalistes au cours des 15 derni\u00e8res ann\u00e9es, et l&#8217;impunit\u00e9 dans  la proportion de 95 pour cent des responsables de ces crimes commis  contre des syndicalistes, ainsi que de nombreux autres cas d&#8217;attaques  aux libert\u00e9s fondamentales de la population en Colombie.<br \/><br \/>Compte  tenu de la situation terrible des droits syndicaux et des droits de la  personne en Colombie, et de la faiblesse des termes employ\u00e9s dans les  clauses sur le travail d\u00e9cent dans l&#8217;accord bilat\u00e9ral n\u00e9goci\u00e9 par l&#8217;UE  avec la Colombie, les syndicats belges sont fortement oppos\u00e9s \u00e0 la  ratification de l&#8217;accord bilat\u00e9ral d&#8217;investissement de l&#8217;UE avec la  Colombie, sign\u00e9 par le ministre belge des Affaires \u00e9trang\u00e8res en 2009,  qui a \u00e9t\u00e9 en cons\u00e9quence bloqu\u00e9 par les parlements de Flandre et de  Wallonie, puis par le gouvernement f\u00e9d\u00e9ral belge.<br \/><br \/>Cependant, bien  que des accords identiques avec la Colombie aient \u00e9t\u00e9 rejet\u00e9s par les  \u00c9tats-Unis, le Canada et la Norv\u00e8ge en raison des graves infractions aux  droits de la personne et aux droits syndicaux, l&#8217;UE continue de  n\u00e9gocier avec la Colombie.<br \/><br \/>Les syndicats belges se sont adress\u00e9s \u00e0  leurs responsables politiques pour leur demander de faire usage de leur  pouvoir et de bloquer l&#8217;accord, de soutenir l&#8217;opinion exprim\u00e9e par le  secr\u00e9taire g\u00e9n\u00e9ral de la Conf\u00e9d\u00e9ration europ\u00e9enne des syndicats, John  Monks, qui a d\u00e9clar\u00e9: &quot;Maintenant que des gouvernements vont jusqu&#8217;\u00e0  suspendre les transferts d&#8217;aide en Colombie en r\u00e9ponse aux activit\u00e9s  ill\u00e9gales du DAS, il est parfaitement clair qu&#8217;il est impossible de  mener de mani\u00e8re cr\u00e9dible ces n\u00e9gociations de cette fa\u00e7on&quot;.","protected":false},"featured_media":0,"template":"","class_list":["post-201581","archive_imf","type-archive_imf","status-publish","hentry"],"acf":[],"yoast_head":"<!-- This site is optimized with the Yoast SEO Premium plugin v27.1 (Yoast SEO v27.1) - https:\/\/yoast.com\/product\/yoast-seo-premium-wordpress\/ -->\n<title>Les syndicats belges demandent de ne pas ratifier l&#039;accord de libre \u00e9change UE-Colombie - industriall-union<\/title>\n<meta name=\"robots\" content=\"index, follow, max-snippet:-1, max-image-preview:large, max-video-preview:-1\" \/>\n<link rel=\"canonical\" href=\"https:\/\/admin.industriall-union.org\/fr\/archive\/imf\/les-syndicats-belges-demandent-de-ne-pas-ratifier-l-039-accord-de-libre-echange-ue-colombie\/\" \/>\n<meta property=\"og:locale\" content=\"fr_FR\" \/>\n<meta property=\"og:type\" content=\"article\" \/>\n<meta property=\"og:title\" content=\"Les syndicats belges demandent de ne pas ratifier l&#039;accord de libre \u00e9change UE-Colombie\" \/>\n<meta property=\"og:description\" content=\"BELGIQUE: Au regard d&#8217;un accord commercial bilat\u00e9ral n\u00e9goci\u00e9 par l&#8217;Union europ\u00e9enne avec la Colombie, les organisations syndicales belges CSC, FGTB et CGSLB, ainsi que de nombreuses autres organisations non gouvernementales regroup\u00e9es dans la coalition belge du travail d\u00e9cent, demandent une investigation compl\u00e8te des activit\u00e9s d&#8217;espionnage du service de renseignement colombien DAS en Belgique qui ont [&hellip;]\" \/>\n<meta property=\"og:url\" content=\"https:\/\/admin.industriall-union.org\/fr\/archive\/imf\/les-syndicats-belges-demandent-de-ne-pas-ratifier-l-039-accord-de-libre-echange-ue-colombie\/\" \/>\n<meta property=\"og:site_name\" content=\"industriall-union\" \/>\n<meta property=\"article:modified_time\" content=\"2025-01-31T09:53:20+00:00\" \/>\n<meta name=\"twitter:card\" content=\"summary_large_image\" \/>\n<meta name=\"twitter:label1\" content=\"Est. reading time\" \/>\n\t<meta name=\"twitter:data1\" content=\"2 minutes\" \/>\n<script type=\"application\/ld+json\" class=\"yoast-schema-graph\">{\"@context\":\"https:\/\/schema.org\",\"@graph\":[{\"@type\":\"WebPage\",\"@id\":\"https:\/\/admin.industriall-union.org\/fr\/archive\/imf\/les-syndicats-belges-demandent-de-ne-pas-ratifier-l-039-accord-de-libre-echange-ue-colombie\/\",\"url\":\"https:\/\/admin.industriall-union.org\/fr\/archive\/imf\/les-syndicats-belges-demandent-de-ne-pas-ratifier-l-039-accord-de-libre-echange-ue-colombie\/\",\"name\":\"Les syndicats belges demandent de ne pas ratifier l&#039;accord de libre \u00e9change UE-Colombie - industriall-union\",\"isPartOf\":{\"@id\":\"https:\/\/admin.industriall-union.org\/#website\"},\"datePublished\":\"2010-05-25T15:27:00+00:00\",\"dateModified\":\"2025-01-31T09:53:20+00:00\",\"breadcrumb\":{\"@id\":\"https:\/\/admin.industriall-union.org\/fr\/archive\/imf\/les-syndicats-belges-demandent-de-ne-pas-ratifier-l-039-accord-de-libre-echange-ue-colombie\/#breadcrumb\"},\"inLanguage\":\"fr-FR\",\"potentialAction\":[{\"@type\":\"ReadAction\",\"target\":[\"https:\/\/admin.industriall-union.org\/fr\/archive\/imf\/les-syndicats-belges-demandent-de-ne-pas-ratifier-l-039-accord-de-libre-echange-ue-colombie\/\"]}]},{\"@type\":\"BreadcrumbList\",\"@id\":\"https:\/\/admin.industriall-union.org\/fr\/archive\/imf\/les-syndicats-belges-demandent-de-ne-pas-ratifier-l-039-accord-de-libre-echange-ue-colombie\/#breadcrumb\",\"itemListElement\":[{\"@type\":\"ListItem\",\"position\":1,\"name\":\"Home\",\"item\":\"https:\/\/admin.industriall-union.org\/\"},{\"@type\":\"ListItem\",\"position\":2,\"name\":\"Archive Imf\",\"item\":\"https:\/\/admin.industriall-union.org\/es\/archive\/imf\/\"},{\"@type\":\"ListItem\",\"position\":3,\"name\":\"Les syndicats belges demandent de ne pas ratifier l&#039;accord de libre \u00e9change UE-Colombie\"}]},{\"@type\":\"WebSite\",\"@id\":\"https:\/\/admin.industriall-union.org\/#website\",\"url\":\"https:\/\/admin.industriall-union.org\/\",\"name\":\"industriall-union\",\"description\":\"\",\"potentialAction\":[{\"@type\":\"SearchAction\",\"target\":{\"@type\":\"EntryPoint\",\"urlTemplate\":\"https:\/\/admin.industriall-union.org\/?s={search_term_string}\"},\"query-input\":{\"@type\":\"PropertyValueSpecification\",\"valueRequired\":true,\"valueName\":\"search_term_string\"}}],\"inLanguage\":\"fr-FR\"}]}<\/script>\n<!-- \/ Yoast SEO Premium plugin. -->","yoast_head_json":{"title":"Les syndicats belges demandent de ne pas ratifier l&#039;accord de libre \u00e9change UE-Colombie - industriall-union","robots":{"index":"index","follow":"follow","max-snippet":"max-snippet:-1","max-image-preview":"max-image-preview:large","max-video-preview":"max-video-preview:-1"},"canonical":"https:\/\/admin.industriall-union.org\/fr\/archive\/imf\/les-syndicats-belges-demandent-de-ne-pas-ratifier-l-039-accord-de-libre-echange-ue-colombie\/","og_locale":"fr_FR","og_type":"article","og_title":"Les syndicats belges demandent de ne pas ratifier l&#039;accord de libre \u00e9change UE-Colombie","og_description":"BELGIQUE: Au regard d&#8217;un accord commercial bilat\u00e9ral n\u00e9goci\u00e9 par l&#8217;Union europ\u00e9enne avec la Colombie, les organisations syndicales belges CSC, FGTB et CGSLB, ainsi que de nombreuses autres organisations non gouvernementales regroup\u00e9es dans la coalition belge du travail d\u00e9cent, demandent une investigation compl\u00e8te des activit\u00e9s d&#8217;espionnage du service de renseignement colombien DAS en Belgique qui ont [&hellip;]","og_url":"https:\/\/admin.industriall-union.org\/fr\/archive\/imf\/les-syndicats-belges-demandent-de-ne-pas-ratifier-l-039-accord-de-libre-echange-ue-colombie\/","og_site_name":"industriall-union","article_modified_time":"2025-01-31T09:53:20+00:00","twitter_card":"summary_large_image","twitter_misc":{"Est. reading time":"2 minutes"},"schema":{"@context":"https:\/\/schema.org","@graph":[{"@type":"WebPage","@id":"https:\/\/admin.industriall-union.org\/fr\/archive\/imf\/les-syndicats-belges-demandent-de-ne-pas-ratifier-l-039-accord-de-libre-echange-ue-colombie\/","url":"https:\/\/admin.industriall-union.org\/fr\/archive\/imf\/les-syndicats-belges-demandent-de-ne-pas-ratifier-l-039-accord-de-libre-echange-ue-colombie\/","name":"Les syndicats belges demandent de ne pas ratifier l&#039;accord de libre \u00e9change UE-Colombie - industriall-union","isPartOf":{"@id":"https:\/\/admin.industriall-union.org\/#website"},"datePublished":"2010-05-25T15:27:00+00:00","dateModified":"2025-01-31T09:53:20+00:00","breadcrumb":{"@id":"https:\/\/admin.industriall-union.org\/fr\/archive\/imf\/les-syndicats-belges-demandent-de-ne-pas-ratifier-l-039-accord-de-libre-echange-ue-colombie\/#breadcrumb"},"inLanguage":"fr-FR","potentialAction":[{"@type":"ReadAction","target":["https:\/\/admin.industriall-union.org\/fr\/archive\/imf\/les-syndicats-belges-demandent-de-ne-pas-ratifier-l-039-accord-de-libre-echange-ue-colombie\/"]}]},{"@type":"BreadcrumbList","@id":"https:\/\/admin.industriall-union.org\/fr\/archive\/imf\/les-syndicats-belges-demandent-de-ne-pas-ratifier-l-039-accord-de-libre-echange-ue-colombie\/#breadcrumb","itemListElement":[{"@type":"ListItem","position":1,"name":"Home","item":"https:\/\/admin.industriall-union.org\/"},{"@type":"ListItem","position":2,"name":"Archive Imf","item":"https:\/\/admin.industriall-union.org\/es\/archive\/imf\/"},{"@type":"ListItem","position":3,"name":"Les syndicats belges demandent de ne pas ratifier l&#039;accord de libre \u00e9change UE-Colombie"}]},{"@type":"WebSite","@id":"https:\/\/admin.industriall-union.org\/#website","url":"https:\/\/admin.industriall-union.org\/","name":"industriall-union","description":"","potentialAction":[{"@type":"SearchAction","target":{"@type":"EntryPoint","urlTemplate":"https:\/\/admin.industriall-union.org\/?s={search_term_string}"},"query-input":{"@type":"PropertyValueSpecification","valueRequired":true,"valueName":"search_term_string"}}],"inLanguage":"fr-FR"}]}},"_links":{"self":[{"href":"https:\/\/admin.industriall-union.org\/fr\/wp-json\/wp\/v2\/archive_imf\/201581","targetHints":{"allow":["GET"]}}],"collection":[{"href":"https:\/\/admin.industriall-union.org\/fr\/wp-json\/wp\/v2\/archive_imf"}],"about":[{"href":"https:\/\/admin.industriall-union.org\/fr\/wp-json\/wp\/v2\/types\/archive_imf"}],"wp:attachment":[{"href":"https:\/\/admin.industriall-union.org\/fr\/wp-json\/wp\/v2\/media?parent=201581"}],"curies":[{"name":"wp","href":"https:\/\/api.w.org\/{rel}","templated":true}]}}