{"id":201488,"date":"2010-06-02T13:03:00","date_gmt":"2010-06-02T13:03:00","guid":{"rendered":"https:\/\/admin.industriall-union.org\/archive\/imf\/les-dirigeants-de-vale-rejettent-et-ignorent-les-preoccupations-des-travailleurs\/"},"modified":"2025-01-31T09:49:04","modified_gmt":"2025-01-31T09:49:04","slug":"les-dirigeants-de-vale-rejettent-et-ignorent-les-preoccupations-des-travailleurs","status":"publish","type":"archive_imf","link":"https:\/\/admin.industriall-union.org\/fr\/archive\/imf\/les-dirigeants-de-vale-rejettent-et-ignorent-les-preoccupations-des-travailleurs\/","title":{"rendered":"Les dirigeants de Vale rejettent et ignorent les pr\u00e9occupations des travailleurs"},"content":{"rendered":"BR\u00c9SIL: \u00c0 l&#8217;assembl\u00e9e g\u00e9n\u00e9rale des actionnaires de Vale \u00e0 Rio de  Janeiro le 19 mai, Danilo Chammas de la Communaut\u00e9 combonienne du  nord-est du Br\u00e9sil, a exprim\u00e9 non seulement ses pr\u00e9occupations  concernant le conflit qui se d\u00e9roule actuellement dans l&#8217;entreprise avec  les travailleurs canadiens qui sont maintenant en gr\u00e8ve depuis plus de  dix mois, mais \u00e9galement sur les pr\u00e9judices sociaux et environnementaux  qu&#8217;il a caus\u00e9 au Br\u00e9sil et \u00e0 ses projets d&#8217;investissement et  d&#8217;exploitation au Lib\u00e9ria.<br \/><br \/>Les pratiques d&#8217;entreprise de Vale  dans le monde et son programme d&#8217;expansion agressive ont eu  d&#8217;importantes cons\u00e9quences environnementales et sociales au Br\u00e9sil. Pour  souligner l&#8217;importance de cette question, Chammas a offert \u00e0 chaque  personne pr\u00e9sente \u00e0 la r\u00e9union un DVD de 76 minutes qui traite de  l&#8217;impact des projets men\u00e9s par l&#8217;entreprise dans les communaut\u00e9s situ\u00e9es  le long de l&#8217;axe de Caraj\u00e1s, au Maranh\u00e3o et au Par\u00e1, Br\u00e9sil. Chammas a  alors r\u00e9sum\u00e9 la lettre envoy\u00e9e au pr\u00e9sident lib\u00e9rien par le secr\u00e9taire  g\u00e9n\u00e9ral du syndicat des travailleurs sylvicoles et industriels du  Lib\u00e9ria (FLIWUL), dans laquelle il conseillait vivement au pr\u00e9sident de  prendre en consid\u00e9ration les infractions continuelles et les conflits de  Vale avec les travailleurs et les travailleuses.<br \/><br \/>Enfin, il a  rappel\u00e9 aux actionnaires les cons\u00e9quences sur la production du conflit  des 3.500 travailleurs canadiens en gr\u00e8ve chez Vale, qui entra\u00eene \u00e0 son  tour une perte financi\u00e8re. Chammas a d\u00e9clar\u00e9 que selon lui, &quot;il n&#8217;est  pas souhaitable que Vale embauche des travailleurs non syndiqu\u00e9s pour  remplacer le personnel en gr\u00e8ve, car les emplois en question exigent une  qualification et de l&#8217;exp\u00e9rience&quot;. <br \/><br \/>Selon le rapport de Cammas  sur l&#8217;assembl\u00e9e des actionnaires, <a href=\"..\/files\/10060214574910005\/Report_on_Vale_Shareholders_meeting_ENG.pdf\" target=\"_blank\">publi\u00e9  ici<\/a>, apr\u00e8s avoir demand\u00e9 la consignation de ses remarques dans les  notes de la r\u00e9union, le secr\u00e9taire de la r\u00e9union, M. Fabio Eduardo de  Pieri Spina, a d\u00e9clar\u00e9 que ses remarques &quot;ne figureraient pas dans le  proc\u00e8s-verbal, surtout parce qu&#8217;il est inconcevable que dans une r\u00e9union  comme celle-ci, une information soulev\u00e9e par un actionnaire pourrait  constituer un obstacle \u00e0 l&#8217;engagement de l&#8217;entreprise dans une affaire  qui d\u00e9tient un immense potentiel de rentabilit\u00e9, comme c&#8217;est le cas avec  ce contrat en Afrique qui concerne le Lib\u00e9ria&quot;.","protected":false},"featured_media":0,"template":"","class_list":["post-201488","archive_imf","type-archive_imf","status-publish","hentry"],"acf":[],"yoast_head":"<!-- This site is optimized with the Yoast SEO Premium plugin v27.1 (Yoast SEO v27.1) - https:\/\/yoast.com\/product\/yoast-seo-premium-wordpress\/ -->\n<title>Les dirigeants de Vale rejettent et ignorent les pr\u00e9occupations des travailleurs - industriall-union<\/title>\n<meta name=\"robots\" content=\"index, follow, max-snippet:-1, max-image-preview:large, max-video-preview:-1\" \/>\n<link rel=\"canonical\" href=\"https:\/\/admin.industriall-union.org\/fr\/archive\/imf\/les-dirigeants-de-vale-rejettent-et-ignorent-les-preoccupations-des-travailleurs\/\" \/>\n<meta property=\"og:locale\" content=\"fr_FR\" \/>\n<meta property=\"og:type\" content=\"article\" \/>\n<meta property=\"og:title\" content=\"Les dirigeants de Vale rejettent et ignorent les pr\u00e9occupations des travailleurs\" \/>\n<meta property=\"og:description\" content=\"BR\u00c9SIL: \u00c0 l&#8217;assembl\u00e9e g\u00e9n\u00e9rale des actionnaires de Vale \u00e0 Rio de Janeiro le 19 mai, Danilo Chammas de la Communaut\u00e9 combonienne du nord-est du Br\u00e9sil, a exprim\u00e9 non seulement ses pr\u00e9occupations concernant le conflit qui se d\u00e9roule actuellement dans l&#8217;entreprise avec les travailleurs canadiens qui sont maintenant en gr\u00e8ve depuis plus de dix mois, mais [&hellip;]\" \/>\n<meta property=\"og:url\" content=\"https:\/\/admin.industriall-union.org\/fr\/archive\/imf\/les-dirigeants-de-vale-rejettent-et-ignorent-les-preoccupations-des-travailleurs\/\" \/>\n<meta property=\"og:site_name\" content=\"industriall-union\" \/>\n<meta property=\"article:modified_time\" content=\"2025-01-31T09:49:04+00:00\" \/>\n<meta name=\"twitter:card\" content=\"summary_large_image\" \/>\n<meta name=\"twitter:label1\" content=\"Est. reading time\" \/>\n\t<meta name=\"twitter:data1\" content=\"2 minutes\" \/>\n<script type=\"application\/ld+json\" class=\"yoast-schema-graph\">{\"@context\":\"https:\/\/schema.org\",\"@graph\":[{\"@type\":\"WebPage\",\"@id\":\"https:\/\/admin.industriall-union.org\/fr\/archive\/imf\/les-dirigeants-de-vale-rejettent-et-ignorent-les-preoccupations-des-travailleurs\/\",\"url\":\"https:\/\/admin.industriall-union.org\/fr\/archive\/imf\/les-dirigeants-de-vale-rejettent-et-ignorent-les-preoccupations-des-travailleurs\/\",\"name\":\"Les dirigeants de Vale rejettent et ignorent les pr\u00e9occupations des travailleurs - industriall-union\",\"isPartOf\":{\"@id\":\"https:\/\/admin.industriall-union.org\/#website\"},\"datePublished\":\"2010-06-02T13:03:00+00:00\",\"dateModified\":\"2025-01-31T09:49:04+00:00\",\"breadcrumb\":{\"@id\":\"https:\/\/admin.industriall-union.org\/fr\/archive\/imf\/les-dirigeants-de-vale-rejettent-et-ignorent-les-preoccupations-des-travailleurs\/#breadcrumb\"},\"inLanguage\":\"fr-FR\",\"potentialAction\":[{\"@type\":\"ReadAction\",\"target\":[\"https:\/\/admin.industriall-union.org\/fr\/archive\/imf\/les-dirigeants-de-vale-rejettent-et-ignorent-les-preoccupations-des-travailleurs\/\"]}]},{\"@type\":\"BreadcrumbList\",\"@id\":\"https:\/\/admin.industriall-union.org\/fr\/archive\/imf\/les-dirigeants-de-vale-rejettent-et-ignorent-les-preoccupations-des-travailleurs\/#breadcrumb\",\"itemListElement\":[{\"@type\":\"ListItem\",\"position\":1,\"name\":\"Home\",\"item\":\"https:\/\/admin.industriall-union.org\/\"},{\"@type\":\"ListItem\",\"position\":2,\"name\":\"Archive Imf\",\"item\":\"https:\/\/admin.industriall-union.org\/es\/archive\/imf\/\"},{\"@type\":\"ListItem\",\"position\":3,\"name\":\"Les dirigeants de Vale rejettent et ignorent les pr\u00e9occupations des travailleurs\"}]},{\"@type\":\"WebSite\",\"@id\":\"https:\/\/admin.industriall-union.org\/#website\",\"url\":\"https:\/\/admin.industriall-union.org\/\",\"name\":\"industriall-union\",\"description\":\"\",\"potentialAction\":[{\"@type\":\"SearchAction\",\"target\":{\"@type\":\"EntryPoint\",\"urlTemplate\":\"https:\/\/admin.industriall-union.org\/?s={search_term_string}\"},\"query-input\":{\"@type\":\"PropertyValueSpecification\",\"valueRequired\":true,\"valueName\":\"search_term_string\"}}],\"inLanguage\":\"fr-FR\"}]}<\/script>\n<!-- \/ Yoast SEO Premium plugin. -->","yoast_head_json":{"title":"Les dirigeants de Vale rejettent et ignorent les pr\u00e9occupations des travailleurs - industriall-union","robots":{"index":"index","follow":"follow","max-snippet":"max-snippet:-1","max-image-preview":"max-image-preview:large","max-video-preview":"max-video-preview:-1"},"canonical":"https:\/\/admin.industriall-union.org\/fr\/archive\/imf\/les-dirigeants-de-vale-rejettent-et-ignorent-les-preoccupations-des-travailleurs\/","og_locale":"fr_FR","og_type":"article","og_title":"Les dirigeants de Vale rejettent et ignorent les pr\u00e9occupations des travailleurs","og_description":"BR\u00c9SIL: \u00c0 l&#8217;assembl\u00e9e g\u00e9n\u00e9rale des actionnaires de Vale \u00e0 Rio de Janeiro le 19 mai, Danilo Chammas de la Communaut\u00e9 combonienne du nord-est du Br\u00e9sil, a exprim\u00e9 non seulement ses pr\u00e9occupations concernant le conflit qui se d\u00e9roule actuellement dans l&#8217;entreprise avec les travailleurs canadiens qui sont maintenant en gr\u00e8ve depuis plus de dix mois, mais [&hellip;]","og_url":"https:\/\/admin.industriall-union.org\/fr\/archive\/imf\/les-dirigeants-de-vale-rejettent-et-ignorent-les-preoccupations-des-travailleurs\/","og_site_name":"industriall-union","article_modified_time":"2025-01-31T09:49:04+00:00","twitter_card":"summary_large_image","twitter_misc":{"Est. reading time":"2 minutes"},"schema":{"@context":"https:\/\/schema.org","@graph":[{"@type":"WebPage","@id":"https:\/\/admin.industriall-union.org\/fr\/archive\/imf\/les-dirigeants-de-vale-rejettent-et-ignorent-les-preoccupations-des-travailleurs\/","url":"https:\/\/admin.industriall-union.org\/fr\/archive\/imf\/les-dirigeants-de-vale-rejettent-et-ignorent-les-preoccupations-des-travailleurs\/","name":"Les dirigeants de Vale rejettent et ignorent les pr\u00e9occupations des travailleurs - industriall-union","isPartOf":{"@id":"https:\/\/admin.industriall-union.org\/#website"},"datePublished":"2010-06-02T13:03:00+00:00","dateModified":"2025-01-31T09:49:04+00:00","breadcrumb":{"@id":"https:\/\/admin.industriall-union.org\/fr\/archive\/imf\/les-dirigeants-de-vale-rejettent-et-ignorent-les-preoccupations-des-travailleurs\/#breadcrumb"},"inLanguage":"fr-FR","potentialAction":[{"@type":"ReadAction","target":["https:\/\/admin.industriall-union.org\/fr\/archive\/imf\/les-dirigeants-de-vale-rejettent-et-ignorent-les-preoccupations-des-travailleurs\/"]}]},{"@type":"BreadcrumbList","@id":"https:\/\/admin.industriall-union.org\/fr\/archive\/imf\/les-dirigeants-de-vale-rejettent-et-ignorent-les-preoccupations-des-travailleurs\/#breadcrumb","itemListElement":[{"@type":"ListItem","position":1,"name":"Home","item":"https:\/\/admin.industriall-union.org\/"},{"@type":"ListItem","position":2,"name":"Archive Imf","item":"https:\/\/admin.industriall-union.org\/es\/archive\/imf\/"},{"@type":"ListItem","position":3,"name":"Les dirigeants de Vale rejettent et ignorent les pr\u00e9occupations des travailleurs"}]},{"@type":"WebSite","@id":"https:\/\/admin.industriall-union.org\/#website","url":"https:\/\/admin.industriall-union.org\/","name":"industriall-union","description":"","potentialAction":[{"@type":"SearchAction","target":{"@type":"EntryPoint","urlTemplate":"https:\/\/admin.industriall-union.org\/?s={search_term_string}"},"query-input":{"@type":"PropertyValueSpecification","valueRequired":true,"valueName":"search_term_string"}}],"inLanguage":"fr-FR"}]}},"_links":{"self":[{"href":"https:\/\/admin.industriall-union.org\/fr\/wp-json\/wp\/v2\/archive_imf\/201488","targetHints":{"allow":["GET"]}}],"collection":[{"href":"https:\/\/admin.industriall-union.org\/fr\/wp-json\/wp\/v2\/archive_imf"}],"about":[{"href":"https:\/\/admin.industriall-union.org\/fr\/wp-json\/wp\/v2\/types\/archive_imf"}],"wp:attachment":[{"href":"https:\/\/admin.industriall-union.org\/fr\/wp-json\/wp\/v2\/media?parent=201488"}],"curies":[{"name":"wp","href":"https:\/\/api.w.org\/{rel}","templated":true}]}}