{"id":201410,"date":"2010-07-06T12:16:00","date_gmt":"2010-07-06T12:16:00","guid":{"rendered":"https:\/\/admin.industriall-union.org\/archive\/imf\/amelioration-de-la-sante-et-de-la-securite-au-travail-dans-les-balkans\/"},"modified":"2025-01-31T09:48:33","modified_gmt":"2025-01-31T09:48:33","slug":"amelioration-de-la-sante-et-de-la-securite-au-travail-dans-les-balkans","status":"publish","type":"archive_imf","link":"https:\/\/admin.industriall-union.org\/fr\/archive\/imf\/amelioration-de-la-sante-et-de-la-securite-au-travail-dans-les-balkans\/","title":{"rendered":"Am\u00e9lioration de la sant\u00e9 et de la s\u00e9curit\u00e9 au travail dans les Balkans"},"content":{"rendered":"<!--[if gte mso 9]&gt;     Normal   0   21         false   false   false                             MicrosoftInternetExplorer4   &lt;![endif]--><!--[if gte mso 9]&gt;     &lt;![endif]-->  <!--[if gte mso 10]&gt;   \/* Style Definitions *\/  table.MsoNormalTable \t{mso-style-name:\"Table Normal\"; \tmso-tstyle-rowband-size:0; \tmso-tstyle-colband-size:0; \tmso-style-noshow:yes; \tmso-style-parent:\"\"; \tmso-padding-alt:0cm 5.4pt 0cm 5.4pt; \tmso-para-margin:0cm; \tmso-para-margin-bottom:.0001pt; \tmso-pagination:widow-orphan; \tfont-size:10.0pt; \tfont-family:\"Times New Roman\"; \tmso-ansi-language:#0400; \tmso-fareast-language:#0400; \tmso-bidi-language:#0400;}  &lt;![endif]-->  <p>SARAJEVO: La troisi\u00e8me et derni\u00e8re phase du projet de sant\u00e9 et de s\u00e9curit\u00e9 au travail de la FIOM pour ses affili\u00e9s dans l&#8217;ex-Yougoslavie a eu lieu du 29 juin au 1<sup>er<\/sup> juillet 2010 \u00e0 Sarajevo, Bosnie-Herz\u00e9govine.\u00a0\u00a0 Ce projet qui a d\u00e9but\u00e9 en 2008 \u00e0 Belgrade, Serbie, s&#8217;applique aux secteurs de l&#8217;acier et des m\u00e9taux non ferreux &#8211; deux secteurs d&#8217;un int\u00e9r\u00eat particulier pour les syndicats de m\u00e9tallurgistes dans la r\u00e9gion au vu du nombre \u00e9lev\u00e9 d&#8217;accidents du travail et de maladies professionnelles qui r\u00e9sultent souvent d&#8217;un manque de v\u00e9ritable formation et de sensibilisation aux risques de sant\u00e9 et de s\u00e9curit\u00e9 au travail.\u00a0 Le projet a b\u00e9n\u00e9fici\u00e9 du soutien de l&#8217;Agence espagnole pour le d\u00e9veloppement et la coop\u00e9ration (AECID) par le biais de l&#8217;Institut syndical de coop\u00e9ration pour le d\u00e9veloppement (ISCOD), et a \u00e9t\u00e9 r\u00e9alis\u00e9 en \u00e9troite coop\u00e9ration avec l&#8217;affili\u00e9 espagnol de la FIOM, MCA-UGT.\u00a0 <\/p>  <p>Le projet est \u00e9tabli autour de trois grands axes de travail qui ont \u00e9t\u00e9 l&#8217;objet de trois s\u00e9minaires:\u00a0 (a) le cadre l\u00e9gislatif et les normes de sant\u00e9 et de s\u00e9curit\u00e9 au travail;\u00a0 (b) l&#8217;analyse des risques et les techniques de pr\u00e9vention; et (c) le dialogue social et la n\u00e9gociation collective qui \u00e9taient les th\u00e8mes du troisi\u00e8me s\u00e9minaire.\u00a0\u00a0\u00a0 <\/p>  <p>Des repr\u00e9sentants des gouvernements espagnol et croate, ainsi que de l&#8217;association espagnole de l&#8217;acier UNESID ont particip\u00e9 \u00e0 une table ronde sur le d\u00e9veloppement du dialogue social et la n\u00e9gociation collective, en posant les bases permettant de faire progresser les revendications collectives dans le domaine de la sant\u00e9 et de la s\u00e9curit\u00e9 au travail.\u00a0 L&#8217;accent a \u00e9t\u00e9 mis sur l&#8217;importance d\u00e9tenue par la pr\u00e9sence de comit\u00e9s de sant\u00e9 et de s\u00e9curit\u00e9 actifs et efficaces et sur un contr\u00f4le permanent de la sant\u00e9 des travailleurs et travailleuses comme moyen de pr\u00e9vention des risques.\u00a0 Les participant(e)s ont eu la possibilit\u00e9 de dialoguer pendant les activit\u00e9s de travail en groupe organis\u00e9es dans le cadre du programme d&#8217;\u00e9tudes.<\/p>  <p>Une partie du s\u00e9minaire a \u00e9t\u00e9 consacr\u00e9e \u00e0 l&#8217;inspection du travail qui a \u00e9t\u00e9 identifi\u00e9e comme \u00e9tant un lien particuli\u00e8rement faible des politiques de pr\u00e9vention dans toute la r\u00e9gion.\u00a0 Des experts d&#8217;Espagne, de Bosnie-Herz\u00e9govine, du bureau de l&#8217;OIT \u00e0 Budapest, et de l&#8217;Institut syndical europ\u00e9en ont pr\u00e9sent\u00e9 des expos\u00e9s instructifs, en donnant une perspective nationale, europ\u00e9enne et internationale au besoin de renforcer l&#8217;efficacit\u00e9 et l&#8217;impact de l&#8217;inspection du travail dans la r\u00e9gion, pour s&#8217;orienter vers des organisations plus ax\u00e9es sur la pr\u00e9vention.<\/p>  <p>Dans le cadre de la mise en \u0153uvre de son programme d&#8217;action 2009-2013,\u00a0la FIOM continuera \u00e0 promouvoir le d\u00e9veloppement d&#8217;activit\u00e9s de sant\u00e9 et de s\u00e9curit\u00e9 au travail dans la r\u00e9gion en vue de renforcer les syndicats, soutenir leurs efforts, tant au niveau national qu&#8217;\u00e0 celui de l&#8217;entreprise, pour mettre en place une formation de sant\u00e9 et de s\u00e9curit\u00e9, et r\u00e9aliser des strat\u00e9gies de syndicalisation pour obtenir des lieux de travail plus s\u00fbrs et meilleurs.\u00a0Le mat\u00e9riel produit dans la langue locale au cours du projet servira de moyen d&#8217;information et d&#8217;\u00e9ducation pour contribuer \u00e0 la r\u00e9alisation des objectifs syndicaux dans cette r\u00e9gion.<\/p>  <p>La sant\u00e9 n&#8217;est pas \u00e0 vendre\u00a0&#8211; La sant\u00e9 est un droit fondamental qui doit \u00eatre d\u00e9fendu.\u00a0 C&#8217;est devenu le slogan principal pour une action et une campagne syndicales dans la r\u00e9gion qu&#8217;il faut encore d\u00e9velopper davantage.<\/p>    ","protected":false},"featured_media":0,"template":"","class_list":["post-201410","archive_imf","type-archive_imf","status-publish","hentry"],"acf":[],"yoast_head":"<!-- This site is optimized with the Yoast SEO Premium plugin v27.1 (Yoast SEO v27.1) - https:\/\/yoast.com\/product\/yoast-seo-premium-wordpress\/ -->\n<title>Am\u00e9lioration de la sant\u00e9 et de la s\u00e9curit\u00e9 au travail dans les Balkans - industriall-union<\/title>\n<meta name=\"robots\" content=\"index, follow, max-snippet:-1, max-image-preview:large, max-video-preview:-1\" \/>\n<link rel=\"canonical\" href=\"https:\/\/admin.industriall-union.org\/fr\/archive\/imf\/amelioration-de-la-sante-et-de-la-securite-au-travail-dans-les-balkans\/\" \/>\n<meta property=\"og:locale\" content=\"fr_FR\" \/>\n<meta property=\"og:type\" content=\"article\" \/>\n<meta property=\"og:title\" content=\"Am\u00e9lioration de la sant\u00e9 et de la s\u00e9curit\u00e9 au travail dans les Balkans\" \/>\n<meta property=\"og:description\" content=\"SARAJEVO: La troisi\u00e8me et derni\u00e8re phase du projet de sant\u00e9 et de s\u00e9curit\u00e9 au travail de la FIOM pour ses affili\u00e9s dans l&#8217;ex-Yougoslavie a eu lieu du 29 juin au 1er juillet 2010 \u00e0 Sarajevo, Bosnie-Herz\u00e9govine.\u00a0\u00a0 Ce projet qui a d\u00e9but\u00e9 en 2008 \u00e0 Belgrade, Serbie, s&#8217;applique aux secteurs de l&#8217;acier et des m\u00e9taux non [&hellip;]\" \/>\n<meta property=\"og:url\" content=\"https:\/\/admin.industriall-union.org\/fr\/archive\/imf\/amelioration-de-la-sante-et-de-la-securite-au-travail-dans-les-balkans\/\" \/>\n<meta property=\"og:site_name\" content=\"industriall-union\" \/>\n<meta property=\"article:modified_time\" content=\"2025-01-31T09:48:33+00:00\" \/>\n<meta name=\"twitter:card\" content=\"summary_large_image\" \/>\n<meta name=\"twitter:label1\" content=\"Est. reading time\" \/>\n\t<meta name=\"twitter:data1\" content=\"3 minutes\" \/>\n<script type=\"application\/ld+json\" class=\"yoast-schema-graph\">{\"@context\":\"https:\/\/schema.org\",\"@graph\":[{\"@type\":\"WebPage\",\"@id\":\"https:\/\/admin.industriall-union.org\/fr\/archive\/imf\/amelioration-de-la-sante-et-de-la-securite-au-travail-dans-les-balkans\/\",\"url\":\"https:\/\/admin.industriall-union.org\/fr\/archive\/imf\/amelioration-de-la-sante-et-de-la-securite-au-travail-dans-les-balkans\/\",\"name\":\"Am\u00e9lioration de la sant\u00e9 et de la s\u00e9curit\u00e9 au travail dans les Balkans - industriall-union\",\"isPartOf\":{\"@id\":\"https:\/\/admin.industriall-union.org\/#website\"},\"datePublished\":\"2010-07-06T12:16:00+00:00\",\"dateModified\":\"2025-01-31T09:48:33+00:00\",\"breadcrumb\":{\"@id\":\"https:\/\/admin.industriall-union.org\/fr\/archive\/imf\/amelioration-de-la-sante-et-de-la-securite-au-travail-dans-les-balkans\/#breadcrumb\"},\"inLanguage\":\"fr-FR\",\"potentialAction\":[{\"@type\":\"ReadAction\",\"target\":[\"https:\/\/admin.industriall-union.org\/fr\/archive\/imf\/amelioration-de-la-sante-et-de-la-securite-au-travail-dans-les-balkans\/\"]}]},{\"@type\":\"BreadcrumbList\",\"@id\":\"https:\/\/admin.industriall-union.org\/fr\/archive\/imf\/amelioration-de-la-sante-et-de-la-securite-au-travail-dans-les-balkans\/#breadcrumb\",\"itemListElement\":[{\"@type\":\"ListItem\",\"position\":1,\"name\":\"Home\",\"item\":\"https:\/\/admin.industriall-union.org\/\"},{\"@type\":\"ListItem\",\"position\":2,\"name\":\"Archive Imf\",\"item\":\"https:\/\/admin.industriall-union.org\/es\/archive\/imf\/\"},{\"@type\":\"ListItem\",\"position\":3,\"name\":\"Am\u00e9lioration de la sant\u00e9 et de la s\u00e9curit\u00e9 au travail dans les Balkans\"}]},{\"@type\":\"WebSite\",\"@id\":\"https:\/\/admin.industriall-union.org\/#website\",\"url\":\"https:\/\/admin.industriall-union.org\/\",\"name\":\"industriall-union\",\"description\":\"\",\"potentialAction\":[{\"@type\":\"SearchAction\",\"target\":{\"@type\":\"EntryPoint\",\"urlTemplate\":\"https:\/\/admin.industriall-union.org\/?s={search_term_string}\"},\"query-input\":{\"@type\":\"PropertyValueSpecification\",\"valueRequired\":true,\"valueName\":\"search_term_string\"}}],\"inLanguage\":\"fr-FR\"}]}<\/script>\n<!-- \/ Yoast SEO Premium plugin. -->","yoast_head_json":{"title":"Am\u00e9lioration de la sant\u00e9 et de la s\u00e9curit\u00e9 au travail dans les Balkans - industriall-union","robots":{"index":"index","follow":"follow","max-snippet":"max-snippet:-1","max-image-preview":"max-image-preview:large","max-video-preview":"max-video-preview:-1"},"canonical":"https:\/\/admin.industriall-union.org\/fr\/archive\/imf\/amelioration-de-la-sante-et-de-la-securite-au-travail-dans-les-balkans\/","og_locale":"fr_FR","og_type":"article","og_title":"Am\u00e9lioration de la sant\u00e9 et de la s\u00e9curit\u00e9 au travail dans les Balkans","og_description":"SARAJEVO: La troisi\u00e8me et derni\u00e8re phase du projet de sant\u00e9 et de s\u00e9curit\u00e9 au travail de la FIOM pour ses affili\u00e9s dans l&#8217;ex-Yougoslavie a eu lieu du 29 juin au 1er juillet 2010 \u00e0 Sarajevo, Bosnie-Herz\u00e9govine.\u00a0\u00a0 Ce projet qui a d\u00e9but\u00e9 en 2008 \u00e0 Belgrade, Serbie, s&#8217;applique aux secteurs de l&#8217;acier et des m\u00e9taux non [&hellip;]","og_url":"https:\/\/admin.industriall-union.org\/fr\/archive\/imf\/amelioration-de-la-sante-et-de-la-securite-au-travail-dans-les-balkans\/","og_site_name":"industriall-union","article_modified_time":"2025-01-31T09:48:33+00:00","twitter_card":"summary_large_image","twitter_misc":{"Est. reading time":"3 minutes"},"schema":{"@context":"https:\/\/schema.org","@graph":[{"@type":"WebPage","@id":"https:\/\/admin.industriall-union.org\/fr\/archive\/imf\/amelioration-de-la-sante-et-de-la-securite-au-travail-dans-les-balkans\/","url":"https:\/\/admin.industriall-union.org\/fr\/archive\/imf\/amelioration-de-la-sante-et-de-la-securite-au-travail-dans-les-balkans\/","name":"Am\u00e9lioration de la sant\u00e9 et de la s\u00e9curit\u00e9 au travail dans les Balkans - industriall-union","isPartOf":{"@id":"https:\/\/admin.industriall-union.org\/#website"},"datePublished":"2010-07-06T12:16:00+00:00","dateModified":"2025-01-31T09:48:33+00:00","breadcrumb":{"@id":"https:\/\/admin.industriall-union.org\/fr\/archive\/imf\/amelioration-de-la-sante-et-de-la-securite-au-travail-dans-les-balkans\/#breadcrumb"},"inLanguage":"fr-FR","potentialAction":[{"@type":"ReadAction","target":["https:\/\/admin.industriall-union.org\/fr\/archive\/imf\/amelioration-de-la-sante-et-de-la-securite-au-travail-dans-les-balkans\/"]}]},{"@type":"BreadcrumbList","@id":"https:\/\/admin.industriall-union.org\/fr\/archive\/imf\/amelioration-de-la-sante-et-de-la-securite-au-travail-dans-les-balkans\/#breadcrumb","itemListElement":[{"@type":"ListItem","position":1,"name":"Home","item":"https:\/\/admin.industriall-union.org\/"},{"@type":"ListItem","position":2,"name":"Archive Imf","item":"https:\/\/admin.industriall-union.org\/es\/archive\/imf\/"},{"@type":"ListItem","position":3,"name":"Am\u00e9lioration de la sant\u00e9 et de la s\u00e9curit\u00e9 au travail dans les Balkans"}]},{"@type":"WebSite","@id":"https:\/\/admin.industriall-union.org\/#website","url":"https:\/\/admin.industriall-union.org\/","name":"industriall-union","description":"","potentialAction":[{"@type":"SearchAction","target":{"@type":"EntryPoint","urlTemplate":"https:\/\/admin.industriall-union.org\/?s={search_term_string}"},"query-input":{"@type":"PropertyValueSpecification","valueRequired":true,"valueName":"search_term_string"}}],"inLanguage":"fr-FR"}]}},"_links":{"self":[{"href":"https:\/\/admin.industriall-union.org\/fr\/wp-json\/wp\/v2\/archive_imf\/201410","targetHints":{"allow":["GET"]}}],"collection":[{"href":"https:\/\/admin.industriall-union.org\/fr\/wp-json\/wp\/v2\/archive_imf"}],"about":[{"href":"https:\/\/admin.industriall-union.org\/fr\/wp-json\/wp\/v2\/types\/archive_imf"}],"wp:attachment":[{"href":"https:\/\/admin.industriall-union.org\/fr\/wp-json\/wp\/v2\/media?parent=201410"}],"curies":[{"name":"wp","href":"https:\/\/api.w.org\/{rel}","templated":true}]}}