{"id":201361,"date":"2010-07-29T15:00:56","date_gmt":"2010-07-29T15:00:56","guid":{"rendered":"https:\/\/admin.industriall-union.org\/archive\/imf\/la-cour-supreme-de-coree-rend-une-decision-favorable-aux-travailleurs-precaires\/"},"modified":"2025-01-31T09:44:12","modified_gmt":"2025-01-31T09:44:12","slug":"la-cour-supreme-de-coree-rend-une-decision-favorable-aux-travailleurs-precaires","status":"publish","type":"archive_imf","link":"https:\/\/admin.industriall-union.org\/fr\/archive\/imf\/la-cour-supreme-de-coree-rend-une-decision-favorable-aux-travailleurs-precaires\/","title":{"rendered":"La cour supr\u00eame de Cor\u00e9e rend une d\u00e9cision favorable aux travailleurs pr\u00e9caires"},"content":{"rendered":"<p>COR\u00c9E DU SUD: La d\u00e9cision de la cour supr\u00eame de Cor\u00e9e qui a statu\u00e9 le 22 juillet en faveur de M. Choi employ\u00e9 chez Hyundai Motors qui avait \u00e9t\u00e9 licenci\u00e9 en f\u00e9vrier 2005 pour avoir men\u00e9 des activit\u00e9s syndicales alors qu&#8217;il travaillait pour un sous-traitant install\u00e9 dans l&#8217;usine Hyundai \u00e0 Ulsan depuis 2002, est une grande victoire pour toutes les personnes occupant un emploi pr\u00e9caire et pour le syndicat cor\u00e9en des m\u00e9tallurgistes (KMWU).<\/p>  <p>La cour supr\u00eame a statu\u00e9 sur le fait que Choi n&#8217;\u00e9tait pas un travailleur employ\u00e9 en sous-traitance, mais un travailleur affect\u00e9 ill\u00e9galement et qui devait \u00eatre consid\u00e9r\u00e9 comme employ\u00e9 directement par Hyundai apr\u00e8s avoir travaill\u00e9 plus de deux ann\u00e9es cons\u00e9cutives dans l&#8217;usine.<\/p>  <p>Choi avait d\u00e9pos\u00e9 une demande de recours \u00e0 la Commission des relations de travail (LRC) et intent\u00e9 un proc\u00e8s administratif quand il a \u00e9t\u00e9 licenci\u00e9 en 2005. Il insistait sur le fait il s&#8217;agissait d&#8217;un licenciement abusif et que Hyundai Motors \u00e9tait son v\u00e9ritable employeur \u00e0 la place de l&#8217;entreprise sous-traitante. Toutefois, la LRC et les instances inf\u00e9rieures avaient rejet\u00e9 son raisonnement selon lequel la sous-traitance au sein de l&#8217;usine est en fait une affectation de main-d&#8217;\u0153uvre. En outre, les instances inf\u00e9rieures avaient jug\u00e9 que la loi sur l&#8217;affectation de main-d&#8217;\u0153uvre ne pouvait pas s&#8217;appliquer \u00e0 Choi du fait que l&#8217;affectation de main-d&#8217;\u0153uvre \u00e9tait interdite dans l&#8217;industrie de fabrication industrielle en 2005.<\/p>  <p>Toutefois, la cour supr\u00eame a d\u00e9cid\u00e9 s&#8217;il s&#8217;agissait d&#8217;un travailleur affect\u00e9 ill\u00e9galement chez Hyundai Motors, plut\u00f4t que d&#8217;un travailleur en sous-traitance, en ce sens qu&#8217;il \u00e9tait plac\u00e9 sous le contr\u00f4le direct du service des ressources humaines de Hyundai Motors apr\u00e8s avoir \u00e9t\u00e9 employ\u00e9 par l&#8217;une des entreprises sous-traitantes. En outre, le tribunal a \u00e9galement statu\u00e9 sur le fait que l&#8217;affectation ill\u00e9gale doit se faire en application de la clause du suppos\u00e9 &#8217;emploi direct&#8217; pour servir aux fins de la loi sur l&#8217;affectation de main-d&#8217;\u0153uvre. De ce fait la cour supr\u00eame a renvoy\u00e9 l&#8217;affaire devant l&#8217;instance inf\u00e9rieure pour refaire le proc\u00e8s intent\u00e9 par Choi sur la base du jugement de la cour supr\u00eame.<\/p>  <p>Cette d\u00e9cision concernant le statut d&#8217;affectation ill\u00e9gale de main-d&#8217;\u0153uvre a de nombreuses ramifications en Cor\u00e9e du Sud pour les entreprises du secteur de la fabrication industrielle qui utilisent r\u00e9guli\u00e8rement dans leurs usines des sous-traitants qui donnent l&#8217;id\u00e9e fausse d&#8217;un employeur. Dans un tel cas d&#8217;affectation ill\u00e9gale, les travailleurs soi-disant &quot;en sous-traitance&quot; ou en situation irr\u00e9guli\u00e8re travaillent dans les installations de l&#8217;employeur principal aux c\u00f4t\u00e9s du personnel permanent et r\u00e9gulier de l&#8217;employeur principal, en utilisant les mat\u00e9riaux non r\u00e9cup\u00e9rables, les outils et les machines appartenant \u00e0 l&#8217;employeur principal, en suivant les instructions et en \u00e9tant soumis \u00e0 l&#8217;autorit\u00e9 de l&#8217;employeur principal pour fabriquer des produits vendus par l&#8217;employeur principal, mais pay\u00e9s \u00e0 un prix inf\u00e9rieur de 50 \u00e0 60 pour cent du salaire vers\u00e9 aux salari\u00e9s employ\u00e9s directement.<\/p>  <p>Lors d&#8217;une conf\u00e9rence de presse tenue le 26 juillet, la f\u00e9d\u00e9ration cor\u00e9enne des m\u00e9tallurgistes a salu\u00e9 la d\u00e9cision du tribunal et annonc\u00e9 que &quot;ce jugement met un frein \u00e0 la discrimination et \u00e0 l&#8217;extorsion par les employeurs des travailleurs en situation irr\u00e9guli\u00e8re&quot;. <\/p>  <p>Le KMWU a \u00e9galement indiqu\u00e9 qu&#8217;il demandera \u00e0 tous les employeurs qui emploient actuellement une main-d&#8217;\u0153uvre affect\u00e9e ill\u00e9galement, notamment chez Hyundai Motors, de mener une s\u00e9rie sp\u00e9ciale de n\u00e9gociation collective et de proc\u00e9der \u00e0 une s\u00e9rie de recours collectif en justice pour assurer la d\u00e9fense des droits des autres travailleurs licenci\u00e9s ill\u00e9galement.<\/p>  <p>L&#8217;emploi de relations de travail d\u00e9guis\u00e9es chez Hyundai et dans d&#8217;autres entreprises est \u00e9galement l&#8217;objet d&#8217;une plainte d\u00e9pos\u00e9e en 2006 au Comit\u00e9 de la libert\u00e9 syndicale de l&#8217;Organisation internationale du Travail par le KMWU, la conf\u00e9d\u00e9ration cor\u00e9enne des syndicats et la FIOM. <\/p>  <p>La plainte accuse le gouvernement cor\u00e9en d&#8217;avoir n\u00e9glig\u00e9 de prot\u00e9ger les travailleurs et les travailleuses en situation irr\u00e9guli\u00e8re et d&#8217;avoir facilit\u00e9 le non-respect des droits qui rel\u00e8vent de la libert\u00e9 syndicale, de la n\u00e9gociation collective et de l&#8217;action collective, et ce en infraction aux conventions de l&#8217;OIT 87 et 98. La <a href=\"..\/index.cfm?id=622&amp;l=2&amp;cid=17915\" target=\"_blank\">plainte<\/a>, affaire num\u00e9ro 2602, donne des pr\u00e9cisions sur une s\u00e9rie d&#8217;infractions dans les usines Hyundai Motors \u00e0 Ulsan, Asan et Jeonju, et chez Hynix\/Magnachip, Kiryung Electronics et KM&amp;I. <\/p>  <p>Dans ses rapports sur la plainte publi\u00e9s en <a href=\"..\/index.cfm?id=622&amp;l=2&amp;cid=21531\">novembre 2009<\/a> et en <a href=\"..\/index.cfm?id=622&amp;l=2&amp;cid=17916\">juillet 2008<\/a>, l&#8217;OIT demande au gouvernement cor\u00e9en de mettre en \u0153uvre une v\u00e9ritable r\u00e9forme de la l\u00e9gislation du travail pour \u00e9liminer les obstacles et permettre ainsi aux travailleurs et aux travailleuses en situation pr\u00e9caire d&#8217;adh\u00e9rer \u00e0 un syndicat ou de n\u00e9gocier collectivement.<\/p>  <p>La FIOM continuera de soutenir le KMWU en faisant pression sur le gouvernement cor\u00e9en pour les questions en suspens dans la r\u00e9forme de la l\u00e9gislation du travail et pour mettre la l\u00e9gislation du travail de ce pays en conformit\u00e9 avec les normes internationales.<\/p>    ","protected":false},"featured_media":0,"template":"","class_list":["post-201361","archive_imf","type-archive_imf","status-publish","hentry"],"acf":[],"yoast_head":"<!-- This site is optimized with the Yoast SEO Premium plugin v27.1 (Yoast SEO v27.1) - https:\/\/yoast.com\/product\/yoast-seo-premium-wordpress\/ -->\n<title>La cour supr\u00eame de Cor\u00e9e rend une d\u00e9cision favorable aux travailleurs pr\u00e9caires - industriall-union<\/title>\n<meta name=\"robots\" content=\"index, follow, max-snippet:-1, max-image-preview:large, max-video-preview:-1\" \/>\n<link rel=\"canonical\" href=\"https:\/\/admin.industriall-union.org\/fr\/archive\/imf\/la-cour-supreme-de-coree-rend-une-decision-favorable-aux-travailleurs-precaires\/\" \/>\n<meta property=\"og:locale\" content=\"fr_FR\" \/>\n<meta property=\"og:type\" content=\"article\" \/>\n<meta property=\"og:title\" content=\"La cour supr\u00eame de Cor\u00e9e rend une d\u00e9cision favorable aux travailleurs pr\u00e9caires\" \/>\n<meta property=\"og:description\" content=\"COR\u00c9E DU SUD: La d\u00e9cision de la cour supr\u00eame de Cor\u00e9e qui a statu\u00e9 le 22 juillet en faveur de M. Choi employ\u00e9 chez Hyundai Motors qui avait \u00e9t\u00e9 licenci\u00e9 en f\u00e9vrier 2005 pour avoir men\u00e9 des activit\u00e9s syndicales alors qu&#8217;il travaillait pour un sous-traitant install\u00e9 dans l&#8217;usine Hyundai \u00e0 Ulsan depuis 2002, est une [&hellip;]\" \/>\n<meta property=\"og:url\" content=\"https:\/\/admin.industriall-union.org\/fr\/archive\/imf\/la-cour-supreme-de-coree-rend-une-decision-favorable-aux-travailleurs-precaires\/\" \/>\n<meta property=\"og:site_name\" content=\"industriall-union\" \/>\n<meta property=\"article:modified_time\" content=\"2025-01-31T09:44:12+00:00\" \/>\n<meta name=\"twitter:card\" content=\"summary_large_image\" \/>\n<meta name=\"twitter:label1\" content=\"Est. reading time\" \/>\n\t<meta name=\"twitter:data1\" content=\"4 minutes\" \/>\n<script type=\"application\/ld+json\" class=\"yoast-schema-graph\">{\"@context\":\"https:\/\/schema.org\",\"@graph\":[{\"@type\":\"WebPage\",\"@id\":\"https:\/\/admin.industriall-union.org\/fr\/archive\/imf\/la-cour-supreme-de-coree-rend-une-decision-favorable-aux-travailleurs-precaires\/\",\"url\":\"https:\/\/admin.industriall-union.org\/fr\/archive\/imf\/la-cour-supreme-de-coree-rend-une-decision-favorable-aux-travailleurs-precaires\/\",\"name\":\"La cour supr\u00eame de Cor\u00e9e rend une d\u00e9cision favorable aux travailleurs pr\u00e9caires - industriall-union\",\"isPartOf\":{\"@id\":\"https:\/\/admin.industriall-union.org\/ru\/#website\"},\"datePublished\":\"2010-07-29T15:00:56+00:00\",\"dateModified\":\"2025-01-31T09:44:12+00:00\",\"breadcrumb\":{\"@id\":\"https:\/\/admin.industriall-union.org\/fr\/archive\/imf\/la-cour-supreme-de-coree-rend-une-decision-favorable-aux-travailleurs-precaires\/#breadcrumb\"},\"inLanguage\":\"fr-FR\",\"potentialAction\":[{\"@type\":\"ReadAction\",\"target\":[\"https:\/\/admin.industriall-union.org\/fr\/archive\/imf\/la-cour-supreme-de-coree-rend-une-decision-favorable-aux-travailleurs-precaires\/\"]}]},{\"@type\":\"BreadcrumbList\",\"@id\":\"https:\/\/admin.industriall-union.org\/fr\/archive\/imf\/la-cour-supreme-de-coree-rend-une-decision-favorable-aux-travailleurs-precaires\/#breadcrumb\",\"itemListElement\":[{\"@type\":\"ListItem\",\"position\":1,\"name\":\"Home\",\"item\":\"https:\/\/admin.industriall-union.org\/ru\/\"},{\"@type\":\"ListItem\",\"position\":2,\"name\":\"Archive Imf\",\"item\":\"https:\/\/admin.industriall-union.org\/fr\/archive\/imf\/\"},{\"@type\":\"ListItem\",\"position\":3,\"name\":\"La cour supr\u00eame de Cor\u00e9e rend une d\u00e9cision favorable aux travailleurs pr\u00e9caires\"}]},{\"@type\":\"WebSite\",\"@id\":\"https:\/\/admin.industriall-union.org\/ru\/#website\",\"url\":\"https:\/\/admin.industriall-union.org\/ru\/\",\"name\":\"industriall-union\",\"description\":\"\",\"potentialAction\":[{\"@type\":\"SearchAction\",\"target\":{\"@type\":\"EntryPoint\",\"urlTemplate\":\"https:\/\/admin.industriall-union.org\/ru\/?s={search_term_string}\"},\"query-input\":{\"@type\":\"PropertyValueSpecification\",\"valueRequired\":true,\"valueName\":\"search_term_string\"}}],\"inLanguage\":\"fr-FR\"}]}<\/script>\n<!-- \/ Yoast SEO Premium plugin. -->","yoast_head_json":{"title":"La cour supr\u00eame de Cor\u00e9e rend une d\u00e9cision favorable aux travailleurs pr\u00e9caires - industriall-union","robots":{"index":"index","follow":"follow","max-snippet":"max-snippet:-1","max-image-preview":"max-image-preview:large","max-video-preview":"max-video-preview:-1"},"canonical":"https:\/\/admin.industriall-union.org\/fr\/archive\/imf\/la-cour-supreme-de-coree-rend-une-decision-favorable-aux-travailleurs-precaires\/","og_locale":"fr_FR","og_type":"article","og_title":"La cour supr\u00eame de Cor\u00e9e rend une d\u00e9cision favorable aux travailleurs pr\u00e9caires","og_description":"COR\u00c9E DU SUD: La d\u00e9cision de la cour supr\u00eame de Cor\u00e9e qui a statu\u00e9 le 22 juillet en faveur de M. Choi employ\u00e9 chez Hyundai Motors qui avait \u00e9t\u00e9 licenci\u00e9 en f\u00e9vrier 2005 pour avoir men\u00e9 des activit\u00e9s syndicales alors qu&#8217;il travaillait pour un sous-traitant install\u00e9 dans l&#8217;usine Hyundai \u00e0 Ulsan depuis 2002, est une [&hellip;]","og_url":"https:\/\/admin.industriall-union.org\/fr\/archive\/imf\/la-cour-supreme-de-coree-rend-une-decision-favorable-aux-travailleurs-precaires\/","og_site_name":"industriall-union","article_modified_time":"2025-01-31T09:44:12+00:00","twitter_card":"summary_large_image","twitter_misc":{"Est. reading time":"4 minutes"},"schema":{"@context":"https:\/\/schema.org","@graph":[{"@type":"WebPage","@id":"https:\/\/admin.industriall-union.org\/fr\/archive\/imf\/la-cour-supreme-de-coree-rend-une-decision-favorable-aux-travailleurs-precaires\/","url":"https:\/\/admin.industriall-union.org\/fr\/archive\/imf\/la-cour-supreme-de-coree-rend-une-decision-favorable-aux-travailleurs-precaires\/","name":"La cour supr\u00eame de Cor\u00e9e rend une d\u00e9cision favorable aux travailleurs pr\u00e9caires - industriall-union","isPartOf":{"@id":"https:\/\/admin.industriall-union.org\/ru\/#website"},"datePublished":"2010-07-29T15:00:56+00:00","dateModified":"2025-01-31T09:44:12+00:00","breadcrumb":{"@id":"https:\/\/admin.industriall-union.org\/fr\/archive\/imf\/la-cour-supreme-de-coree-rend-une-decision-favorable-aux-travailleurs-precaires\/#breadcrumb"},"inLanguage":"fr-FR","potentialAction":[{"@type":"ReadAction","target":["https:\/\/admin.industriall-union.org\/fr\/archive\/imf\/la-cour-supreme-de-coree-rend-une-decision-favorable-aux-travailleurs-precaires\/"]}]},{"@type":"BreadcrumbList","@id":"https:\/\/admin.industriall-union.org\/fr\/archive\/imf\/la-cour-supreme-de-coree-rend-une-decision-favorable-aux-travailleurs-precaires\/#breadcrumb","itemListElement":[{"@type":"ListItem","position":1,"name":"Home","item":"https:\/\/admin.industriall-union.org\/ru\/"},{"@type":"ListItem","position":2,"name":"Archive Imf","item":"https:\/\/admin.industriall-union.org\/fr\/archive\/imf\/"},{"@type":"ListItem","position":3,"name":"La cour supr\u00eame de Cor\u00e9e rend une d\u00e9cision favorable aux travailleurs pr\u00e9caires"}]},{"@type":"WebSite","@id":"https:\/\/admin.industriall-union.org\/ru\/#website","url":"https:\/\/admin.industriall-union.org\/ru\/","name":"industriall-union","description":"","potentialAction":[{"@type":"SearchAction","target":{"@type":"EntryPoint","urlTemplate":"https:\/\/admin.industriall-union.org\/ru\/?s={search_term_string}"},"query-input":{"@type":"PropertyValueSpecification","valueRequired":true,"valueName":"search_term_string"}}],"inLanguage":"fr-FR"}]}},"_links":{"self":[{"href":"https:\/\/admin.industriall-union.org\/fr\/wp-json\/wp\/v2\/archive_imf\/201361","targetHints":{"allow":["GET"]}}],"collection":[{"href":"https:\/\/admin.industriall-union.org\/fr\/wp-json\/wp\/v2\/archive_imf"}],"about":[{"href":"https:\/\/admin.industriall-union.org\/fr\/wp-json\/wp\/v2\/types\/archive_imf"}],"wp:attachment":[{"href":"https:\/\/admin.industriall-union.org\/fr\/wp-json\/wp\/v2\/media?parent=201361"}],"curies":[{"name":"wp","href":"https:\/\/api.w.org\/{rel}","templated":true}]}}