{"id":201175,"date":"2010-09-17T09:10:00","date_gmt":"2010-09-17T09:10:00","guid":{"rendered":"https:\/\/admin.industriall-union.org\/archive\/imf\/les-syndicats-japonais-veulent-syndiquer-les-travailleurs-precaires\/"},"modified":"2025-01-31T09:39:17","modified_gmt":"2025-01-31T09:39:17","slug":"les-syndicats-japonais-veulent-syndiquer-les-travailleurs-precaires","status":"publish","type":"archive_imf","link":"https:\/\/admin.industriall-union.org\/fr\/archive\/imf\/les-syndicats-japonais-veulent-syndiquer-les-travailleurs-precaires\/","title":{"rendered":"Les syndicats japonais veulent syndiquer les travailleurs pr\u00e9caires"},"content":{"rendered":"<p>JAPON: L&#8217;affili\u00e9 de la FIOM, FIOM-JC, a r\u00e9\u00e9lu Koichiro Nishihara pr\u00e9sident et Hideyuki Wakamatsu secr\u00e9taire g\u00e9n\u00e9ral \u00e0 son 49<sup>e<\/sup> Congr\u00e8s annuel le\u00a07 septembre \u00e0 Tokyo. Et pour la premi\u00e8re fois, deux repr\u00e9sentantes des femmes ont \u00e9t\u00e9 \u00e9lues au comit\u00e9 ex\u00e9cutif du conseil des syndicats japonais.<\/p><p>Les 230 d\u00e9l\u00e9gu\u00e9(e)s au Congr\u00e8s ont adopt\u00e9 un nouveau <a href=\"..\/files\/10091711073166\/IMF-JC_Action_Program_2011-2012.pdf\">Programme d&#8217;action 2011-2012<\/a>, qui vise l&#8217;am\u00e9lioration des conditions de vie et du milieu de travail des m\u00e9tallurgistes. Le programme met l&#8217;accent sur la n\u00e9cessit\u00e9 d&#8217;une politique industrielle durable, sur les technologies de pointe et sur l&#8217;\u00e9ducation pour revitaliser les industries de fabrication et en faire un moteur de croissance.<\/p><p>Une attention particuli\u00e8re est port\u00e9e \u00e0 l&#8217;am\u00e9lioration des conditions des travailleurs et des travailleuses occupant un emploi pr\u00e9caire ou non r\u00e9gulier, qui repr\u00e9sentent le tiers de la main-d&#8217;\u0153uvre au Japon. Selon les statistiques du gouvernement, le revenu des personnes travaillant irr\u00e9guli\u00e8rement \u00e9quivaut \u00e0 la moiti\u00e9 du revenu annuel des salari\u00e9s occupant un emploi r\u00e9gulier dans la fabrication industrielle.<\/p><p>Le programme d&#8217;action marque un attachement r\u00e9solu au travail accompli par la FIOM et au d\u00e9veloppement de liens avec les syndicats de m\u00e9tallurgistes de la r\u00e9gion Asie-Pacifique et dans d&#8217;autres parties du monde. FIOM-JC s&#8217;engagent \u00e0 favoriser de solides relations entre les syndicats et le patronat dans les entreprises japonaises \u00e0 l&#8217;\u00e9tranger.<\/p><p>Le secr\u00e9taire g\u00e9n\u00e9rale de la FIOM, Jyrki Raina, a pris la parole au congr\u00e8s, et a tenu une r\u00e9union dans un s\u00e9minaire consacr\u00e9 aux r\u00e9seaux syndicaux dans les soci\u00e9t\u00e9s transnationales. FIOM-JC a d\u00e9cid\u00e9 de poursuivre l&#8217;examen de formes de r\u00e9seaux adapt\u00e9es \u00e0 certaines entreprises japonaises.<\/p><p>Le 9 septembre, la conf\u00e9d\u00e9ration japonaise des travailleurs de l&#8217;industrie automobile (JAW) a r\u00e9\u00e9lu Koichiro Nishihara pr\u00e9sident et Yasunobu Aihara secr\u00e9taire g\u00e9n\u00e9ral. Le pr\u00e9sident Nishihara a dit aux 580 d\u00e9l\u00e9gu\u00e9(e)s que JAW s&#8217;\u00e9tait fix\u00e9 comme objectif la syndicalisation de 26.000 travailleurs et travailleuses occupant des emplois non r\u00e9guliers dans l&#8217;industrie automobile, et de mettre un terme au d\u00e9veloppement de l&#8217;emploi pr\u00e9caire.<\/p><p>Nishihara a parl\u00e9 de la n\u00e9cessit\u00e9 de garantir les droits des travailleurs et des travailleuses dans les accords de libre-\u00e9change. Il a annonc\u00e9 que JAW sera solidaire des syndicats d&#8217;autres pays et apportera son soutien pour r\u00e9soudre les probl\u00e8mes rencontr\u00e9s dans les entreprises japonaises de l&#8217;automobile \u00e0 l&#8217;\u00e9tranger.<\/p>","protected":false},"featured_media":0,"template":"","class_list":["post-201175","archive_imf","type-archive_imf","status-publish","hentry"],"acf":[],"yoast_head":"<!-- This site is optimized with the Yoast SEO Premium plugin v27.1 (Yoast SEO v27.1) - https:\/\/yoast.com\/product\/yoast-seo-premium-wordpress\/ -->\n<title>Les syndicats japonais veulent syndiquer les travailleurs pr\u00e9caires - industriall-union<\/title>\n<meta name=\"robots\" content=\"index, follow, max-snippet:-1, max-image-preview:large, max-video-preview:-1\" \/>\n<link rel=\"canonical\" href=\"https:\/\/admin.industriall-union.org\/fr\/archive\/imf\/les-syndicats-japonais-veulent-syndiquer-les-travailleurs-precaires\/\" \/>\n<meta property=\"og:locale\" content=\"fr_FR\" \/>\n<meta property=\"og:type\" content=\"article\" \/>\n<meta property=\"og:title\" content=\"Les syndicats japonais veulent syndiquer les travailleurs pr\u00e9caires\" \/>\n<meta property=\"og:description\" content=\"JAPON: L&#8217;affili\u00e9 de la FIOM, FIOM-JC, a r\u00e9\u00e9lu Koichiro Nishihara pr\u00e9sident et Hideyuki Wakamatsu secr\u00e9taire g\u00e9n\u00e9ral \u00e0 son 49e Congr\u00e8s annuel le\u00a07 septembre \u00e0 Tokyo. Et pour la premi\u00e8re fois, deux repr\u00e9sentantes des femmes ont \u00e9t\u00e9 \u00e9lues au comit\u00e9 ex\u00e9cutif du conseil des syndicats japonais. Les 230 d\u00e9l\u00e9gu\u00e9(e)s au Congr\u00e8s ont adopt\u00e9 un nouveau Programme [&hellip;]\" \/>\n<meta property=\"og:url\" content=\"https:\/\/admin.industriall-union.org\/fr\/archive\/imf\/les-syndicats-japonais-veulent-syndiquer-les-travailleurs-precaires\/\" \/>\n<meta property=\"og:site_name\" content=\"industriall-union\" \/>\n<meta property=\"article:modified_time\" content=\"2025-01-31T09:39:17+00:00\" \/>\n<meta name=\"twitter:card\" content=\"summary_large_image\" \/>\n<meta name=\"twitter:label1\" content=\"Est. reading time\" \/>\n\t<meta name=\"twitter:data1\" content=\"2 minutes\" \/>\n<script type=\"application\/ld+json\" class=\"yoast-schema-graph\">{\"@context\":\"https:\/\/schema.org\",\"@graph\":[{\"@type\":\"WebPage\",\"@id\":\"https:\/\/admin.industriall-union.org\/fr\/archive\/imf\/les-syndicats-japonais-veulent-syndiquer-les-travailleurs-precaires\/\",\"url\":\"https:\/\/admin.industriall-union.org\/fr\/archive\/imf\/les-syndicats-japonais-veulent-syndiquer-les-travailleurs-precaires\/\",\"name\":\"Les syndicats japonais veulent syndiquer les travailleurs pr\u00e9caires - industriall-union\",\"isPartOf\":{\"@id\":\"https:\/\/admin.industriall-union.org\/#website\"},\"datePublished\":\"2010-09-17T09:10:00+00:00\",\"dateModified\":\"2025-01-31T09:39:17+00:00\",\"breadcrumb\":{\"@id\":\"https:\/\/admin.industriall-union.org\/fr\/archive\/imf\/les-syndicats-japonais-veulent-syndiquer-les-travailleurs-precaires\/#breadcrumb\"},\"inLanguage\":\"fr-FR\",\"potentialAction\":[{\"@type\":\"ReadAction\",\"target\":[\"https:\/\/admin.industriall-union.org\/fr\/archive\/imf\/les-syndicats-japonais-veulent-syndiquer-les-travailleurs-precaires\/\"]}]},{\"@type\":\"BreadcrumbList\",\"@id\":\"https:\/\/admin.industriall-union.org\/fr\/archive\/imf\/les-syndicats-japonais-veulent-syndiquer-les-travailleurs-precaires\/#breadcrumb\",\"itemListElement\":[{\"@type\":\"ListItem\",\"position\":1,\"name\":\"Home\",\"item\":\"https:\/\/admin.industriall-union.org\/\"},{\"@type\":\"ListItem\",\"position\":2,\"name\":\"Archive Imf\",\"item\":\"https:\/\/admin.industriall-union.org\/es\/archive\/imf\/\"},{\"@type\":\"ListItem\",\"position\":3,\"name\":\"Les syndicats japonais veulent syndiquer les travailleurs pr\u00e9caires\"}]},{\"@type\":\"WebSite\",\"@id\":\"https:\/\/admin.industriall-union.org\/#website\",\"url\":\"https:\/\/admin.industriall-union.org\/\",\"name\":\"industriall-union\",\"description\":\"\",\"potentialAction\":[{\"@type\":\"SearchAction\",\"target\":{\"@type\":\"EntryPoint\",\"urlTemplate\":\"https:\/\/admin.industriall-union.org\/?s={search_term_string}\"},\"query-input\":{\"@type\":\"PropertyValueSpecification\",\"valueRequired\":true,\"valueName\":\"search_term_string\"}}],\"inLanguage\":\"fr-FR\"}]}<\/script>\n<!-- \/ Yoast SEO Premium plugin. -->","yoast_head_json":{"title":"Les syndicats japonais veulent syndiquer les travailleurs pr\u00e9caires - industriall-union","robots":{"index":"index","follow":"follow","max-snippet":"max-snippet:-1","max-image-preview":"max-image-preview:large","max-video-preview":"max-video-preview:-1"},"canonical":"https:\/\/admin.industriall-union.org\/fr\/archive\/imf\/les-syndicats-japonais-veulent-syndiquer-les-travailleurs-precaires\/","og_locale":"fr_FR","og_type":"article","og_title":"Les syndicats japonais veulent syndiquer les travailleurs pr\u00e9caires","og_description":"JAPON: L&#8217;affili\u00e9 de la FIOM, FIOM-JC, a r\u00e9\u00e9lu Koichiro Nishihara pr\u00e9sident et Hideyuki Wakamatsu secr\u00e9taire g\u00e9n\u00e9ral \u00e0 son 49e Congr\u00e8s annuel le\u00a07 septembre \u00e0 Tokyo. Et pour la premi\u00e8re fois, deux repr\u00e9sentantes des femmes ont \u00e9t\u00e9 \u00e9lues au comit\u00e9 ex\u00e9cutif du conseil des syndicats japonais. Les 230 d\u00e9l\u00e9gu\u00e9(e)s au Congr\u00e8s ont adopt\u00e9 un nouveau Programme [&hellip;]","og_url":"https:\/\/admin.industriall-union.org\/fr\/archive\/imf\/les-syndicats-japonais-veulent-syndiquer-les-travailleurs-precaires\/","og_site_name":"industriall-union","article_modified_time":"2025-01-31T09:39:17+00:00","twitter_card":"summary_large_image","twitter_misc":{"Est. reading time":"2 minutes"},"schema":{"@context":"https:\/\/schema.org","@graph":[{"@type":"WebPage","@id":"https:\/\/admin.industriall-union.org\/fr\/archive\/imf\/les-syndicats-japonais-veulent-syndiquer-les-travailleurs-precaires\/","url":"https:\/\/admin.industriall-union.org\/fr\/archive\/imf\/les-syndicats-japonais-veulent-syndiquer-les-travailleurs-precaires\/","name":"Les syndicats japonais veulent syndiquer les travailleurs pr\u00e9caires - industriall-union","isPartOf":{"@id":"https:\/\/admin.industriall-union.org\/#website"},"datePublished":"2010-09-17T09:10:00+00:00","dateModified":"2025-01-31T09:39:17+00:00","breadcrumb":{"@id":"https:\/\/admin.industriall-union.org\/fr\/archive\/imf\/les-syndicats-japonais-veulent-syndiquer-les-travailleurs-precaires\/#breadcrumb"},"inLanguage":"fr-FR","potentialAction":[{"@type":"ReadAction","target":["https:\/\/admin.industriall-union.org\/fr\/archive\/imf\/les-syndicats-japonais-veulent-syndiquer-les-travailleurs-precaires\/"]}]},{"@type":"BreadcrumbList","@id":"https:\/\/admin.industriall-union.org\/fr\/archive\/imf\/les-syndicats-japonais-veulent-syndiquer-les-travailleurs-precaires\/#breadcrumb","itemListElement":[{"@type":"ListItem","position":1,"name":"Home","item":"https:\/\/admin.industriall-union.org\/"},{"@type":"ListItem","position":2,"name":"Archive Imf","item":"https:\/\/admin.industriall-union.org\/es\/archive\/imf\/"},{"@type":"ListItem","position":3,"name":"Les syndicats japonais veulent syndiquer les travailleurs pr\u00e9caires"}]},{"@type":"WebSite","@id":"https:\/\/admin.industriall-union.org\/#website","url":"https:\/\/admin.industriall-union.org\/","name":"industriall-union","description":"","potentialAction":[{"@type":"SearchAction","target":{"@type":"EntryPoint","urlTemplate":"https:\/\/admin.industriall-union.org\/?s={search_term_string}"},"query-input":{"@type":"PropertyValueSpecification","valueRequired":true,"valueName":"search_term_string"}}],"inLanguage":"fr-FR"}]}},"_links":{"self":[{"href":"https:\/\/admin.industriall-union.org\/fr\/wp-json\/wp\/v2\/archive_imf\/201175","targetHints":{"allow":["GET"]}}],"collection":[{"href":"https:\/\/admin.industriall-union.org\/fr\/wp-json\/wp\/v2\/archive_imf"}],"about":[{"href":"https:\/\/admin.industriall-union.org\/fr\/wp-json\/wp\/v2\/types\/archive_imf"}],"wp:attachment":[{"href":"https:\/\/admin.industriall-union.org\/fr\/wp-json\/wp\/v2\/media?parent=201175"}],"curies":[{"name":"wp","href":"https:\/\/api.w.org\/{rel}","templated":true}]}}