{"id":201129,"date":"2010-09-26T19:20:00","date_gmt":"2010-09-26T19:20:00","guid":{"rendered":"https:\/\/admin.industriall-union.org\/archive\/imf\/les-metallurgistes-europeens-et-africains-examinent-la-question-des-ape-et-des-emplois-industriels-en-afrique\/"},"modified":"2025-01-31T09:39:02","modified_gmt":"2025-01-31T09:39:02","slug":"les-metallurgistes-europeens-et-africains-examinent-la-question-des-ape-et-des-emplois-industriels-en-afrique","status":"publish","type":"archive_imf","link":"https:\/\/admin.industriall-union.org\/fr\/archive\/imf\/les-metallurgistes-europeens-et-africains-examinent-la-question-des-ape-et-des-emplois-industriels-en-afrique\/","title":{"rendered":"Les m\u00e9tallurgistes europ\u00e9ens et africains examinent la question des AP\u00c9 et des emplois industriels en Afrique"},"content":{"rendered":"  <p>AFRIQUE: Les dirigeants des syndicats de m\u00e9tallurgistes affili\u00e9s \u00e0 la FIOM en Europe et dans 14 pays d&#8217;Afrique anglophone et lusophone, ainsi que la F\u00e9d\u00e9ration europ\u00e9enne des m\u00e9tallurgistes (FEM) se sont r\u00e9unis \u00e0 Johannesburg, Afrique du Sud, du 21 au 23 septembre, pour examiner les r\u00e9percussions des accords de partenariat \u00e9conomique (AP\u00c9) entre l&#8217;UE et les pays africains sur l&#8217;emploi et l&#8217;industrialisation dans les pays en d\u00e9veloppement et en \u00e9mergence.<\/p>  <p>Le r\u00f4le de l&#8217;Afrique dans le commerce mondial en tant que fournisseur important de mati\u00e8res premi\u00e8res &#8211; \u00e9nergie et min\u00e9raux &#8211; et comme grand march\u00e9 pour l&#8217;expansion de plus en plus forte de la Chine, a fait l&#8217;objet d&#8217;une analyse. Les participants africains ont exprim\u00e9 des pr\u00e9occupations sur la pression exerc\u00e9e par l&#8217;UE sur les gouvernements africains dans les n\u00e9gociations sur les AP\u00c9 actuellement en cours pour obtenir une ouverture des march\u00e9s dans des secteurs avec une grande intensit\u00e9 de main-d&#8217;\u0153uvre ou qui rev\u00eatent une importance strat\u00e9gique pour leurs politiques sociale et de d\u00e9veloppement. La cons\u00e9quence pr\u00e9visible serait une perte grave d&#8217;espace politique pour les pays africains, et leurs politiques de l&#8217;emploi et de d\u00e9veloppement industriel seraient ainsi gravement compromises.<\/p>  <p>Il est int\u00e9ressant de constater que les participants appartenant \u00e0 des pays industrialis\u00e9s comme le Canada ont fait \u00e9tat de pr\u00e9occupations similaires \u00e0 l&#8217;\u00e9valuation n\u00e9gative des syndicats sur l&#8217;impact potentiel d&#8217;un AP\u00c9 entre leur pays et l&#8217;UE. De m\u00eame, l&#8217;exp\u00e9rience en Inde avec la lib\u00e9ralisation des \u00e9changes a \u00e9t\u00e9 analys\u00e9e en profondeur avec comme conclusion qu&#8217;un accord possible ALE UE-Inde fait \u00e9cho aux pr\u00e9occupations exprim\u00e9es par les participants africains et europ\u00e9ens<\/p>  <p>Une critique a \u00e9t\u00e9 exprim\u00e9e sur l&#8217;insistance de l&#8217;UE pour introduire dans les AP\u00c9 certaines clauses, p. ex. celle de la NPF (nation la plus favoris\u00e9e), qui porterait gravement atteinte aux perspectives de l&#8217;Afrique pour une coop\u00e9ration Sud-Sud et \u00e0 son choix d&#8217;autres partenaires commerciaux. En outre, la strat\u00e9gie de l&#8217;UE portant sur des n\u00e9gociations s\u00e9par\u00e9es avec les pays africains compromet les efforts de l&#8217;Afrique vers une int\u00e9gration r\u00e9gionale indispensable, notamment pour l&#8217;int\u00e9gration des cha\u00eenes de production et pour l&#8217;industrialisation. \u00c0 cet \u00e9gard, une analyse approfondie de l&#8217;exp\u00e9rience des syndicats en Am\u00e9rique latine avec des processus d&#8217;int\u00e9gration r\u00e9gionale a \u00e9t\u00e9 pr\u00e9sent\u00e9e.<\/p>  <p>Lors d&#8217;une table ronde avec le gouvernement sud-africain, le repr\u00e9sentant du minist\u00e8re du Commerce et de l&#8217;Industrie a pr\u00e9sent\u00e9 le nouveau cadre de politique commerciale qui met l&#8217;accent sur l&#8217;int\u00e9gration strat\u00e9gique de mesures cibl\u00e9es de lib\u00e9ralisation commerciale portant sur des objectifs de politique industrielle. Dans ce contexte, la politique tarifaire devient un instrument de politique industrielle. Le cadre, fond\u00e9 sur la sauvegarde de l&#8217;espace politique en Afrique du Sud dans les n\u00e9gociations multilat\u00e9rales et bilat\u00e9rales, sur les relations Sud-Sud, et sur l&#8217;objectif du travail d\u00e9cent, s&#8217;inspire d&#8217;un mod\u00e8le d&#8217;int\u00e9gration du r\u00e9gionalisme de croissance. Le d\u00e9veloppement des cha\u00eenes de valeur r\u00e9gionales avec l&#8217;\u00e9dification d&#8217;une compl\u00e9mentarit\u00e9 industrielle est encore possible pour l&#8217;Afrique \u00e0 l&#8217;\u00e8re de la mondialisation. Une nouvelle approche est mise en place dans les relations \u00e9conomiques avec la Chine. Le repr\u00e9sentant du minist\u00e8re du D\u00e9veloppement \u00e9conomique a soulign\u00e9 la cr\u00e9ation r\u00e9ussie de deux millions de nouveaux emplois, qui malheureusement ne se trouvent pas dans la fabrication industrielle mais dans les services, et qui sont destin\u00e9s \u00e0 des gens riches. Ceci refl\u00e8te une disparit\u00e9 croissante des revenus dont il faut tenir compte de toute urgence. En outre, des mesures sociales doivent \u00eatre adopt\u00e9es parall\u00e8lement \u00e0 des politiques de d\u00e9veloppement industriel pour assurer un revenu aux personnes au ch\u00f4mage en attendant la cr\u00e9ation d&#8217;emplois dans l&#8217;industrie &#8211; ce qui prend du temps. Il faut prendre en consid\u00e9ration toutes les mesures de politique de d\u00e9veloppement de mani\u00e8re int\u00e9gr\u00e9e et s&#8217;attaquer dans le m\u00eame temps aux in\u00e9galit\u00e9s. Les objectifs du d\u00e9veloppement r\u00e9gional ne peuvent \u00eatre trait\u00e9s par des slogans, et des mesures r\u00e9alistes doivent \u00eatre adopt\u00e9es pour g\u00e9rer la transition sans perdre des emplois.<\/p>  <p>Toutes les personnes assistant \u00e0 la r\u00e9union, notamment celles venues des pays africains et europ\u00e9ens, ont convenu de la n\u00e9cessit\u00e9 d&#8217;\u00e9tablir un dialogue permanent entre les m\u00e9tallurgistes des pays concern\u00e9s par les n\u00e9gociations des AP\u00c9 pour traiter de toute urgence tous les aspects potentiellement pr\u00e9judiciables aux travailleurs et aux travailleuses, et pour rechercher conjointement des solutions de compromis \u00e9quitable pour r\u00e9gler les conflits d&#8217;int\u00e9r\u00eat qui pourraient surgir entre travailleurs\/travailleuses des pays concern\u00e9s. Il est demand\u00e9 aux organisations syndicales internationales et r\u00e9gionales de faciliter cette recherche de solidarit\u00e9. Les d\u00e9l\u00e9gu\u00e9(e)s d&#8217;Afrique ont propos\u00e9 \u00e0 leurs homologues d&#8217;Europe de soutenir par des initiatives concr\u00e8tes le droit des pays africains \u00e0 l&#8217;autod\u00e9termination, et la mise en place d&#8217;actions communes.<\/p>  Le texte de toutes les contributions sera bient\u00f4t disponible.  ","protected":false},"featured_media":0,"template":"","class_list":["post-201129","archive_imf","type-archive_imf","status-publish","hentry"],"acf":[],"yoast_head":"<!-- This site is optimized with the Yoast SEO Premium plugin v27.1 (Yoast SEO v27.1) - https:\/\/yoast.com\/product\/yoast-seo-premium-wordpress\/ -->\n<title>Les m\u00e9tallurgistes europ\u00e9ens et africains examinent la question des AP\u00c9 et des emplois industriels en Afrique - industriall-union<\/title>\n<meta name=\"robots\" content=\"index, follow, max-snippet:-1, max-image-preview:large, max-video-preview:-1\" \/>\n<link rel=\"canonical\" href=\"https:\/\/admin.industriall-union.org\/fr\/archive\/imf\/les-metallurgistes-europeens-et-africains-examinent-la-question-des-ape-et-des-emplois-industriels-en-afrique\/\" \/>\n<meta property=\"og:locale\" content=\"fr_FR\" \/>\n<meta property=\"og:type\" content=\"article\" \/>\n<meta property=\"og:title\" content=\"Les m\u00e9tallurgistes europ\u00e9ens et africains examinent la question des AP\u00c9 et des emplois industriels en Afrique\" \/>\n<meta property=\"og:description\" content=\"AFRIQUE: Les dirigeants des syndicats de m\u00e9tallurgistes affili\u00e9s \u00e0 la FIOM en Europe et dans 14 pays d&#8217;Afrique anglophone et lusophone, ainsi que la F\u00e9d\u00e9ration europ\u00e9enne des m\u00e9tallurgistes (FEM) se sont r\u00e9unis \u00e0 Johannesburg, Afrique du Sud, du 21 au 23 septembre, pour examiner les r\u00e9percussions des accords de partenariat \u00e9conomique (AP\u00c9) entre l&#8217;UE et [&hellip;]\" \/>\n<meta property=\"og:url\" content=\"https:\/\/admin.industriall-union.org\/fr\/archive\/imf\/les-metallurgistes-europeens-et-africains-examinent-la-question-des-ape-et-des-emplois-industriels-en-afrique\/\" \/>\n<meta property=\"og:site_name\" content=\"industriall-union\" \/>\n<meta property=\"article:modified_time\" content=\"2025-01-31T09:39:02+00:00\" \/>\n<meta name=\"twitter:card\" content=\"summary_large_image\" \/>\n<meta name=\"twitter:label1\" content=\"Est. reading time\" \/>\n\t<meta name=\"twitter:data1\" content=\"4 minutes\" \/>\n<script type=\"application\/ld+json\" class=\"yoast-schema-graph\">{\"@context\":\"https:\/\/schema.org\",\"@graph\":[{\"@type\":\"WebPage\",\"@id\":\"https:\/\/admin.industriall-union.org\/fr\/archive\/imf\/les-metallurgistes-europeens-et-africains-examinent-la-question-des-ape-et-des-emplois-industriels-en-afrique\/\",\"url\":\"https:\/\/admin.industriall-union.org\/fr\/archive\/imf\/les-metallurgistes-europeens-et-africains-examinent-la-question-des-ape-et-des-emplois-industriels-en-afrique\/\",\"name\":\"Les m\u00e9tallurgistes europ\u00e9ens et africains examinent la question des AP\u00c9 et des emplois industriels en Afrique - industriall-union\",\"isPartOf\":{\"@id\":\"https:\/\/admin.industriall-union.org\/#website\"},\"datePublished\":\"2010-09-26T19:20:00+00:00\",\"dateModified\":\"2025-01-31T09:39:02+00:00\",\"breadcrumb\":{\"@id\":\"https:\/\/admin.industriall-union.org\/fr\/archive\/imf\/les-metallurgistes-europeens-et-africains-examinent-la-question-des-ape-et-des-emplois-industriels-en-afrique\/#breadcrumb\"},\"inLanguage\":\"fr-FR\",\"potentialAction\":[{\"@type\":\"ReadAction\",\"target\":[\"https:\/\/admin.industriall-union.org\/fr\/archive\/imf\/les-metallurgistes-europeens-et-africains-examinent-la-question-des-ape-et-des-emplois-industriels-en-afrique\/\"]}]},{\"@type\":\"BreadcrumbList\",\"@id\":\"https:\/\/admin.industriall-union.org\/fr\/archive\/imf\/les-metallurgistes-europeens-et-africains-examinent-la-question-des-ape-et-des-emplois-industriels-en-afrique\/#breadcrumb\",\"itemListElement\":[{\"@type\":\"ListItem\",\"position\":1,\"name\":\"Home\",\"item\":\"https:\/\/admin.industriall-union.org\/\"},{\"@type\":\"ListItem\",\"position\":2,\"name\":\"Archive Imf\",\"item\":\"https:\/\/admin.industriall-union.org\/es\/archive\/imf\/\"},{\"@type\":\"ListItem\",\"position\":3,\"name\":\"Les m\u00e9tallurgistes europ\u00e9ens et africains examinent la question des AP\u00c9 et des emplois industriels en Afrique\"}]},{\"@type\":\"WebSite\",\"@id\":\"https:\/\/admin.industriall-union.org\/#website\",\"url\":\"https:\/\/admin.industriall-union.org\/\",\"name\":\"industriall-union\",\"description\":\"\",\"potentialAction\":[{\"@type\":\"SearchAction\",\"target\":{\"@type\":\"EntryPoint\",\"urlTemplate\":\"https:\/\/admin.industriall-union.org\/?s={search_term_string}\"},\"query-input\":{\"@type\":\"PropertyValueSpecification\",\"valueRequired\":true,\"valueName\":\"search_term_string\"}}],\"inLanguage\":\"fr-FR\"}]}<\/script>\n<!-- \/ Yoast SEO Premium plugin. -->","yoast_head_json":{"title":"Les m\u00e9tallurgistes europ\u00e9ens et africains examinent la question des AP\u00c9 et des emplois industriels en Afrique - industriall-union","robots":{"index":"index","follow":"follow","max-snippet":"max-snippet:-1","max-image-preview":"max-image-preview:large","max-video-preview":"max-video-preview:-1"},"canonical":"https:\/\/admin.industriall-union.org\/fr\/archive\/imf\/les-metallurgistes-europeens-et-africains-examinent-la-question-des-ape-et-des-emplois-industriels-en-afrique\/","og_locale":"fr_FR","og_type":"article","og_title":"Les m\u00e9tallurgistes europ\u00e9ens et africains examinent la question des AP\u00c9 et des emplois industriels en Afrique","og_description":"AFRIQUE: Les dirigeants des syndicats de m\u00e9tallurgistes affili\u00e9s \u00e0 la FIOM en Europe et dans 14 pays d&#8217;Afrique anglophone et lusophone, ainsi que la F\u00e9d\u00e9ration europ\u00e9enne des m\u00e9tallurgistes (FEM) se sont r\u00e9unis \u00e0 Johannesburg, Afrique du Sud, du 21 au 23 septembre, pour examiner les r\u00e9percussions des accords de partenariat \u00e9conomique (AP\u00c9) entre l&#8217;UE et [&hellip;]","og_url":"https:\/\/admin.industriall-union.org\/fr\/archive\/imf\/les-metallurgistes-europeens-et-africains-examinent-la-question-des-ape-et-des-emplois-industriels-en-afrique\/","og_site_name":"industriall-union","article_modified_time":"2025-01-31T09:39:02+00:00","twitter_card":"summary_large_image","twitter_misc":{"Est. reading time":"4 minutes"},"schema":{"@context":"https:\/\/schema.org","@graph":[{"@type":"WebPage","@id":"https:\/\/admin.industriall-union.org\/fr\/archive\/imf\/les-metallurgistes-europeens-et-africains-examinent-la-question-des-ape-et-des-emplois-industriels-en-afrique\/","url":"https:\/\/admin.industriall-union.org\/fr\/archive\/imf\/les-metallurgistes-europeens-et-africains-examinent-la-question-des-ape-et-des-emplois-industriels-en-afrique\/","name":"Les m\u00e9tallurgistes europ\u00e9ens et africains examinent la question des AP\u00c9 et des emplois industriels en Afrique - industriall-union","isPartOf":{"@id":"https:\/\/admin.industriall-union.org\/#website"},"datePublished":"2010-09-26T19:20:00+00:00","dateModified":"2025-01-31T09:39:02+00:00","breadcrumb":{"@id":"https:\/\/admin.industriall-union.org\/fr\/archive\/imf\/les-metallurgistes-europeens-et-africains-examinent-la-question-des-ape-et-des-emplois-industriels-en-afrique\/#breadcrumb"},"inLanguage":"fr-FR","potentialAction":[{"@type":"ReadAction","target":["https:\/\/admin.industriall-union.org\/fr\/archive\/imf\/les-metallurgistes-europeens-et-africains-examinent-la-question-des-ape-et-des-emplois-industriels-en-afrique\/"]}]},{"@type":"BreadcrumbList","@id":"https:\/\/admin.industriall-union.org\/fr\/archive\/imf\/les-metallurgistes-europeens-et-africains-examinent-la-question-des-ape-et-des-emplois-industriels-en-afrique\/#breadcrumb","itemListElement":[{"@type":"ListItem","position":1,"name":"Home","item":"https:\/\/admin.industriall-union.org\/"},{"@type":"ListItem","position":2,"name":"Archive Imf","item":"https:\/\/admin.industriall-union.org\/es\/archive\/imf\/"},{"@type":"ListItem","position":3,"name":"Les m\u00e9tallurgistes europ\u00e9ens et africains examinent la question des AP\u00c9 et des emplois industriels en Afrique"}]},{"@type":"WebSite","@id":"https:\/\/admin.industriall-union.org\/#website","url":"https:\/\/admin.industriall-union.org\/","name":"industriall-union","description":"","potentialAction":[{"@type":"SearchAction","target":{"@type":"EntryPoint","urlTemplate":"https:\/\/admin.industriall-union.org\/?s={search_term_string}"},"query-input":{"@type":"PropertyValueSpecification","valueRequired":true,"valueName":"search_term_string"}}],"inLanguage":"fr-FR"}]}},"_links":{"self":[{"href":"https:\/\/admin.industriall-union.org\/fr\/wp-json\/wp\/v2\/archive_imf\/201129","targetHints":{"allow":["GET"]}}],"collection":[{"href":"https:\/\/admin.industriall-union.org\/fr\/wp-json\/wp\/v2\/archive_imf"}],"about":[{"href":"https:\/\/admin.industriall-union.org\/fr\/wp-json\/wp\/v2\/types\/archive_imf"}],"wp:attachment":[{"href":"https:\/\/admin.industriall-union.org\/fr\/wp-json\/wp\/v2\/media?parent=201129"}],"curies":[{"name":"wp","href":"https:\/\/api.w.org\/{rel}","templated":true}]}}