{"id":201115,"date":"2010-09-30T07:13:00","date_gmt":"2010-09-30T07:13:00","guid":{"rendered":"https:\/\/admin.industriall-union.org\/archive\/imf\/des-millions-de-travailleurs-manifestent-en-europe\/"},"modified":"2025-01-31T09:38:56","modified_gmt":"2025-01-31T09:38:56","slug":"des-millions-de-travailleurs-manifestent-en-europe","status":"publish","type":"archive_imf","link":"https:\/\/admin.industriall-union.org\/fr\/archive\/imf\/des-millions-de-travailleurs-manifestent-en-europe\/","title":{"rendered":"Des millions de travailleurs manifestent en Europe"},"content":{"rendered":"<!--[if gte mso 9]&gt;     Normal   0   21         false   false   false                             MicrosoftInternetExplorer4   &lt;![endif]--><!--[if gte mso 9]&gt;     &lt;![endif]--><!--[if gte mso 10]&gt;   \/* Style Definitions *\/  table.MsoNormalTable \t{mso-style-name:\"Table Normal\"; \tmso-tstyle-rowband-size:0; \tmso-tstyle-colband-size:0; \tmso-style-noshow:yes; \tmso-style-parent:\"\"; \tmso-padding-alt:0cm 5.4pt 0cm 5.4pt; \tmso-para-margin:0cm; \tmso-para-margin-bottom:.0001pt; \tmso-pagination:widow-orphan; \tfont-size:10.0pt; \tfont-family:\"Times New Roman\"; \tmso-ansi-language:#0400; \tmso-fareast-language:#0400; \tmso-bidi-language:#0400;}  &lt;![endif]-->  <p>MONDE:\u00a0 Sous le mot d&#8217;ordre &quot;Non \u00e0 l&#8217;aust\u00e9rit\u00e9, priorit\u00e9 \u00e0 l&#8217;emploi et \u00e0 la croissance&quot; la Journ\u00e9e europ\u00e9enne d&#8217;action a eu lieu principalement dans les rues d&#8217;Espagne, de Belgique, d&#8217;Irlande, d&#8217;Italie et de Pologne, pour exprimer les pr\u00e9occupations des travailleurs et travailleuses et lutter pour l&#8217;emploi dans les industries europ\u00e9ennes de la fabrication.<\/p>  <p>Les mesures d&#8217;aust\u00e9rit\u00e9 actuelles menacent la reprise fragile dans l&#8217;industrie et m\u00e8nent \u00e0 une plus grande d\u00e9sindustrialisation en Europe et \u00e0 une profonde r\u00e9cession sociale. La F\u00e9d\u00e9ration internationale des organisations de travailleurs de la m\u00e9tallurgie demande l&#8217;adoption d&#8217;une taxe sur les transactions financi\u00e8res (TTF) pour garantir l&#8217;investissement et l&#8217;emploi et maintenir les industries \u00e0 flot.<\/p>  <p>De nombreux gouvernements parmi les 27 pays membres ont impos\u00e9 des coupes punitives sur les salaires, les retraites et l&#8217;emploi pour faire face \u00e0 une mont\u00e9e inexorable de l&#8217;endettement.<\/p>  <p>Les protestations ont \u00e9t\u00e9 marqu\u00e9es par une gr\u00e8ve g\u00e9n\u00e9rale d\u00e9cid\u00e9e par les syndicats espagnols &#8212; la premi\u00e8re en huit ans. Ils manifestaient contre la r\u00e9duction de 5 % en moyenne des salaires cette ann\u00e9e, \u00e0 la suite des mesures d&#8217;aust\u00e9rit\u00e9 d\u00e9cid\u00e9e par le gouvernement espagnol qui repr\u00e9sentent 15 milliards d&#8217;euros et qui ont \u00e9t\u00e9 adopt\u00e9es cette ann\u00e9e \u00e0 une tr\u00e8s faible majorit\u00e9 par le gouvernement. <\/p>  <p>En Espagne, 10 millions de personnes faisaient gr\u00e8ve, soit plus de 70 pour cent de la main-d&#8217;\u0153uvre, ont d\u00e9clar\u00e9 les affili\u00e9s de la FIOM, UGT et CCOO. Des manifestations ont eu lieu dans les rues de plusieurs villes espagnoles.<\/p>  <p>Les secr\u00e9taires de l&#8217;organisation du CCOO et de l&#8217;UGT, Jos\u00e9 Antonio del Campo et Javier Cubillo, ont critiqu\u00e9 la &quot;brutalit\u00e9&quot; des descentes de police contre les piquets de gr\u00e8ve des syndicats, ce qui ne s&#8217;\u00e9tait pas produit au cours des gr\u00e8ves pr\u00e9c\u00e9dentes. Au total, plus de 40 personnes ont \u00e9t\u00e9 arr\u00eat\u00e9es. Certaines ont \u00e9t\u00e9 rel\u00e2ch\u00e9es, mais d&#8217;autres restent en garde \u00e0 vue en attendant de t\u00e9moigner.<\/p>  <p>\u00c0 Bruxelles, 50.000 personnes au moins ont pris part aux manifestations organis\u00e9es par la CES. Environ 50 syndicats de toute l&#8217;Europe ont envoy\u00e9 des repr\u00e9sentants venus d&#8217;une trentaine de pays \u00e0 Bruxelles pour participer au d\u00e9fil\u00e9. La manifestation s&#8217;est termin\u00e9e dans le quartier de l&#8217;Europe pr\u00e8s des si\u00e8ges de la commission europ\u00e9enne et du conseil de l&#8217;Europe.<\/p>  <p>Des travailleurs portaient des costumes noirs et des masques noirs, des parapluies et des porte-documents, comme s&#8217;ils avaient \u00e9t\u00e9 \u00e0 la t\u00eate d&#8217;un cort\u00e8ge fun\u00e8bre pleurant la mort de l&#8217;Europe. Les travailleurs et les travailleuses de l&#8217;UE pourraient bien \u00eatre les plus grandes victimes d&#8217;une crise financi\u00e8re d\u00e9clench\u00e9e par les banquiers et les sp\u00e9culateurs.<\/p>  <p>D&#8217;autres actions ont eu lieu au Portugal, en Gr\u00e8ce, en Italie, en Lettonie, en Lituanie, en R\u00e9publique tch\u00e8que, \u00e0 Chypre, en Serbie, en Roumanie, en Pologne, en Irlande et en France.<\/p>  <p>Les rapports de la FEM sur la journ\u00e9e se trouvent <a href=\"http:\/\/www.emf-fem.org\/Areas-of-work\/Industrial-Policy\/No-to-austerity-Priority-for-industrial-jobs-and-growth\" target=\"_blank\">ici.<\/a><\/p>  ","protected":false},"featured_media":0,"template":"","class_list":["post-201115","archive_imf","type-archive_imf","status-publish","hentry"],"acf":[],"yoast_head":"<!-- This site is optimized with the Yoast SEO Premium plugin v27.1 (Yoast SEO v27.1) - https:\/\/yoast.com\/product\/yoast-seo-premium-wordpress\/ -->\n<title>Des millions de travailleurs manifestent en Europe - industriall-union<\/title>\n<meta name=\"robots\" content=\"index, follow, max-snippet:-1, max-image-preview:large, max-video-preview:-1\" \/>\n<link rel=\"canonical\" href=\"https:\/\/admin.industriall-union.org\/fr\/archive\/imf\/des-millions-de-travailleurs-manifestent-en-europe\/\" \/>\n<meta property=\"og:locale\" content=\"fr_FR\" \/>\n<meta property=\"og:type\" content=\"article\" \/>\n<meta property=\"og:title\" content=\"Des millions de travailleurs manifestent en Europe\" \/>\n<meta property=\"og:description\" content=\"MONDE:\u00a0 Sous le mot d&#8217;ordre &quot;Non \u00e0 l&#8217;aust\u00e9rit\u00e9, priorit\u00e9 \u00e0 l&#8217;emploi et \u00e0 la croissance&quot; la Journ\u00e9e europ\u00e9enne d&#8217;action a eu lieu principalement dans les rues d&#8217;Espagne, de Belgique, d&#8217;Irlande, d&#8217;Italie et de Pologne, pour exprimer les pr\u00e9occupations des travailleurs et travailleuses et lutter pour l&#8217;emploi dans les industries europ\u00e9ennes de la fabrication. Les mesures [&hellip;]\" \/>\n<meta property=\"og:url\" content=\"https:\/\/admin.industriall-union.org\/fr\/archive\/imf\/des-millions-de-travailleurs-manifestent-en-europe\/\" \/>\n<meta property=\"og:site_name\" content=\"industriall-union\" \/>\n<meta property=\"article:modified_time\" content=\"2025-01-31T09:38:56+00:00\" \/>\n<meta name=\"twitter:card\" content=\"summary_large_image\" \/>\n<meta name=\"twitter:label1\" content=\"Est. reading time\" \/>\n\t<meta name=\"twitter:data1\" content=\"3 minutes\" \/>\n<script type=\"application\/ld+json\" class=\"yoast-schema-graph\">{\"@context\":\"https:\/\/schema.org\",\"@graph\":[{\"@type\":\"WebPage\",\"@id\":\"https:\/\/admin.industriall-union.org\/fr\/archive\/imf\/des-millions-de-travailleurs-manifestent-en-europe\/\",\"url\":\"https:\/\/admin.industriall-union.org\/fr\/archive\/imf\/des-millions-de-travailleurs-manifestent-en-europe\/\",\"name\":\"Des millions de travailleurs manifestent en Europe - industriall-union\",\"isPartOf\":{\"@id\":\"https:\/\/admin.industriall-union.org\/#website\"},\"datePublished\":\"2010-09-30T07:13:00+00:00\",\"dateModified\":\"2025-01-31T09:38:56+00:00\",\"breadcrumb\":{\"@id\":\"https:\/\/admin.industriall-union.org\/fr\/archive\/imf\/des-millions-de-travailleurs-manifestent-en-europe\/#breadcrumb\"},\"inLanguage\":\"fr-FR\",\"potentialAction\":[{\"@type\":\"ReadAction\",\"target\":[\"https:\/\/admin.industriall-union.org\/fr\/archive\/imf\/des-millions-de-travailleurs-manifestent-en-europe\/\"]}]},{\"@type\":\"BreadcrumbList\",\"@id\":\"https:\/\/admin.industriall-union.org\/fr\/archive\/imf\/des-millions-de-travailleurs-manifestent-en-europe\/#breadcrumb\",\"itemListElement\":[{\"@type\":\"ListItem\",\"position\":1,\"name\":\"Home\",\"item\":\"https:\/\/admin.industriall-union.org\/\"},{\"@type\":\"ListItem\",\"position\":2,\"name\":\"Archive Imf\",\"item\":\"https:\/\/admin.industriall-union.org\/es\/archive\/imf\/\"},{\"@type\":\"ListItem\",\"position\":3,\"name\":\"Des millions de travailleurs manifestent en Europe\"}]},{\"@type\":\"WebSite\",\"@id\":\"https:\/\/admin.industriall-union.org\/#website\",\"url\":\"https:\/\/admin.industriall-union.org\/\",\"name\":\"industriall-union\",\"description\":\"\",\"potentialAction\":[{\"@type\":\"SearchAction\",\"target\":{\"@type\":\"EntryPoint\",\"urlTemplate\":\"https:\/\/admin.industriall-union.org\/?s={search_term_string}\"},\"query-input\":{\"@type\":\"PropertyValueSpecification\",\"valueRequired\":true,\"valueName\":\"search_term_string\"}}],\"inLanguage\":\"fr-FR\"}]}<\/script>\n<!-- \/ Yoast SEO Premium plugin. -->","yoast_head_json":{"title":"Des millions de travailleurs manifestent en Europe - industriall-union","robots":{"index":"index","follow":"follow","max-snippet":"max-snippet:-1","max-image-preview":"max-image-preview:large","max-video-preview":"max-video-preview:-1"},"canonical":"https:\/\/admin.industriall-union.org\/fr\/archive\/imf\/des-millions-de-travailleurs-manifestent-en-europe\/","og_locale":"fr_FR","og_type":"article","og_title":"Des millions de travailleurs manifestent en Europe","og_description":"MONDE:\u00a0 Sous le mot d&#8217;ordre &quot;Non \u00e0 l&#8217;aust\u00e9rit\u00e9, priorit\u00e9 \u00e0 l&#8217;emploi et \u00e0 la croissance&quot; la Journ\u00e9e europ\u00e9enne d&#8217;action a eu lieu principalement dans les rues d&#8217;Espagne, de Belgique, d&#8217;Irlande, d&#8217;Italie et de Pologne, pour exprimer les pr\u00e9occupations des travailleurs et travailleuses et lutter pour l&#8217;emploi dans les industries europ\u00e9ennes de la fabrication. Les mesures [&hellip;]","og_url":"https:\/\/admin.industriall-union.org\/fr\/archive\/imf\/des-millions-de-travailleurs-manifestent-en-europe\/","og_site_name":"industriall-union","article_modified_time":"2025-01-31T09:38:56+00:00","twitter_card":"summary_large_image","twitter_misc":{"Est. reading time":"3 minutes"},"schema":{"@context":"https:\/\/schema.org","@graph":[{"@type":"WebPage","@id":"https:\/\/admin.industriall-union.org\/fr\/archive\/imf\/des-millions-de-travailleurs-manifestent-en-europe\/","url":"https:\/\/admin.industriall-union.org\/fr\/archive\/imf\/des-millions-de-travailleurs-manifestent-en-europe\/","name":"Des millions de travailleurs manifestent en Europe - industriall-union","isPartOf":{"@id":"https:\/\/admin.industriall-union.org\/#website"},"datePublished":"2010-09-30T07:13:00+00:00","dateModified":"2025-01-31T09:38:56+00:00","breadcrumb":{"@id":"https:\/\/admin.industriall-union.org\/fr\/archive\/imf\/des-millions-de-travailleurs-manifestent-en-europe\/#breadcrumb"},"inLanguage":"fr-FR","potentialAction":[{"@type":"ReadAction","target":["https:\/\/admin.industriall-union.org\/fr\/archive\/imf\/des-millions-de-travailleurs-manifestent-en-europe\/"]}]},{"@type":"BreadcrumbList","@id":"https:\/\/admin.industriall-union.org\/fr\/archive\/imf\/des-millions-de-travailleurs-manifestent-en-europe\/#breadcrumb","itemListElement":[{"@type":"ListItem","position":1,"name":"Home","item":"https:\/\/admin.industriall-union.org\/"},{"@type":"ListItem","position":2,"name":"Archive Imf","item":"https:\/\/admin.industriall-union.org\/es\/archive\/imf\/"},{"@type":"ListItem","position":3,"name":"Des millions de travailleurs manifestent en Europe"}]},{"@type":"WebSite","@id":"https:\/\/admin.industriall-union.org\/#website","url":"https:\/\/admin.industriall-union.org\/","name":"industriall-union","description":"","potentialAction":[{"@type":"SearchAction","target":{"@type":"EntryPoint","urlTemplate":"https:\/\/admin.industriall-union.org\/?s={search_term_string}"},"query-input":{"@type":"PropertyValueSpecification","valueRequired":true,"valueName":"search_term_string"}}],"inLanguage":"fr-FR"}]}},"_links":{"self":[{"href":"https:\/\/admin.industriall-union.org\/fr\/wp-json\/wp\/v2\/archive_imf\/201115","targetHints":{"allow":["GET"]}}],"collection":[{"href":"https:\/\/admin.industriall-union.org\/fr\/wp-json\/wp\/v2\/archive_imf"}],"about":[{"href":"https:\/\/admin.industriall-union.org\/fr\/wp-json\/wp\/v2\/types\/archive_imf"}],"wp:attachment":[{"href":"https:\/\/admin.industriall-union.org\/fr\/wp-json\/wp\/v2\/media?parent=201115"}],"curies":[{"name":"wp","href":"https:\/\/api.w.org\/{rel}","templated":true}]}}