{"id":201100,"date":"2010-10-04T10:43:00","date_gmt":"2010-10-04T10:43:00","guid":{"rendered":"https:\/\/admin.industriall-union.org\/archive\/imf\/coordination-d-039-une-strategie-de-sante-et-de-securite-chez-sonasid-arcelormittal-par-les-syndicats-nord-africains-et-europeens\/"},"modified":"2025-01-31T09:38:51","modified_gmt":"2025-01-31T09:38:51","slug":"coordination-d-039-une-strategie-de-sante-et-de-securite-chez-sonasid-arcelormittal-par-les-syndicats-nord-africains-et-europeens","status":"publish","type":"archive_imf","link":"https:\/\/admin.industriall-union.org\/fr\/archive\/imf\/coordination-d-039-une-strategie-de-sante-et-de-securite-chez-sonasid-arcelormittal-par-les-syndicats-nord-africains-et-europeens\/","title":{"rendered":"Coordination d&#039;une strat\u00e9gie de sant\u00e9 et de s\u00e9curit\u00e9 chez SONASID-ArcelorMittal par les syndicats nord-africains et europ\u00e9ens"},"content":{"rendered":"<p>MAROC: Un s\u00e9minaire organis\u00e9 \u00e0 Casablanca du 28 au 30 septembre 2010 a r\u00e9uni les repr\u00e9sentants des travailleurs de plusieurs sites de production d&#8217;ArcelorMittal en Europe, et des usines \u00e0 Nador et Jorf Lasfar de SONASID, entreprise sid\u00e9rurgique marocaine dans laquelle ArcelorMittal d\u00e9tient une importante participation. <\/p><p>L&#8217;initiative s&#8217;inscrivait dans le cadre de la strat\u00e9gie g\u00e9n\u00e9rale de la FIOM visant \u00e0 \u00e9tablir des r\u00e9seaux entre les syndicats de salari\u00e9s d&#8217;une m\u00eame multinationale dans diff\u00e9rents pays, et de\u00a0 coordonner leurs efforts conjoints pour assurer le respect des droits fondamentaux du travail. <\/p><p>Les participants ont partag\u00e9 leur exp\u00e9rience dans la n\u00e9gociation collective et exprim\u00e9 leurs pr\u00e9occupations, notamment sur les conditions de sant\u00e9 et de s\u00e9curit\u00e9 dans les usines ArcelorMittal. Les pr\u00e9occupations concernaient en particulier les mesures de s\u00e9curit\u00e9 insuffisantes sur le site de Jorf Lasfar au Maroc qui ont fait r\u00e9cemment trois victimes. Les d\u00e9l\u00e9gu\u00e9s syndicaux ont d\u00e9nonc\u00e9 la d\u00e9t\u00e9rioration g\u00e9n\u00e9rale de la situation depuis 2007. <\/p><p>L&#8217;augmentation de la sous-traitance et de l&#8217;externalisation de certaines parties du processus de production &#8211; avec l&#8217;emploi de travailleurs \u00e0 des conditions beaucoup plus mauvaises et sans formation suffisante &#8211; a \u00e9t\u00e9 signal\u00e9e par tous les participants comme l&#8217;une des principales raisons des accidents du travail. Contrairement \u00e0 la culture de pr\u00e9vention \u00e9tablie par l&#8217;entreprise, sa politique concr\u00e8te semble porter de plus en plus sur des sanctions et des mesures r\u00e9pressives \u00e0 l&#8217;\u00e9gard des travailleurs victimes d&#8217;un accident du travail. Les d\u00e9l\u00e9gu\u00e9s syndicaux ont fait remarquer les changements op\u00e9r\u00e9s ces derni\u00e8res ann\u00e9es dans l&#8217;organisation du travail qui semble privil\u00e9gier une maximalisation des b\u00e9n\u00e9fices aux d\u00e9pens de la s\u00e9curit\u00e9, des conditions de travail et de la s\u00e9curit\u00e9 de l&#8217;emploi, avec une part sans cesse croissante de contrats d&#8217;emploi pr\u00e9caire. <\/p><p>Des objectifs communs ont \u00e9t\u00e9 d\u00e9termin\u00e9s en vue de coordonner une action syndicale entre les syndicats qui participaient \u00e0 la r\u00e9union. Les principales priorit\u00e9s concernent les revendications pour une am\u00e9lioration des conditions de s\u00e9curit\u00e9 gr\u00e2ce \u00e0 une pr\u00e9vention efficace et une r\u00e9duction du recours \u00e0 la sous-traitance. L&#8217;\u00e9galit\u00e9 de traitement du personnel en sous-traitance et intermittent est un objectif commun prioritaire, ainsi qu&#8217;une collaboration \u00e9troite dans les domaines de la sant\u00e9 et de la s\u00e9curit\u00e9, gr\u00e2ce \u00e0 un partage de l&#8217;exp\u00e9rience et des connaissances entre les syndicats des pays europ\u00e9ens et nord-africains.<\/p>Les participants ont soutenu avec force la demande r\u00e9it\u00e9r\u00e9e des syndicalistes marocains portant sur un contr\u00f4le urgent de l&#8217;application concr\u00e8te de l&#8217;accord mondial ArcelorMittal sur la sant\u00e9 et la s\u00e9curit\u00e9.\u00a0 ","protected":false},"featured_media":0,"template":"","class_list":["post-201100","archive_imf","type-archive_imf","status-publish","hentry"],"acf":[],"yoast_head":"<!-- This site is optimized with the Yoast SEO Premium plugin v27.1 (Yoast SEO v27.1) - https:\/\/yoast.com\/product\/yoast-seo-premium-wordpress\/ -->\n<title>Coordination d&#039;une strat\u00e9gie de sant\u00e9 et de s\u00e9curit\u00e9 chez SONASID-ArcelorMittal par les syndicats nord-africains et europ\u00e9ens - industriall-union<\/title>\n<meta name=\"robots\" content=\"index, follow, max-snippet:-1, max-image-preview:large, max-video-preview:-1\" \/>\n<link rel=\"canonical\" href=\"https:\/\/admin.industriall-union.org\/fr\/archive\/imf\/coordination-d-039-une-strategie-de-sante-et-de-securite-chez-sonasid-arcelormittal-par-les-syndicats-nord-africains-et-europeens\/\" \/>\n<meta property=\"og:locale\" content=\"fr_FR\" \/>\n<meta property=\"og:type\" content=\"article\" \/>\n<meta property=\"og:title\" content=\"Coordination d&#039;une strat\u00e9gie de sant\u00e9 et de s\u00e9curit\u00e9 chez SONASID-ArcelorMittal par les syndicats nord-africains et europ\u00e9ens\" \/>\n<meta property=\"og:description\" content=\"MAROC: Un s\u00e9minaire organis\u00e9 \u00e0 Casablanca du 28 au 30 septembre 2010 a r\u00e9uni les repr\u00e9sentants des travailleurs de plusieurs sites de production d&#8217;ArcelorMittal en Europe, et des usines \u00e0 Nador et Jorf Lasfar de SONASID, entreprise sid\u00e9rurgique marocaine dans laquelle ArcelorMittal d\u00e9tient une importante participation. L&#8217;initiative s&#8217;inscrivait dans le cadre de la strat\u00e9gie g\u00e9n\u00e9rale [&hellip;]\" \/>\n<meta property=\"og:url\" content=\"https:\/\/admin.industriall-union.org\/fr\/archive\/imf\/coordination-d-039-une-strategie-de-sante-et-de-securite-chez-sonasid-arcelormittal-par-les-syndicats-nord-africains-et-europeens\/\" \/>\n<meta property=\"og:site_name\" content=\"industriall-union\" \/>\n<meta property=\"article:modified_time\" content=\"2025-01-31T09:38:51+00:00\" \/>\n<meta name=\"twitter:card\" content=\"summary_large_image\" \/>\n<meta name=\"twitter:label1\" content=\"Est. reading time\" \/>\n\t<meta name=\"twitter:data1\" content=\"2 minutes\" \/>\n<script type=\"application\/ld+json\" class=\"yoast-schema-graph\">{\"@context\":\"https:\/\/schema.org\",\"@graph\":[{\"@type\":\"WebPage\",\"@id\":\"https:\/\/admin.industriall-union.org\/fr\/archive\/imf\/coordination-d-039-une-strategie-de-sante-et-de-securite-chez-sonasid-arcelormittal-par-les-syndicats-nord-africains-et-europeens\/\",\"url\":\"https:\/\/admin.industriall-union.org\/fr\/archive\/imf\/coordination-d-039-une-strategie-de-sante-et-de-securite-chez-sonasid-arcelormittal-par-les-syndicats-nord-africains-et-europeens\/\",\"name\":\"Coordination d&#039;une strat\u00e9gie de sant\u00e9 et de s\u00e9curit\u00e9 chez SONASID-ArcelorMittal par les syndicats nord-africains et europ\u00e9ens - industriall-union\",\"isPartOf\":{\"@id\":\"https:\/\/admin.industriall-union.org\/#website\"},\"datePublished\":\"2010-10-04T10:43:00+00:00\",\"dateModified\":\"2025-01-31T09:38:51+00:00\",\"breadcrumb\":{\"@id\":\"https:\/\/admin.industriall-union.org\/fr\/archive\/imf\/coordination-d-039-une-strategie-de-sante-et-de-securite-chez-sonasid-arcelormittal-par-les-syndicats-nord-africains-et-europeens\/#breadcrumb\"},\"inLanguage\":\"fr-FR\",\"potentialAction\":[{\"@type\":\"ReadAction\",\"target\":[\"https:\/\/admin.industriall-union.org\/fr\/archive\/imf\/coordination-d-039-une-strategie-de-sante-et-de-securite-chez-sonasid-arcelormittal-par-les-syndicats-nord-africains-et-europeens\/\"]}]},{\"@type\":\"BreadcrumbList\",\"@id\":\"https:\/\/admin.industriall-union.org\/fr\/archive\/imf\/coordination-d-039-une-strategie-de-sante-et-de-securite-chez-sonasid-arcelormittal-par-les-syndicats-nord-africains-et-europeens\/#breadcrumb\",\"itemListElement\":[{\"@type\":\"ListItem\",\"position\":1,\"name\":\"Home\",\"item\":\"https:\/\/admin.industriall-union.org\/\"},{\"@type\":\"ListItem\",\"position\":2,\"name\":\"Archive Imf\",\"item\":\"https:\/\/admin.industriall-union.org\/es\/archive\/imf\/\"},{\"@type\":\"ListItem\",\"position\":3,\"name\":\"Coordination d&#039;une strat\u00e9gie de sant\u00e9 et de s\u00e9curit\u00e9 chez SONASID-ArcelorMittal par les syndicats nord-africains et europ\u00e9ens\"}]},{\"@type\":\"WebSite\",\"@id\":\"https:\/\/admin.industriall-union.org\/#website\",\"url\":\"https:\/\/admin.industriall-union.org\/\",\"name\":\"industriall-union\",\"description\":\"\",\"potentialAction\":[{\"@type\":\"SearchAction\",\"target\":{\"@type\":\"EntryPoint\",\"urlTemplate\":\"https:\/\/admin.industriall-union.org\/?s={search_term_string}\"},\"query-input\":{\"@type\":\"PropertyValueSpecification\",\"valueRequired\":true,\"valueName\":\"search_term_string\"}}],\"inLanguage\":\"fr-FR\"}]}<\/script>\n<!-- \/ Yoast SEO Premium plugin. -->","yoast_head_json":{"title":"Coordination d&#039;une strat\u00e9gie de sant\u00e9 et de s\u00e9curit\u00e9 chez SONASID-ArcelorMittal par les syndicats nord-africains et europ\u00e9ens - industriall-union","robots":{"index":"index","follow":"follow","max-snippet":"max-snippet:-1","max-image-preview":"max-image-preview:large","max-video-preview":"max-video-preview:-1"},"canonical":"https:\/\/admin.industriall-union.org\/fr\/archive\/imf\/coordination-d-039-une-strategie-de-sante-et-de-securite-chez-sonasid-arcelormittal-par-les-syndicats-nord-africains-et-europeens\/","og_locale":"fr_FR","og_type":"article","og_title":"Coordination d&#039;une strat\u00e9gie de sant\u00e9 et de s\u00e9curit\u00e9 chez SONASID-ArcelorMittal par les syndicats nord-africains et europ\u00e9ens","og_description":"MAROC: Un s\u00e9minaire organis\u00e9 \u00e0 Casablanca du 28 au 30 septembre 2010 a r\u00e9uni les repr\u00e9sentants des travailleurs de plusieurs sites de production d&#8217;ArcelorMittal en Europe, et des usines \u00e0 Nador et Jorf Lasfar de SONASID, entreprise sid\u00e9rurgique marocaine dans laquelle ArcelorMittal d\u00e9tient une importante participation. L&#8217;initiative s&#8217;inscrivait dans le cadre de la strat\u00e9gie g\u00e9n\u00e9rale [&hellip;]","og_url":"https:\/\/admin.industriall-union.org\/fr\/archive\/imf\/coordination-d-039-une-strategie-de-sante-et-de-securite-chez-sonasid-arcelormittal-par-les-syndicats-nord-africains-et-europeens\/","og_site_name":"industriall-union","article_modified_time":"2025-01-31T09:38:51+00:00","twitter_card":"summary_large_image","twitter_misc":{"Est. reading time":"2 minutes"},"schema":{"@context":"https:\/\/schema.org","@graph":[{"@type":"WebPage","@id":"https:\/\/admin.industriall-union.org\/fr\/archive\/imf\/coordination-d-039-une-strategie-de-sante-et-de-securite-chez-sonasid-arcelormittal-par-les-syndicats-nord-africains-et-europeens\/","url":"https:\/\/admin.industriall-union.org\/fr\/archive\/imf\/coordination-d-039-une-strategie-de-sante-et-de-securite-chez-sonasid-arcelormittal-par-les-syndicats-nord-africains-et-europeens\/","name":"Coordination d&#039;une strat\u00e9gie de sant\u00e9 et de s\u00e9curit\u00e9 chez SONASID-ArcelorMittal par les syndicats nord-africains et europ\u00e9ens - industriall-union","isPartOf":{"@id":"https:\/\/admin.industriall-union.org\/#website"},"datePublished":"2010-10-04T10:43:00+00:00","dateModified":"2025-01-31T09:38:51+00:00","breadcrumb":{"@id":"https:\/\/admin.industriall-union.org\/fr\/archive\/imf\/coordination-d-039-une-strategie-de-sante-et-de-securite-chez-sonasid-arcelormittal-par-les-syndicats-nord-africains-et-europeens\/#breadcrumb"},"inLanguage":"fr-FR","potentialAction":[{"@type":"ReadAction","target":["https:\/\/admin.industriall-union.org\/fr\/archive\/imf\/coordination-d-039-une-strategie-de-sante-et-de-securite-chez-sonasid-arcelormittal-par-les-syndicats-nord-africains-et-europeens\/"]}]},{"@type":"BreadcrumbList","@id":"https:\/\/admin.industriall-union.org\/fr\/archive\/imf\/coordination-d-039-une-strategie-de-sante-et-de-securite-chez-sonasid-arcelormittal-par-les-syndicats-nord-africains-et-europeens\/#breadcrumb","itemListElement":[{"@type":"ListItem","position":1,"name":"Home","item":"https:\/\/admin.industriall-union.org\/"},{"@type":"ListItem","position":2,"name":"Archive Imf","item":"https:\/\/admin.industriall-union.org\/es\/archive\/imf\/"},{"@type":"ListItem","position":3,"name":"Coordination d&#039;une strat\u00e9gie de sant\u00e9 et de s\u00e9curit\u00e9 chez SONASID-ArcelorMittal par les syndicats nord-africains et europ\u00e9ens"}]},{"@type":"WebSite","@id":"https:\/\/admin.industriall-union.org\/#website","url":"https:\/\/admin.industriall-union.org\/","name":"industriall-union","description":"","potentialAction":[{"@type":"SearchAction","target":{"@type":"EntryPoint","urlTemplate":"https:\/\/admin.industriall-union.org\/?s={search_term_string}"},"query-input":{"@type":"PropertyValueSpecification","valueRequired":true,"valueName":"search_term_string"}}],"inLanguage":"fr-FR"}]}},"_links":{"self":[{"href":"https:\/\/admin.industriall-union.org\/fr\/wp-json\/wp\/v2\/archive_imf\/201100","targetHints":{"allow":["GET"]}}],"collection":[{"href":"https:\/\/admin.industriall-union.org\/fr\/wp-json\/wp\/v2\/archive_imf"}],"about":[{"href":"https:\/\/admin.industriall-union.org\/fr\/wp-json\/wp\/v2\/types\/archive_imf"}],"wp:attachment":[{"href":"https:\/\/admin.industriall-union.org\/fr\/wp-json\/wp\/v2\/media?parent=201100"}],"curies":[{"name":"wp","href":"https:\/\/api.w.org\/{rel}","templated":true}]}}