{"id":201012,"date":"2010-10-21T14:21:28","date_gmt":"2010-10-21T14:21:28","guid":{"rendered":"https:\/\/admin.industriall-union.org\/archive\/imf\/l-039-europe-doit-lutter-pour-conserver-son-assise-industrielle\/"},"modified":"2025-01-31T09:33:55","modified_gmt":"2025-01-31T09:33:55","slug":"l-039-europe-doit-lutter-pour-conserver-son-assise-industrielle","status":"publish","type":"archive_imf","link":"https:\/\/admin.industriall-union.org\/fr\/archive\/imf\/l-039-europe-doit-lutter-pour-conserver-son-assise-industrielle\/","title":{"rendered":"L&#039;Europe doit lutter pour conserver son assise industrielle"},"content":{"rendered":"<p>EUROPE: Depuis l&#8217;automne 2008, la crise \u00e9conomique mondiale a eu de graves r\u00e9percussions sur l&#8217;industrie de transformation et sur l&#8217;emploi en Europe. Lors d&#8217;une conf\u00e9rence sur la politique industrielle qui s&#8217;est tenue les 18 et 19 octobre 2010, trois f\u00e9d\u00e9rations syndicales europ\u00e9ennes ont confirm\u00e9 le besoin pour l&#8217;Europe de conserver une assise industrielle solide par la mise en \u0153uvre de politiques de d\u00e9veloppement durable destin\u00e9es \u00e0 prot\u00e9ger plus de 40 millions de travailleurs et travailleuses employ\u00e9s dans l&#8217;industrie de transformation europ\u00e9enne.<\/p><p>&quot;L&#8217;industrie reste d&#8217;une importance vitale pour une \u00e9conomie europ\u00e9enne florissante, capable de cr\u00e9er des emplois, de stimuler la productivit\u00e9, d&#8217;attiser la volont\u00e9 d&#8217;innover, de renforcer les normes sociales. La politique industrielle doit chercher \u00e0 anticiper et assumer les changements d&#8217;une mani\u00e8re socialement responsable, en usant de moyens financiers et r\u00e9gulateurs&quot;, ont affirm\u00e9 la F\u00e9d\u00e9ration europ\u00e9enne des m\u00e9tallurgistes (FEM), la F\u00e9d\u00e9ration europ\u00e9enne des syndicats des mines, de la chimie et de l&#8217;\u00e9nergie (EMCEF) et la F\u00e9d\u00e9ration syndicale europ\u00e9enne du textile, de l&#8217;habillement et du cuir (FSE-THC).<\/p><p>Les trois f\u00e9d\u00e9rations industrielles ont d\u00e9fini six principes pour une politique industrielle europ\u00e9enne forte et cr\u00e9dible, capable de faire face aux obstacles rencontr\u00e9s au lendemain de la crise \u00e9conomique, au changement climatique et aux pressions de plus en plus fortes exerc\u00e9es par la mondialisation:<\/p><ol type=\"1\"><li>Des politiques industrielles dot\u00e9es d&#8217;une forte dimension sociale <\/li><li>Des politiques macro\u00e9conomiques et salariales ax\u00e9es sur la croissance <\/li><li>Un programme concret d&#8217;investissements industriels <\/li><li>Une transformation \u00e9quitable vers un mod\u00e8le industriel offrant un bon rendement \u00e9nerg\u00e9tique et une utilisation rationnelle des ressources <\/li><li>Une politique \u00e9nerg\u00e9tique europ\u00e9enne efficace <\/li><li>La garantie d&#8217;une situation \u00e9quitable au plan international <\/li><\/ol><p>\u00c0 la lumi\u00e8re des n\u00e9gociations du COP 16 \u00e0 Cancun, les trois f\u00e9d\u00e9rations ont r\u00e9clam\u00e9 que des mesures soient prises pour assurer une situation \u00e9quitable (notamment des m\u00e9canismes d&#8217;ajustement frontalier). En l&#8217;absence de telles conditions, l&#8217;Union europ\u00e9enne devra revoir sa proposition portant sur une augmentation unilat\u00e9rale de son propre objectif de r\u00e9duction des \u00e9missions de -20% \u00e0 -30%.<\/p><p>Pour obtenir davantage de renseignements, ouvrir la page suivante sur le site de la FEM: <a href=\"http:\/\/www.emf-fem.org\/Areas-of-work\/Industrial-Policy\/What-future-for-European-manufacturing-workers\">http:\/\/www.emf-fem.org\/Areas-of-work\/Industrial-Policy\/What-future-for-European-manufacturing-workers<\/a><\/p>","protected":false},"featured_media":0,"template":"","class_list":["post-201012","archive_imf","type-archive_imf","status-publish","hentry"],"acf":[],"yoast_head":"<!-- This site is optimized with the Yoast SEO Premium plugin v27.1 (Yoast SEO v27.1) - https:\/\/yoast.com\/product\/yoast-seo-premium-wordpress\/ -->\n<title>L&#039;Europe doit lutter pour conserver son assise industrielle - industriall-union<\/title>\n<meta name=\"robots\" content=\"index, follow, max-snippet:-1, max-image-preview:large, max-video-preview:-1\" \/>\n<link rel=\"canonical\" href=\"https:\/\/admin.industriall-union.org\/fr\/archive\/imf\/l-039-europe-doit-lutter-pour-conserver-son-assise-industrielle\/\" \/>\n<meta property=\"og:locale\" content=\"fr_FR\" \/>\n<meta property=\"og:type\" content=\"article\" \/>\n<meta property=\"og:title\" content=\"L&#039;Europe doit lutter pour conserver son assise industrielle\" \/>\n<meta property=\"og:description\" content=\"EUROPE: Depuis l&#8217;automne 2008, la crise \u00e9conomique mondiale a eu de graves r\u00e9percussions sur l&#8217;industrie de transformation et sur l&#8217;emploi en Europe. Lors d&#8217;une conf\u00e9rence sur la politique industrielle qui s&#8217;est tenue les 18 et 19 octobre 2010, trois f\u00e9d\u00e9rations syndicales europ\u00e9ennes ont confirm\u00e9 le besoin pour l&#8217;Europe de conserver une assise industrielle solide par [&hellip;]\" \/>\n<meta property=\"og:url\" content=\"https:\/\/admin.industriall-union.org\/fr\/archive\/imf\/l-039-europe-doit-lutter-pour-conserver-son-assise-industrielle\/\" \/>\n<meta property=\"og:site_name\" content=\"industriall-union\" \/>\n<meta property=\"article:modified_time\" content=\"2025-01-31T09:33:55+00:00\" \/>\n<meta name=\"twitter:card\" content=\"summary_large_image\" \/>\n<meta name=\"twitter:label1\" content=\"Est. reading time\" \/>\n\t<meta name=\"twitter:data1\" content=\"2 minutes\" \/>\n<script type=\"application\/ld+json\" class=\"yoast-schema-graph\">{\"@context\":\"https:\/\/schema.org\",\"@graph\":[{\"@type\":\"WebPage\",\"@id\":\"https:\/\/admin.industriall-union.org\/fr\/archive\/imf\/l-039-europe-doit-lutter-pour-conserver-son-assise-industrielle\/\",\"url\":\"https:\/\/admin.industriall-union.org\/fr\/archive\/imf\/l-039-europe-doit-lutter-pour-conserver-son-assise-industrielle\/\",\"name\":\"L&#039;Europe doit lutter pour conserver son assise industrielle - industriall-union\",\"isPartOf\":{\"@id\":\"https:\/\/admin.industriall-union.org\/#website\"},\"datePublished\":\"2010-10-21T14:21:28+00:00\",\"dateModified\":\"2025-01-31T09:33:55+00:00\",\"breadcrumb\":{\"@id\":\"https:\/\/admin.industriall-union.org\/fr\/archive\/imf\/l-039-europe-doit-lutter-pour-conserver-son-assise-industrielle\/#breadcrumb\"},\"inLanguage\":\"fr-FR\",\"potentialAction\":[{\"@type\":\"ReadAction\",\"target\":[\"https:\/\/admin.industriall-union.org\/fr\/archive\/imf\/l-039-europe-doit-lutter-pour-conserver-son-assise-industrielle\/\"]}]},{\"@type\":\"BreadcrumbList\",\"@id\":\"https:\/\/admin.industriall-union.org\/fr\/archive\/imf\/l-039-europe-doit-lutter-pour-conserver-son-assise-industrielle\/#breadcrumb\",\"itemListElement\":[{\"@type\":\"ListItem\",\"position\":1,\"name\":\"Home\",\"item\":\"https:\/\/admin.industriall-union.org\/\"},{\"@type\":\"ListItem\",\"position\":2,\"name\":\"Archive Imf\",\"item\":\"https:\/\/admin.industriall-union.org\/es\/archive\/imf\/\"},{\"@type\":\"ListItem\",\"position\":3,\"name\":\"L&#039;Europe doit lutter pour conserver son assise industrielle\"}]},{\"@type\":\"WebSite\",\"@id\":\"https:\/\/admin.industriall-union.org\/#website\",\"url\":\"https:\/\/admin.industriall-union.org\/\",\"name\":\"industriall-union\",\"description\":\"\",\"potentialAction\":[{\"@type\":\"SearchAction\",\"target\":{\"@type\":\"EntryPoint\",\"urlTemplate\":\"https:\/\/admin.industriall-union.org\/?s={search_term_string}\"},\"query-input\":{\"@type\":\"PropertyValueSpecification\",\"valueRequired\":true,\"valueName\":\"search_term_string\"}}],\"inLanguage\":\"fr-FR\"}]}<\/script>\n<!-- \/ Yoast SEO Premium plugin. -->","yoast_head_json":{"title":"L&#039;Europe doit lutter pour conserver son assise industrielle - industriall-union","robots":{"index":"index","follow":"follow","max-snippet":"max-snippet:-1","max-image-preview":"max-image-preview:large","max-video-preview":"max-video-preview:-1"},"canonical":"https:\/\/admin.industriall-union.org\/fr\/archive\/imf\/l-039-europe-doit-lutter-pour-conserver-son-assise-industrielle\/","og_locale":"fr_FR","og_type":"article","og_title":"L&#039;Europe doit lutter pour conserver son assise industrielle","og_description":"EUROPE: Depuis l&#8217;automne 2008, la crise \u00e9conomique mondiale a eu de graves r\u00e9percussions sur l&#8217;industrie de transformation et sur l&#8217;emploi en Europe. Lors d&#8217;une conf\u00e9rence sur la politique industrielle qui s&#8217;est tenue les 18 et 19 octobre 2010, trois f\u00e9d\u00e9rations syndicales europ\u00e9ennes ont confirm\u00e9 le besoin pour l&#8217;Europe de conserver une assise industrielle solide par [&hellip;]","og_url":"https:\/\/admin.industriall-union.org\/fr\/archive\/imf\/l-039-europe-doit-lutter-pour-conserver-son-assise-industrielle\/","og_site_name":"industriall-union","article_modified_time":"2025-01-31T09:33:55+00:00","twitter_card":"summary_large_image","twitter_misc":{"Est. reading time":"2 minutes"},"schema":{"@context":"https:\/\/schema.org","@graph":[{"@type":"WebPage","@id":"https:\/\/admin.industriall-union.org\/fr\/archive\/imf\/l-039-europe-doit-lutter-pour-conserver-son-assise-industrielle\/","url":"https:\/\/admin.industriall-union.org\/fr\/archive\/imf\/l-039-europe-doit-lutter-pour-conserver-son-assise-industrielle\/","name":"L&#039;Europe doit lutter pour conserver son assise industrielle - industriall-union","isPartOf":{"@id":"https:\/\/admin.industriall-union.org\/#website"},"datePublished":"2010-10-21T14:21:28+00:00","dateModified":"2025-01-31T09:33:55+00:00","breadcrumb":{"@id":"https:\/\/admin.industriall-union.org\/fr\/archive\/imf\/l-039-europe-doit-lutter-pour-conserver-son-assise-industrielle\/#breadcrumb"},"inLanguage":"fr-FR","potentialAction":[{"@type":"ReadAction","target":["https:\/\/admin.industriall-union.org\/fr\/archive\/imf\/l-039-europe-doit-lutter-pour-conserver-son-assise-industrielle\/"]}]},{"@type":"BreadcrumbList","@id":"https:\/\/admin.industriall-union.org\/fr\/archive\/imf\/l-039-europe-doit-lutter-pour-conserver-son-assise-industrielle\/#breadcrumb","itemListElement":[{"@type":"ListItem","position":1,"name":"Home","item":"https:\/\/admin.industriall-union.org\/"},{"@type":"ListItem","position":2,"name":"Archive Imf","item":"https:\/\/admin.industriall-union.org\/es\/archive\/imf\/"},{"@type":"ListItem","position":3,"name":"L&#039;Europe doit lutter pour conserver son assise industrielle"}]},{"@type":"WebSite","@id":"https:\/\/admin.industriall-union.org\/#website","url":"https:\/\/admin.industriall-union.org\/","name":"industriall-union","description":"","potentialAction":[{"@type":"SearchAction","target":{"@type":"EntryPoint","urlTemplate":"https:\/\/admin.industriall-union.org\/?s={search_term_string}"},"query-input":{"@type":"PropertyValueSpecification","valueRequired":true,"valueName":"search_term_string"}}],"inLanguage":"fr-FR"}]}},"_links":{"self":[{"href":"https:\/\/admin.industriall-union.org\/fr\/wp-json\/wp\/v2\/archive_imf\/201012","targetHints":{"allow":["GET"]}}],"collection":[{"href":"https:\/\/admin.industriall-union.org\/fr\/wp-json\/wp\/v2\/archive_imf"}],"about":[{"href":"https:\/\/admin.industriall-union.org\/fr\/wp-json\/wp\/v2\/types\/archive_imf"}],"wp:attachment":[{"href":"https:\/\/admin.industriall-union.org\/fr\/wp-json\/wp\/v2\/media?parent=201012"}],"curies":[{"name":"wp","href":"https:\/\/api.w.org\/{rel}","templated":true}]}}