{"id":200893,"date":"2010-12-01T15:35:00","date_gmt":"2010-12-01T15:35:00","guid":{"rendered":"https:\/\/admin.industriall-union.org\/archive\/imf\/journees-mondiales-d-039-action-pour-les-droits-des-travailleurs-au-mexique\/"},"modified":"2025-01-31T09:28:44","modified_gmt":"2025-01-31T09:28:44","slug":"journees-mondiales-d-039-action-pour-les-droits-des-travailleurs-au-mexique","status":"publish","type":"archive_imf","link":"https:\/\/admin.industriall-union.org\/fr\/archive\/imf\/journees-mondiales-d-039-action-pour-les-droits-des-travailleurs-au-mexique\/","title":{"rendered":"Journ\u00e9es mondiales d&#039;action pour les droits des travailleurs au Mexique"},"content":{"rendered":"<p>MONDE: Les actions co\u00efncident avec le cinqui\u00e8me anniversaire de la mort de 65 mineurs tu\u00e9s dans la catastrophe survenue \u00e0 la mine de Pasta de Conchos au Mexique, le 19 f\u00e9vrier 2006.\u00a0\u00a0 <\/p><p>Le syndicat mexicain des mineurs, le syndicat qui demande justice depuis la catastrophe mini\u00e8re, fait face \u00e0 des infractions syst\u00e9matiques, fr\u00e9quemment violentes et de plus en plus courantes, aux droits des travailleurs et travailleuses et aux droits syndicaux par les employeurs et le gouvernement mexicain.<\/p><p>D&#8217;autres syndicats ind\u00e9pendants du Mexique, qui cherchent \u00e0 am\u00e9liorer les droits des travailleurs et travailleuses, ont \u00e9t\u00e9 de plus en plus la cible d&#8217;attaques ces derni\u00e8res ann\u00e9es, en raison de la tol\u00e9rance, de la complicit\u00e9 et \u00e0 maintes reprises d&#8217;une action directe de l&#8217;\u00c9tat mexicain.<\/p><p>Les syndicats demandent au gouvernement mexicain de mettre fin aux infractions aux droits syndicaux fondamentaux, et de commencer \u00e0 appliquer ses propres lois et les normes internationales relatives aux droits de la personne et aux droits syndicaux.<\/p><p>Vous pouvez soutenir l&#8217;action engag\u00e9e dans la campagne Act NOW de LabourStart qui vous permet d&#8217;envoyer directement au pr\u00e9sident Cald\u00e9ron une lettre pour d\u00e9fendre les droits syndicaux au Mexique. <br \/>Pour envoyer une lettre par LabourStart, cliquer sur: <a href=\"http:\/\/www.labourstart.org\/cgi-bin\/solidarityforever\/show_campaign.cgi?c=863\">http:\/\/www.labourstart.org\/cgi-bin\/solidarityforever\/show_campaign.cgi?c=863<\/a><\/p><p>Du mat\u00e9riel de campagne, notamment des affiches, des tracts, des informations de base et un mod\u00e8le de lettre \u00e0 envoyer aux ambassades pour soutenir ces actions, se trouvent sur cette page du site de la FIOM: <a href=\"..\/index.cfm?c=24820&amp;l=2\">http:\/\/www.imfmetal.org\/index.cfm?c=24820&amp;l=2<\/a><\/p><p>Les actions sont destin\u00e9es \u00e0 soutenir les syndicats ind\u00e9pendants, parmi lesquels le syndicat mexicain des mineurs (SNTMMSRM), le syndicat mexicain des travailleurs de l&#8217;\u00e9lectricit\u00e9 (SME), le syndicat UNTyPP repr\u00e9sentant les travailleurs de l&#8217;entreprise p\u00e9troli\u00e8re \u00e9tatis\u00e9e du Mexique PEMEX, le syndicat g\u00e9n\u00e9ral national des travailleurs du pneu du Mexique (SNTGTM) et le syndicat des travailleurs de l&#8217;universit\u00e9\u00a0 autonome du Mexique (SUTUACM), ainsi que le syndicat mexicain des travailleurs du t\u00e9l\u00e9phone (STRM), le front authentique des travailleurs (FAT)\u00a0et une trentaine d&#8217;autres syndicats affili\u00e9s au syndicat national des travailleurs (UNT) qui ont tous fait face \u00e0 de violentes attaques, des menaces et \u00e0 la r\u00e9pression des droits syndicaux. <\/p><p>Des syndicats d&#8217;Argentine, d&#8217;Australie, de Belgique, du Br\u00e9sil, de Bulgarie, du Canada, du Danemark, de Finlande, de France, d&#8217;Allemagne, d&#8217;Inde, d&#8217;Indon\u00e9sie, de Cor\u00e9e, du Kosovo, des Pays-Bas, de Nouvelle-Z\u00e9lande, du P\u00e9rou, de Pologne, de Russie, d&#8217;Afrique du Sud, d&#8217;Espagne, de Su\u00e8de, de Suisse, de Turquie, d&#8217;Ukraine, du Royaume-Uni et des \u00c9tats-Unis lancent un appel au gouvernement mexicain pour le respect des droits syndicaux, dans une s\u00e9rie d&#8217;actions du 14 au 19 f\u00e9vrier 2011.<\/p><p>Au Mexique \u00e9galement, le mouvement syndical ind\u00e9pendant organisera diverses actions \u00e0 travers le pays, tout au long de la semaine, pour appeler l&#8217;attention sur les infractions syst\u00e9matiques aux droits syndicaux commises par le gouvernement mexicain.<\/p><p>Ensemble, les syndicats organisent des rassemblements, des r\u00e9unions avec des repr\u00e9sentants du gouvernement mexicain, et envoient des lettres et des milliers de courriels qui demandent au gouvernement mexicain de:<\/p><ol><li>Tenir l&#8217;employeur et des fonctionnaires du gouvernement responsables de l&#8217;explosion survenue dans le mine de Pasta de Conchos, qui a caus\u00e9 la mort de 65 mineurs, le 19 f\u00e9vrier 2006. <\/li><li>Mettre fin aux infractions syst\u00e9matiques aux droits syndicaux des travailleurs, notamment par les &quot;contrats de protection&quot; qui d\u00e9pendent de l&#8217;employeur, et l&#8217;ing\u00e9rence patronale dans les \u00e9lections syndicales. <\/li><li>Mettre fin \u00e0 l&#8217;emploi de la force par des organismes d&#8217;\u00c9tat ou priv\u00e9s pour r\u00e9primer les revendications l\u00e9gitimes des syndicats d\u00e9mocratiques afin d&#8217;obtenir des am\u00e9liorations salariales et de meilleures conditions de travail, de bonnes conditions de sant\u00e9 et de s\u00e9curit\u00e9. <\/li><li>Mettre fin \u00e0 la campagne de harc\u00e8lement politique contre le syndicat mexicain des mineurs et le syndicat mexicain des travailleurs de l&#8217;\u00e9lectricit\u00e9. <\/li><\/ol><p>L&#8217;action destin\u00e9e \u00e0 soutenir les syndicats d\u00e9mocratiques et ind\u00e9pendants du Mexique est entreprise par des syndicats du monde entier affili\u00e9s \u00e0 la F\u00e9d\u00e9ration internationale des organisations de travailleurs de la m\u00e9tallurgie (FIOM), la F\u00e9d\u00e9ration internationale des syndicats de travailleurs de la chimie, de l&#8217;\u00e9nergie, des mines et des industries diverses (ICEM), la F\u00e9d\u00e9ration internationale des ouvriers du transport (FIOT), UNI Global Union et \u00e0 la Conf\u00e9d\u00e9ration syndicale internationale\u00ad\u00ad (CSI).<\/p>","protected":false},"featured_media":0,"template":"","class_list":["post-200893","archive_imf","type-archive_imf","status-publish","hentry"],"acf":[],"yoast_head":"<!-- This site is optimized with the Yoast SEO Premium plugin v27.1 (Yoast SEO v27.1) - https:\/\/yoast.com\/product\/yoast-seo-premium-wordpress\/ -->\n<title>Journ\u00e9es mondiales d&#039;action pour les droits des travailleurs au Mexique - industriall-union<\/title>\n<meta name=\"robots\" content=\"index, follow, max-snippet:-1, max-image-preview:large, max-video-preview:-1\" \/>\n<link rel=\"canonical\" href=\"https:\/\/admin.industriall-union.org\/fr\/archive\/imf\/journees-mondiales-d-039-action-pour-les-droits-des-travailleurs-au-mexique\/\" \/>\n<meta property=\"og:locale\" content=\"fr_FR\" \/>\n<meta property=\"og:type\" content=\"article\" \/>\n<meta property=\"og:title\" content=\"Journ\u00e9es mondiales d&#039;action pour les droits des travailleurs au Mexique\" \/>\n<meta property=\"og:description\" content=\"MONDE: Les actions co\u00efncident avec le cinqui\u00e8me anniversaire de la mort de 65 mineurs tu\u00e9s dans la catastrophe survenue \u00e0 la mine de Pasta de Conchos au Mexique, le 19 f\u00e9vrier 2006.\u00a0\u00a0 Le syndicat mexicain des mineurs, le syndicat qui demande justice depuis la catastrophe mini\u00e8re, fait face \u00e0 des infractions syst\u00e9matiques, fr\u00e9quemment violentes et [&hellip;]\" \/>\n<meta property=\"og:url\" content=\"https:\/\/admin.industriall-union.org\/fr\/archive\/imf\/journees-mondiales-d-039-action-pour-les-droits-des-travailleurs-au-mexique\/\" \/>\n<meta property=\"og:site_name\" content=\"industriall-union\" \/>\n<meta property=\"article:modified_time\" content=\"2025-01-31T09:28:44+00:00\" \/>\n<meta name=\"twitter:card\" content=\"summary_large_image\" \/>\n<meta name=\"twitter:label1\" content=\"Est. reading time\" \/>\n\t<meta name=\"twitter:data1\" content=\"4 minutes\" \/>\n<script type=\"application\/ld+json\" class=\"yoast-schema-graph\">{\"@context\":\"https:\/\/schema.org\",\"@graph\":[{\"@type\":\"WebPage\",\"@id\":\"https:\/\/admin.industriall-union.org\/fr\/archive\/imf\/journees-mondiales-d-039-action-pour-les-droits-des-travailleurs-au-mexique\/\",\"url\":\"https:\/\/admin.industriall-union.org\/fr\/archive\/imf\/journees-mondiales-d-039-action-pour-les-droits-des-travailleurs-au-mexique\/\",\"name\":\"Journ\u00e9es mondiales d&#039;action pour les droits des travailleurs au Mexique - industriall-union\",\"isPartOf\":{\"@id\":\"https:\/\/admin.industriall-union.org\/#website\"},\"datePublished\":\"2010-12-01T15:35:00+00:00\",\"dateModified\":\"2025-01-31T09:28:44+00:00\",\"breadcrumb\":{\"@id\":\"https:\/\/admin.industriall-union.org\/fr\/archive\/imf\/journees-mondiales-d-039-action-pour-les-droits-des-travailleurs-au-mexique\/#breadcrumb\"},\"inLanguage\":\"fr-FR\",\"potentialAction\":[{\"@type\":\"ReadAction\",\"target\":[\"https:\/\/admin.industriall-union.org\/fr\/archive\/imf\/journees-mondiales-d-039-action-pour-les-droits-des-travailleurs-au-mexique\/\"]}]},{\"@type\":\"BreadcrumbList\",\"@id\":\"https:\/\/admin.industriall-union.org\/fr\/archive\/imf\/journees-mondiales-d-039-action-pour-les-droits-des-travailleurs-au-mexique\/#breadcrumb\",\"itemListElement\":[{\"@type\":\"ListItem\",\"position\":1,\"name\":\"Home\",\"item\":\"https:\/\/admin.industriall-union.org\/\"},{\"@type\":\"ListItem\",\"position\":2,\"name\":\"Archive Imf\",\"item\":\"https:\/\/admin.industriall-union.org\/es\/archive\/imf\/\"},{\"@type\":\"ListItem\",\"position\":3,\"name\":\"Journ\u00e9es mondiales d&#039;action pour les droits des travailleurs au Mexique\"}]},{\"@type\":\"WebSite\",\"@id\":\"https:\/\/admin.industriall-union.org\/#website\",\"url\":\"https:\/\/admin.industriall-union.org\/\",\"name\":\"industriall-union\",\"description\":\"\",\"potentialAction\":[{\"@type\":\"SearchAction\",\"target\":{\"@type\":\"EntryPoint\",\"urlTemplate\":\"https:\/\/admin.industriall-union.org\/?s={search_term_string}\"},\"query-input\":{\"@type\":\"PropertyValueSpecification\",\"valueRequired\":true,\"valueName\":\"search_term_string\"}}],\"inLanguage\":\"fr-FR\"}]}<\/script>\n<!-- \/ Yoast SEO Premium plugin. -->","yoast_head_json":{"title":"Journ\u00e9es mondiales d&#039;action pour les droits des travailleurs au Mexique - industriall-union","robots":{"index":"index","follow":"follow","max-snippet":"max-snippet:-1","max-image-preview":"max-image-preview:large","max-video-preview":"max-video-preview:-1"},"canonical":"https:\/\/admin.industriall-union.org\/fr\/archive\/imf\/journees-mondiales-d-039-action-pour-les-droits-des-travailleurs-au-mexique\/","og_locale":"fr_FR","og_type":"article","og_title":"Journ\u00e9es mondiales d&#039;action pour les droits des travailleurs au Mexique","og_description":"MONDE: Les actions co\u00efncident avec le cinqui\u00e8me anniversaire de la mort de 65 mineurs tu\u00e9s dans la catastrophe survenue \u00e0 la mine de Pasta de Conchos au Mexique, le 19 f\u00e9vrier 2006.\u00a0\u00a0 Le syndicat mexicain des mineurs, le syndicat qui demande justice depuis la catastrophe mini\u00e8re, fait face \u00e0 des infractions syst\u00e9matiques, fr\u00e9quemment violentes et [&hellip;]","og_url":"https:\/\/admin.industriall-union.org\/fr\/archive\/imf\/journees-mondiales-d-039-action-pour-les-droits-des-travailleurs-au-mexique\/","og_site_name":"industriall-union","article_modified_time":"2025-01-31T09:28:44+00:00","twitter_card":"summary_large_image","twitter_misc":{"Est. reading time":"4 minutes"},"schema":{"@context":"https:\/\/schema.org","@graph":[{"@type":"WebPage","@id":"https:\/\/admin.industriall-union.org\/fr\/archive\/imf\/journees-mondiales-d-039-action-pour-les-droits-des-travailleurs-au-mexique\/","url":"https:\/\/admin.industriall-union.org\/fr\/archive\/imf\/journees-mondiales-d-039-action-pour-les-droits-des-travailleurs-au-mexique\/","name":"Journ\u00e9es mondiales d&#039;action pour les droits des travailleurs au Mexique - industriall-union","isPartOf":{"@id":"https:\/\/admin.industriall-union.org\/#website"},"datePublished":"2010-12-01T15:35:00+00:00","dateModified":"2025-01-31T09:28:44+00:00","breadcrumb":{"@id":"https:\/\/admin.industriall-union.org\/fr\/archive\/imf\/journees-mondiales-d-039-action-pour-les-droits-des-travailleurs-au-mexique\/#breadcrumb"},"inLanguage":"fr-FR","potentialAction":[{"@type":"ReadAction","target":["https:\/\/admin.industriall-union.org\/fr\/archive\/imf\/journees-mondiales-d-039-action-pour-les-droits-des-travailleurs-au-mexique\/"]}]},{"@type":"BreadcrumbList","@id":"https:\/\/admin.industriall-union.org\/fr\/archive\/imf\/journees-mondiales-d-039-action-pour-les-droits-des-travailleurs-au-mexique\/#breadcrumb","itemListElement":[{"@type":"ListItem","position":1,"name":"Home","item":"https:\/\/admin.industriall-union.org\/"},{"@type":"ListItem","position":2,"name":"Archive Imf","item":"https:\/\/admin.industriall-union.org\/es\/archive\/imf\/"},{"@type":"ListItem","position":3,"name":"Journ\u00e9es mondiales d&#039;action pour les droits des travailleurs au Mexique"}]},{"@type":"WebSite","@id":"https:\/\/admin.industriall-union.org\/#website","url":"https:\/\/admin.industriall-union.org\/","name":"industriall-union","description":"","potentialAction":[{"@type":"SearchAction","target":{"@type":"EntryPoint","urlTemplate":"https:\/\/admin.industriall-union.org\/?s={search_term_string}"},"query-input":{"@type":"PropertyValueSpecification","valueRequired":true,"valueName":"search_term_string"}}],"inLanguage":"fr-FR"}]}},"_links":{"self":[{"href":"https:\/\/admin.industriall-union.org\/fr\/wp-json\/wp\/v2\/archive_imf\/200893","targetHints":{"allow":["GET"]}}],"collection":[{"href":"https:\/\/admin.industriall-union.org\/fr\/wp-json\/wp\/v2\/archive_imf"}],"about":[{"href":"https:\/\/admin.industriall-union.org\/fr\/wp-json\/wp\/v2\/types\/archive_imf"}],"wp:attachment":[{"href":"https:\/\/admin.industriall-union.org\/fr\/wp-json\/wp\/v2\/media?parent=200893"}],"curies":[{"name":"wp","href":"https:\/\/api.w.org\/{rel}","templated":true}]}}