{"id":200517,"date":"2011-04-06T11:53:00","date_gmt":"2011-04-06T11:53:00","guid":{"rendered":"https:\/\/admin.industriall-union.org\/archive\/imf\/les-travailleurs-de-honda-au-mexique-luttent-pour-leur-reconnaissance-syndicale\/"},"modified":"2025-01-31T09:19:07","modified_gmt":"2025-01-31T09:19:07","slug":"les-travailleurs-de-honda-au-mexique-luttent-pour-leur-reconnaissance-syndicale","status":"publish","type":"archive_imf","link":"https:\/\/admin.industriall-union.org\/fr\/archive\/imf\/les-travailleurs-de-honda-au-mexique-luttent-pour-leur-reconnaissance-syndicale\/","title":{"rendered":"Les travailleurs de Honda au Mexique luttent pour leur reconnaissance syndicale"},"content":{"rendered":"<p>MEXIQUE:\u00a0 Le tribunal du travail du second district a rendu le 28 mars un verdict qui oblige le minist\u00e8re du Travail et des Affaires sociales (STPS) \u00e0 proc\u00e9der \u00e0 l&#8217;enregistrement l\u00e9gal du syndicat unifi\u00e9 des travailleurs de Honda (Mexican United Workers&#8217; Union of Honda &#8211; STUHM). Depuis sa cr\u00e9ation qui remonte \u00e0 2009, le syndicat se bat pour obtenir sa reconnaissance officielle. Selon le Comit\u00e9 ex\u00e9cutif du STUHM, la raison donn\u00e9e r\u00e9cemment par le minist\u00e8re pour refuser l&#8217;enregistrement \u00e9tait bas\u00e9e sur l&#8217;impossibilit\u00e9 pour le syndicat de &quot;donner la preuve de l&#8217;existence de l&#8217;entreprise&quot; dans laquelle il \u00e9tait \u00e9tabli.<\/p><p>Lors de la conf\u00e9rence de presse organis\u00e9e apr\u00e8s le verdict du tribunal, les dirigeants du STUHM ont exprim\u00e9 leur m\u00e9contentement face aux man\u0153uvres absurdes et r\u00e9p\u00e9titives du minist\u00e8re pour rejeter ou retarder l&#8217;enregistrement, qui illustrent selon eux la politique antisyndicale &quot;f\u00e9roce&quot; du gouvernement mexicain.<\/p><p>Les responsables syndicaux demandent \u00e9galement au minist\u00e8re de &quot;respecter son obligation constitutionnelle de prot\u00e9ger les droits des travailleurs et travailleuses et d&#8217;abandonner son ent\u00eatement \u00e0 emp\u00eacher l&#8217;enregistrement du syndicat, une attitude toujours \u00e0 l&#8217;avantage du patronat et au d\u00e9triment des droits du travail&quot;. Ils demandent \u00e9galement de mettre fin au harc\u00e8lement des membres du STUHM dans l&#8217;usine Honda au Mexique.<\/p><p>Depuis des ann\u00e9es, les travailleurs et travailleuses de l&#8217;usine Honda tentent de cr\u00e9er leur propre organisation et sont confront\u00e9s aux tentatives r\u00e9p\u00e9t\u00e9es de repr\u00e9sailles de la direction avec le soutien d&#8217;un &#8216;syndicat de protection&#8217; le Central de Trabajadores de M\u00e9xico (CTM). Ce &quot;syndicat maison&quot; permettrait \u00e0 l&#8217;entreprise d&#8217;imposer des salaires bas aux travailleurs et travailleuses qui gagnent entre 132 et 160 pesos (8 \u00e0 10 euros) par jour, ainsi que des charges de travail excessives, l&#8217;allongement arbitraire de la dur\u00e9e du travail et le changement forc\u00e9 des jours de cong\u00e9, le tout accompagn\u00e9 d&#8217;un harc\u00e8lement dans le travail.<\/p><p>La FIOM a d\u00e9j\u00e0 d\u00e9nonc\u00e9 le scandaleux <a href=\"..\/index.cfm?c=25041&amp;l=5\" target=\"_blank\">licenciement du dirigeant syndical de l&#8217;usine Honda \u00e0 El Salto, Jalisco<\/a>. Le STUHM a particip\u00e9 activement aux c\u00f4t\u00e9s d&#8217;autres syndicats ind\u00e9pendants aux r\u00e9centes <a href=\"..\/index.cfm?c=24820&amp;l=2\" target=\"_blank\">Journ\u00e9es d&#8217;action mondiale pour les droits des travailleurs au Mexique<\/a>.<\/p><p>En f\u00e9vrier 2009, la FIOM a pr\u00e9sent\u00e9 une plainte \u00e0 l&#8217;Organisation internationale du Travail en demandant que le gouvernement mexicain mette fin \u00e0 la pratique des &#8216;contrats de protection&#8217;, qui permet \u00e0 une entreprise de signer une convention collective avec un syndicat de son choix sans en informer le personnel et, en substance, de bloquer toute tentative des travailleurs et travailleuses de former un syndicat ind\u00e9pendant de leur choix. Il s&#8217;agit d&#8217;une infraction au droit \u00e0 la libert\u00e9 syndicale des travailleurs et travailleuses garanti par la convention 87 de l&#8217;OIT dont le Mexique est signataire.<\/p><p>La FIOM et ses affili\u00e9s continueront de suivre de pr\u00e8s la situation dans l&#8217;usine Honda \u00e0 Jalisco et d&#8217;accorder leur appui aux travailleurs et travailleuses qui luttent pour un syndicat d\u00e9mocratique.<br \/><br \/>  <\/p>","protected":false},"featured_media":0,"template":"","class_list":["post-200517","archive_imf","type-archive_imf","status-publish","hentry"],"acf":[],"yoast_head":"<!-- This site is optimized with the Yoast SEO Premium plugin v27.1 (Yoast SEO v27.1) - https:\/\/yoast.com\/product\/yoast-seo-premium-wordpress\/ -->\n<title>Les travailleurs de Honda au Mexique luttent pour leur reconnaissance syndicale - industriall-union<\/title>\n<meta name=\"robots\" content=\"index, follow, max-snippet:-1, max-image-preview:large, max-video-preview:-1\" \/>\n<link rel=\"canonical\" href=\"https:\/\/admin.industriall-union.org\/fr\/archive\/imf\/les-travailleurs-de-honda-au-mexique-luttent-pour-leur-reconnaissance-syndicale\/\" \/>\n<meta property=\"og:locale\" content=\"fr_FR\" \/>\n<meta property=\"og:type\" content=\"article\" \/>\n<meta property=\"og:title\" content=\"Les travailleurs de Honda au Mexique luttent pour leur reconnaissance syndicale\" \/>\n<meta property=\"og:description\" content=\"MEXIQUE:\u00a0 Le tribunal du travail du second district a rendu le 28 mars un verdict qui oblige le minist\u00e8re du Travail et des Affaires sociales (STPS) \u00e0 proc\u00e9der \u00e0 l&#8217;enregistrement l\u00e9gal du syndicat unifi\u00e9 des travailleurs de Honda (Mexican United Workers&#8217; Union of Honda &#8211; STUHM). Depuis sa cr\u00e9ation qui remonte \u00e0 2009, le syndicat [&hellip;]\" \/>\n<meta property=\"og:url\" content=\"https:\/\/admin.industriall-union.org\/fr\/archive\/imf\/les-travailleurs-de-honda-au-mexique-luttent-pour-leur-reconnaissance-syndicale\/\" \/>\n<meta property=\"og:site_name\" content=\"industriall-union\" \/>\n<meta property=\"article:modified_time\" content=\"2025-01-31T09:19:07+00:00\" \/>\n<meta name=\"twitter:card\" content=\"summary_large_image\" \/>\n<meta name=\"twitter:label1\" content=\"Est. reading time\" \/>\n\t<meta name=\"twitter:data1\" content=\"3 minutes\" \/>\n<script type=\"application\/ld+json\" class=\"yoast-schema-graph\">{\"@context\":\"https:\/\/schema.org\",\"@graph\":[{\"@type\":\"WebPage\",\"@id\":\"https:\/\/admin.industriall-union.org\/fr\/archive\/imf\/les-travailleurs-de-honda-au-mexique-luttent-pour-leur-reconnaissance-syndicale\/\",\"url\":\"https:\/\/admin.industriall-union.org\/fr\/archive\/imf\/les-travailleurs-de-honda-au-mexique-luttent-pour-leur-reconnaissance-syndicale\/\",\"name\":\"Les travailleurs de Honda au Mexique luttent pour leur reconnaissance syndicale - industriall-union\",\"isPartOf\":{\"@id\":\"https:\/\/admin.industriall-union.org\/#website\"},\"datePublished\":\"2011-04-06T11:53:00+00:00\",\"dateModified\":\"2025-01-31T09:19:07+00:00\",\"breadcrumb\":{\"@id\":\"https:\/\/admin.industriall-union.org\/fr\/archive\/imf\/les-travailleurs-de-honda-au-mexique-luttent-pour-leur-reconnaissance-syndicale\/#breadcrumb\"},\"inLanguage\":\"fr-FR\",\"potentialAction\":[{\"@type\":\"ReadAction\",\"target\":[\"https:\/\/admin.industriall-union.org\/fr\/archive\/imf\/les-travailleurs-de-honda-au-mexique-luttent-pour-leur-reconnaissance-syndicale\/\"]}]},{\"@type\":\"BreadcrumbList\",\"@id\":\"https:\/\/admin.industriall-union.org\/fr\/archive\/imf\/les-travailleurs-de-honda-au-mexique-luttent-pour-leur-reconnaissance-syndicale\/#breadcrumb\",\"itemListElement\":[{\"@type\":\"ListItem\",\"position\":1,\"name\":\"Home\",\"item\":\"https:\/\/admin.industriall-union.org\/\"},{\"@type\":\"ListItem\",\"position\":2,\"name\":\"Archive Imf\",\"item\":\"https:\/\/admin.industriall-union.org\/fr\/archive\/imf\/\"},{\"@type\":\"ListItem\",\"position\":3,\"name\":\"Les travailleurs de Honda au Mexique luttent pour leur reconnaissance syndicale\"}]},{\"@type\":\"WebSite\",\"@id\":\"https:\/\/admin.industriall-union.org\/#website\",\"url\":\"https:\/\/admin.industriall-union.org\/\",\"name\":\"industriall-union\",\"description\":\"\",\"potentialAction\":[{\"@type\":\"SearchAction\",\"target\":{\"@type\":\"EntryPoint\",\"urlTemplate\":\"https:\/\/admin.industriall-union.org\/?s={search_term_string}\"},\"query-input\":{\"@type\":\"PropertyValueSpecification\",\"valueRequired\":true,\"valueName\":\"search_term_string\"}}],\"inLanguage\":\"fr-FR\"}]}<\/script>\n<!-- \/ Yoast SEO Premium plugin. -->","yoast_head_json":{"title":"Les travailleurs de Honda au Mexique luttent pour leur reconnaissance syndicale - industriall-union","robots":{"index":"index","follow":"follow","max-snippet":"max-snippet:-1","max-image-preview":"max-image-preview:large","max-video-preview":"max-video-preview:-1"},"canonical":"https:\/\/admin.industriall-union.org\/fr\/archive\/imf\/les-travailleurs-de-honda-au-mexique-luttent-pour-leur-reconnaissance-syndicale\/","og_locale":"fr_FR","og_type":"article","og_title":"Les travailleurs de Honda au Mexique luttent pour leur reconnaissance syndicale","og_description":"MEXIQUE:\u00a0 Le tribunal du travail du second district a rendu le 28 mars un verdict qui oblige le minist\u00e8re du Travail et des Affaires sociales (STPS) \u00e0 proc\u00e9der \u00e0 l&#8217;enregistrement l\u00e9gal du syndicat unifi\u00e9 des travailleurs de Honda (Mexican United Workers&#8217; Union of Honda &#8211; STUHM). Depuis sa cr\u00e9ation qui remonte \u00e0 2009, le syndicat [&hellip;]","og_url":"https:\/\/admin.industriall-union.org\/fr\/archive\/imf\/les-travailleurs-de-honda-au-mexique-luttent-pour-leur-reconnaissance-syndicale\/","og_site_name":"industriall-union","article_modified_time":"2025-01-31T09:19:07+00:00","twitter_card":"summary_large_image","twitter_misc":{"Est. reading time":"3 minutes"},"schema":{"@context":"https:\/\/schema.org","@graph":[{"@type":"WebPage","@id":"https:\/\/admin.industriall-union.org\/fr\/archive\/imf\/les-travailleurs-de-honda-au-mexique-luttent-pour-leur-reconnaissance-syndicale\/","url":"https:\/\/admin.industriall-union.org\/fr\/archive\/imf\/les-travailleurs-de-honda-au-mexique-luttent-pour-leur-reconnaissance-syndicale\/","name":"Les travailleurs de Honda au Mexique luttent pour leur reconnaissance syndicale - industriall-union","isPartOf":{"@id":"https:\/\/admin.industriall-union.org\/#website"},"datePublished":"2011-04-06T11:53:00+00:00","dateModified":"2025-01-31T09:19:07+00:00","breadcrumb":{"@id":"https:\/\/admin.industriall-union.org\/fr\/archive\/imf\/les-travailleurs-de-honda-au-mexique-luttent-pour-leur-reconnaissance-syndicale\/#breadcrumb"},"inLanguage":"fr-FR","potentialAction":[{"@type":"ReadAction","target":["https:\/\/admin.industriall-union.org\/fr\/archive\/imf\/les-travailleurs-de-honda-au-mexique-luttent-pour-leur-reconnaissance-syndicale\/"]}]},{"@type":"BreadcrumbList","@id":"https:\/\/admin.industriall-union.org\/fr\/archive\/imf\/les-travailleurs-de-honda-au-mexique-luttent-pour-leur-reconnaissance-syndicale\/#breadcrumb","itemListElement":[{"@type":"ListItem","position":1,"name":"Home","item":"https:\/\/admin.industriall-union.org\/"},{"@type":"ListItem","position":2,"name":"Archive Imf","item":"https:\/\/admin.industriall-union.org\/fr\/archive\/imf\/"},{"@type":"ListItem","position":3,"name":"Les travailleurs de Honda au Mexique luttent pour leur reconnaissance syndicale"}]},{"@type":"WebSite","@id":"https:\/\/admin.industriall-union.org\/#website","url":"https:\/\/admin.industriall-union.org\/","name":"industriall-union","description":"","potentialAction":[{"@type":"SearchAction","target":{"@type":"EntryPoint","urlTemplate":"https:\/\/admin.industriall-union.org\/?s={search_term_string}"},"query-input":{"@type":"PropertyValueSpecification","valueRequired":true,"valueName":"search_term_string"}}],"inLanguage":"fr-FR"}]}},"_links":{"self":[{"href":"https:\/\/admin.industriall-union.org\/fr\/wp-json\/wp\/v2\/archive_imf\/200517","targetHints":{"allow":["GET"]}}],"collection":[{"href":"https:\/\/admin.industriall-union.org\/fr\/wp-json\/wp\/v2\/archive_imf"}],"about":[{"href":"https:\/\/admin.industriall-union.org\/fr\/wp-json\/wp\/v2\/types\/archive_imf"}],"wp:attachment":[{"href":"https:\/\/admin.industriall-union.org\/fr\/wp-json\/wp\/v2\/media?parent=200517"}],"curies":[{"name":"wp","href":"https:\/\/api.w.org\/{rel}","templated":true}]}}