{"id":200514,"date":"2011-04-07T12:40:00","date_gmt":"2011-04-07T12:40:00","guid":{"rendered":"https:\/\/admin.industriall-union.org\/archive\/imf\/les-contrats-de-protection-au-coeur-des-debats-a-l-039-oit\/"},"modified":"2025-01-31T09:19:06","modified_gmt":"2025-01-31T09:19:06","slug":"les-contrats-de-protection-au-coeur-des-debats-a-l-039-oit","status":"publish","type":"archive_imf","link":"https:\/\/admin.industriall-union.org\/fr\/archive\/imf\/les-contrats-de-protection-au-coeur-des-debats-a-l-039-oit\/","title":{"rendered":"Les contrats de protection au c\u0153ur des d\u00e9bats \u00e0 l&#039;OIT"},"content":{"rendered":"<p>GEN\u00c8VE: Pour la premi\u00e8re fois depuis la pr\u00e9sentation de la plainte (<a href=\"..\/index.cfm?c=18937&amp;ol=5\" target=\"_blank\">no 2694<\/a>) par la F\u00e9d\u00e9ration internationale des organisations de travailleurs de la m\u00e9tallurgie en f\u00e9vrier 2009, le Comit\u00e9 de la libert\u00e9 syndicale de l&#8217;Organisation internationale du Travail a d\u00e9battu de la question des <a href=\"..\/files\/10033015240866\/Protection_Contracts_-_an_introduction.pdf\" target=\"_blank\">contrats de protection<\/a> au Mexique et publi\u00e9 de fortes recommandations pour engager l&#8217;OIT \u00e0 examiner \u00e0 nouveau cette question.<\/p><p>Le Comit\u00e9 de la libert\u00e9 syndicale recommande au gouvernement d&#8217;\u00e9tablir un dialogue social constructif avec les employeurs et les syndicats, y compris toutes les organisations syndicales plaignantes, la FIOM, la CSI, le SNTMMSRM, le SITUAM et les affili\u00e9s de l&#8217;UNT: le STIMAHCS et le STRM, pour examiner en particulier:<\/p><ul><li>comment l&#8217;application des clauses de protection syndicale ou &quot;clauses d&#8217;exclusion&quot; d\u00e9clar\u00e9es inconstitutionnelles par la Cour supr\u00eame, portent atteinte au droit des travailleurs et travailleuses de former ou d&#8217;adh\u00e9rer au syndicat de leur choix;<\/li><li>les questions concernant la repr\u00e9sentativit\u00e9 minimum des syndicats pour pouvoir n\u00e9gocier collectivement; et <\/li><li>les all\u00e9gations concernant le manque d&#8217;objectivit\u00e9 des commissions de conciliation et d&#8217;arbitrage (JCA) et la dur\u00e9e excessive des proc\u00e9dures.<\/li><\/ul><p>Le gouvernement mexicain est tenu de rendre compte des r\u00e9sultats de ce dialogue. <\/p><p>Le Comit\u00e9 a \u00e9galement examin\u00e9 la plainte de la FIOM (<a href=\"..\/files\/06033113151184\/1528_001.pdf\" target=\"_blank\">no 2478<\/a>) en cours depuis mars 2006, <a href=\"..\/index.cfm?c=13666&amp;ol=5\" target=\"_blank\">concernant l&#8217;autonomie syndicale<\/a> et le harc\u00e8lement du syndicat national des mineurs et des m\u00e9tallurgistes (SNTMMSRM). L&#8217;OIT demande au gouvernement mexicain d&#8217;enqu\u00eater sur les meurtres, les enl\u00e8vements, les arrestations ill\u00e9gales et les actes de violence pr\u00e9sent\u00e9s par la FIOM et de tenir inform\u00e9 le Comit\u00e9 de ses conclusions.<\/p><p>L&#8217;OIT a \u00e9galement soulev\u00e9 l&#8217;\u00e9chec du gouvernement cor\u00e9en dans l&#8217;application des mesures n\u00e9cessaires visant \u00e0 prot\u00e9ger les droits des travailleurs et travailleuses pr\u00e9caires. La plainte en cours (<a href=\"..\/index.cfm?c=17915&amp;ol=5\" target=\"_blank\">no 2602<\/a>) pr\u00e9sent\u00e9e par le syndicat cor\u00e9en des m\u00e9tallurgistes (KMWU), la conf\u00e9d\u00e9ration cor\u00e9enne des syndicats (KCTU) et la FIOM met en \u00e9vidence la situation critique des travailleurs et travailleuses &quot;ill\u00e9galement affect\u00e9s&quot; en Cor\u00e9e qui sont sous-trait\u00e9s pour travailler dans de grandes entreprises multinationales de l&#8217;automobile et de l&#8217;\u00e9lectronique tout en se voyant refuser les protections juridiques pr\u00e9vues dans la l\u00e9gislation f\u00e9d\u00e9rale en raison de leur statut contractuel. La plainte fait \u00e9galement \u00e9tat de la criminalisation des actions revendicatives ou &quot;obstruction \u00e0 l&#8217;activit\u00e9 de l&#8217;entreprise&quot; inscrite \u00e0 la section 314 du code p\u00e9nal.<\/p><p>Le gouvernement a indiqu\u00e9 \u00e0 l&#8217;OIT qu&#8217;il m\u00e8nera une enqu\u00eate pour d\u00e9terminer l&#8217;\u00e9tat de la sous-traitance au sein des entreprises dans 29 \u00e9tablissements. L&#8217;OIT a recommand\u00e9 avec insistance au gouvernement de rendre compte des r\u00e9sultats de cette enqu\u00eate, de fournir \u00e9galement des renseignements compl\u00e9mentaires sur les autres affaires dont il est fait \u00e9tat dans la plainte, et de renforcer la protection des droits des travailleurs et travailleuses en sous-traitance ou &quot;affect\u00e9s&quot; dans les domaines de la libert\u00e9 syndicale et de la n\u00e9gociation collective.<\/p><p>Lire le rapport du Comit\u00e9 de la libert\u00e9 syndicale (en anglais, en espagnol et en fran\u00e7ais): <a href=\"http:\/\/www.ilo.org\/gb\/GBSessions\/lang--en\/docName--WCMS_153533\/index.htm\" target=\"_blank\">http:\/\/www.ilo.org\/gb\/GBSessions\/lang&#8211;en\/docName&#8211;WCMS_153533\/index.htm<\/a>.<br \/><br \/>  <\/p>","protected":false},"featured_media":0,"template":"","class_list":["post-200514","archive_imf","type-archive_imf","status-publish","hentry"],"acf":[],"yoast_head":"<!-- This site is optimized with the Yoast SEO Premium plugin v27.1 (Yoast SEO v27.1) - https:\/\/yoast.com\/product\/yoast-seo-premium-wordpress\/ -->\n<title>Les contrats de protection au c\u0153ur des d\u00e9bats \u00e0 l&#039;OIT - industriall-union<\/title>\n<meta name=\"robots\" content=\"index, follow, max-snippet:-1, max-image-preview:large, max-video-preview:-1\" \/>\n<link rel=\"canonical\" href=\"https:\/\/admin.industriall-union.org\/fr\/archive\/imf\/les-contrats-de-protection-au-coeur-des-debats-a-l-039-oit\/\" \/>\n<meta property=\"og:locale\" content=\"fr_FR\" \/>\n<meta property=\"og:type\" content=\"article\" \/>\n<meta property=\"og:title\" content=\"Les contrats de protection au c\u0153ur des d\u00e9bats \u00e0 l&#039;OIT\" \/>\n<meta property=\"og:description\" content=\"GEN\u00c8VE: Pour la premi\u00e8re fois depuis la pr\u00e9sentation de la plainte (no 2694) par la F\u00e9d\u00e9ration internationale des organisations de travailleurs de la m\u00e9tallurgie en f\u00e9vrier 2009, le Comit\u00e9 de la libert\u00e9 syndicale de l&#8217;Organisation internationale du Travail a d\u00e9battu de la question des contrats de protection au Mexique et publi\u00e9 de fortes recommandations pour [&hellip;]\" \/>\n<meta property=\"og:url\" content=\"https:\/\/admin.industriall-union.org\/fr\/archive\/imf\/les-contrats-de-protection-au-coeur-des-debats-a-l-039-oit\/\" \/>\n<meta property=\"og:site_name\" content=\"industriall-union\" \/>\n<meta property=\"article:modified_time\" content=\"2025-01-31T09:19:06+00:00\" \/>\n<meta name=\"twitter:card\" content=\"summary_large_image\" \/>\n<meta name=\"twitter:label1\" content=\"Est. reading time\" \/>\n\t<meta name=\"twitter:data1\" content=\"3 minutes\" \/>\n<script type=\"application\/ld+json\" class=\"yoast-schema-graph\">{\"@context\":\"https:\/\/schema.org\",\"@graph\":[{\"@type\":\"WebPage\",\"@id\":\"https:\/\/admin.industriall-union.org\/fr\/archive\/imf\/les-contrats-de-protection-au-coeur-des-debats-a-l-039-oit\/\",\"url\":\"https:\/\/admin.industriall-union.org\/fr\/archive\/imf\/les-contrats-de-protection-au-coeur-des-debats-a-l-039-oit\/\",\"name\":\"Les contrats de protection au c\u0153ur des d\u00e9bats \u00e0 l&#039;OIT - industriall-union\",\"isPartOf\":{\"@id\":\"https:\/\/admin.industriall-union.org\/#website\"},\"datePublished\":\"2011-04-07T12:40:00+00:00\",\"dateModified\":\"2025-01-31T09:19:06+00:00\",\"breadcrumb\":{\"@id\":\"https:\/\/admin.industriall-union.org\/fr\/archive\/imf\/les-contrats-de-protection-au-coeur-des-debats-a-l-039-oit\/#breadcrumb\"},\"inLanguage\":\"fr-FR\",\"potentialAction\":[{\"@type\":\"ReadAction\",\"target\":[\"https:\/\/admin.industriall-union.org\/fr\/archive\/imf\/les-contrats-de-protection-au-coeur-des-debats-a-l-039-oit\/\"]}]},{\"@type\":\"BreadcrumbList\",\"@id\":\"https:\/\/admin.industriall-union.org\/fr\/archive\/imf\/les-contrats-de-protection-au-coeur-des-debats-a-l-039-oit\/#breadcrumb\",\"itemListElement\":[{\"@type\":\"ListItem\",\"position\":1,\"name\":\"Home\",\"item\":\"https:\/\/admin.industriall-union.org\/\"},{\"@type\":\"ListItem\",\"position\":2,\"name\":\"Archive Imf\",\"item\":\"https:\/\/admin.industriall-union.org\/es\/archive\/imf\/\"},{\"@type\":\"ListItem\",\"position\":3,\"name\":\"Les contrats de protection au c\u0153ur des d\u00e9bats \u00e0 l&#039;OIT\"}]},{\"@type\":\"WebSite\",\"@id\":\"https:\/\/admin.industriall-union.org\/#website\",\"url\":\"https:\/\/admin.industriall-union.org\/\",\"name\":\"industriall-union\",\"description\":\"\",\"potentialAction\":[{\"@type\":\"SearchAction\",\"target\":{\"@type\":\"EntryPoint\",\"urlTemplate\":\"https:\/\/admin.industriall-union.org\/?s={search_term_string}\"},\"query-input\":{\"@type\":\"PropertyValueSpecification\",\"valueRequired\":true,\"valueName\":\"search_term_string\"}}],\"inLanguage\":\"fr-FR\"}]}<\/script>\n<!-- \/ Yoast SEO Premium plugin. -->","yoast_head_json":{"title":"Les contrats de protection au c\u0153ur des d\u00e9bats \u00e0 l&#039;OIT - industriall-union","robots":{"index":"index","follow":"follow","max-snippet":"max-snippet:-1","max-image-preview":"max-image-preview:large","max-video-preview":"max-video-preview:-1"},"canonical":"https:\/\/admin.industriall-union.org\/fr\/archive\/imf\/les-contrats-de-protection-au-coeur-des-debats-a-l-039-oit\/","og_locale":"fr_FR","og_type":"article","og_title":"Les contrats de protection au c\u0153ur des d\u00e9bats \u00e0 l&#039;OIT","og_description":"GEN\u00c8VE: Pour la premi\u00e8re fois depuis la pr\u00e9sentation de la plainte (no 2694) par la F\u00e9d\u00e9ration internationale des organisations de travailleurs de la m\u00e9tallurgie en f\u00e9vrier 2009, le Comit\u00e9 de la libert\u00e9 syndicale de l&#8217;Organisation internationale du Travail a d\u00e9battu de la question des contrats de protection au Mexique et publi\u00e9 de fortes recommandations pour [&hellip;]","og_url":"https:\/\/admin.industriall-union.org\/fr\/archive\/imf\/les-contrats-de-protection-au-coeur-des-debats-a-l-039-oit\/","og_site_name":"industriall-union","article_modified_time":"2025-01-31T09:19:06+00:00","twitter_card":"summary_large_image","twitter_misc":{"Est. reading time":"3 minutes"},"schema":{"@context":"https:\/\/schema.org","@graph":[{"@type":"WebPage","@id":"https:\/\/admin.industriall-union.org\/fr\/archive\/imf\/les-contrats-de-protection-au-coeur-des-debats-a-l-039-oit\/","url":"https:\/\/admin.industriall-union.org\/fr\/archive\/imf\/les-contrats-de-protection-au-coeur-des-debats-a-l-039-oit\/","name":"Les contrats de protection au c\u0153ur des d\u00e9bats \u00e0 l&#039;OIT - industriall-union","isPartOf":{"@id":"https:\/\/admin.industriall-union.org\/#website"},"datePublished":"2011-04-07T12:40:00+00:00","dateModified":"2025-01-31T09:19:06+00:00","breadcrumb":{"@id":"https:\/\/admin.industriall-union.org\/fr\/archive\/imf\/les-contrats-de-protection-au-coeur-des-debats-a-l-039-oit\/#breadcrumb"},"inLanguage":"fr-FR","potentialAction":[{"@type":"ReadAction","target":["https:\/\/admin.industriall-union.org\/fr\/archive\/imf\/les-contrats-de-protection-au-coeur-des-debats-a-l-039-oit\/"]}]},{"@type":"BreadcrumbList","@id":"https:\/\/admin.industriall-union.org\/fr\/archive\/imf\/les-contrats-de-protection-au-coeur-des-debats-a-l-039-oit\/#breadcrumb","itemListElement":[{"@type":"ListItem","position":1,"name":"Home","item":"https:\/\/admin.industriall-union.org\/"},{"@type":"ListItem","position":2,"name":"Archive Imf","item":"https:\/\/admin.industriall-union.org\/es\/archive\/imf\/"},{"@type":"ListItem","position":3,"name":"Les contrats de protection au c\u0153ur des d\u00e9bats \u00e0 l&#039;OIT"}]},{"@type":"WebSite","@id":"https:\/\/admin.industriall-union.org\/#website","url":"https:\/\/admin.industriall-union.org\/","name":"industriall-union","description":"","potentialAction":[{"@type":"SearchAction","target":{"@type":"EntryPoint","urlTemplate":"https:\/\/admin.industriall-union.org\/?s={search_term_string}"},"query-input":{"@type":"PropertyValueSpecification","valueRequired":true,"valueName":"search_term_string"}}],"inLanguage":"fr-FR"}]}},"_links":{"self":[{"href":"https:\/\/admin.industriall-union.org\/fr\/wp-json\/wp\/v2\/archive_imf\/200514","targetHints":{"allow":["GET"]}}],"collection":[{"href":"https:\/\/admin.industriall-union.org\/fr\/wp-json\/wp\/v2\/archive_imf"}],"about":[{"href":"https:\/\/admin.industriall-union.org\/fr\/wp-json\/wp\/v2\/types\/archive_imf"}],"wp:attachment":[{"href":"https:\/\/admin.industriall-union.org\/fr\/wp-json\/wp\/v2\/media?parent=200514"}],"curies":[{"name":"wp","href":"https:\/\/api.w.org\/{rel}","templated":true}]}}