{"id":200497,"date":"2011-04-13T11:57:00","date_gmt":"2011-04-13T11:57:00","guid":{"rendered":"https:\/\/admin.industriall-union.org\/archive\/imf\/un-representant-des-travailleurs-de-norsk-hydro-s-039-adresse-a-des-syndicalistes-au-bresil\/"},"modified":"2025-01-31T09:19:01","modified_gmt":"2025-01-31T09:19:01","slug":"un-representant-des-travailleurs-de-norsk-hydro-s-039-adresse-a-des-syndicalistes-au-bresil","status":"publish","type":"archive_imf","link":"https:\/\/admin.industriall-union.org\/fr\/archive\/imf\/un-representant-des-travailleurs-de-norsk-hydro-s-039-adresse-a-des-syndicalistes-au-bresil\/","title":{"rendered":"Un repr\u00e9sentant des travailleurs de Norsk Hydro s&#039;adresse \u00e0 des syndicalistes au Br\u00e9sil"},"content":{"rendered":"<p>BR\u00c9SIL\u00a0: \u00a0Sten Roar Martinsen, un op\u00e9rateur de process et permanent syndical de l&#8217;usine d&#8217;extrusion Kopervik, et Billy Fredeagsvik, un autre op\u00e9rateur et repr\u00e9sentant syndical de la fonderie d&#8217;aluminium H\u00f8yanger de Norsk Hydro, ont rencontr\u00e9 des repr\u00e9sentants des travailleurs de syndicats br\u00e9siliens le 30 mars et le 1er avril. Tous deux sont des repr\u00e9sentants de la Conf\u00e9d\u00e9ration norv\u00e9gienne des syndicats (LO) si\u00e9geant au conseil de Hydro Norsk compos\u00e9 de 11 membres. <\/p><p>D&#8217;apr\u00e8s le site Internet de Norsk Hydro, cette mission consistait \u00e0 informer les travailleurs br\u00e9siliens de cette mine de bauxite et fonderie et raffinerie d&#8217;aluminium autrefois propri\u00e9t\u00e9 de Vale sur la structure et les principes du dialogue social avec l&#8217;employeur ainsi que sur l&#8217;impact et l&#8217;importance de l&#8217;accord sign\u00e9 le 15 mars. <\/p><p>Fin f\u00e9vrier, Norsk Hydro a rachet\u00e9 les activit\u00e9s de Vale dans le nord du Br\u00e9sil pour 3,5 milliards $. Il a ainsi pris des participations de 51% dans la fonderie d&#8217;aluminium Albr\u00e1s \u00e0 Barcarena, dans l&#8217;\u00c9tat de Par\u00e1, 57% dans la raffinerie Alunorte et 61% dans la future usine d&#8217;alumine Companhia de Alumina do Par\u00e1 (CAP) qui entrera en production en 2012. Un consortium de 17 firmes japonaises d\u00e9tient les parts minoritaires de ces entreprises. <\/p><p>Le 30 mars, Martinsen et Fredeagsvik ont rencontr\u00e9 des dirigeants syndicaux de la mine de bauxite Paragominas, anciennement Vale. Hydro Norsk a rachet\u00e9 60% de cette mine d&#8217;une capacit\u00e9 de 9,9 millions de tonnes ainsi que d&#8217;autres droits d&#8217;extraction de bauxite appartenant \u00e0 Vale. Hydro Norsk rebaptisera ses avoirs miniers br\u00e9siliens Minera\u00e7\u00e3o Paragominas. Elle rach\u00e8tera les 40% restants en 2013 et 2015 pour 200 millions $ chaque ann\u00e9e. <\/p><p>Les deux syndicalistes norv\u00e9giens ont \u00e9galement discut\u00e9 de probl\u00e8mes locaux avec les travailleurs de l&#8217;\u00c9tat de Par\u00e1, notamment de l&#8217;acc\u00e8s au logement en zone rurale et de questions de sant\u00e9 et d&#8217;\u00e9ducation. <\/p><p>&quot;C&#8217;\u00e9tait un premier pas, un pas important&quot;, a d\u00e9clar\u00e9 Sten Roar Martinsen, &quot;sur la voie de l&#8217;instauration du cadre n\u00e9cessaire pour int\u00e9grer nos coll\u00e8gues br\u00e9siliens dans les forums internes de dialogue de Norsk Hydro et faire en sorte que les int\u00e9r\u00eats et les points de vue de tous les salari\u00e9s du groupe y soient repr\u00e9sent\u00e9s, de m\u00eame que dans les processus d\u00e9cisionnels.&quot; <\/p><p>Billy Fredeagsvik ajoute pour sa part : &quot;Par ces premi\u00e8res rencontres, nous avons jet\u00e9 les bases solides d&#8217;une future coop\u00e9ration. Ces r\u00e9unions ont \u00e9t\u00e9 int\u00e9ressantes, positives et extr\u00eamement constructives.&quot; <\/p><p>Outre l&#8217;ICEM et la FIOM, les autres signataires de l&#8217;Accord-cadre mondial sont les syndicats norv\u00e9giens IndustriEnergi et Fellesforbundet.<\/p>","protected":false},"featured_media":0,"template":"","class_list":["post-200497","archive_imf","type-archive_imf","status-publish","hentry"],"acf":[],"yoast_head":"<!-- This site is optimized with the Yoast SEO Premium plugin v27.1 (Yoast SEO v27.1) - https:\/\/yoast.com\/product\/yoast-seo-premium-wordpress\/ -->\n<title>Un repr\u00e9sentant des travailleurs de Norsk Hydro s&#039;adresse \u00e0 des syndicalistes au Br\u00e9sil - industriall-union<\/title>\n<meta name=\"robots\" content=\"index, follow, max-snippet:-1, max-image-preview:large, max-video-preview:-1\" \/>\n<link rel=\"canonical\" href=\"https:\/\/admin.industriall-union.org\/fr\/archive\/imf\/un-representant-des-travailleurs-de-norsk-hydro-s-039-adresse-a-des-syndicalistes-au-bresil\/\" \/>\n<meta property=\"og:locale\" content=\"fr_FR\" \/>\n<meta property=\"og:type\" content=\"article\" \/>\n<meta property=\"og:title\" content=\"Un repr\u00e9sentant des travailleurs de Norsk Hydro s&#039;adresse \u00e0 des syndicalistes au Br\u00e9sil\" \/>\n<meta property=\"og:description\" content=\"BR\u00c9SIL\u00a0: \u00a0Sten Roar Martinsen, un op\u00e9rateur de process et permanent syndical de l&#8217;usine d&#8217;extrusion Kopervik, et Billy Fredeagsvik, un autre op\u00e9rateur et repr\u00e9sentant syndical de la fonderie d&#8217;aluminium H\u00f8yanger de Norsk Hydro, ont rencontr\u00e9 des repr\u00e9sentants des travailleurs de syndicats br\u00e9siliens le 30 mars et le 1er avril. Tous deux sont des repr\u00e9sentants de la [&hellip;]\" \/>\n<meta property=\"og:url\" content=\"https:\/\/admin.industriall-union.org\/fr\/archive\/imf\/un-representant-des-travailleurs-de-norsk-hydro-s-039-adresse-a-des-syndicalistes-au-bresil\/\" \/>\n<meta property=\"og:site_name\" content=\"industriall-union\" \/>\n<meta property=\"article:modified_time\" content=\"2025-01-31T09:19:01+00:00\" \/>\n<meta name=\"twitter:card\" content=\"summary_large_image\" \/>\n<meta name=\"twitter:label1\" content=\"Est. reading time\" \/>\n\t<meta name=\"twitter:data1\" content=\"2 minutes\" \/>\n<script type=\"application\/ld+json\" class=\"yoast-schema-graph\">{\"@context\":\"https:\/\/schema.org\",\"@graph\":[{\"@type\":\"WebPage\",\"@id\":\"https:\/\/admin.industriall-union.org\/fr\/archive\/imf\/un-representant-des-travailleurs-de-norsk-hydro-s-039-adresse-a-des-syndicalistes-au-bresil\/\",\"url\":\"https:\/\/admin.industriall-union.org\/fr\/archive\/imf\/un-representant-des-travailleurs-de-norsk-hydro-s-039-adresse-a-des-syndicalistes-au-bresil\/\",\"name\":\"Un repr\u00e9sentant des travailleurs de Norsk Hydro s&#039;adresse \u00e0 des syndicalistes au Br\u00e9sil - industriall-union\",\"isPartOf\":{\"@id\":\"https:\/\/admin.industriall-union.org\/#website\"},\"datePublished\":\"2011-04-13T11:57:00+00:00\",\"dateModified\":\"2025-01-31T09:19:01+00:00\",\"breadcrumb\":{\"@id\":\"https:\/\/admin.industriall-union.org\/fr\/archive\/imf\/un-representant-des-travailleurs-de-norsk-hydro-s-039-adresse-a-des-syndicalistes-au-bresil\/#breadcrumb\"},\"inLanguage\":\"fr-FR\",\"potentialAction\":[{\"@type\":\"ReadAction\",\"target\":[\"https:\/\/admin.industriall-union.org\/fr\/archive\/imf\/un-representant-des-travailleurs-de-norsk-hydro-s-039-adresse-a-des-syndicalistes-au-bresil\/\"]}]},{\"@type\":\"BreadcrumbList\",\"@id\":\"https:\/\/admin.industriall-union.org\/fr\/archive\/imf\/un-representant-des-travailleurs-de-norsk-hydro-s-039-adresse-a-des-syndicalistes-au-bresil\/#breadcrumb\",\"itemListElement\":[{\"@type\":\"ListItem\",\"position\":1,\"name\":\"Home\",\"item\":\"https:\/\/admin.industriall-union.org\/\"},{\"@type\":\"ListItem\",\"position\":2,\"name\":\"Archive Imf\",\"item\":\"https:\/\/admin.industriall-union.org\/es\/archive\/imf\/\"},{\"@type\":\"ListItem\",\"position\":3,\"name\":\"Un repr\u00e9sentant des travailleurs de Norsk Hydro s&#039;adresse \u00e0 des syndicalistes au Br\u00e9sil\"}]},{\"@type\":\"WebSite\",\"@id\":\"https:\/\/admin.industriall-union.org\/#website\",\"url\":\"https:\/\/admin.industriall-union.org\/\",\"name\":\"industriall-union\",\"description\":\"\",\"potentialAction\":[{\"@type\":\"SearchAction\",\"target\":{\"@type\":\"EntryPoint\",\"urlTemplate\":\"https:\/\/admin.industriall-union.org\/?s={search_term_string}\"},\"query-input\":{\"@type\":\"PropertyValueSpecification\",\"valueRequired\":true,\"valueName\":\"search_term_string\"}}],\"inLanguage\":\"fr-FR\"}]}<\/script>\n<!-- \/ Yoast SEO Premium plugin. -->","yoast_head_json":{"title":"Un repr\u00e9sentant des travailleurs de Norsk Hydro s&#039;adresse \u00e0 des syndicalistes au Br\u00e9sil - industriall-union","robots":{"index":"index","follow":"follow","max-snippet":"max-snippet:-1","max-image-preview":"max-image-preview:large","max-video-preview":"max-video-preview:-1"},"canonical":"https:\/\/admin.industriall-union.org\/fr\/archive\/imf\/un-representant-des-travailleurs-de-norsk-hydro-s-039-adresse-a-des-syndicalistes-au-bresil\/","og_locale":"fr_FR","og_type":"article","og_title":"Un repr\u00e9sentant des travailleurs de Norsk Hydro s&#039;adresse \u00e0 des syndicalistes au Br\u00e9sil","og_description":"BR\u00c9SIL\u00a0: \u00a0Sten Roar Martinsen, un op\u00e9rateur de process et permanent syndical de l&#8217;usine d&#8217;extrusion Kopervik, et Billy Fredeagsvik, un autre op\u00e9rateur et repr\u00e9sentant syndical de la fonderie d&#8217;aluminium H\u00f8yanger de Norsk Hydro, ont rencontr\u00e9 des repr\u00e9sentants des travailleurs de syndicats br\u00e9siliens le 30 mars et le 1er avril. Tous deux sont des repr\u00e9sentants de la [&hellip;]","og_url":"https:\/\/admin.industriall-union.org\/fr\/archive\/imf\/un-representant-des-travailleurs-de-norsk-hydro-s-039-adresse-a-des-syndicalistes-au-bresil\/","og_site_name":"industriall-union","article_modified_time":"2025-01-31T09:19:01+00:00","twitter_card":"summary_large_image","twitter_misc":{"Est. reading time":"2 minutes"},"schema":{"@context":"https:\/\/schema.org","@graph":[{"@type":"WebPage","@id":"https:\/\/admin.industriall-union.org\/fr\/archive\/imf\/un-representant-des-travailleurs-de-norsk-hydro-s-039-adresse-a-des-syndicalistes-au-bresil\/","url":"https:\/\/admin.industriall-union.org\/fr\/archive\/imf\/un-representant-des-travailleurs-de-norsk-hydro-s-039-adresse-a-des-syndicalistes-au-bresil\/","name":"Un repr\u00e9sentant des travailleurs de Norsk Hydro s&#039;adresse \u00e0 des syndicalistes au Br\u00e9sil - industriall-union","isPartOf":{"@id":"https:\/\/admin.industriall-union.org\/#website"},"datePublished":"2011-04-13T11:57:00+00:00","dateModified":"2025-01-31T09:19:01+00:00","breadcrumb":{"@id":"https:\/\/admin.industriall-union.org\/fr\/archive\/imf\/un-representant-des-travailleurs-de-norsk-hydro-s-039-adresse-a-des-syndicalistes-au-bresil\/#breadcrumb"},"inLanguage":"fr-FR","potentialAction":[{"@type":"ReadAction","target":["https:\/\/admin.industriall-union.org\/fr\/archive\/imf\/un-representant-des-travailleurs-de-norsk-hydro-s-039-adresse-a-des-syndicalistes-au-bresil\/"]}]},{"@type":"BreadcrumbList","@id":"https:\/\/admin.industriall-union.org\/fr\/archive\/imf\/un-representant-des-travailleurs-de-norsk-hydro-s-039-adresse-a-des-syndicalistes-au-bresil\/#breadcrumb","itemListElement":[{"@type":"ListItem","position":1,"name":"Home","item":"https:\/\/admin.industriall-union.org\/"},{"@type":"ListItem","position":2,"name":"Archive Imf","item":"https:\/\/admin.industriall-union.org\/es\/archive\/imf\/"},{"@type":"ListItem","position":3,"name":"Un repr\u00e9sentant des travailleurs de Norsk Hydro s&#039;adresse \u00e0 des syndicalistes au Br\u00e9sil"}]},{"@type":"WebSite","@id":"https:\/\/admin.industriall-union.org\/#website","url":"https:\/\/admin.industriall-union.org\/","name":"industriall-union","description":"","potentialAction":[{"@type":"SearchAction","target":{"@type":"EntryPoint","urlTemplate":"https:\/\/admin.industriall-union.org\/?s={search_term_string}"},"query-input":{"@type":"PropertyValueSpecification","valueRequired":true,"valueName":"search_term_string"}}],"inLanguage":"fr-FR"}]}},"_links":{"self":[{"href":"https:\/\/admin.industriall-union.org\/fr\/wp-json\/wp\/v2\/archive_imf\/200497","targetHints":{"allow":["GET"]}}],"collection":[{"href":"https:\/\/admin.industriall-union.org\/fr\/wp-json\/wp\/v2\/archive_imf"}],"about":[{"href":"https:\/\/admin.industriall-union.org\/fr\/wp-json\/wp\/v2\/types\/archive_imf"}],"wp:attachment":[{"href":"https:\/\/admin.industriall-union.org\/fr\/wp-json\/wp\/v2\/media?parent=200497"}],"curies":[{"name":"wp","href":"https:\/\/api.w.org\/{rel}","templated":true}]}}