{"id":200467,"date":"2011-04-20T14:43:00","date_gmt":"2011-04-20T14:43:00","guid":{"rendered":"https:\/\/admin.industriall-union.org\/archive\/imf\/le-directeur-general-de-thyssenkrupp-en-italie-condamne-pour-homicide\/"},"modified":"2025-01-31T09:18:49","modified_gmt":"2025-01-31T09:18:49","slug":"le-directeur-general-de-thyssenkrupp-en-italie-condamne-pour-homicide","status":"publish","type":"archive_imf","link":"https:\/\/admin.industriall-union.org\/fr\/archive\/imf\/le-directeur-general-de-thyssenkrupp-en-italie-condamne-pour-homicide\/","title":{"rendered":"Le directeur g\u00e9n\u00e9ral de ThyssenKrupp en Italie condamn\u00e9 pour homicide"},"content":{"rendered":"<p>ITALIE: Un tribunal \u00e0 Turin a condamn\u00e9 le directeur g\u00e9n\u00e9ral de ThyssenKrupp en Italie, Harald Espenhahn, \u00e0 16 ans et demi de prison le 15 avril pour homicide, apr\u00e8s que <a href=\"..\/index.cfm?c=17014&amp;ol=5\" target=\"_blank\">sept travailleurs ont trouv\u00e9 la mort dans un incendie<\/a> dans l&#8217;aci\u00e9rie d&#8217;une soci\u00e9t\u00e9 transnationale \u00e0 Turin le 6 d\u00e9cembre 2007.<\/p><p>Cinq autres cadres de l&#8217;entreprise ont \u00e9t\u00e9 d\u00e9clar\u00e9s coupables d&#8217;homicide involontaire et condamn\u00e9s \u00e0 13 ans et demi de prison. L&#8217;entreprise allemande a re\u00e7u une amende de 1 million d&#8217;euros. En outre, l&#8217;entreprise ne recevra pas de subventions de l&#8217;\u00c9tat italien pendant six mois. Durant la m\u00eame p\u00e9riode, il sera interdit \u00e0 ThyssenKrupp de faire de la publicit\u00e9 pour ses produits en Italie.<\/p><p>Au moment de l&#8217;accident, l&#8217;entreprise avait r\u00e9duit graduellement l&#8217;activit\u00e9 de l&#8217;usine qui employait seulement 200 des 400 salari\u00e9s de l&#8217;effectif total, et n&#8217;avait pas maintenu les normes de sant\u00e9 et de s\u00e9curit\u00e9. L&#8217;enqu\u00eate men\u00e9e par l&#8217;accusation sur les causes de l&#8217;accident a prouv\u00e9 que le directeur g\u00e9n\u00e9ral \u00e9tait parfaitement au courant des risques et avait d\u00e9cid\u00e9 de ne pas prendre dans l&#8217;usine les mesures minimums requises par la loi.<\/p><p>La d\u00e9cision du tribunal, qui peut donner lieu \u00e0 contestation, a un caract\u00e8re historique en ce sens qu&#8217;elle constitue un pr\u00e9c\u00e9dent important en admettant que le directeur g\u00e9n\u00e9ral d&#8217;une entreprise puisse \u00eatre tenu responsable d&#8217;un homicide volontaire, une premi\u00e8re en Italie pour un accident du travail.<\/p><p>L&#8217;un des travailleurs est mort sur le champ dans le terrible incendie dans l&#8217;usine \u00e0 Turin, tandis que les six autres sont morts plus tard \u00e0 l&#8217;h\u00f4pital. Ces d\u00e9c\u00e8s ont suscit\u00e9 une <a href=\"..\/index.cfm?c=17805&amp;ol=5\" target=\"_blank\">campagne nationale pour l&#8217;am\u00e9lioration des mesures de s\u00e9curit\u00e9<\/a> au travail.<\/p><p>Selon la presse, le procureur Raffaele Guariniello a accueilli favorablement la nouvelle en d\u00e9clarant que ce verdict \u00e9tait &quot;tr\u00e8s important pour la sant\u00e9 et la s\u00e9curit\u00e9 au travail&quot;.\u00a0  <\/p>","protected":false},"featured_media":0,"template":"","class_list":["post-200467","archive_imf","type-archive_imf","status-publish","hentry"],"acf":[],"yoast_head":"<!-- This site is optimized with the Yoast SEO Premium plugin v27.1 (Yoast SEO v27.1) - https:\/\/yoast.com\/product\/yoast-seo-premium-wordpress\/ -->\n<title>Le directeur g\u00e9n\u00e9ral de ThyssenKrupp en Italie condamn\u00e9 pour homicide - industriall-union<\/title>\n<meta name=\"robots\" content=\"index, follow, max-snippet:-1, max-image-preview:large, max-video-preview:-1\" \/>\n<link rel=\"canonical\" href=\"https:\/\/admin.industriall-union.org\/fr\/archive\/imf\/le-directeur-general-de-thyssenkrupp-en-italie-condamne-pour-homicide\/\" \/>\n<meta property=\"og:locale\" content=\"fr_FR\" \/>\n<meta property=\"og:type\" content=\"article\" \/>\n<meta property=\"og:title\" content=\"Le directeur g\u00e9n\u00e9ral de ThyssenKrupp en Italie condamn\u00e9 pour homicide\" \/>\n<meta property=\"og:description\" content=\"ITALIE: Un tribunal \u00e0 Turin a condamn\u00e9 le directeur g\u00e9n\u00e9ral de ThyssenKrupp en Italie, Harald Espenhahn, \u00e0 16 ans et demi de prison le 15 avril pour homicide, apr\u00e8s que sept travailleurs ont trouv\u00e9 la mort dans un incendie dans l&#8217;aci\u00e9rie d&#8217;une soci\u00e9t\u00e9 transnationale \u00e0 Turin le 6 d\u00e9cembre 2007. Cinq autres cadres de l&#8217;entreprise [&hellip;]\" \/>\n<meta property=\"og:url\" content=\"https:\/\/admin.industriall-union.org\/fr\/archive\/imf\/le-directeur-general-de-thyssenkrupp-en-italie-condamne-pour-homicide\/\" \/>\n<meta property=\"og:site_name\" content=\"industriall-union\" \/>\n<meta property=\"article:modified_time\" content=\"2025-01-31T09:18:49+00:00\" \/>\n<meta name=\"twitter:card\" content=\"summary_large_image\" \/>\n<meta name=\"twitter:label1\" content=\"Est. reading time\" \/>\n\t<meta name=\"twitter:data1\" content=\"2 minutes\" \/>\n<script type=\"application\/ld+json\" class=\"yoast-schema-graph\">{\"@context\":\"https:\/\/schema.org\",\"@graph\":[{\"@type\":\"WebPage\",\"@id\":\"https:\/\/admin.industriall-union.org\/fr\/archive\/imf\/le-directeur-general-de-thyssenkrupp-en-italie-condamne-pour-homicide\/\",\"url\":\"https:\/\/admin.industriall-union.org\/fr\/archive\/imf\/le-directeur-general-de-thyssenkrupp-en-italie-condamne-pour-homicide\/\",\"name\":\"Le directeur g\u00e9n\u00e9ral de ThyssenKrupp en Italie condamn\u00e9 pour homicide - industriall-union\",\"isPartOf\":{\"@id\":\"https:\/\/admin.industriall-union.org\/#website\"},\"datePublished\":\"2011-04-20T14:43:00+00:00\",\"dateModified\":\"2025-01-31T09:18:49+00:00\",\"breadcrumb\":{\"@id\":\"https:\/\/admin.industriall-union.org\/fr\/archive\/imf\/le-directeur-general-de-thyssenkrupp-en-italie-condamne-pour-homicide\/#breadcrumb\"},\"inLanguage\":\"fr-FR\",\"potentialAction\":[{\"@type\":\"ReadAction\",\"target\":[\"https:\/\/admin.industriall-union.org\/fr\/archive\/imf\/le-directeur-general-de-thyssenkrupp-en-italie-condamne-pour-homicide\/\"]}]},{\"@type\":\"BreadcrumbList\",\"@id\":\"https:\/\/admin.industriall-union.org\/fr\/archive\/imf\/le-directeur-general-de-thyssenkrupp-en-italie-condamne-pour-homicide\/#breadcrumb\",\"itemListElement\":[{\"@type\":\"ListItem\",\"position\":1,\"name\":\"Home\",\"item\":\"https:\/\/admin.industriall-union.org\/\"},{\"@type\":\"ListItem\",\"position\":2,\"name\":\"Archive Imf\",\"item\":\"https:\/\/admin.industriall-union.org\/es\/archive\/imf\/\"},{\"@type\":\"ListItem\",\"position\":3,\"name\":\"Le directeur g\u00e9n\u00e9ral de ThyssenKrupp en Italie condamn\u00e9 pour homicide\"}]},{\"@type\":\"WebSite\",\"@id\":\"https:\/\/admin.industriall-union.org\/#website\",\"url\":\"https:\/\/admin.industriall-union.org\/\",\"name\":\"industriall-union\",\"description\":\"\",\"potentialAction\":[{\"@type\":\"SearchAction\",\"target\":{\"@type\":\"EntryPoint\",\"urlTemplate\":\"https:\/\/admin.industriall-union.org\/?s={search_term_string}\"},\"query-input\":{\"@type\":\"PropertyValueSpecification\",\"valueRequired\":true,\"valueName\":\"search_term_string\"}}],\"inLanguage\":\"fr-FR\"}]}<\/script>\n<!-- \/ Yoast SEO Premium plugin. -->","yoast_head_json":{"title":"Le directeur g\u00e9n\u00e9ral de ThyssenKrupp en Italie condamn\u00e9 pour homicide - industriall-union","robots":{"index":"index","follow":"follow","max-snippet":"max-snippet:-1","max-image-preview":"max-image-preview:large","max-video-preview":"max-video-preview:-1"},"canonical":"https:\/\/admin.industriall-union.org\/fr\/archive\/imf\/le-directeur-general-de-thyssenkrupp-en-italie-condamne-pour-homicide\/","og_locale":"fr_FR","og_type":"article","og_title":"Le directeur g\u00e9n\u00e9ral de ThyssenKrupp en Italie condamn\u00e9 pour homicide","og_description":"ITALIE: Un tribunal \u00e0 Turin a condamn\u00e9 le directeur g\u00e9n\u00e9ral de ThyssenKrupp en Italie, Harald Espenhahn, \u00e0 16 ans et demi de prison le 15 avril pour homicide, apr\u00e8s que sept travailleurs ont trouv\u00e9 la mort dans un incendie dans l&#8217;aci\u00e9rie d&#8217;une soci\u00e9t\u00e9 transnationale \u00e0 Turin le 6 d\u00e9cembre 2007. Cinq autres cadres de l&#8217;entreprise [&hellip;]","og_url":"https:\/\/admin.industriall-union.org\/fr\/archive\/imf\/le-directeur-general-de-thyssenkrupp-en-italie-condamne-pour-homicide\/","og_site_name":"industriall-union","article_modified_time":"2025-01-31T09:18:49+00:00","twitter_card":"summary_large_image","twitter_misc":{"Est. reading time":"2 minutes"},"schema":{"@context":"https:\/\/schema.org","@graph":[{"@type":"WebPage","@id":"https:\/\/admin.industriall-union.org\/fr\/archive\/imf\/le-directeur-general-de-thyssenkrupp-en-italie-condamne-pour-homicide\/","url":"https:\/\/admin.industriall-union.org\/fr\/archive\/imf\/le-directeur-general-de-thyssenkrupp-en-italie-condamne-pour-homicide\/","name":"Le directeur g\u00e9n\u00e9ral de ThyssenKrupp en Italie condamn\u00e9 pour homicide - industriall-union","isPartOf":{"@id":"https:\/\/admin.industriall-union.org\/#website"},"datePublished":"2011-04-20T14:43:00+00:00","dateModified":"2025-01-31T09:18:49+00:00","breadcrumb":{"@id":"https:\/\/admin.industriall-union.org\/fr\/archive\/imf\/le-directeur-general-de-thyssenkrupp-en-italie-condamne-pour-homicide\/#breadcrumb"},"inLanguage":"fr-FR","potentialAction":[{"@type":"ReadAction","target":["https:\/\/admin.industriall-union.org\/fr\/archive\/imf\/le-directeur-general-de-thyssenkrupp-en-italie-condamne-pour-homicide\/"]}]},{"@type":"BreadcrumbList","@id":"https:\/\/admin.industriall-union.org\/fr\/archive\/imf\/le-directeur-general-de-thyssenkrupp-en-italie-condamne-pour-homicide\/#breadcrumb","itemListElement":[{"@type":"ListItem","position":1,"name":"Home","item":"https:\/\/admin.industriall-union.org\/"},{"@type":"ListItem","position":2,"name":"Archive Imf","item":"https:\/\/admin.industriall-union.org\/es\/archive\/imf\/"},{"@type":"ListItem","position":3,"name":"Le directeur g\u00e9n\u00e9ral de ThyssenKrupp en Italie condamn\u00e9 pour homicide"}]},{"@type":"WebSite","@id":"https:\/\/admin.industriall-union.org\/#website","url":"https:\/\/admin.industriall-union.org\/","name":"industriall-union","description":"","potentialAction":[{"@type":"SearchAction","target":{"@type":"EntryPoint","urlTemplate":"https:\/\/admin.industriall-union.org\/?s={search_term_string}"},"query-input":{"@type":"PropertyValueSpecification","valueRequired":true,"valueName":"search_term_string"}}],"inLanguage":"fr-FR"}]}},"_links":{"self":[{"href":"https:\/\/admin.industriall-union.org\/fr\/wp-json\/wp\/v2\/archive_imf\/200467","targetHints":{"allow":["GET"]}}],"collection":[{"href":"https:\/\/admin.industriall-union.org\/fr\/wp-json\/wp\/v2\/archive_imf"}],"about":[{"href":"https:\/\/admin.industriall-union.org\/fr\/wp-json\/wp\/v2\/types\/archive_imf"}],"wp:attachment":[{"href":"https:\/\/admin.industriall-union.org\/fr\/wp-json\/wp\/v2\/media?parent=200467"}],"curies":[{"name":"wp","href":"https:\/\/api.w.org\/{rel}","templated":true}]}}