{"id":200351,"date":"2011-05-13T12:36:00","date_gmt":"2011-05-13T12:36:00","guid":{"rendered":"https:\/\/admin.industriall-union.org\/archive\/imf\/les-syndicats-travaillent-au-niveau-mondial-pour-resoudre-les-problemes-dans-le-travail-a-la-division-camions-de-volvo\/"},"modified":"2025-01-31T09:15:11","modified_gmt":"2025-01-31T09:15:11","slug":"les-syndicats-travaillent-au-niveau-mondial-pour-resoudre-les-problemes-dans-le-travail-a-la-division-camions-de-volvo","status":"publish","type":"archive_imf","link":"https:\/\/admin.industriall-union.org\/fr\/archive\/imf\/les-syndicats-travaillent-au-niveau-mondial-pour-resoudre-les-problemes-dans-le-travail-a-la-division-camions-de-volvo\/","title":{"rendered":"Les syndicats travaillent au niveau mondial pour r\u00e9soudre les probl\u00e8mes dans le travail \u00e0 la division camions de Volvo"},"content":{"rendered":"SU\u00c8DE: La coop\u00e9ration internationale entre les syndicats repr\u00e9sentant les travailleurs et travailleuses de la soci\u00e9t\u00e9 transnationale AB Volvo (camions) permet de mieux r\u00e9soudre les probl\u00e8mes rencontr\u00e9s au plan local dans le travail. C&#8217;est l&#8217;opinion exprim\u00e9e par les participant(e)s \u00e0 une r\u00e9union du comit\u00e9 d&#8217;entreprise europ\u00e9en de AB Volvo et de syndicats non europ\u00e9ens, qui s&#8217;est tenue du 9 aux 11 mai \u00e0 G\u00f6teborg.<br \/><br \/>Une cinquantaine de repr\u00e9sentant(e)s de syndicats du monde entier participait \u00e0 la r\u00e9union. Chaque repr\u00e9sentant(e) a rendu compte de la situation actuelle dans son pays et a particip\u00e9 \u00e0 un \u00e9change d&#8217;informations sur des questions syndicales. La direction de AB Volvo a \u00e9galement rendu compte de plusieurs dossiers qui concernent, notamment, la responsabilit\u00e9 sociale de l&#8217;entreprise, la sant\u00e9 et la s\u00e9curit\u00e9, et la situation \u00e9conomique de l&#8217;entreprise.<br \/><br \/>Tous\/toutes les participant(e)s ont profit\u00e9 de l&#8217;occasion pour poser \u00e0 la direction plusieurs questions qui pr\u00e9sentent un grand int\u00e9r\u00eat aux syndicats qui m\u00e8nent des activit\u00e9s hors de la Su\u00e8de et qui se trouvent ainsi plus \u00e9loign\u00e9s des d\u00e9cisions prises au si\u00e8ge mondial de l&#8217;entreprise. La r\u00e9union a donn\u00e9 aux syndicats la possibilit\u00e9 de pr\u00e9senter des probl\u00e8mes non r\u00e9solus dans leur pays avec le soutien de tous les syndicats pr\u00e9sents venus du monde entier.<br \/><br \/>Auparavant, Mikael S\u00e4llstr\u00f6m, pr\u00e9sident du comit\u00e9 d&#8217;entreprise europ\u00e9en, et d&#8217;autres repr\u00e9sentants syndicaux de Su\u00e8de, s&#8217;\u00e9taient rendus en Inde et en Pologne pour aider directement les syndicats de ces pays qui ont des probl\u00e8mes sp\u00e9cifiques avec les directions locales.<br \/><br \/>En dehors des membres du comit\u00e9 d&#8217;entreprise europ\u00e9en, des syndicats d&#8217;Australie, du Br\u00e9sil, du Canada, de l&#8217;Inde, du Japon et des \u00c9tats-Unis, participaient \u00e0 la r\u00e9union. Toutes les activit\u00e9s du comit\u00e9 d&#8217;entreprise europ\u00e9en et du groupe mondial de syndicats qui s&#8217;y rattache sont financ\u00e9es par l&#8217;entreprise, ce qui donne une id\u00e9e de la force et de l&#8217;influence des syndicats de Volvo et des organes de repr\u00e9sentation des travailleurs et travailleuses.<br \/><br \/>Cette r\u00e9union, qui a lieu normalement tous les deux ans, avait \u00e9t\u00e9 report\u00e9e l&#8217;an dernier en raison de la crise. De ce fait, la prochaine r\u00e9union aura lieu l&#8217;ann\u00e9e prochaine en Pologne.<br \/><br \/>  ","protected":false},"featured_media":0,"template":"","class_list":["post-200351","archive_imf","type-archive_imf","status-publish","hentry"],"acf":[],"yoast_head":"<!-- This site is optimized with the Yoast SEO Premium plugin v27.1 (Yoast SEO v27.1) - https:\/\/yoast.com\/product\/yoast-seo-premium-wordpress\/ -->\n<title>Les syndicats travaillent au niveau mondial pour r\u00e9soudre les probl\u00e8mes dans le travail \u00e0 la division camions de Volvo - industriall-union<\/title>\n<meta name=\"robots\" content=\"index, follow, max-snippet:-1, max-image-preview:large, max-video-preview:-1\" \/>\n<link rel=\"canonical\" href=\"https:\/\/admin.industriall-union.org\/fr\/archive\/imf\/les-syndicats-travaillent-au-niveau-mondial-pour-resoudre-les-problemes-dans-le-travail-a-la-division-camions-de-volvo\/\" \/>\n<meta property=\"og:locale\" content=\"fr_FR\" \/>\n<meta property=\"og:type\" content=\"article\" \/>\n<meta property=\"og:title\" content=\"Les syndicats travaillent au niveau mondial pour r\u00e9soudre les probl\u00e8mes dans le travail \u00e0 la division camions de Volvo\" \/>\n<meta property=\"og:description\" content=\"SU\u00c8DE: La coop\u00e9ration internationale entre les syndicats repr\u00e9sentant les travailleurs et travailleuses de la soci\u00e9t\u00e9 transnationale AB Volvo (camions) permet de mieux r\u00e9soudre les probl\u00e8mes rencontr\u00e9s au plan local dans le travail. C&#8217;est l&#8217;opinion exprim\u00e9e par les participant(e)s \u00e0 une r\u00e9union du comit\u00e9 d&#8217;entreprise europ\u00e9en de AB Volvo et de syndicats non europ\u00e9ens, qui s&#8217;est [&hellip;]\" \/>\n<meta property=\"og:url\" content=\"https:\/\/admin.industriall-union.org\/fr\/archive\/imf\/les-syndicats-travaillent-au-niveau-mondial-pour-resoudre-les-problemes-dans-le-travail-a-la-division-camions-de-volvo\/\" \/>\n<meta property=\"og:site_name\" content=\"industriall-union\" \/>\n<meta property=\"article:modified_time\" content=\"2025-01-31T09:15:11+00:00\" \/>\n<meta name=\"twitter:card\" content=\"summary_large_image\" \/>\n<meta name=\"twitter:label1\" content=\"Est. reading time\" \/>\n\t<meta name=\"twitter:data1\" content=\"2 minutes\" \/>\n<script type=\"application\/ld+json\" class=\"yoast-schema-graph\">{\"@context\":\"https:\/\/schema.org\",\"@graph\":[{\"@type\":\"WebPage\",\"@id\":\"https:\/\/admin.industriall-union.org\/fr\/archive\/imf\/les-syndicats-travaillent-au-niveau-mondial-pour-resoudre-les-problemes-dans-le-travail-a-la-division-camions-de-volvo\/\",\"url\":\"https:\/\/admin.industriall-union.org\/fr\/archive\/imf\/les-syndicats-travaillent-au-niveau-mondial-pour-resoudre-les-problemes-dans-le-travail-a-la-division-camions-de-volvo\/\",\"name\":\"Les syndicats travaillent au niveau mondial pour r\u00e9soudre les probl\u00e8mes dans le travail \u00e0 la division camions de Volvo - industriall-union\",\"isPartOf\":{\"@id\":\"https:\/\/admin.industriall-union.org\/#website\"},\"datePublished\":\"2011-05-13T12:36:00+00:00\",\"dateModified\":\"2025-01-31T09:15:11+00:00\",\"breadcrumb\":{\"@id\":\"https:\/\/admin.industriall-union.org\/fr\/archive\/imf\/les-syndicats-travaillent-au-niveau-mondial-pour-resoudre-les-problemes-dans-le-travail-a-la-division-camions-de-volvo\/#breadcrumb\"},\"inLanguage\":\"fr-FR\",\"potentialAction\":[{\"@type\":\"ReadAction\",\"target\":[\"https:\/\/admin.industriall-union.org\/fr\/archive\/imf\/les-syndicats-travaillent-au-niveau-mondial-pour-resoudre-les-problemes-dans-le-travail-a-la-division-camions-de-volvo\/\"]}]},{\"@type\":\"BreadcrumbList\",\"@id\":\"https:\/\/admin.industriall-union.org\/fr\/archive\/imf\/les-syndicats-travaillent-au-niveau-mondial-pour-resoudre-les-problemes-dans-le-travail-a-la-division-camions-de-volvo\/#breadcrumb\",\"itemListElement\":[{\"@type\":\"ListItem\",\"position\":1,\"name\":\"Home\",\"item\":\"https:\/\/admin.industriall-union.org\/\"},{\"@type\":\"ListItem\",\"position\":2,\"name\":\"Archive Imf\",\"item\":\"https:\/\/admin.industriall-union.org\/es\/archive\/imf\/\"},{\"@type\":\"ListItem\",\"position\":3,\"name\":\"Les syndicats travaillent au niveau mondial pour r\u00e9soudre les probl\u00e8mes dans le travail \u00e0 la division camions de Volvo\"}]},{\"@type\":\"WebSite\",\"@id\":\"https:\/\/admin.industriall-union.org\/#website\",\"url\":\"https:\/\/admin.industriall-union.org\/\",\"name\":\"industriall-union\",\"description\":\"\",\"potentialAction\":[{\"@type\":\"SearchAction\",\"target\":{\"@type\":\"EntryPoint\",\"urlTemplate\":\"https:\/\/admin.industriall-union.org\/?s={search_term_string}\"},\"query-input\":{\"@type\":\"PropertyValueSpecification\",\"valueRequired\":true,\"valueName\":\"search_term_string\"}}],\"inLanguage\":\"fr-FR\"}]}<\/script>\n<!-- \/ Yoast SEO Premium plugin. -->","yoast_head_json":{"title":"Les syndicats travaillent au niveau mondial pour r\u00e9soudre les probl\u00e8mes dans le travail \u00e0 la division camions de Volvo - industriall-union","robots":{"index":"index","follow":"follow","max-snippet":"max-snippet:-1","max-image-preview":"max-image-preview:large","max-video-preview":"max-video-preview:-1"},"canonical":"https:\/\/admin.industriall-union.org\/fr\/archive\/imf\/les-syndicats-travaillent-au-niveau-mondial-pour-resoudre-les-problemes-dans-le-travail-a-la-division-camions-de-volvo\/","og_locale":"fr_FR","og_type":"article","og_title":"Les syndicats travaillent au niveau mondial pour r\u00e9soudre les probl\u00e8mes dans le travail \u00e0 la division camions de Volvo","og_description":"SU\u00c8DE: La coop\u00e9ration internationale entre les syndicats repr\u00e9sentant les travailleurs et travailleuses de la soci\u00e9t\u00e9 transnationale AB Volvo (camions) permet de mieux r\u00e9soudre les probl\u00e8mes rencontr\u00e9s au plan local dans le travail. C&#8217;est l&#8217;opinion exprim\u00e9e par les participant(e)s \u00e0 une r\u00e9union du comit\u00e9 d&#8217;entreprise europ\u00e9en de AB Volvo et de syndicats non europ\u00e9ens, qui s&#8217;est [&hellip;]","og_url":"https:\/\/admin.industriall-union.org\/fr\/archive\/imf\/les-syndicats-travaillent-au-niveau-mondial-pour-resoudre-les-problemes-dans-le-travail-a-la-division-camions-de-volvo\/","og_site_name":"industriall-union","article_modified_time":"2025-01-31T09:15:11+00:00","twitter_card":"summary_large_image","twitter_misc":{"Est. reading time":"2 minutes"},"schema":{"@context":"https:\/\/schema.org","@graph":[{"@type":"WebPage","@id":"https:\/\/admin.industriall-union.org\/fr\/archive\/imf\/les-syndicats-travaillent-au-niveau-mondial-pour-resoudre-les-problemes-dans-le-travail-a-la-division-camions-de-volvo\/","url":"https:\/\/admin.industriall-union.org\/fr\/archive\/imf\/les-syndicats-travaillent-au-niveau-mondial-pour-resoudre-les-problemes-dans-le-travail-a-la-division-camions-de-volvo\/","name":"Les syndicats travaillent au niveau mondial pour r\u00e9soudre les probl\u00e8mes dans le travail \u00e0 la division camions de Volvo - industriall-union","isPartOf":{"@id":"https:\/\/admin.industriall-union.org\/#website"},"datePublished":"2011-05-13T12:36:00+00:00","dateModified":"2025-01-31T09:15:11+00:00","breadcrumb":{"@id":"https:\/\/admin.industriall-union.org\/fr\/archive\/imf\/les-syndicats-travaillent-au-niveau-mondial-pour-resoudre-les-problemes-dans-le-travail-a-la-division-camions-de-volvo\/#breadcrumb"},"inLanguage":"fr-FR","potentialAction":[{"@type":"ReadAction","target":["https:\/\/admin.industriall-union.org\/fr\/archive\/imf\/les-syndicats-travaillent-au-niveau-mondial-pour-resoudre-les-problemes-dans-le-travail-a-la-division-camions-de-volvo\/"]}]},{"@type":"BreadcrumbList","@id":"https:\/\/admin.industriall-union.org\/fr\/archive\/imf\/les-syndicats-travaillent-au-niveau-mondial-pour-resoudre-les-problemes-dans-le-travail-a-la-division-camions-de-volvo\/#breadcrumb","itemListElement":[{"@type":"ListItem","position":1,"name":"Home","item":"https:\/\/admin.industriall-union.org\/"},{"@type":"ListItem","position":2,"name":"Archive Imf","item":"https:\/\/admin.industriall-union.org\/es\/archive\/imf\/"},{"@type":"ListItem","position":3,"name":"Les syndicats travaillent au niveau mondial pour r\u00e9soudre les probl\u00e8mes dans le travail \u00e0 la division camions de Volvo"}]},{"@type":"WebSite","@id":"https:\/\/admin.industriall-union.org\/#website","url":"https:\/\/admin.industriall-union.org\/","name":"industriall-union","description":"","potentialAction":[{"@type":"SearchAction","target":{"@type":"EntryPoint","urlTemplate":"https:\/\/admin.industriall-union.org\/?s={search_term_string}"},"query-input":{"@type":"PropertyValueSpecification","valueRequired":true,"valueName":"search_term_string"}}],"inLanguage":"fr-FR"}]}},"_links":{"self":[{"href":"https:\/\/admin.industriall-union.org\/fr\/wp-json\/wp\/v2\/archive_imf\/200351","targetHints":{"allow":["GET"]}}],"collection":[{"href":"https:\/\/admin.industriall-union.org\/fr\/wp-json\/wp\/v2\/archive_imf"}],"about":[{"href":"https:\/\/admin.industriall-union.org\/fr\/wp-json\/wp\/v2\/types\/archive_imf"}],"wp:attachment":[{"href":"https:\/\/admin.industriall-union.org\/fr\/wp-json\/wp\/v2\/media?parent=200351"}],"curies":[{"name":"wp","href":"https:\/\/api.w.org\/{rel}","templated":true}]}}