{"id":199982,"date":"2011-09-12T14:16:00","date_gmt":"2011-09-12T14:16:00","guid":{"rendered":"https:\/\/admin.industriall-union.org\/archive\/imf\/forum-de-la-fiom-de-l-039-amerique-latine-et-des-caraibes-le-role-de-la-communication-dans-les-activites-syndicales\/"},"modified":"2025-01-31T09:04:35","modified_gmt":"2025-01-31T09:04:35","slug":"forum-de-la-fiom-de-l-039-amerique-latine-et-des-caraibes-le-role-de-la-communication-dans-les-activites-syndicales","status":"publish","type":"archive_imf","link":"https:\/\/admin.industriall-union.org\/fr\/archive\/imf\/forum-de-la-fiom-de-l-039-amerique-latine-et-des-caraibes-le-role-de-la-communication-dans-les-activites-syndicales\/","title":{"rendered":"Forum de la FIOM de l&#039;Am\u00e9rique latine et des Cara\u00efbes: le r\u00f4le de la communication dans les activit\u00e9s syndicales"},"content":{"rendered":"<p>BR\u00c9SIL: Un d\u00e9bat important sur le r\u00f4le de la communication dans les activit\u00e9s syndicales a eu lieu au Forum des communicateurs organis\u00e9 par la FIOM, les 8-9 septembre, \u00e0 Sao Paulo, Br\u00e9sil. Jorge Almeida, repr\u00e9sentant r\u00e9gional de la FIOM pour l&#8217;Am\u00e9rique latine et les Cara\u00efbes, M\u00f3nica Veloso, pr\u00e9sidente de la Confederaci\u00f3n Nacional de Trabajadores Metal\u00fargicos (CNTM-FS) et Valter Sanches de la Confederaci\u00f3n Nacional Metal\u00fargicos (CNM-CUT), deux organisations affili\u00e9es \u00e0 la FIOM, ont assist\u00e9 \u00e0 la r\u00e9union.<\/p><p>La r\u00e9union a rassembl\u00e9 des repr\u00e9sentants des d\u00e9partements de la communication des affili\u00e9s br\u00e9siliens, ainsi que des repr\u00e9sentants d&#8217;affili\u00e9s de la FIOM dans d&#8217;autres pays latino-am\u00e9ricains: Asimra (Argentine), Fetramecol et Utrammicol (Colombie), FTC (Chili), Fenamepsicop (P\u00e9rou) et le Mexique.<\/p><p>Les d\u00e9l\u00e9gu\u00e9(e)s ont rendu compte des travaux r\u00e9alis\u00e9s par leurs syndicats dans les domaines de l&#8217;information et de la communication, et les repr\u00e9sentants de la FIOM ont d\u00e9crit les canaux de communication utilis\u00e9s actuellement par la f\u00e9d\u00e9ration et les projets de la nouvelle f\u00e9d\u00e9ration syndicale internationale dans ces domaines.<\/p><p>Valter Sanches a ouvert la r\u00e9union en signalant l&#8217;importance pour les travailleurs et travailleuses d&#8217;avoir leurs propres m\u00e9dias, du fait que les \u00e9lites, le gouvernement et le patronat dominent dans la presse nationale. &quot;Les principaux m\u00e9dias jouent le r\u00f4le de partis d&#8217;opposition \u00e0 la classe ouvri\u00e8re&quot;, a-t-il affirm\u00e9. De son c\u00f4t\u00e9, M\u00f3nica Veloso a dit que les syndicats doivent tirer le meilleur parti des possibilit\u00e9s offertes dans le domaine de la communication et &quot;renforcer les strat\u00e9gies, les luttes et les organes de communication de chaque affili\u00e9&quot;. <\/p><p>Les d\u00e9l\u00e9gu\u00e9(e)s ont convenu de l&#8217;importance des r\u00e9unions du forum pour faire prendre conscience \u00e0 leurs dirigeants de l&#8217;importance de la communication et de son r\u00f4le dans l&#8217;action syndicale. Les d\u00e9l\u00e9gu\u00e9(e)s ont \u00e9galement d\u00e9cid\u00e9 d&#8217;\u00e9tablir un r\u00e9seau destin\u00e9 \u00e0 faciliter l&#8217;\u00e9change d&#8217;informations et l&#8217;emploi des communications dans l&#8217;action syndicale.<\/p><p>Le second jour du forum, une d\u00e9l\u00e9gation a visit\u00e9 une cha\u00eene de t\u00e9l\u00e9vision des travailleurs (TVT) \u00e0 Sao Bernardo do Campo. L&#8217;\u00e9quipe de TVT a fait visiter les installations et les studios aux d\u00e9l\u00e9gu\u00e9(e)s et leur a expliqu\u00e9 la fa\u00e7on dont fonctionne la cha\u00eene.<\/p><p>La FIOM estime que le Forum des communicateurs a favoris\u00e9 un d\u00e9bat professionnel enrichissant, qui a permis d&#8217;ouvrir d&#8217;autres canaux de communication et attir\u00e9 l&#8217;attention des dirigeants syndicaux sur la communication et l&#8217;information. La FIOM esp\u00e8re pouvoir r\u00e9duire de cette fa\u00e7on l&#8217;\u00e9cart existant entre les syndicats de la r\u00e9gion dans l&#8217;emploi des m\u00e9dias et la mani\u00e8re dont ils communiquent avec leurs membres.  <\/p>","protected":false},"featured_media":0,"template":"","class_list":["post-199982","archive_imf","type-archive_imf","status-publish","hentry"],"acf":[],"yoast_head":"<!-- This site is optimized with the Yoast SEO Premium plugin v27.1 (Yoast SEO v27.1) - https:\/\/yoast.com\/product\/yoast-seo-premium-wordpress\/ -->\n<title>Forum de la FIOM de l&#039;Am\u00e9rique latine et des Cara\u00efbes: le r\u00f4le de la communication dans les activit\u00e9s syndicales - industriall-union<\/title>\n<meta name=\"robots\" content=\"index, follow, max-snippet:-1, max-image-preview:large, max-video-preview:-1\" \/>\n<link rel=\"canonical\" href=\"https:\/\/admin.industriall-union.org\/fr\/archive\/imf\/forum-de-la-fiom-de-l-039-amerique-latine-et-des-caraibes-le-role-de-la-communication-dans-les-activites-syndicales\/\" \/>\n<meta property=\"og:locale\" content=\"fr_FR\" \/>\n<meta property=\"og:type\" content=\"article\" \/>\n<meta property=\"og:title\" content=\"Forum de la FIOM de l&#039;Am\u00e9rique latine et des Cara\u00efbes: le r\u00f4le de la communication dans les activit\u00e9s syndicales\" \/>\n<meta property=\"og:description\" content=\"BR\u00c9SIL: Un d\u00e9bat important sur le r\u00f4le de la communication dans les activit\u00e9s syndicales a eu lieu au Forum des communicateurs organis\u00e9 par la FIOM, les 8-9 septembre, \u00e0 Sao Paulo, Br\u00e9sil. Jorge Almeida, repr\u00e9sentant r\u00e9gional de la FIOM pour l&#8217;Am\u00e9rique latine et les Cara\u00efbes, M\u00f3nica Veloso, pr\u00e9sidente de la Confederaci\u00f3n Nacional de Trabajadores Metal\u00fargicos [&hellip;]\" \/>\n<meta property=\"og:url\" content=\"https:\/\/admin.industriall-union.org\/fr\/archive\/imf\/forum-de-la-fiom-de-l-039-amerique-latine-et-des-caraibes-le-role-de-la-communication-dans-les-activites-syndicales\/\" \/>\n<meta property=\"og:site_name\" content=\"industriall-union\" \/>\n<meta property=\"article:modified_time\" content=\"2025-01-31T09:04:35+00:00\" \/>\n<meta name=\"twitter:card\" content=\"summary_large_image\" \/>\n<meta name=\"twitter:label1\" content=\"Est. reading time\" \/>\n\t<meta name=\"twitter:data1\" content=\"2 minutes\" \/>\n<script type=\"application\/ld+json\" class=\"yoast-schema-graph\">{\"@context\":\"https:\/\/schema.org\",\"@graph\":[{\"@type\":\"WebPage\",\"@id\":\"https:\/\/admin.industriall-union.org\/fr\/archive\/imf\/forum-de-la-fiom-de-l-039-amerique-latine-et-des-caraibes-le-role-de-la-communication-dans-les-activites-syndicales\/\",\"url\":\"https:\/\/admin.industriall-union.org\/fr\/archive\/imf\/forum-de-la-fiom-de-l-039-amerique-latine-et-des-caraibes-le-role-de-la-communication-dans-les-activites-syndicales\/\",\"name\":\"Forum de la FIOM de l&#039;Am\u00e9rique latine et des Cara\u00efbes: le r\u00f4le de la communication dans les activit\u00e9s syndicales - industriall-union\",\"isPartOf\":{\"@id\":\"https:\/\/admin.industriall-union.org\/#website\"},\"datePublished\":\"2011-09-12T14:16:00+00:00\",\"dateModified\":\"2025-01-31T09:04:35+00:00\",\"breadcrumb\":{\"@id\":\"https:\/\/admin.industriall-union.org\/fr\/archive\/imf\/forum-de-la-fiom-de-l-039-amerique-latine-et-des-caraibes-le-role-de-la-communication-dans-les-activites-syndicales\/#breadcrumb\"},\"inLanguage\":\"fr-FR\",\"potentialAction\":[{\"@type\":\"ReadAction\",\"target\":[\"https:\/\/admin.industriall-union.org\/fr\/archive\/imf\/forum-de-la-fiom-de-l-039-amerique-latine-et-des-caraibes-le-role-de-la-communication-dans-les-activites-syndicales\/\"]}]},{\"@type\":\"BreadcrumbList\",\"@id\":\"https:\/\/admin.industriall-union.org\/fr\/archive\/imf\/forum-de-la-fiom-de-l-039-amerique-latine-et-des-caraibes-le-role-de-la-communication-dans-les-activites-syndicales\/#breadcrumb\",\"itemListElement\":[{\"@type\":\"ListItem\",\"position\":1,\"name\":\"Home\",\"item\":\"https:\/\/admin.industriall-union.org\/\"},{\"@type\":\"ListItem\",\"position\":2,\"name\":\"Archive Imf\",\"item\":\"https:\/\/admin.industriall-union.org\/es\/archive\/imf\/\"},{\"@type\":\"ListItem\",\"position\":3,\"name\":\"Forum de la FIOM de l&#039;Am\u00e9rique latine et des Cara\u00efbes: le r\u00f4le de la communication dans les activit\u00e9s syndicales\"}]},{\"@type\":\"WebSite\",\"@id\":\"https:\/\/admin.industriall-union.org\/#website\",\"url\":\"https:\/\/admin.industriall-union.org\/\",\"name\":\"industriall-union\",\"description\":\"\",\"potentialAction\":[{\"@type\":\"SearchAction\",\"target\":{\"@type\":\"EntryPoint\",\"urlTemplate\":\"https:\/\/admin.industriall-union.org\/?s={search_term_string}\"},\"query-input\":{\"@type\":\"PropertyValueSpecification\",\"valueRequired\":true,\"valueName\":\"search_term_string\"}}],\"inLanguage\":\"fr-FR\"}]}<\/script>\n<!-- \/ Yoast SEO Premium plugin. -->","yoast_head_json":{"title":"Forum de la FIOM de l&#039;Am\u00e9rique latine et des Cara\u00efbes: le r\u00f4le de la communication dans les activit\u00e9s syndicales - industriall-union","robots":{"index":"index","follow":"follow","max-snippet":"max-snippet:-1","max-image-preview":"max-image-preview:large","max-video-preview":"max-video-preview:-1"},"canonical":"https:\/\/admin.industriall-union.org\/fr\/archive\/imf\/forum-de-la-fiom-de-l-039-amerique-latine-et-des-caraibes-le-role-de-la-communication-dans-les-activites-syndicales\/","og_locale":"fr_FR","og_type":"article","og_title":"Forum de la FIOM de l&#039;Am\u00e9rique latine et des Cara\u00efbes: le r\u00f4le de la communication dans les activit\u00e9s syndicales","og_description":"BR\u00c9SIL: Un d\u00e9bat important sur le r\u00f4le de la communication dans les activit\u00e9s syndicales a eu lieu au Forum des communicateurs organis\u00e9 par la FIOM, les 8-9 septembre, \u00e0 Sao Paulo, Br\u00e9sil. Jorge Almeida, repr\u00e9sentant r\u00e9gional de la FIOM pour l&#8217;Am\u00e9rique latine et les Cara\u00efbes, M\u00f3nica Veloso, pr\u00e9sidente de la Confederaci\u00f3n Nacional de Trabajadores Metal\u00fargicos [&hellip;]","og_url":"https:\/\/admin.industriall-union.org\/fr\/archive\/imf\/forum-de-la-fiom-de-l-039-amerique-latine-et-des-caraibes-le-role-de-la-communication-dans-les-activites-syndicales\/","og_site_name":"industriall-union","article_modified_time":"2025-01-31T09:04:35+00:00","twitter_card":"summary_large_image","twitter_misc":{"Est. reading time":"2 minutes"},"schema":{"@context":"https:\/\/schema.org","@graph":[{"@type":"WebPage","@id":"https:\/\/admin.industriall-union.org\/fr\/archive\/imf\/forum-de-la-fiom-de-l-039-amerique-latine-et-des-caraibes-le-role-de-la-communication-dans-les-activites-syndicales\/","url":"https:\/\/admin.industriall-union.org\/fr\/archive\/imf\/forum-de-la-fiom-de-l-039-amerique-latine-et-des-caraibes-le-role-de-la-communication-dans-les-activites-syndicales\/","name":"Forum de la FIOM de l&#039;Am\u00e9rique latine et des Cara\u00efbes: le r\u00f4le de la communication dans les activit\u00e9s syndicales - industriall-union","isPartOf":{"@id":"https:\/\/admin.industriall-union.org\/#website"},"datePublished":"2011-09-12T14:16:00+00:00","dateModified":"2025-01-31T09:04:35+00:00","breadcrumb":{"@id":"https:\/\/admin.industriall-union.org\/fr\/archive\/imf\/forum-de-la-fiom-de-l-039-amerique-latine-et-des-caraibes-le-role-de-la-communication-dans-les-activites-syndicales\/#breadcrumb"},"inLanguage":"fr-FR","potentialAction":[{"@type":"ReadAction","target":["https:\/\/admin.industriall-union.org\/fr\/archive\/imf\/forum-de-la-fiom-de-l-039-amerique-latine-et-des-caraibes-le-role-de-la-communication-dans-les-activites-syndicales\/"]}]},{"@type":"BreadcrumbList","@id":"https:\/\/admin.industriall-union.org\/fr\/archive\/imf\/forum-de-la-fiom-de-l-039-amerique-latine-et-des-caraibes-le-role-de-la-communication-dans-les-activites-syndicales\/#breadcrumb","itemListElement":[{"@type":"ListItem","position":1,"name":"Home","item":"https:\/\/admin.industriall-union.org\/"},{"@type":"ListItem","position":2,"name":"Archive Imf","item":"https:\/\/admin.industriall-union.org\/es\/archive\/imf\/"},{"@type":"ListItem","position":3,"name":"Forum de la FIOM de l&#039;Am\u00e9rique latine et des Cara\u00efbes: le r\u00f4le de la communication dans les activit\u00e9s syndicales"}]},{"@type":"WebSite","@id":"https:\/\/admin.industriall-union.org\/#website","url":"https:\/\/admin.industriall-union.org\/","name":"industriall-union","description":"","potentialAction":[{"@type":"SearchAction","target":{"@type":"EntryPoint","urlTemplate":"https:\/\/admin.industriall-union.org\/?s={search_term_string}"},"query-input":{"@type":"PropertyValueSpecification","valueRequired":true,"valueName":"search_term_string"}}],"inLanguage":"fr-FR"}]}},"_links":{"self":[{"href":"https:\/\/admin.industriall-union.org\/fr\/wp-json\/wp\/v2\/archive_imf\/199982","targetHints":{"allow":["GET"]}}],"collection":[{"href":"https:\/\/admin.industriall-union.org\/fr\/wp-json\/wp\/v2\/archive_imf"}],"about":[{"href":"https:\/\/admin.industriall-union.org\/fr\/wp-json\/wp\/v2\/types\/archive_imf"}],"wp:attachment":[{"href":"https:\/\/admin.industriall-union.org\/fr\/wp-json\/wp\/v2\/media?parent=199982"}],"curies":[{"name":"wp","href":"https:\/\/api.w.org\/{rel}","templated":true}]}}