{"id":199815,"date":"2011-10-25T08:53:00","date_gmt":"2011-10-25T08:53:00","guid":{"rendered":"https:\/\/admin.industriall-union.org\/archive\/imf\/les-syndicats-mondiaux-disent-au-g20-de-se-concentrer-sur-l-039-emploi\/"},"modified":"2025-01-31T08:54:19","modified_gmt":"2025-01-31T08:54:19","slug":"les-syndicats-mondiaux-disent-au-g20-de-se-concentrer-sur-l-039-emploi","status":"publish","type":"archive_imf","link":"https:\/\/admin.industriall-union.org\/fr\/archive\/imf\/les-syndicats-mondiaux-disent-au-g20-de-se-concentrer-sur-l-039-emploi\/","title":{"rendered":"Les syndicats mondiaux disent au G20 de se concentrer sur l&#039;emploi"},"content":{"rendered":"<p>MONDE: Les dirigeants du G20 sont r\u00e9unis \u00e0 Cannes alors que la crise financi\u00e8re, \u00e9conomique et sociale entre dans une &quot;nouvelle phase dangereuse&quot;. La croissance \u00e9conomique se ralentit dans presque tous les pays et une pauvret\u00e9 extr\u00eame se d\u00e9veloppe de mani\u00e8re spectaculaire depuis le d\u00e9but de la crise. Pendant ce temps, plus de 200 millions de personnes sont au ch\u00f4mage dans le monde, 27 millions de plus depuis la d\u00e9but de la crise. <\/p><p>Le ch\u00f4mage repr\u00e9sente actuellement la principale menace pour la reprise. <br \/>Avec l&#8217;augmentation du ch\u00f4mage de longue dur\u00e9e, le taux de ch\u00f4mage \u00e9lev\u00e9 chez les jeunes menace d&#8217;affaiblir \u00e0 long terme le potentiel de croissance. Le ralentissement de la croissance et la hausse du ch\u00f4mage, qui se combinent au d\u00e9veloppement des in\u00e9galit\u00e9s de revenu dans la plupart des pays du G20, constituent une menace pour la reprise, r\u00e9duisent la croissance \u00e0 long terme et accentuent le risque d&#8217;une explosion sociale grave et d&#8217;une instabilit\u00e9 politique.<br \/><br \/>Les dirigeants du G20 doivent envoyer un message sans \u00e9quivoque pour redonner confiance aux familles des travailleurs et travailleuses, et non uniquement aux march\u00e9s financiers, pour briser le cercle vicieux de l&#8217;ins\u00e9curit\u00e9 dans l&#8217;emploi, des r\u00e9ductions salariales, d&#8217;une consommation jugul\u00e9e et d&#8217;un blocage de l&#8217;investissement. Un plan pour l&#8217;emploi et la reprise ne doit pas seulement endiguer la crise, mais fa\u00e7onner un monde post\u00e9rieur \u00e0 la crise, juste et durable en mati\u00e8re \u00e9conomique, sociale et environnementale.<br \/>\u00a0\u00c0 cette fin, le G20 doit: <\/p><ul><li>respecter son engagement pris \u00e0 Pittsburgh de mettre &quot;des emplois de qualit\u00e9 au c\u0153ur de la reprise&quot; en d\u00e9terminant des objectifs diff\u00e9renci\u00e9s, mais coordonn\u00e9s, concernant l&#8217;emploi dans les pays du G20, et de prendre imm\u00e9diatement des mesures portant sur des programmes d&#8217;infrastructure \u00e0 forte intensit\u00e9 d&#8217;emplois, un investissement pour obtenir des emplois respectueux de l&#8217;environnement, et des programmes de renforcement des comp\u00e9tences pour le march\u00e9 de l&#8217;emploi;<\/li><li>un renforcement des institutions pr\u00e9sentes sur le march\u00e9 de l&#8217;emploi, notamment pour la n\u00e9gociation collective, les salaires minimums relevant de la n\u00e9gociation et de la l\u00e9gislation, le soutien aux cat\u00e9gories \u00e0 faibles revenus de mani\u00e8re \u00e0 r\u00e9duire les in\u00e9galit\u00e9s dans ce domaine, et un pacte pour l&#8217;emploi s&#8217;adressant aux jeunes;<\/li><li>l&#8217;\u00e9tablissement d&#8217;une protection sociale plancher soutenue par un financement proportionn\u00e9 en fonction du niveau de d\u00e9veloppement;<\/li><li>le mise en \u0153uvre rapide de r\u00e9formes efficaces du secteur financier et la cr\u00e9ation d&#8217;une taxe sur les transactions financi\u00e8res.<\/li><\/ul><p>Les ministres des Finances du G20 n&#8217;ont pas consid\u00e9r\u00e9 l&#8217;emploi comme  l&#8217;un des indicateurs d&#8217;une politique macro\u00e9conomique. Des objectifs  concernant l&#8217;emploi doivent maintenant \u00eatre int\u00e9gr\u00e9s dans les programmes  \u00e9conomiques nationaux.<\/p><p>Lire <a href=\"..\/files\/11102510572682\/Global_Unions_G20_cannes_Statement.pdf\" target=\"_blank\">le texte int\u00e9gral de la d\u00e9claration ici<\/a>.<br \/>  <\/p>","protected":false},"featured_media":0,"template":"","class_list":["post-199815","archive_imf","type-archive_imf","status-publish","hentry"],"acf":[],"yoast_head":"<!-- This site is optimized with the Yoast SEO Premium plugin v27.1 (Yoast SEO v27.1) - https:\/\/yoast.com\/product\/yoast-seo-premium-wordpress\/ -->\n<title>Les syndicats mondiaux disent au G20 de se concentrer sur l&#039;emploi - industriall-union<\/title>\n<meta name=\"robots\" content=\"index, follow, max-snippet:-1, max-image-preview:large, max-video-preview:-1\" \/>\n<link rel=\"canonical\" href=\"https:\/\/admin.industriall-union.org\/fr\/archive\/imf\/les-syndicats-mondiaux-disent-au-g20-de-se-concentrer-sur-l-039-emploi\/\" \/>\n<meta property=\"og:locale\" content=\"fr_FR\" \/>\n<meta property=\"og:type\" content=\"article\" \/>\n<meta property=\"og:title\" content=\"Les syndicats mondiaux disent au G20 de se concentrer sur l&#039;emploi\" \/>\n<meta property=\"og:description\" content=\"MONDE: Les dirigeants du G20 sont r\u00e9unis \u00e0 Cannes alors que la crise financi\u00e8re, \u00e9conomique et sociale entre dans une &quot;nouvelle phase dangereuse&quot;. La croissance \u00e9conomique se ralentit dans presque tous les pays et une pauvret\u00e9 extr\u00eame se d\u00e9veloppe de mani\u00e8re spectaculaire depuis le d\u00e9but de la crise. Pendant ce temps, plus de 200 millions [&hellip;]\" \/>\n<meta property=\"og:url\" content=\"https:\/\/admin.industriall-union.org\/fr\/archive\/imf\/les-syndicats-mondiaux-disent-au-g20-de-se-concentrer-sur-l-039-emploi\/\" \/>\n<meta property=\"og:site_name\" content=\"industriall-union\" \/>\n<meta property=\"article:modified_time\" content=\"2025-01-31T08:54:19+00:00\" \/>\n<meta name=\"twitter:card\" content=\"summary_large_image\" \/>\n<meta name=\"twitter:label1\" content=\"Est. reading time\" \/>\n\t<meta name=\"twitter:data1\" content=\"2 minutes\" \/>\n<script type=\"application\/ld+json\" class=\"yoast-schema-graph\">{\"@context\":\"https:\/\/schema.org\",\"@graph\":[{\"@type\":\"WebPage\",\"@id\":\"https:\/\/admin.industriall-union.org\/fr\/archive\/imf\/les-syndicats-mondiaux-disent-au-g20-de-se-concentrer-sur-l-039-emploi\/\",\"url\":\"https:\/\/admin.industriall-union.org\/fr\/archive\/imf\/les-syndicats-mondiaux-disent-au-g20-de-se-concentrer-sur-l-039-emploi\/\",\"name\":\"Les syndicats mondiaux disent au G20 de se concentrer sur l&#039;emploi - industriall-union\",\"isPartOf\":{\"@id\":\"https:\/\/admin.industriall-union.org\/es\/#website\"},\"datePublished\":\"2011-10-25T08:53:00+00:00\",\"dateModified\":\"2025-01-31T08:54:19+00:00\",\"breadcrumb\":{\"@id\":\"https:\/\/admin.industriall-union.org\/fr\/archive\/imf\/les-syndicats-mondiaux-disent-au-g20-de-se-concentrer-sur-l-039-emploi\/#breadcrumb\"},\"inLanguage\":\"fr-FR\",\"potentialAction\":[{\"@type\":\"ReadAction\",\"target\":[\"https:\/\/admin.industriall-union.org\/fr\/archive\/imf\/les-syndicats-mondiaux-disent-au-g20-de-se-concentrer-sur-l-039-emploi\/\"]}]},{\"@type\":\"BreadcrumbList\",\"@id\":\"https:\/\/admin.industriall-union.org\/fr\/archive\/imf\/les-syndicats-mondiaux-disent-au-g20-de-se-concentrer-sur-l-039-emploi\/#breadcrumb\",\"itemListElement\":[{\"@type\":\"ListItem\",\"position\":1,\"name\":\"Home\",\"item\":\"https:\/\/admin.industriall-union.org\/es\/\"},{\"@type\":\"ListItem\",\"position\":2,\"name\":\"Archive Imf\",\"item\":\"https:\/\/admin.industriall-union.org\/archive\/imf\/\"},{\"@type\":\"ListItem\",\"position\":3,\"name\":\"Les syndicats mondiaux disent au G20 de se concentrer sur l&#039;emploi\"}]},{\"@type\":\"WebSite\",\"@id\":\"https:\/\/admin.industriall-union.org\/es\/#website\",\"url\":\"https:\/\/admin.industriall-union.org\/es\/\",\"name\":\"industriall-union\",\"description\":\"\",\"potentialAction\":[{\"@type\":\"SearchAction\",\"target\":{\"@type\":\"EntryPoint\",\"urlTemplate\":\"https:\/\/admin.industriall-union.org\/es\/?s={search_term_string}\"},\"query-input\":{\"@type\":\"PropertyValueSpecification\",\"valueRequired\":true,\"valueName\":\"search_term_string\"}}],\"inLanguage\":\"fr-FR\"}]}<\/script>\n<!-- \/ Yoast SEO Premium plugin. -->","yoast_head_json":{"title":"Les syndicats mondiaux disent au G20 de se concentrer sur l&#039;emploi - industriall-union","robots":{"index":"index","follow":"follow","max-snippet":"max-snippet:-1","max-image-preview":"max-image-preview:large","max-video-preview":"max-video-preview:-1"},"canonical":"https:\/\/admin.industriall-union.org\/fr\/archive\/imf\/les-syndicats-mondiaux-disent-au-g20-de-se-concentrer-sur-l-039-emploi\/","og_locale":"fr_FR","og_type":"article","og_title":"Les syndicats mondiaux disent au G20 de se concentrer sur l&#039;emploi","og_description":"MONDE: Les dirigeants du G20 sont r\u00e9unis \u00e0 Cannes alors que la crise financi\u00e8re, \u00e9conomique et sociale entre dans une &quot;nouvelle phase dangereuse&quot;. La croissance \u00e9conomique se ralentit dans presque tous les pays et une pauvret\u00e9 extr\u00eame se d\u00e9veloppe de mani\u00e8re spectaculaire depuis le d\u00e9but de la crise. Pendant ce temps, plus de 200 millions [&hellip;]","og_url":"https:\/\/admin.industriall-union.org\/fr\/archive\/imf\/les-syndicats-mondiaux-disent-au-g20-de-se-concentrer-sur-l-039-emploi\/","og_site_name":"industriall-union","article_modified_time":"2025-01-31T08:54:19+00:00","twitter_card":"summary_large_image","twitter_misc":{"Est. reading time":"2 minutes"},"schema":{"@context":"https:\/\/schema.org","@graph":[{"@type":"WebPage","@id":"https:\/\/admin.industriall-union.org\/fr\/archive\/imf\/les-syndicats-mondiaux-disent-au-g20-de-se-concentrer-sur-l-039-emploi\/","url":"https:\/\/admin.industriall-union.org\/fr\/archive\/imf\/les-syndicats-mondiaux-disent-au-g20-de-se-concentrer-sur-l-039-emploi\/","name":"Les syndicats mondiaux disent au G20 de se concentrer sur l&#039;emploi - industriall-union","isPartOf":{"@id":"https:\/\/admin.industriall-union.org\/es\/#website"},"datePublished":"2011-10-25T08:53:00+00:00","dateModified":"2025-01-31T08:54:19+00:00","breadcrumb":{"@id":"https:\/\/admin.industriall-union.org\/fr\/archive\/imf\/les-syndicats-mondiaux-disent-au-g20-de-se-concentrer-sur-l-039-emploi\/#breadcrumb"},"inLanguage":"fr-FR","potentialAction":[{"@type":"ReadAction","target":["https:\/\/admin.industriall-union.org\/fr\/archive\/imf\/les-syndicats-mondiaux-disent-au-g20-de-se-concentrer-sur-l-039-emploi\/"]}]},{"@type":"BreadcrumbList","@id":"https:\/\/admin.industriall-union.org\/fr\/archive\/imf\/les-syndicats-mondiaux-disent-au-g20-de-se-concentrer-sur-l-039-emploi\/#breadcrumb","itemListElement":[{"@type":"ListItem","position":1,"name":"Home","item":"https:\/\/admin.industriall-union.org\/es\/"},{"@type":"ListItem","position":2,"name":"Archive Imf","item":"https:\/\/admin.industriall-union.org\/archive\/imf\/"},{"@type":"ListItem","position":3,"name":"Les syndicats mondiaux disent au G20 de se concentrer sur l&#039;emploi"}]},{"@type":"WebSite","@id":"https:\/\/admin.industriall-union.org\/es\/#website","url":"https:\/\/admin.industriall-union.org\/es\/","name":"industriall-union","description":"","potentialAction":[{"@type":"SearchAction","target":{"@type":"EntryPoint","urlTemplate":"https:\/\/admin.industriall-union.org\/es\/?s={search_term_string}"},"query-input":{"@type":"PropertyValueSpecification","valueRequired":true,"valueName":"search_term_string"}}],"inLanguage":"fr-FR"}]}},"_links":{"self":[{"href":"https:\/\/admin.industriall-union.org\/fr\/wp-json\/wp\/v2\/archive_imf\/199815","targetHints":{"allow":["GET"]}}],"collection":[{"href":"https:\/\/admin.industriall-union.org\/fr\/wp-json\/wp\/v2\/archive_imf"}],"about":[{"href":"https:\/\/admin.industriall-union.org\/fr\/wp-json\/wp\/v2\/types\/archive_imf"}],"wp:attachment":[{"href":"https:\/\/admin.industriall-union.org\/fr\/wp-json\/wp\/v2\/media?parent=199815"}],"curies":[{"name":"wp","href":"https:\/\/api.w.org\/{rel}","templated":true}]}}