{"id":199728,"date":"2011-11-16T08:18:00","date_gmt":"2011-11-16T08:18:00","guid":{"rendered":"https:\/\/admin.industriall-union.org\/archive\/imf\/les-syndicats-concernes-par-la-declaration-de-l-039-apec-sur-le-tppta\/"},"modified":"2025-01-31T08:53:50","modified_gmt":"2025-01-31T08:53:50","slug":"les-syndicats-concernes-par-la-declaration-de-l-039-apec-sur-le-tppta","status":"publish","type":"archive_imf","link":"https:\/\/admin.industriall-union.org\/fr\/archive\/imf\/les-syndicats-concernes-par-la-declaration-de-l-039-apec-sur-le-tppta\/","title":{"rendered":"Les syndicats concern\u00e9s par la d\u00e9claration de l&#039;APEC sur le TPPTA"},"content":{"rendered":"<p>ASIE-PACIFIQUE: La CSI a exprim\u00e9 sa profonde inqui\u00e9tude sur l&#8217;\u00e9volution r\u00e9cente des n\u00e9gociations pour un TPPTA.<br \/>&quot;Il ne reste plus beaucoup de temps aux n\u00e9gociateurs pour nous montrer que cette fois, c&#8217;est diff\u00e9rent.\u00a0 Nous ne pouvons pas, et nous ne voulons pas, soutenir un accord commercial qui ne profiterait qu&#8217;\u00e0 1% laissant \u00e0 nous autres le soin de nous d\u00e9brouiller comme nous le pouvons&quot; a d\u00e9clar\u00e9 la secr\u00e9taire g\u00e9n\u00e9rale de la CSI Sharan Burrow. <\/p><p>Dans un <a href=\"http:\/\/www.ituc-csi.org\/union-concern-at-apec-hawaii.html?lang=en\" target=\"_blank\">communiqu\u00e9 de presse publi\u00e9 hier<\/a>, la CSI a d\u00e9clar\u00e9: &quot;Il appara\u00eet clairement que tout en adoptant des positions aux r\u00e9unions, les n\u00e9gociateurs du TPPTA ont tr\u00e8s peu adopt\u00e9 de positions allant dans le sens des inqui\u00e9tudes l\u00e9gitimes exprim\u00e9es par les syndicats.\u00a0 \u00c0 l&#8217;inverse, le document-cadre du TPPTA est \u00e0 bien des \u00e9gards \u00e0 peu pr\u00e8s le m\u00eame qu&#8217;auparavant, sinon encore pire.\u00a0 En fait, le paragraphe sur le travail ne mentionne aucunement un m\u00e9canisme de mise en application qui se trouve pourtant dans beaucoup d&#8217;accord de libre-\u00e9change actuellement en vigueur, et qui est une revendication tr\u00e8s importante des syndicats.\u00a0 Des\u00a0 m\u00e9canismes qui permettent \u00e0 des entreprises de poursuivre en justice des gouvernements au sujet de d\u00e9cisions r\u00e9glementaires, comme l&#8217;attaque lanc\u00e9e actuellement contre la r\u00e9glementation impos\u00e9e \u00e0 l&#8217;industrie du tabac en Australie sur l&#8217;empaquetage des produits, visant \u00e0 prot\u00e9ger la sant\u00e9 publique, sont toujours en place.\u00a0 La divulgation de documents sur la propri\u00e9t\u00e9 industrielle et les produits pharmaceutiques semble sacrifier aux profits importants de l&#8217;industrie pharmaceutique, l&#8217;acc\u00e8s \u00e0 des m\u00e9dicaments abordables, par exemple, en dressant des obstacles \u00e0 l&#8217;entr\u00e9e sur le march\u00e9 de m\u00e9dicaments g\u00e9n\u00e9riques moins chers.\u00a0 Ce n&#8217;est pas le mod\u00e8le d&#8217;accord du XX1e si\u00e8cle que les travailleurs et travailleuses avaient en t\u00eate.\u00a0 Il ressemble en fait \u00e0 un autre accord commercial qui privil\u00e9gierait de nouvelles possibilit\u00e9s substantielles pour des investisseurs plut\u00f4t que de nouveaux emplois pour les travailleurs et travailleuses&quot;. <a href=\"..\/files\/11111609223782\/ITUC_APLN_statement.pdf\" target=\"_blank\">Voir le texte int\u00e9gral de la d\u00e9claration ici<\/a>.<\/p><p>Dans une <a href=\"..\/files\/11111609271582\/Labor%20declaration%20on%20the%20negotiation%20of%20the%20TPPTA.pdf\" target=\"_blank\">d\u00e9claration conjointe publi\u00e9e en 2010<\/a>, les syndicats de la r\u00e9gion Asie-Pacifique avaient engag\u00e9 le TPPTA \u00e0 insister pour obtenir un accord bien \u00e9quilibr\u00e9 qui &quot;susciterait la cr\u00e9ation de bons emplois, prot\u00e9gerait les droits et les int\u00e9r\u00eats des travailleurs et travailleuses, assurerait un d\u00e9veloppement \u00e9conomique \u00e9quilibr\u00e9 \u00e0 long terme et favoriserait un environnement sa\u00edn&quot;.<\/p><p>Les affili\u00e9s de la FIOM de la r\u00e9gion Asie-Pacifique et des Am\u00e9riques <a href=\"..\/index.cfm?c=27413&amp;l=2\" target=\"_blank\">ont exprim\u00e9 des pr\u00e9occupations identiques en ao\u00fbt de cette ann\u00e9e<\/a> et demand\u00e9 que la cr\u00e9ation d&#8217;emplois de qualit\u00e9 et la promotion des normes fondamentales de travail constituent les objectifs explicites du TPPTA. <br \/><br \/>    <\/p>","protected":false},"featured_media":0,"template":"","class_list":["post-199728","archive_imf","type-archive_imf","status-publish","hentry"],"acf":[],"yoast_head":"<!-- This site is optimized with the Yoast SEO Premium plugin v27.1 (Yoast SEO v27.1) - https:\/\/yoast.com\/product\/yoast-seo-premium-wordpress\/ -->\n<title>Les syndicats concern\u00e9s par la d\u00e9claration de l&#039;APEC sur le TPPTA - industriall-union<\/title>\n<meta name=\"robots\" content=\"index, follow, max-snippet:-1, max-image-preview:large, max-video-preview:-1\" \/>\n<link rel=\"canonical\" href=\"https:\/\/admin.industriall-union.org\/fr\/archive\/imf\/les-syndicats-concernes-par-la-declaration-de-l-039-apec-sur-le-tppta\/\" \/>\n<meta property=\"og:locale\" content=\"fr_FR\" \/>\n<meta property=\"og:type\" content=\"article\" \/>\n<meta property=\"og:title\" content=\"Les syndicats concern\u00e9s par la d\u00e9claration de l&#039;APEC sur le TPPTA\" \/>\n<meta property=\"og:description\" content=\"ASIE-PACIFIQUE: La CSI a exprim\u00e9 sa profonde inqui\u00e9tude sur l&#8217;\u00e9volution r\u00e9cente des n\u00e9gociations pour un TPPTA.&quot;Il ne reste plus beaucoup de temps aux n\u00e9gociateurs pour nous montrer que cette fois, c&#8217;est diff\u00e9rent.\u00a0 Nous ne pouvons pas, et nous ne voulons pas, soutenir un accord commercial qui ne profiterait qu&#8217;\u00e0 1% laissant \u00e0 nous autres le [&hellip;]\" \/>\n<meta property=\"og:url\" content=\"https:\/\/admin.industriall-union.org\/fr\/archive\/imf\/les-syndicats-concernes-par-la-declaration-de-l-039-apec-sur-le-tppta\/\" \/>\n<meta property=\"og:site_name\" content=\"industriall-union\" \/>\n<meta property=\"article:modified_time\" content=\"2025-01-31T08:53:50+00:00\" \/>\n<meta name=\"twitter:card\" content=\"summary_large_image\" \/>\n<meta name=\"twitter:label1\" content=\"Est. reading time\" \/>\n\t<meta name=\"twitter:data1\" content=\"2 minutes\" \/>\n<script type=\"application\/ld+json\" class=\"yoast-schema-graph\">{\"@context\":\"https:\/\/schema.org\",\"@graph\":[{\"@type\":\"WebPage\",\"@id\":\"https:\/\/admin.industriall-union.org\/fr\/archive\/imf\/les-syndicats-concernes-par-la-declaration-de-l-039-apec-sur-le-tppta\/\",\"url\":\"https:\/\/admin.industriall-union.org\/fr\/archive\/imf\/les-syndicats-concernes-par-la-declaration-de-l-039-apec-sur-le-tppta\/\",\"name\":\"Les syndicats concern\u00e9s par la d\u00e9claration de l&#039;APEC sur le TPPTA - industriall-union\",\"isPartOf\":{\"@id\":\"https:\/\/admin.industriall-union.org\/#website\"},\"datePublished\":\"2011-11-16T08:18:00+00:00\",\"dateModified\":\"2025-01-31T08:53:50+00:00\",\"breadcrumb\":{\"@id\":\"https:\/\/admin.industriall-union.org\/fr\/archive\/imf\/les-syndicats-concernes-par-la-declaration-de-l-039-apec-sur-le-tppta\/#breadcrumb\"},\"inLanguage\":\"fr-FR\",\"potentialAction\":[{\"@type\":\"ReadAction\",\"target\":[\"https:\/\/admin.industriall-union.org\/fr\/archive\/imf\/les-syndicats-concernes-par-la-declaration-de-l-039-apec-sur-le-tppta\/\"]}]},{\"@type\":\"BreadcrumbList\",\"@id\":\"https:\/\/admin.industriall-union.org\/fr\/archive\/imf\/les-syndicats-concernes-par-la-declaration-de-l-039-apec-sur-le-tppta\/#breadcrumb\",\"itemListElement\":[{\"@type\":\"ListItem\",\"position\":1,\"name\":\"Home\",\"item\":\"https:\/\/admin.industriall-union.org\/\"},{\"@type\":\"ListItem\",\"position\":2,\"name\":\"Archive Imf\",\"item\":\"https:\/\/admin.industriall-union.org\/es\/archive\/imf\/\"},{\"@type\":\"ListItem\",\"position\":3,\"name\":\"Les syndicats concern\u00e9s par la d\u00e9claration de l&#039;APEC sur le TPPTA\"}]},{\"@type\":\"WebSite\",\"@id\":\"https:\/\/admin.industriall-union.org\/#website\",\"url\":\"https:\/\/admin.industriall-union.org\/\",\"name\":\"industriall-union\",\"description\":\"\",\"potentialAction\":[{\"@type\":\"SearchAction\",\"target\":{\"@type\":\"EntryPoint\",\"urlTemplate\":\"https:\/\/admin.industriall-union.org\/?s={search_term_string}\"},\"query-input\":{\"@type\":\"PropertyValueSpecification\",\"valueRequired\":true,\"valueName\":\"search_term_string\"}}],\"inLanguage\":\"fr-FR\"}]}<\/script>\n<!-- \/ Yoast SEO Premium plugin. -->","yoast_head_json":{"title":"Les syndicats concern\u00e9s par la d\u00e9claration de l&#039;APEC sur le TPPTA - industriall-union","robots":{"index":"index","follow":"follow","max-snippet":"max-snippet:-1","max-image-preview":"max-image-preview:large","max-video-preview":"max-video-preview:-1"},"canonical":"https:\/\/admin.industriall-union.org\/fr\/archive\/imf\/les-syndicats-concernes-par-la-declaration-de-l-039-apec-sur-le-tppta\/","og_locale":"fr_FR","og_type":"article","og_title":"Les syndicats concern\u00e9s par la d\u00e9claration de l&#039;APEC sur le TPPTA","og_description":"ASIE-PACIFIQUE: La CSI a exprim\u00e9 sa profonde inqui\u00e9tude sur l&#8217;\u00e9volution r\u00e9cente des n\u00e9gociations pour un TPPTA.&quot;Il ne reste plus beaucoup de temps aux n\u00e9gociateurs pour nous montrer que cette fois, c&#8217;est diff\u00e9rent.\u00a0 Nous ne pouvons pas, et nous ne voulons pas, soutenir un accord commercial qui ne profiterait qu&#8217;\u00e0 1% laissant \u00e0 nous autres le [&hellip;]","og_url":"https:\/\/admin.industriall-union.org\/fr\/archive\/imf\/les-syndicats-concernes-par-la-declaration-de-l-039-apec-sur-le-tppta\/","og_site_name":"industriall-union","article_modified_time":"2025-01-31T08:53:50+00:00","twitter_card":"summary_large_image","twitter_misc":{"Est. reading time":"2 minutes"},"schema":{"@context":"https:\/\/schema.org","@graph":[{"@type":"WebPage","@id":"https:\/\/admin.industriall-union.org\/fr\/archive\/imf\/les-syndicats-concernes-par-la-declaration-de-l-039-apec-sur-le-tppta\/","url":"https:\/\/admin.industriall-union.org\/fr\/archive\/imf\/les-syndicats-concernes-par-la-declaration-de-l-039-apec-sur-le-tppta\/","name":"Les syndicats concern\u00e9s par la d\u00e9claration de l&#039;APEC sur le TPPTA - industriall-union","isPartOf":{"@id":"https:\/\/admin.industriall-union.org\/#website"},"datePublished":"2011-11-16T08:18:00+00:00","dateModified":"2025-01-31T08:53:50+00:00","breadcrumb":{"@id":"https:\/\/admin.industriall-union.org\/fr\/archive\/imf\/les-syndicats-concernes-par-la-declaration-de-l-039-apec-sur-le-tppta\/#breadcrumb"},"inLanguage":"fr-FR","potentialAction":[{"@type":"ReadAction","target":["https:\/\/admin.industriall-union.org\/fr\/archive\/imf\/les-syndicats-concernes-par-la-declaration-de-l-039-apec-sur-le-tppta\/"]}]},{"@type":"BreadcrumbList","@id":"https:\/\/admin.industriall-union.org\/fr\/archive\/imf\/les-syndicats-concernes-par-la-declaration-de-l-039-apec-sur-le-tppta\/#breadcrumb","itemListElement":[{"@type":"ListItem","position":1,"name":"Home","item":"https:\/\/admin.industriall-union.org\/"},{"@type":"ListItem","position":2,"name":"Archive Imf","item":"https:\/\/admin.industriall-union.org\/es\/archive\/imf\/"},{"@type":"ListItem","position":3,"name":"Les syndicats concern\u00e9s par la d\u00e9claration de l&#039;APEC sur le TPPTA"}]},{"@type":"WebSite","@id":"https:\/\/admin.industriall-union.org\/#website","url":"https:\/\/admin.industriall-union.org\/","name":"industriall-union","description":"","potentialAction":[{"@type":"SearchAction","target":{"@type":"EntryPoint","urlTemplate":"https:\/\/admin.industriall-union.org\/?s={search_term_string}"},"query-input":{"@type":"PropertyValueSpecification","valueRequired":true,"valueName":"search_term_string"}}],"inLanguage":"fr-FR"}]}},"_links":{"self":[{"href":"https:\/\/admin.industriall-union.org\/fr\/wp-json\/wp\/v2\/archive_imf\/199728","targetHints":{"allow":["GET"]}}],"collection":[{"href":"https:\/\/admin.industriall-union.org\/fr\/wp-json\/wp\/v2\/archive_imf"}],"about":[{"href":"https:\/\/admin.industriall-union.org\/fr\/wp-json\/wp\/v2\/types\/archive_imf"}],"wp:attachment":[{"href":"https:\/\/admin.industriall-union.org\/fr\/wp-json\/wp\/v2\/media?parent=199728"}],"curies":[{"name":"wp","href":"https:\/\/api.w.org\/{rel}","templated":true}]}}