{"id":199727,"date":"2011-11-16T09:21:00","date_gmt":"2011-11-16T09:21:00","guid":{"rendered":"https:\/\/admin.industriall-union.org\/archive\/imf\/greves-d-039-avertissement-dans-la-siderurgie-allemande\/"},"modified":"2025-01-31T08:53:50","modified_gmt":"2025-01-31T08:53:50","slug":"greves-d-039-avertissement-dans-la-siderurgie-allemande","status":"publish","type":"archive_imf","link":"https:\/\/admin.industriall-union.org\/fr\/archive\/imf\/greves-d-039-avertissement-dans-la-siderurgie-allemande\/","title":{"rendered":"Gr\u00e8ves d&#039;avertissement dans la sid\u00e9rurgie allemande"},"content":{"rendered":"<p>ALLEMAGNE: Les autres revendications concernent la position permanente donn\u00e9e aux apprentis, et le travail \u00e0 temps partiel accord\u00e9 aux salari\u00e9s plus \u00e2g\u00e9s. Les employeurs avaient jusqu&#8217;\u00e0 pr\u00e9sent refus\u00e9 de faire une proposition. Les n\u00e9gociations se poursuivront jusqu&#8217;au 21 novembre \u00e0 D\u00fcsseldorf. <\/p><p>En Allemagne, un tiers de tous les travailleurs et travailleuses \u00e2g\u00e9(e)s de moins de 35 ans n&#8217;ont jamais eu un emploi permanent. Pour cette raison, IG Metall veut limiter l&#8217;emploi temporaire, le recours aux agences d&#8217;embauche de main-d&#8217;\u0153uvre et aux conditions d&#8217;emploi pr\u00e9caire avec une nouvelle convention.<\/p><p>Chez ThyssenKrupp Nirosta \u00e0 Dillenburg, 12.200 sid\u00e9rurgistes ont cess\u00e9 le travail le 10 novembre pour une deuxi\u00e8me gr\u00e8ve d&#8217;avertissement. La production d&#8217;acier a \u00e9t\u00e9 arr\u00eat\u00e9e \u00e0 Br\u00eame, \u00e0 Gelsenkirchen, Salzgitter, Peine, Bochum, Ennepetal, Hagen, Remscheid, Siegen et \u00e0 Dillenburg. <\/p><p>Trois mille cinq cents sid\u00e9rurgistes ont particip\u00e9 \u00e0 la grande manifestation \u00e0 Duisburg. <\/p><p>\u00c0 Br\u00eame, 1.200 salari\u00e9s de ArcelorMittal GmbH ont cess\u00e9 le travail pendant deux heures, et \u00e0 Bochum, 2.000 sid\u00e9rurgistes se sont rassembl\u00e9s pour manifester, la plus grande manifestation devant les portes de ThyssenKrupp Steel Europe AG.<\/p><p>Lundi 14 novembre, l&#8217;action centrale dans la sid\u00e9rurgie \u00e9tait \u00e0 M\u00fchlheim, o\u00f9 les salari\u00e9s de Vallourec &amp; Mannesmann, dans les usines de tuyauterie de Mannesmann, Europipe et la fonderie de Friedrich-Wilhelm ont cess\u00e9 le travail pendant deux heures. <\/p><p>Le 15 novembre, les salari\u00e9s de Vallourec &amp; Mannesmann \u00e0 D\u00fcsseldorf ont cess\u00e9 le travail. Le 16 novembre, c&#8217;est au tour des sid\u00e9rurgistes de Schmolz-Bickenbach \u00e0 Herzogenrath Kohlscheid.<\/p><p>La prochaine s\u00e9rie de n\u00e9gociations est pr\u00e9vue pour le 21 novembre \u00e0 D\u00fcsseldorf.<\/p><p><a href=\"http:\/\/www.flickr.com\/photos\/igmetall\/sets\/72157628133904864\/\" target=\"_blank\">Voir les photos des gr\u00e8ves d&#8217;avertissement du 15 novembre \u00e0 Flickr<\/a>. \u00a0<br \/><br \/>    <\/p>","protected":false},"featured_media":0,"template":"","class_list":["post-199727","archive_imf","type-archive_imf","status-publish","hentry"],"acf":[],"yoast_head":"<!-- This site is optimized with the Yoast SEO Premium plugin v27.1 (Yoast SEO v27.1) - https:\/\/yoast.com\/product\/yoast-seo-premium-wordpress\/ -->\n<title>Gr\u00e8ves d&#039;avertissement dans la sid\u00e9rurgie allemande - industriall-union<\/title>\n<meta name=\"robots\" content=\"index, follow, max-snippet:-1, max-image-preview:large, max-video-preview:-1\" \/>\n<link rel=\"canonical\" href=\"https:\/\/admin.industriall-union.org\/fr\/archive\/imf\/greves-d-039-avertissement-dans-la-siderurgie-allemande\/\" \/>\n<meta property=\"og:locale\" content=\"fr_FR\" \/>\n<meta property=\"og:type\" content=\"article\" \/>\n<meta property=\"og:title\" content=\"Gr\u00e8ves d&#039;avertissement dans la sid\u00e9rurgie allemande\" \/>\n<meta property=\"og:description\" content=\"ALLEMAGNE: Les autres revendications concernent la position permanente donn\u00e9e aux apprentis, et le travail \u00e0 temps partiel accord\u00e9 aux salari\u00e9s plus \u00e2g\u00e9s. Les employeurs avaient jusqu&#8217;\u00e0 pr\u00e9sent refus\u00e9 de faire une proposition. Les n\u00e9gociations se poursuivront jusqu&#8217;au 21 novembre \u00e0 D\u00fcsseldorf. En Allemagne, un tiers de tous les travailleurs et travailleuses \u00e2g\u00e9(e)s de moins de [&hellip;]\" \/>\n<meta property=\"og:url\" content=\"https:\/\/admin.industriall-union.org\/fr\/archive\/imf\/greves-d-039-avertissement-dans-la-siderurgie-allemande\/\" \/>\n<meta property=\"og:site_name\" content=\"industriall-union\" \/>\n<meta property=\"article:modified_time\" content=\"2025-01-31T08:53:50+00:00\" \/>\n<meta name=\"twitter:card\" content=\"summary_large_image\" \/>\n<meta name=\"twitter:label1\" content=\"Est. reading time\" \/>\n\t<meta name=\"twitter:data1\" content=\"1 minute\" \/>\n<script type=\"application\/ld+json\" class=\"yoast-schema-graph\">{\"@context\":\"https:\/\/schema.org\",\"@graph\":[{\"@type\":\"WebPage\",\"@id\":\"https:\/\/admin.industriall-union.org\/fr\/archive\/imf\/greves-d-039-avertissement-dans-la-siderurgie-allemande\/\",\"url\":\"https:\/\/admin.industriall-union.org\/fr\/archive\/imf\/greves-d-039-avertissement-dans-la-siderurgie-allemande\/\",\"name\":\"Gr\u00e8ves d&#039;avertissement dans la sid\u00e9rurgie allemande - industriall-union\",\"isPartOf\":{\"@id\":\"https:\/\/admin.industriall-union.org\/#website\"},\"datePublished\":\"2011-11-16T09:21:00+00:00\",\"dateModified\":\"2025-01-31T08:53:50+00:00\",\"breadcrumb\":{\"@id\":\"https:\/\/admin.industriall-union.org\/fr\/archive\/imf\/greves-d-039-avertissement-dans-la-siderurgie-allemande\/#breadcrumb\"},\"inLanguage\":\"fr-FR\",\"potentialAction\":[{\"@type\":\"ReadAction\",\"target\":[\"https:\/\/admin.industriall-union.org\/fr\/archive\/imf\/greves-d-039-avertissement-dans-la-siderurgie-allemande\/\"]}]},{\"@type\":\"BreadcrumbList\",\"@id\":\"https:\/\/admin.industriall-union.org\/fr\/archive\/imf\/greves-d-039-avertissement-dans-la-siderurgie-allemande\/#breadcrumb\",\"itemListElement\":[{\"@type\":\"ListItem\",\"position\":1,\"name\":\"Home\",\"item\":\"https:\/\/admin.industriall-union.org\/\"},{\"@type\":\"ListItem\",\"position\":2,\"name\":\"Archive Imf\",\"item\":\"https:\/\/admin.industriall-union.org\/es\/archive\/imf\/\"},{\"@type\":\"ListItem\",\"position\":3,\"name\":\"Gr\u00e8ves d&#039;avertissement dans la sid\u00e9rurgie allemande\"}]},{\"@type\":\"WebSite\",\"@id\":\"https:\/\/admin.industriall-union.org\/#website\",\"url\":\"https:\/\/admin.industriall-union.org\/\",\"name\":\"industriall-union\",\"description\":\"\",\"potentialAction\":[{\"@type\":\"SearchAction\",\"target\":{\"@type\":\"EntryPoint\",\"urlTemplate\":\"https:\/\/admin.industriall-union.org\/?s={search_term_string}\"},\"query-input\":{\"@type\":\"PropertyValueSpecification\",\"valueRequired\":true,\"valueName\":\"search_term_string\"}}],\"inLanguage\":\"fr-FR\"}]}<\/script>\n<!-- \/ Yoast SEO Premium plugin. -->","yoast_head_json":{"title":"Gr\u00e8ves d&#039;avertissement dans la sid\u00e9rurgie allemande - industriall-union","robots":{"index":"index","follow":"follow","max-snippet":"max-snippet:-1","max-image-preview":"max-image-preview:large","max-video-preview":"max-video-preview:-1"},"canonical":"https:\/\/admin.industriall-union.org\/fr\/archive\/imf\/greves-d-039-avertissement-dans-la-siderurgie-allemande\/","og_locale":"fr_FR","og_type":"article","og_title":"Gr\u00e8ves d&#039;avertissement dans la sid\u00e9rurgie allemande","og_description":"ALLEMAGNE: Les autres revendications concernent la position permanente donn\u00e9e aux apprentis, et le travail \u00e0 temps partiel accord\u00e9 aux salari\u00e9s plus \u00e2g\u00e9s. Les employeurs avaient jusqu&#8217;\u00e0 pr\u00e9sent refus\u00e9 de faire une proposition. Les n\u00e9gociations se poursuivront jusqu&#8217;au 21 novembre \u00e0 D\u00fcsseldorf. En Allemagne, un tiers de tous les travailleurs et travailleuses \u00e2g\u00e9(e)s de moins de [&hellip;]","og_url":"https:\/\/admin.industriall-union.org\/fr\/archive\/imf\/greves-d-039-avertissement-dans-la-siderurgie-allemande\/","og_site_name":"industriall-union","article_modified_time":"2025-01-31T08:53:50+00:00","twitter_card":"summary_large_image","twitter_misc":{"Est. reading time":"1 minute"},"schema":{"@context":"https:\/\/schema.org","@graph":[{"@type":"WebPage","@id":"https:\/\/admin.industriall-union.org\/fr\/archive\/imf\/greves-d-039-avertissement-dans-la-siderurgie-allemande\/","url":"https:\/\/admin.industriall-union.org\/fr\/archive\/imf\/greves-d-039-avertissement-dans-la-siderurgie-allemande\/","name":"Gr\u00e8ves d&#039;avertissement dans la sid\u00e9rurgie allemande - industriall-union","isPartOf":{"@id":"https:\/\/admin.industriall-union.org\/#website"},"datePublished":"2011-11-16T09:21:00+00:00","dateModified":"2025-01-31T08:53:50+00:00","breadcrumb":{"@id":"https:\/\/admin.industriall-union.org\/fr\/archive\/imf\/greves-d-039-avertissement-dans-la-siderurgie-allemande\/#breadcrumb"},"inLanguage":"fr-FR","potentialAction":[{"@type":"ReadAction","target":["https:\/\/admin.industriall-union.org\/fr\/archive\/imf\/greves-d-039-avertissement-dans-la-siderurgie-allemande\/"]}]},{"@type":"BreadcrumbList","@id":"https:\/\/admin.industriall-union.org\/fr\/archive\/imf\/greves-d-039-avertissement-dans-la-siderurgie-allemande\/#breadcrumb","itemListElement":[{"@type":"ListItem","position":1,"name":"Home","item":"https:\/\/admin.industriall-union.org\/"},{"@type":"ListItem","position":2,"name":"Archive Imf","item":"https:\/\/admin.industriall-union.org\/es\/archive\/imf\/"},{"@type":"ListItem","position":3,"name":"Gr\u00e8ves d&#039;avertissement dans la sid\u00e9rurgie allemande"}]},{"@type":"WebSite","@id":"https:\/\/admin.industriall-union.org\/#website","url":"https:\/\/admin.industriall-union.org\/","name":"industriall-union","description":"","potentialAction":[{"@type":"SearchAction","target":{"@type":"EntryPoint","urlTemplate":"https:\/\/admin.industriall-union.org\/?s={search_term_string}"},"query-input":{"@type":"PropertyValueSpecification","valueRequired":true,"valueName":"search_term_string"}}],"inLanguage":"fr-FR"}]}},"_links":{"self":[{"href":"https:\/\/admin.industriall-union.org\/fr\/wp-json\/wp\/v2\/archive_imf\/199727","targetHints":{"allow":["GET"]}}],"collection":[{"href":"https:\/\/admin.industriall-union.org\/fr\/wp-json\/wp\/v2\/archive_imf"}],"about":[{"href":"https:\/\/admin.industriall-union.org\/fr\/wp-json\/wp\/v2\/types\/archive_imf"}],"wp:attachment":[{"href":"https:\/\/admin.industriall-union.org\/fr\/wp-json\/wp\/v2\/media?parent=199727"}],"curies":[{"name":"wp","href":"https:\/\/api.w.org\/{rel}","templated":true}]}}