{"id":199597,"date":"2012-01-11T08:27:00","date_gmt":"2012-01-11T08:27:00","guid":{"rendered":"https:\/\/admin.industriall-union.org\/archive\/imf\/les-syndicats-allemands-et-francais-demandent-une-politique-industrielle-sociale-et-solidaire\/"},"modified":"2025-01-31T08:49:11","modified_gmt":"2025-01-31T08:49:11","slug":"les-syndicats-allemands-et-francais-demandent-une-politique-industrielle-sociale-et-solidaire","status":"publish","type":"archive_imf","link":"https:\/\/admin.industriall-union.org\/fr\/archive\/imf\/les-syndicats-allemands-et-francais-demandent-une-politique-industrielle-sociale-et-solidaire\/","title":{"rendered":"Les syndicats allemands et fran\u00e7ais demandent une politique industrielle sociale et solidaire"},"content":{"rendered":"<p>ALLEMAGNE\/FRANCE:\u00a0 Soucieux de l&#8217;avenir de l&#8217;industrie, des entreprises et des emplois, et face aux politiques d&#8217;aust\u00e9rit\u00e9 qui pr\u00e9conisent le dumping social et salarial, IG Metall, FGMM-CFDT, FO M\u00e9taux et FTM-CGT ont adopt\u00e9 une d\u00e9claration commune sur l&#8217;industrie.\u00a0 <\/p><p>Sur fond de crise mondiale, les syndicats y d\u00e9noncent notamment la multiplication des contrats de travail pr\u00e9caires et la pression concurrentielle croissante destructrice de valeur, et ils lancent un appel aux responsables politiques nationaux et europ\u00e9ens en faveur d&#8217;une politique industrielle active pour renforcer le noyau industriel de leurs \u00e9conomies, leur capacit\u00e9 d&#8217;innovation et promouvoir la croissance.\u00a0 <\/p><p>Cette politique doit s&#8217;articuler autour des points suivants :<\/p><ul><li>Une nouvelle orientation de la strat\u00e9gie Europe 2020 privil\u00e9giant l&#8217;emploi, la coh\u00e9sion sociale et le d\u00e9veloppement durable ;<\/li><li>L&#8217;accroissement du pouvoir d&#8217;achat des salari\u00e9s qui permette de stimuler la consommation \u00e0 travers une politique industrielle et sociale forte;<\/li><li>Une unification des conditions de localisation des sites et de la concurrence au sein de l&#8217;espace \u00e9conomique europ\u00e9en ;<\/li><li>L&#8217;innovation technologique et des investissements publics et priv\u00e9s pour relever les nouveaux d\u00e9fis du d\u00e9veloppement durable, de la mobilit\u00e9, de la sant\u00e9 et des r\u00e9seaux intelligents ;<\/li><li>L&#8217;investissement dans la formation et les qualifications pour r\u00e9pondre aux mutations technologiques et industrielles ; <\/li><li>Le d\u00e9veloppement des march\u00e9s \u00ab verts \u00bb (technologie environnementale et investissements dans la protection climatique).\u00a0 Cela inclut notamment l&#8217;exploitation et l&#8217;utilisation des sources d&#8217;\u00e9nergies renouvelables et moins \u00e9mettrices de CO\u00b2, et le d\u00e9veloppement de mat\u00e9riaux qui satisfont aux r\u00e8gles de protection du climat ;<\/li><li>La d\u00e9mocratisation de l&#8217;\u00e9conomie \u00e0 tous les niveaux visant \u00e0 promouvoir le dialogue social et \u00e0 renforcer les droits des salari\u00e9s \u00e0 l&#8217;information, \u00e0 la consultation et \u00e0 la participation. <\/li><\/ul><p>La promotion de l&#8217;industrie comme moteur de la cr\u00e9ation d&#8217;emplois stables et durables, de l&#8217;innovation et de l&#8217;am\u00e9lioration des niveaux de vie est un \u00e9l\u00e9ment central du <a href=\"..\/index.cfm?c=19939&amp;ol=5\">Programme d&#8217;Action de la FIOM 2009-2013<\/a>. <\/p>","protected":false},"featured_media":0,"template":"","class_list":["post-199597","archive_imf","type-archive_imf","status-publish","hentry"],"acf":[],"yoast_head":"<!-- This site is optimized with the Yoast SEO Premium plugin v27.1 (Yoast SEO v27.1) - https:\/\/yoast.com\/product\/yoast-seo-premium-wordpress\/ -->\n<title>Les syndicats allemands et fran\u00e7ais demandent une politique industrielle sociale et solidaire - industriall-union<\/title>\n<meta name=\"robots\" content=\"index, follow, max-snippet:-1, max-image-preview:large, max-video-preview:-1\" \/>\n<link rel=\"canonical\" href=\"https:\/\/admin.industriall-union.org\/fr\/archive\/imf\/les-syndicats-allemands-et-francais-demandent-une-politique-industrielle-sociale-et-solidaire\/\" \/>\n<meta property=\"og:locale\" content=\"fr_FR\" \/>\n<meta property=\"og:type\" content=\"article\" \/>\n<meta property=\"og:title\" content=\"Les syndicats allemands et fran\u00e7ais demandent une politique industrielle sociale et solidaire\" \/>\n<meta property=\"og:description\" content=\"ALLEMAGNE\/FRANCE:\u00a0 Soucieux de l&#8217;avenir de l&#8217;industrie, des entreprises et des emplois, et face aux politiques d&#8217;aust\u00e9rit\u00e9 qui pr\u00e9conisent le dumping social et salarial, IG Metall, FGMM-CFDT, FO M\u00e9taux et FTM-CGT ont adopt\u00e9 une d\u00e9claration commune sur l&#8217;industrie.\u00a0 Sur fond de crise mondiale, les syndicats y d\u00e9noncent notamment la multiplication des contrats de travail pr\u00e9caires et [&hellip;]\" \/>\n<meta property=\"og:url\" content=\"https:\/\/admin.industriall-union.org\/fr\/archive\/imf\/les-syndicats-allemands-et-francais-demandent-une-politique-industrielle-sociale-et-solidaire\/\" \/>\n<meta property=\"og:site_name\" content=\"industriall-union\" \/>\n<meta property=\"article:modified_time\" content=\"2025-01-31T08:49:11+00:00\" \/>\n<meta name=\"twitter:card\" content=\"summary_large_image\" \/>\n<meta name=\"twitter:label1\" content=\"Est. reading time\" \/>\n\t<meta name=\"twitter:data1\" content=\"2 minutes\" \/>\n<script type=\"application\/ld+json\" class=\"yoast-schema-graph\">{\"@context\":\"https:\/\/schema.org\",\"@graph\":[{\"@type\":\"WebPage\",\"@id\":\"https:\/\/admin.industriall-union.org\/fr\/archive\/imf\/les-syndicats-allemands-et-francais-demandent-une-politique-industrielle-sociale-et-solidaire\/\",\"url\":\"https:\/\/admin.industriall-union.org\/fr\/archive\/imf\/les-syndicats-allemands-et-francais-demandent-une-politique-industrielle-sociale-et-solidaire\/\",\"name\":\"Les syndicats allemands et fran\u00e7ais demandent une politique industrielle sociale et solidaire - industriall-union\",\"isPartOf\":{\"@id\":\"https:\/\/admin.industriall-union.org\/#website\"},\"datePublished\":\"2012-01-11T08:27:00+00:00\",\"dateModified\":\"2025-01-31T08:49:11+00:00\",\"breadcrumb\":{\"@id\":\"https:\/\/admin.industriall-union.org\/fr\/archive\/imf\/les-syndicats-allemands-et-francais-demandent-une-politique-industrielle-sociale-et-solidaire\/#breadcrumb\"},\"inLanguage\":\"fr-FR\",\"potentialAction\":[{\"@type\":\"ReadAction\",\"target\":[\"https:\/\/admin.industriall-union.org\/fr\/archive\/imf\/les-syndicats-allemands-et-francais-demandent-une-politique-industrielle-sociale-et-solidaire\/\"]}]},{\"@type\":\"BreadcrumbList\",\"@id\":\"https:\/\/admin.industriall-union.org\/fr\/archive\/imf\/les-syndicats-allemands-et-francais-demandent-une-politique-industrielle-sociale-et-solidaire\/#breadcrumb\",\"itemListElement\":[{\"@type\":\"ListItem\",\"position\":1,\"name\":\"Home\",\"item\":\"https:\/\/admin.industriall-union.org\/\"},{\"@type\":\"ListItem\",\"position\":2,\"name\":\"Archive Imf\",\"item\":\"https:\/\/admin.industriall-union.org\/es\/archive\/imf\/\"},{\"@type\":\"ListItem\",\"position\":3,\"name\":\"Les syndicats allemands et fran\u00e7ais demandent une politique industrielle sociale et solidaire\"}]},{\"@type\":\"WebSite\",\"@id\":\"https:\/\/admin.industriall-union.org\/#website\",\"url\":\"https:\/\/admin.industriall-union.org\/\",\"name\":\"industriall-union\",\"description\":\"\",\"potentialAction\":[{\"@type\":\"SearchAction\",\"target\":{\"@type\":\"EntryPoint\",\"urlTemplate\":\"https:\/\/admin.industriall-union.org\/?s={search_term_string}\"},\"query-input\":{\"@type\":\"PropertyValueSpecification\",\"valueRequired\":true,\"valueName\":\"search_term_string\"}}],\"inLanguage\":\"fr-FR\"}]}<\/script>\n<!-- \/ Yoast SEO Premium plugin. -->","yoast_head_json":{"title":"Les syndicats allemands et fran\u00e7ais demandent une politique industrielle sociale et solidaire - industriall-union","robots":{"index":"index","follow":"follow","max-snippet":"max-snippet:-1","max-image-preview":"max-image-preview:large","max-video-preview":"max-video-preview:-1"},"canonical":"https:\/\/admin.industriall-union.org\/fr\/archive\/imf\/les-syndicats-allemands-et-francais-demandent-une-politique-industrielle-sociale-et-solidaire\/","og_locale":"fr_FR","og_type":"article","og_title":"Les syndicats allemands et fran\u00e7ais demandent une politique industrielle sociale et solidaire","og_description":"ALLEMAGNE\/FRANCE:\u00a0 Soucieux de l&#8217;avenir de l&#8217;industrie, des entreprises et des emplois, et face aux politiques d&#8217;aust\u00e9rit\u00e9 qui pr\u00e9conisent le dumping social et salarial, IG Metall, FGMM-CFDT, FO M\u00e9taux et FTM-CGT ont adopt\u00e9 une d\u00e9claration commune sur l&#8217;industrie.\u00a0 Sur fond de crise mondiale, les syndicats y d\u00e9noncent notamment la multiplication des contrats de travail pr\u00e9caires et [&hellip;]","og_url":"https:\/\/admin.industriall-union.org\/fr\/archive\/imf\/les-syndicats-allemands-et-francais-demandent-une-politique-industrielle-sociale-et-solidaire\/","og_site_name":"industriall-union","article_modified_time":"2025-01-31T08:49:11+00:00","twitter_card":"summary_large_image","twitter_misc":{"Est. reading time":"2 minutes"},"schema":{"@context":"https:\/\/schema.org","@graph":[{"@type":"WebPage","@id":"https:\/\/admin.industriall-union.org\/fr\/archive\/imf\/les-syndicats-allemands-et-francais-demandent-une-politique-industrielle-sociale-et-solidaire\/","url":"https:\/\/admin.industriall-union.org\/fr\/archive\/imf\/les-syndicats-allemands-et-francais-demandent-une-politique-industrielle-sociale-et-solidaire\/","name":"Les syndicats allemands et fran\u00e7ais demandent une politique industrielle sociale et solidaire - industriall-union","isPartOf":{"@id":"https:\/\/admin.industriall-union.org\/#website"},"datePublished":"2012-01-11T08:27:00+00:00","dateModified":"2025-01-31T08:49:11+00:00","breadcrumb":{"@id":"https:\/\/admin.industriall-union.org\/fr\/archive\/imf\/les-syndicats-allemands-et-francais-demandent-une-politique-industrielle-sociale-et-solidaire\/#breadcrumb"},"inLanguage":"fr-FR","potentialAction":[{"@type":"ReadAction","target":["https:\/\/admin.industriall-union.org\/fr\/archive\/imf\/les-syndicats-allemands-et-francais-demandent-une-politique-industrielle-sociale-et-solidaire\/"]}]},{"@type":"BreadcrumbList","@id":"https:\/\/admin.industriall-union.org\/fr\/archive\/imf\/les-syndicats-allemands-et-francais-demandent-une-politique-industrielle-sociale-et-solidaire\/#breadcrumb","itemListElement":[{"@type":"ListItem","position":1,"name":"Home","item":"https:\/\/admin.industriall-union.org\/"},{"@type":"ListItem","position":2,"name":"Archive Imf","item":"https:\/\/admin.industriall-union.org\/es\/archive\/imf\/"},{"@type":"ListItem","position":3,"name":"Les syndicats allemands et fran\u00e7ais demandent une politique industrielle sociale et solidaire"}]},{"@type":"WebSite","@id":"https:\/\/admin.industriall-union.org\/#website","url":"https:\/\/admin.industriall-union.org\/","name":"industriall-union","description":"","potentialAction":[{"@type":"SearchAction","target":{"@type":"EntryPoint","urlTemplate":"https:\/\/admin.industriall-union.org\/?s={search_term_string}"},"query-input":{"@type":"PropertyValueSpecification","valueRequired":true,"valueName":"search_term_string"}}],"inLanguage":"fr-FR"}]}},"_links":{"self":[{"href":"https:\/\/admin.industriall-union.org\/fr\/wp-json\/wp\/v2\/archive_imf\/199597","targetHints":{"allow":["GET"]}}],"collection":[{"href":"https:\/\/admin.industriall-union.org\/fr\/wp-json\/wp\/v2\/archive_imf"}],"about":[{"href":"https:\/\/admin.industriall-union.org\/fr\/wp-json\/wp\/v2\/types\/archive_imf"}],"wp:attachment":[{"href":"https:\/\/admin.industriall-union.org\/fr\/wp-json\/wp\/v2\/media?parent=199597"}],"curies":[{"name":"wp","href":"https:\/\/api.w.org\/{rel}","templated":true}]}}