{"id":199592,"date":"2012-01-11T09:55:00","date_gmt":"2012-01-11T09:55:00","guid":{"rendered":"https:\/\/admin.industriall-union.org\/archive\/imf\/la-fiom-prevoit-une-annee-incertaine-en-2012-pour-les-metallurgistes\/"},"modified":"2025-01-31T08:49:09","modified_gmt":"2025-01-31T08:49:09","slug":"la-fiom-prevoit-une-annee-incertaine-en-2012-pour-les-metallurgistes","status":"publish","type":"archive_imf","link":"https:\/\/admin.industriall-union.org\/fr\/archive\/imf\/la-fiom-prevoit-une-annee-incertaine-en-2012-pour-les-metallurgistes\/","title":{"rendered":"La FIOM pr\u00e9voit une ann\u00e9e incertaine en 2012 pour les m\u00e9tallurgistes"},"content":{"rendered":"<p>MONDE: Dans l&#8217;industrie sid\u00e9rurgique, les travailleurs et travailleuses ont une ann\u00e9e incertaine devant eux, en raison de la d\u00e9t\u00e9rioration des perspectives \u00e9conomiques dans les pays d\u00e9velopp\u00e9s, notamment avec les probl\u00e8mes financiers et fiscaux dans la zone euro et aux \u00c9tats-Unis. Cette incertitude a eu un effet dommageable sur les projets pr\u00e9vus et les d\u00e9cisions en mati\u00e8re d&#8217;investissement dans de nombreux pays en d\u00e9veloppement, occasionnant de nouvelles pressions sur la s\u00e9curit\u00e9 de l&#8217;emploi pour les travailleurs et travailleuses. Des soci\u00e9t\u00e9s transnationales ont d\u00e9j\u00e0 annonc\u00e9 des restructuration, du ch\u00f4mage temporaire ou des fermetures d&#8217;installations en raison des conditions du march\u00e9.<\/p><p>En cons\u00e9quence, la majorit\u00e9 des projections pour 2012 font \u00e9tat d&#8217;une ann\u00e9e d&#8217;incertitudes pour l&#8217;industrie et pour les travailleurs et travailleuses.<\/p><p>Lors de la 71\u00e8me r\u00e9union du Comit\u00e9 de l&#8217;acier de l&#8217;OCDE \u00e0 Paris, les 5-6 d\u00e9cembre 2011, la FIOM a demand\u00e9 aux gouvernements et aux responsables politiques d&#8217;acc\u00e9l\u00e9rer la prise de mesures incitatives dans la fabrication industrielle, notamment dans l&#8217;acier. Dans <a href=\"..\/files\/12011111014879\/IMF-TUAC_OECD_Steel_Committee_1.pdf\" target=\"_blank\">une proposition en 15 points<\/a>, la FIOM a soulign\u00e9 le fait que la fabrication industrielle, tout comme l&#8217;acier, sont des industries particuli\u00e8rement efficaces pour stimuler la prosp\u00e9rit\u00e9 dans de nombreux pays. Le niveau de consommation par habitant des produits en acier est consid\u00e9r\u00e9 comme \u00e9tant l&#8217;un des plus importants crit\u00e8res de d\u00e9veloppement socio-\u00e9conomique et de niveau de vie, quel que soit le pays. \u00a0<br \/><br \/>La formation et le d\u00e9veloppement de la prochaine g\u00e9n\u00e9ration de m\u00e9tallurgistes sont essentiels, m\u00eame en temps de crise \u00e9conomique. Le maintien d&#8217;effectifs hautement qualifi\u00e9s est \u00e9galement important pour tirer avantage d&#8217;une reprise \u00e9conomique. La possibilit\u00e9 d&#8217;offrir les conditions et le soutien n\u00e9cessaires \u00e0 l&#8217;industrie pendant une r\u00e9cession, peut donner la possibilit\u00e9 de r\u00e9\u00e9quiper l&#8217;industrie et d&#8217;explorer de nouvelles techniques permettant de moderniser la production d&#8217;acier. Mais il faut pour cela que les gouvernements, les responsables politiques et les employeurs montrent leur confiance dans l&#8217;industrie pendant ces p\u00e9riodes difficiles.<br \/><br \/>Le directeur ex\u00e9cutif de la FIOM, Rob Johnston, a d\u00e9clar\u00e9: &quot;La structure essentielle de nombreux pays d\u00e9velopp\u00e9s repose sur la force et l&#8217;emploi inh\u00e9rent de l&#8217;acier. Nous ne demandons pas une aide, mais un signe d&#8217;intention et une preuve de confiance dans l&#8217;avenir de cette industrie&quot;.<br \/><br \/>Le fait de donner \u00e0 l&#8217;industrie sid\u00e9rurgique le r\u00f4le principal en cas de reprise \u00e9conomique peut sembler tir\u00e9 par les cheveux, mais quand on consid\u00e8re que l&#8217;acier exerce une tr\u00e8s grande influence sur nos vies, en raison des b\u00e2timents dans lesquels nous travaillons, des maisons o\u00f9 nous vivons, des voitures que nous conduisons et d&#8217;innombrables autres aspects, cela peut sans doute avoir un sens. Et si l&#8217;on tient compte des plus grands d\u00e9fis auxquels nous serons confront\u00e9s au cours des prochaines d\u00e9cennies, la r\u00e9alisation d&#8217;une \u00e9conomie plus respectueuse de l&#8217;environnement, un approvisionnement \u00e9nerg\u00e9tique de substitution, de nouveaux moyens de transport d&#8217;un meilleur rendement et des b\u00e2timents plus efficaces, on commence \u00e0 r\u00e9aliser que l&#8217;acier devra faire partie de la solution. <br \/><br \/>Les syndicats sont un partenaire important dans l&#8217;industrie sid\u00e9rurgique, et la FIOM poursuit la r\u00e9alisation de r\u00e9seaux dans l&#8217;industrie dans le cadre de sa strat\u00e9gie visant \u00e0 donner aux travailleurs et travailleuses davantage de possibilit\u00e9s de s&#8217;exprimer. <br \/><br \/>  <\/p>","protected":false},"featured_media":0,"template":"","class_list":["post-199592","archive_imf","type-archive_imf","status-publish","hentry"],"acf":[],"yoast_head":"<!-- This site is optimized with the Yoast SEO Premium plugin v27.1 (Yoast SEO v27.1) - https:\/\/yoast.com\/product\/yoast-seo-premium-wordpress\/ -->\n<title>La FIOM pr\u00e9voit une ann\u00e9e incertaine en 2012 pour les m\u00e9tallurgistes - industriall-union<\/title>\n<meta name=\"robots\" content=\"index, follow, max-snippet:-1, max-image-preview:large, max-video-preview:-1\" \/>\n<link rel=\"canonical\" href=\"https:\/\/admin.industriall-union.org\/fr\/archive\/imf\/la-fiom-prevoit-une-annee-incertaine-en-2012-pour-les-metallurgistes\/\" \/>\n<meta property=\"og:locale\" content=\"fr_FR\" \/>\n<meta property=\"og:type\" content=\"article\" \/>\n<meta property=\"og:title\" content=\"La FIOM pr\u00e9voit une ann\u00e9e incertaine en 2012 pour les m\u00e9tallurgistes\" \/>\n<meta property=\"og:description\" content=\"MONDE: Dans l&#8217;industrie sid\u00e9rurgique, les travailleurs et travailleuses ont une ann\u00e9e incertaine devant eux, en raison de la d\u00e9t\u00e9rioration des perspectives \u00e9conomiques dans les pays d\u00e9velopp\u00e9s, notamment avec les probl\u00e8mes financiers et fiscaux dans la zone euro et aux \u00c9tats-Unis. Cette incertitude a eu un effet dommageable sur les projets pr\u00e9vus et les d\u00e9cisions en [&hellip;]\" \/>\n<meta property=\"og:url\" content=\"https:\/\/admin.industriall-union.org\/fr\/archive\/imf\/la-fiom-prevoit-une-annee-incertaine-en-2012-pour-les-metallurgistes\/\" \/>\n<meta property=\"og:site_name\" content=\"industriall-union\" \/>\n<meta property=\"article:modified_time\" content=\"2025-01-31T08:49:09+00:00\" \/>\n<meta name=\"twitter:card\" content=\"summary_large_image\" \/>\n<meta name=\"twitter:label1\" content=\"Est. reading time\" \/>\n\t<meta name=\"twitter:data1\" content=\"3 minutes\" \/>\n<script type=\"application\/ld+json\" class=\"yoast-schema-graph\">{\"@context\":\"https:\/\/schema.org\",\"@graph\":[{\"@type\":\"WebPage\",\"@id\":\"https:\/\/admin.industriall-union.org\/fr\/archive\/imf\/la-fiom-prevoit-une-annee-incertaine-en-2012-pour-les-metallurgistes\/\",\"url\":\"https:\/\/admin.industriall-union.org\/fr\/archive\/imf\/la-fiom-prevoit-une-annee-incertaine-en-2012-pour-les-metallurgistes\/\",\"name\":\"La FIOM pr\u00e9voit une ann\u00e9e incertaine en 2012 pour les m\u00e9tallurgistes - industriall-union\",\"isPartOf\":{\"@id\":\"https:\/\/admin.industriall-union.org\/#website\"},\"datePublished\":\"2012-01-11T09:55:00+00:00\",\"dateModified\":\"2025-01-31T08:49:09+00:00\",\"breadcrumb\":{\"@id\":\"https:\/\/admin.industriall-union.org\/fr\/archive\/imf\/la-fiom-prevoit-une-annee-incertaine-en-2012-pour-les-metallurgistes\/#breadcrumb\"},\"inLanguage\":\"fr-FR\",\"potentialAction\":[{\"@type\":\"ReadAction\",\"target\":[\"https:\/\/admin.industriall-union.org\/fr\/archive\/imf\/la-fiom-prevoit-une-annee-incertaine-en-2012-pour-les-metallurgistes\/\"]}]},{\"@type\":\"BreadcrumbList\",\"@id\":\"https:\/\/admin.industriall-union.org\/fr\/archive\/imf\/la-fiom-prevoit-une-annee-incertaine-en-2012-pour-les-metallurgistes\/#breadcrumb\",\"itemListElement\":[{\"@type\":\"ListItem\",\"position\":1,\"name\":\"Home\",\"item\":\"https:\/\/admin.industriall-union.org\/\"},{\"@type\":\"ListItem\",\"position\":2,\"name\":\"Archive Imf\",\"item\":\"https:\/\/admin.industriall-union.org\/es\/archive\/imf\/\"},{\"@type\":\"ListItem\",\"position\":3,\"name\":\"La FIOM pr\u00e9voit une ann\u00e9e incertaine en 2012 pour les m\u00e9tallurgistes\"}]},{\"@type\":\"WebSite\",\"@id\":\"https:\/\/admin.industriall-union.org\/#website\",\"url\":\"https:\/\/admin.industriall-union.org\/\",\"name\":\"industriall-union\",\"description\":\"\",\"potentialAction\":[{\"@type\":\"SearchAction\",\"target\":{\"@type\":\"EntryPoint\",\"urlTemplate\":\"https:\/\/admin.industriall-union.org\/?s={search_term_string}\"},\"query-input\":{\"@type\":\"PropertyValueSpecification\",\"valueRequired\":true,\"valueName\":\"search_term_string\"}}],\"inLanguage\":\"fr-FR\"}]}<\/script>\n<!-- \/ Yoast SEO Premium plugin. -->","yoast_head_json":{"title":"La FIOM pr\u00e9voit une ann\u00e9e incertaine en 2012 pour les m\u00e9tallurgistes - industriall-union","robots":{"index":"index","follow":"follow","max-snippet":"max-snippet:-1","max-image-preview":"max-image-preview:large","max-video-preview":"max-video-preview:-1"},"canonical":"https:\/\/admin.industriall-union.org\/fr\/archive\/imf\/la-fiom-prevoit-une-annee-incertaine-en-2012-pour-les-metallurgistes\/","og_locale":"fr_FR","og_type":"article","og_title":"La FIOM pr\u00e9voit une ann\u00e9e incertaine en 2012 pour les m\u00e9tallurgistes","og_description":"MONDE: Dans l&#8217;industrie sid\u00e9rurgique, les travailleurs et travailleuses ont une ann\u00e9e incertaine devant eux, en raison de la d\u00e9t\u00e9rioration des perspectives \u00e9conomiques dans les pays d\u00e9velopp\u00e9s, notamment avec les probl\u00e8mes financiers et fiscaux dans la zone euro et aux \u00c9tats-Unis. Cette incertitude a eu un effet dommageable sur les projets pr\u00e9vus et les d\u00e9cisions en [&hellip;]","og_url":"https:\/\/admin.industriall-union.org\/fr\/archive\/imf\/la-fiom-prevoit-une-annee-incertaine-en-2012-pour-les-metallurgistes\/","og_site_name":"industriall-union","article_modified_time":"2025-01-31T08:49:09+00:00","twitter_card":"summary_large_image","twitter_misc":{"Est. reading time":"3 minutes"},"schema":{"@context":"https:\/\/schema.org","@graph":[{"@type":"WebPage","@id":"https:\/\/admin.industriall-union.org\/fr\/archive\/imf\/la-fiom-prevoit-une-annee-incertaine-en-2012-pour-les-metallurgistes\/","url":"https:\/\/admin.industriall-union.org\/fr\/archive\/imf\/la-fiom-prevoit-une-annee-incertaine-en-2012-pour-les-metallurgistes\/","name":"La FIOM pr\u00e9voit une ann\u00e9e incertaine en 2012 pour les m\u00e9tallurgistes - industriall-union","isPartOf":{"@id":"https:\/\/admin.industriall-union.org\/#website"},"datePublished":"2012-01-11T09:55:00+00:00","dateModified":"2025-01-31T08:49:09+00:00","breadcrumb":{"@id":"https:\/\/admin.industriall-union.org\/fr\/archive\/imf\/la-fiom-prevoit-une-annee-incertaine-en-2012-pour-les-metallurgistes\/#breadcrumb"},"inLanguage":"fr-FR","potentialAction":[{"@type":"ReadAction","target":["https:\/\/admin.industriall-union.org\/fr\/archive\/imf\/la-fiom-prevoit-une-annee-incertaine-en-2012-pour-les-metallurgistes\/"]}]},{"@type":"BreadcrumbList","@id":"https:\/\/admin.industriall-union.org\/fr\/archive\/imf\/la-fiom-prevoit-une-annee-incertaine-en-2012-pour-les-metallurgistes\/#breadcrumb","itemListElement":[{"@type":"ListItem","position":1,"name":"Home","item":"https:\/\/admin.industriall-union.org\/"},{"@type":"ListItem","position":2,"name":"Archive Imf","item":"https:\/\/admin.industriall-union.org\/es\/archive\/imf\/"},{"@type":"ListItem","position":3,"name":"La FIOM pr\u00e9voit une ann\u00e9e incertaine en 2012 pour les m\u00e9tallurgistes"}]},{"@type":"WebSite","@id":"https:\/\/admin.industriall-union.org\/#website","url":"https:\/\/admin.industriall-union.org\/","name":"industriall-union","description":"","potentialAction":[{"@type":"SearchAction","target":{"@type":"EntryPoint","urlTemplate":"https:\/\/admin.industriall-union.org\/?s={search_term_string}"},"query-input":{"@type":"PropertyValueSpecification","valueRequired":true,"valueName":"search_term_string"}}],"inLanguage":"fr-FR"}]}},"_links":{"self":[{"href":"https:\/\/admin.industriall-union.org\/fr\/wp-json\/wp\/v2\/archive_imf\/199592","targetHints":{"allow":["GET"]}}],"collection":[{"href":"https:\/\/admin.industriall-union.org\/fr\/wp-json\/wp\/v2\/archive_imf"}],"about":[{"href":"https:\/\/admin.industriall-union.org\/fr\/wp-json\/wp\/v2\/types\/archive_imf"}],"wp:attachment":[{"href":"https:\/\/admin.industriall-union.org\/fr\/wp-json\/wp\/v2\/media?parent=199592"}],"curies":[{"name":"wp","href":"https:\/\/api.w.org\/{rel}","templated":true}]}}