{"id":199277,"date":"2012-03-27T07:13:00","date_gmt":"2012-03-27T07:13:00","guid":{"rendered":"https:\/\/admin.industriall-union.org\/archive\/imf\/hausse-des-salaires-pour-les-travailleurs-de-gm-dans-la-region-de-saint-petersbourg\/"},"modified":"2025-01-31T08:38:18","modified_gmt":"2025-01-31T08:38:18","slug":"hausse-des-salaires-pour-les-travailleurs-de-gm-dans-la-region-de-saint-petersbourg","status":"publish","type":"archive_imf","link":"https:\/\/admin.industriall-union.org\/fr\/archive\/imf\/hausse-des-salaires-pour-les-travailleurs-de-gm-dans-la-region-de-saint-petersbourg\/","title":{"rendered":"Hausse des salaires pour les travailleurs de GM dans la r\u00e9gion de Saint-P\u00e9tersbourg"},"content":{"rendered":"<p>RUSSIE: Lors de r\u00e9unions organis\u00e9es dans le travail les 26 et 27 mars, General Motors a annonc\u00e9 une hausse salariale de 10,5 pour cent \u00e0 compter du 1er avril, r\u00e9pondant ainsi \u00e0 une partie des revendications du syndicat local affili\u00e9 au syndicat interr\u00e9gional des travailleurs de l&#8217;automobile (ITUA) membre de la FIOM.<\/p><p>Le 1er f\u00e9vrier, l&#8217;ITUA avait lanc\u00e9 une campagne s&#8217;adressant \u00e0 GM et comportant trois revendications: un r\u00e9ajustement de 15 pour cent des salaires pour compenser l&#8217;inflation en 2010 et 2011, une hausse de 20 \u00e0 40 pour cent de la prime de travail en \u00e9quipe post\u00e9e de nuit et la comptabilisation mensuelle des heures suppl\u00e9mentaires au lieu du syst\u00e8me de comptabilisation annuelle.<\/p><p>Pour l&#8217;ITUA, bien que la direction ait refus\u00e9 de n\u00e9gocier avec le syndicat, le m\u00e9contentement massif des travailleurs a forc\u00e9 la direction \u00e0 faire des concessions.<\/p><p>Au d\u00e9but de f\u00e9vrier, le syndicat avait commenc\u00e9 \u00e0 se pr\u00e9parer en vue d&#8217;un conflit du travail. En un mois, plus de 1.200 salari\u00e9s sur un effectif total de 2.400 avaient sign\u00e9 la liste des revendications collectives. Selon l&#8217;ITUA, des cadres de la direction sont intervenus dans la collecte des signatures, en confisquant plusieurs feuillets de signatures et en exer\u00e7ant des pressions sur des militants syndicaux.<\/p><p>Le 19 mars, le comit\u00e9 syndical a remis les signatures \u00e0 la direction en proposant de commencer les n\u00e9gociations. Le 21 mars, la direction a refus\u00e9 de n\u00e9gocier, en donnant plusieurs raisons.<\/p><p>Selon une lettre de la direction, plusieurs travailleurs signataires des revendications avaient d\u00e9j\u00e0 quitt\u00e9 l&#8217;usine, et d&#8217;autres &quot;avaient \u00e9crit \u00e0 l&#8217;administration que les signatures n&#8217;\u00e9taient pas les leurs. D&#8217;autre part, des travailleurs se sont plains \u00e0 l&#8217;ITUA que des cadres sup\u00e9rieurs les avaient forc\u00e9s \u00e0 retirer leurs signatures, en les mena\u00e7ant d&#8217;une action disciplinaire et d&#8217;une absence de promotion.<\/p><p>En r\u00e9ponse \u00e0 ces mesures, le syndicat a commenc\u00e9 \u00e0 se pr\u00e9parer en vue d&#8217;une action collective. De 20 au 27 mars, des r\u00e9unions d&#8217;\u00e9quipes post\u00e9es ont eu lieu dans l&#8217;usine en r\u00e9unissant plusieurs centaines de travailleurs.<\/p><p>&quot;La d\u00e9cision de la direction d&#8217;augmenter les salaires est une r\u00e9ponse \u00e0 la possibilit\u00e9 d&#8217;un conflit du travail&quot;, a d\u00e9clar\u00e9 le repr\u00e9sentant de l&#8217;ITUA. &quot;En constatant l&#8217;attitude des salari\u00e9s, la direction de GM pouvait devoir faire face \u00e0 un arr\u00eat partiel ou total de la production d\u00e8s le d\u00e9but d&#8217;avril&quot;. <\/p><p>&quot;Malheureusement, le refus de la direction de n\u00e9gocier avec le syndicat montre qu&#8217;elle est oblig\u00e9e de prendre des mesures exceptionnelles au lieu de trouver une solution aux questions \u00e0 la table des n\u00e9gociations. L&#8217;augmentation salariale obtenue r\u00e9cemment ne compense m\u00eame pas le taux d&#8217;inflation. Les salaires r\u00e9els continuent de baisser, sans mentionner les horaires de travail pouss\u00e9s \u00e0 l&#8217;extr\u00eame, proches de ceux des ateliers de mis\u00e8re, et le niveau inacceptable des bas salaires pour le travail en \u00e9quipe post\u00e9e de nuit&quot;, d\u00e9clare le repr\u00e9sentant syndical de l&#8217;ITUA.<\/p>","protected":false},"featured_media":0,"template":"","class_list":["post-199277","archive_imf","type-archive_imf","status-publish","hentry"],"acf":[],"yoast_head":"<!-- This site is optimized with the Yoast SEO Premium plugin v27.1 (Yoast SEO v27.1) - https:\/\/yoast.com\/product\/yoast-seo-premium-wordpress\/ -->\n<title>Hausse des salaires pour les travailleurs de GM dans la r\u00e9gion de Saint-P\u00e9tersbourg - industriall-union<\/title>\n<meta name=\"robots\" content=\"index, follow, max-snippet:-1, max-image-preview:large, max-video-preview:-1\" \/>\n<link rel=\"canonical\" href=\"https:\/\/admin.industriall-union.org\/fr\/archive\/imf\/hausse-des-salaires-pour-les-travailleurs-de-gm-dans-la-region-de-saint-petersbourg\/\" \/>\n<meta property=\"og:locale\" content=\"fr_FR\" \/>\n<meta property=\"og:type\" content=\"article\" \/>\n<meta property=\"og:title\" content=\"Hausse des salaires pour les travailleurs de GM dans la r\u00e9gion de Saint-P\u00e9tersbourg\" \/>\n<meta property=\"og:description\" content=\"RUSSIE: Lors de r\u00e9unions organis\u00e9es dans le travail les 26 et 27 mars, General Motors a annonc\u00e9 une hausse salariale de 10,5 pour cent \u00e0 compter du 1er avril, r\u00e9pondant ainsi \u00e0 une partie des revendications du syndicat local affili\u00e9 au syndicat interr\u00e9gional des travailleurs de l&#8217;automobile (ITUA) membre de la FIOM. Le 1er f\u00e9vrier, [&hellip;]\" \/>\n<meta property=\"og:url\" content=\"https:\/\/admin.industriall-union.org\/fr\/archive\/imf\/hausse-des-salaires-pour-les-travailleurs-de-gm-dans-la-region-de-saint-petersbourg\/\" \/>\n<meta property=\"og:site_name\" content=\"industriall-union\" \/>\n<meta property=\"article:modified_time\" content=\"2025-01-31T08:38:18+00:00\" \/>\n<meta name=\"twitter:card\" content=\"summary_large_image\" \/>\n<meta name=\"twitter:label1\" content=\"Est. reading time\" \/>\n\t<meta name=\"twitter:data1\" content=\"2 minutes\" \/>\n<script type=\"application\/ld+json\" class=\"yoast-schema-graph\">{\"@context\":\"https:\/\/schema.org\",\"@graph\":[{\"@type\":\"WebPage\",\"@id\":\"https:\/\/admin.industriall-union.org\/fr\/archive\/imf\/hausse-des-salaires-pour-les-travailleurs-de-gm-dans-la-region-de-saint-petersbourg\/\",\"url\":\"https:\/\/admin.industriall-union.org\/fr\/archive\/imf\/hausse-des-salaires-pour-les-travailleurs-de-gm-dans-la-region-de-saint-petersbourg\/\",\"name\":\"Hausse des salaires pour les travailleurs de GM dans la r\u00e9gion de Saint-P\u00e9tersbourg - industriall-union\",\"isPartOf\":{\"@id\":\"https:\/\/admin.industriall-union.org\/#website\"},\"datePublished\":\"2012-03-27T07:13:00+00:00\",\"dateModified\":\"2025-01-31T08:38:18+00:00\",\"breadcrumb\":{\"@id\":\"https:\/\/admin.industriall-union.org\/fr\/archive\/imf\/hausse-des-salaires-pour-les-travailleurs-de-gm-dans-la-region-de-saint-petersbourg\/#breadcrumb\"},\"inLanguage\":\"fr-FR\",\"potentialAction\":[{\"@type\":\"ReadAction\",\"target\":[\"https:\/\/admin.industriall-union.org\/fr\/archive\/imf\/hausse-des-salaires-pour-les-travailleurs-de-gm-dans-la-region-de-saint-petersbourg\/\"]}]},{\"@type\":\"BreadcrumbList\",\"@id\":\"https:\/\/admin.industriall-union.org\/fr\/archive\/imf\/hausse-des-salaires-pour-les-travailleurs-de-gm-dans-la-region-de-saint-petersbourg\/#breadcrumb\",\"itemListElement\":[{\"@type\":\"ListItem\",\"position\":1,\"name\":\"Home\",\"item\":\"https:\/\/admin.industriall-union.org\/\"},{\"@type\":\"ListItem\",\"position\":2,\"name\":\"Archive Imf\",\"item\":\"https:\/\/admin.industriall-union.org\/es\/archive\/imf\/\"},{\"@type\":\"ListItem\",\"position\":3,\"name\":\"Hausse des salaires pour les travailleurs de GM dans la r\u00e9gion de Saint-P\u00e9tersbourg\"}]},{\"@type\":\"WebSite\",\"@id\":\"https:\/\/admin.industriall-union.org\/#website\",\"url\":\"https:\/\/admin.industriall-union.org\/\",\"name\":\"industriall-union\",\"description\":\"\",\"potentialAction\":[{\"@type\":\"SearchAction\",\"target\":{\"@type\":\"EntryPoint\",\"urlTemplate\":\"https:\/\/admin.industriall-union.org\/?s={search_term_string}\"},\"query-input\":{\"@type\":\"PropertyValueSpecification\",\"valueRequired\":true,\"valueName\":\"search_term_string\"}}],\"inLanguage\":\"fr-FR\"}]}<\/script>\n<!-- \/ Yoast SEO Premium plugin. -->","yoast_head_json":{"title":"Hausse des salaires pour les travailleurs de GM dans la r\u00e9gion de Saint-P\u00e9tersbourg - industriall-union","robots":{"index":"index","follow":"follow","max-snippet":"max-snippet:-1","max-image-preview":"max-image-preview:large","max-video-preview":"max-video-preview:-1"},"canonical":"https:\/\/admin.industriall-union.org\/fr\/archive\/imf\/hausse-des-salaires-pour-les-travailleurs-de-gm-dans-la-region-de-saint-petersbourg\/","og_locale":"fr_FR","og_type":"article","og_title":"Hausse des salaires pour les travailleurs de GM dans la r\u00e9gion de Saint-P\u00e9tersbourg","og_description":"RUSSIE: Lors de r\u00e9unions organis\u00e9es dans le travail les 26 et 27 mars, General Motors a annonc\u00e9 une hausse salariale de 10,5 pour cent \u00e0 compter du 1er avril, r\u00e9pondant ainsi \u00e0 une partie des revendications du syndicat local affili\u00e9 au syndicat interr\u00e9gional des travailleurs de l&#8217;automobile (ITUA) membre de la FIOM. Le 1er f\u00e9vrier, [&hellip;]","og_url":"https:\/\/admin.industriall-union.org\/fr\/archive\/imf\/hausse-des-salaires-pour-les-travailleurs-de-gm-dans-la-region-de-saint-petersbourg\/","og_site_name":"industriall-union","article_modified_time":"2025-01-31T08:38:18+00:00","twitter_card":"summary_large_image","twitter_misc":{"Est. reading time":"2 minutes"},"schema":{"@context":"https:\/\/schema.org","@graph":[{"@type":"WebPage","@id":"https:\/\/admin.industriall-union.org\/fr\/archive\/imf\/hausse-des-salaires-pour-les-travailleurs-de-gm-dans-la-region-de-saint-petersbourg\/","url":"https:\/\/admin.industriall-union.org\/fr\/archive\/imf\/hausse-des-salaires-pour-les-travailleurs-de-gm-dans-la-region-de-saint-petersbourg\/","name":"Hausse des salaires pour les travailleurs de GM dans la r\u00e9gion de Saint-P\u00e9tersbourg - industriall-union","isPartOf":{"@id":"https:\/\/admin.industriall-union.org\/#website"},"datePublished":"2012-03-27T07:13:00+00:00","dateModified":"2025-01-31T08:38:18+00:00","breadcrumb":{"@id":"https:\/\/admin.industriall-union.org\/fr\/archive\/imf\/hausse-des-salaires-pour-les-travailleurs-de-gm-dans-la-region-de-saint-petersbourg\/#breadcrumb"},"inLanguage":"fr-FR","potentialAction":[{"@type":"ReadAction","target":["https:\/\/admin.industriall-union.org\/fr\/archive\/imf\/hausse-des-salaires-pour-les-travailleurs-de-gm-dans-la-region-de-saint-petersbourg\/"]}]},{"@type":"BreadcrumbList","@id":"https:\/\/admin.industriall-union.org\/fr\/archive\/imf\/hausse-des-salaires-pour-les-travailleurs-de-gm-dans-la-region-de-saint-petersbourg\/#breadcrumb","itemListElement":[{"@type":"ListItem","position":1,"name":"Home","item":"https:\/\/admin.industriall-union.org\/"},{"@type":"ListItem","position":2,"name":"Archive Imf","item":"https:\/\/admin.industriall-union.org\/es\/archive\/imf\/"},{"@type":"ListItem","position":3,"name":"Hausse des salaires pour les travailleurs de GM dans la r\u00e9gion de Saint-P\u00e9tersbourg"}]},{"@type":"WebSite","@id":"https:\/\/admin.industriall-union.org\/#website","url":"https:\/\/admin.industriall-union.org\/","name":"industriall-union","description":"","potentialAction":[{"@type":"SearchAction","target":{"@type":"EntryPoint","urlTemplate":"https:\/\/admin.industriall-union.org\/?s={search_term_string}"},"query-input":{"@type":"PropertyValueSpecification","valueRequired":true,"valueName":"search_term_string"}}],"inLanguage":"fr-FR"}]}},"_links":{"self":[{"href":"https:\/\/admin.industriall-union.org\/fr\/wp-json\/wp\/v2\/archive_imf\/199277","targetHints":{"allow":["GET"]}}],"collection":[{"href":"https:\/\/admin.industriall-union.org\/fr\/wp-json\/wp\/v2\/archive_imf"}],"about":[{"href":"https:\/\/admin.industriall-union.org\/fr\/wp-json\/wp\/v2\/types\/archive_imf"}],"wp:attachment":[{"href":"https:\/\/admin.industriall-union.org\/fr\/wp-json\/wp\/v2\/media?parent=199277"}],"curies":[{"name":"wp","href":"https:\/\/api.w.org\/{rel}","templated":true}]}}