{"id":199172,"date":"2012-04-27T13:11:00","date_gmt":"2012-04-27T13:11:00","guid":{"rendered":"https:\/\/admin.industriall-union.org\/archive\/imf\/28-avril-2012-journee-de-deuil\/"},"modified":"2025-01-31T08:33:05","modified_gmt":"2025-01-31T08:33:05","slug":"28-avril-2012-journee-de-deuil","status":"publish","type":"archive_imf","link":"https:\/\/admin.industriall-union.org\/fr\/archive\/imf\/28-avril-2012-journee-de-deuil\/","title":{"rendered":"28 avril 2012, journ\u00e9e de deuil"},"content":{"rendered":"<p>MONDIAL : Chaque 28 avril, date de la Journ\u00e9e mondiale de la sant\u00e9 et la s\u00e9curit\u00e9 au travail, les travailleurs observent un moment de silence pour r\u00e9fl\u00e9chir au bilan d\u00e9vastateur des d\u00e9c\u00e8s, blessures et maladies occasionn\u00e9s par le travail. <\/p><p>IndustriALL Global Union verra bient\u00f4t le jour, une nouvelle organisation regroupant quelque 50 millions de travailleurs repr\u00e9sent\u00e9s par ses affili\u00e9s. Voici quelques chiffres qui devraient nous faire r\u00e9fl\u00e9chir. Sur les 50 millions de travailleurs affili\u00e9s \u00e0 IndustriALL: <\/p><ul><li>On estime que 16.400 p\u00e9riront en 2012 \u00e0 cause de leur travail. Cela fait environ 45 d\u00e9c\u00e8s par jour. <\/li><li>Pr\u00e8s de 5.000 membres de IndustriALL Global Union mourront cette ann\u00e9e, rien que du cancer. <\/li><li>Une maladie professionnelle non-mortelle sera diagnostiqu\u00e9e chez 1.570.000 d&#8217;entre eux. <\/li><li>Un nombre \u00e9norme, impossible \u00e0 chiffrer avec pr\u00e9cision, mais qui se compte en millions, seront bless\u00e9s au travail.\u00a0 <\/li><\/ul>Ces chiffres, pour choquants qu&#8217;ils soient, sont certainement sous-\u00e9valu\u00e9s. <p>Pr\u00e9lev\u00e9s dans les chiffres des maladies et d\u00e9c\u00e8s professionnels publi\u00e9s en 2008 par le Bureau des statistiques du travail de l&#8217;Organisation internationale du travail, ils se fondent sur des statistiques nationales reconnues et communiqu\u00e9es \u00e0 l&#8217;OIT par ses \u00c9tats membres. La plupart du temps, ils proviennent des syst\u00e8mes nationaux d&#8217;indemnisation des travailleurs, ce qui veut dire qu&#8217;ils ne prennent pas en compte les travailleurs dont la maladie ou la mort ne sont pas reconnues comme ayant une cause &quot;professionnelle&quot; ou qui n&#8217;\u00e9taient pas couverts par le syst\u00e8me d&#8217;indemnisation. Les maladies professionnelles sont syst\u00e9matiquement sous-diagnostiqu\u00e9es et les l\u00e9sions professionnelles font l&#8217;objet de diverses strat\u00e9gies visant \u00e0 ne pas les signaler ou \u00e0 les sous-estimer par des moyens frauduleux. <\/p><p>En outre, ces estimations partent de chiffres mondiaux qui, rapport\u00e9s aux secteurs de IndustriALL Global Union, ne repr\u00e9sentent qu&#8217;une partie de la r\u00e9alit\u00e9. En fait, IndustriALL Global Union repr\u00e9sentera les travailleurs d&#8217;industries o\u00f9 les risques sont beaucoup plus \u00e9lev\u00e9s qu&#8217;ailleurs. Il faut savoir que, dans des lieux pourtant r\u00e9put\u00e9s dangereux, comme les charbonnages par exemple, on estime que cinq fois plus de travailleurs d\u00e9c\u00e8dent de maladies professionnelles que d&#8217;accidents caus\u00e9s par des incendies, des explosions, des \u00e9boulements ou des machines. <\/p><p>De toute \u00e9vidence, la sant\u00e9 et la s\u00e9curit\u00e9 au travail doit \u00eatre une des priorit\u00e9s absolues de IndustriALL. <\/p><p>On compte un grand nombre d&#8217;organismes internationaux de normalisation ou qui ont des activit\u00e9s dans divers aspects de la sant\u00e9 et la s\u00e9curit\u00e9 au travail. L&#8217;OIT, l&#8217;OMS, OHSAS, ISO, la GRI, le PNUE, le GHS, REACH, la SAICM, &#8230; on ne pourrait les citer tous. Il faut que IndustriALL les surveille tous de pr\u00e8s et fasse pression pour qu&#8217;ils prot\u00e8gent mieux les travailleurs. <\/p><p>IndustriALL va h\u00e9riter d&#8217;une s\u00e9rie d&#8217;Accords-cadres mondiaux avec des multinationales de renom. Il faut que les dispositions relatives \u00e0 la sant\u00e9 et la s\u00e9curit\u00e9 au travail occupent une plus grande place dans la plupart de ces accords. <\/p><p>Il faut poursuivre les campagnes mondiales sur des th\u00e8mes particuliers, comme celle men\u00e9e actuellement pour augmenter le nombre des ratifications de la Convention 176 de l&#8217;OIT sur la s\u00e9curit\u00e9 et la sant\u00e9 dans les mines. <\/p><p>La sant\u00e9 et la s\u00e9curit\u00e9 au travail est un probl\u00e8me complexe. Il faut mettre en place des syst\u00e8mes li\u00e9s entre eux pour pouvoir identifier et ma\u00eetriser les risques au travail, et prot\u00e9ger les travailleurs contre ces risques. Un \u00e9l\u00e9ment indispensable de cet effort doit \u00eatre la participation totale des travailleurs par le biais de leurs repr\u00e9sentants, et dans des comit\u00e9s paritaires de s\u00e9curit\u00e9 et d&#8217;hygi\u00e8ne. <\/p><p>Il n&#8217;existe pas de solution simple, magique et qui pourrait s&#8217;appliquer rapidement. La sant\u00e9 et la s\u00e9curit\u00e9 au travail exige un travail intense et des campagnes d\u00e9termin\u00e9es men\u00e9es par des militants syndicaux. Malgr\u00e9 la course mondiale au profit, notre sant\u00e9 n&#8217;est pas \u00e0 vendre. <\/p>","protected":false},"featured_media":0,"template":"","class_list":["post-199172","archive_imf","type-archive_imf","status-publish","hentry"],"acf":[],"yoast_head":"<!-- This site is optimized with the Yoast SEO Premium plugin v27.1 (Yoast SEO v27.1) - https:\/\/yoast.com\/product\/yoast-seo-premium-wordpress\/ -->\n<title>28 avril 2012, journ\u00e9e de deuil - industriall-union<\/title>\n<meta name=\"robots\" content=\"index, follow, max-snippet:-1, max-image-preview:large, max-video-preview:-1\" \/>\n<link rel=\"canonical\" href=\"https:\/\/admin.industriall-union.org\/fr\/archive\/imf\/28-avril-2012-journee-de-deuil\/\" \/>\n<meta property=\"og:locale\" content=\"fr_FR\" \/>\n<meta property=\"og:type\" content=\"article\" \/>\n<meta property=\"og:title\" content=\"28 avril 2012, journ\u00e9e de deuil\" \/>\n<meta property=\"og:description\" content=\"MONDIAL : Chaque 28 avril, date de la Journ\u00e9e mondiale de la sant\u00e9 et la s\u00e9curit\u00e9 au travail, les travailleurs observent un moment de silence pour r\u00e9fl\u00e9chir au bilan d\u00e9vastateur des d\u00e9c\u00e8s, blessures et maladies occasionn\u00e9s par le travail. IndustriALL Global Union verra bient\u00f4t le jour, une nouvelle organisation regroupant quelque 50 millions de travailleurs [&hellip;]\" \/>\n<meta property=\"og:url\" content=\"https:\/\/admin.industriall-union.org\/fr\/archive\/imf\/28-avril-2012-journee-de-deuil\/\" \/>\n<meta property=\"og:site_name\" content=\"industriall-union\" \/>\n<meta property=\"article:modified_time\" content=\"2025-01-31T08:33:05+00:00\" \/>\n<meta name=\"twitter:card\" content=\"summary_large_image\" \/>\n<meta name=\"twitter:label1\" content=\"Est. reading time\" \/>\n\t<meta name=\"twitter:data1\" content=\"3 minutes\" \/>\n<script type=\"application\/ld+json\" class=\"yoast-schema-graph\">{\"@context\":\"https:\/\/schema.org\",\"@graph\":[{\"@type\":\"WebPage\",\"@id\":\"https:\/\/admin.industriall-union.org\/fr\/archive\/imf\/28-avril-2012-journee-de-deuil\/\",\"url\":\"https:\/\/admin.industriall-union.org\/fr\/archive\/imf\/28-avril-2012-journee-de-deuil\/\",\"name\":\"28 avril 2012, journ\u00e9e de deuil - industriall-union\",\"isPartOf\":{\"@id\":\"https:\/\/admin.industriall-union.org\/#website\"},\"datePublished\":\"2012-04-27T13:11:00+00:00\",\"dateModified\":\"2025-01-31T08:33:05+00:00\",\"breadcrumb\":{\"@id\":\"https:\/\/admin.industriall-union.org\/fr\/archive\/imf\/28-avril-2012-journee-de-deuil\/#breadcrumb\"},\"inLanguage\":\"fr-FR\",\"potentialAction\":[{\"@type\":\"ReadAction\",\"target\":[\"https:\/\/admin.industriall-union.org\/fr\/archive\/imf\/28-avril-2012-journee-de-deuil\/\"]}]},{\"@type\":\"BreadcrumbList\",\"@id\":\"https:\/\/admin.industriall-union.org\/fr\/archive\/imf\/28-avril-2012-journee-de-deuil\/#breadcrumb\",\"itemListElement\":[{\"@type\":\"ListItem\",\"position\":1,\"name\":\"Home\",\"item\":\"https:\/\/admin.industriall-union.org\/\"},{\"@type\":\"ListItem\",\"position\":2,\"name\":\"Archive Imf\",\"item\":\"https:\/\/admin.industriall-union.org\/es\/archive\/imf\/\"},{\"@type\":\"ListItem\",\"position\":3,\"name\":\"28 avril 2012, journ\u00e9e de deuil\"}]},{\"@type\":\"WebSite\",\"@id\":\"https:\/\/admin.industriall-union.org\/#website\",\"url\":\"https:\/\/admin.industriall-union.org\/\",\"name\":\"industriall-union\",\"description\":\"\",\"potentialAction\":[{\"@type\":\"SearchAction\",\"target\":{\"@type\":\"EntryPoint\",\"urlTemplate\":\"https:\/\/admin.industriall-union.org\/?s={search_term_string}\"},\"query-input\":{\"@type\":\"PropertyValueSpecification\",\"valueRequired\":true,\"valueName\":\"search_term_string\"}}],\"inLanguage\":\"fr-FR\"}]}<\/script>\n<!-- \/ Yoast SEO Premium plugin. -->","yoast_head_json":{"title":"28 avril 2012, journ\u00e9e de deuil - industriall-union","robots":{"index":"index","follow":"follow","max-snippet":"max-snippet:-1","max-image-preview":"max-image-preview:large","max-video-preview":"max-video-preview:-1"},"canonical":"https:\/\/admin.industriall-union.org\/fr\/archive\/imf\/28-avril-2012-journee-de-deuil\/","og_locale":"fr_FR","og_type":"article","og_title":"28 avril 2012, journ\u00e9e de deuil","og_description":"MONDIAL : Chaque 28 avril, date de la Journ\u00e9e mondiale de la sant\u00e9 et la s\u00e9curit\u00e9 au travail, les travailleurs observent un moment de silence pour r\u00e9fl\u00e9chir au bilan d\u00e9vastateur des d\u00e9c\u00e8s, blessures et maladies occasionn\u00e9s par le travail. IndustriALL Global Union verra bient\u00f4t le jour, une nouvelle organisation regroupant quelque 50 millions de travailleurs [&hellip;]","og_url":"https:\/\/admin.industriall-union.org\/fr\/archive\/imf\/28-avril-2012-journee-de-deuil\/","og_site_name":"industriall-union","article_modified_time":"2025-01-31T08:33:05+00:00","twitter_card":"summary_large_image","twitter_misc":{"Est. reading time":"3 minutes"},"schema":{"@context":"https:\/\/schema.org","@graph":[{"@type":"WebPage","@id":"https:\/\/admin.industriall-union.org\/fr\/archive\/imf\/28-avril-2012-journee-de-deuil\/","url":"https:\/\/admin.industriall-union.org\/fr\/archive\/imf\/28-avril-2012-journee-de-deuil\/","name":"28 avril 2012, journ\u00e9e de deuil - industriall-union","isPartOf":{"@id":"https:\/\/admin.industriall-union.org\/#website"},"datePublished":"2012-04-27T13:11:00+00:00","dateModified":"2025-01-31T08:33:05+00:00","breadcrumb":{"@id":"https:\/\/admin.industriall-union.org\/fr\/archive\/imf\/28-avril-2012-journee-de-deuil\/#breadcrumb"},"inLanguage":"fr-FR","potentialAction":[{"@type":"ReadAction","target":["https:\/\/admin.industriall-union.org\/fr\/archive\/imf\/28-avril-2012-journee-de-deuil\/"]}]},{"@type":"BreadcrumbList","@id":"https:\/\/admin.industriall-union.org\/fr\/archive\/imf\/28-avril-2012-journee-de-deuil\/#breadcrumb","itemListElement":[{"@type":"ListItem","position":1,"name":"Home","item":"https:\/\/admin.industriall-union.org\/"},{"@type":"ListItem","position":2,"name":"Archive Imf","item":"https:\/\/admin.industriall-union.org\/es\/archive\/imf\/"},{"@type":"ListItem","position":3,"name":"28 avril 2012, journ\u00e9e de deuil"}]},{"@type":"WebSite","@id":"https:\/\/admin.industriall-union.org\/#website","url":"https:\/\/admin.industriall-union.org\/","name":"industriall-union","description":"","potentialAction":[{"@type":"SearchAction","target":{"@type":"EntryPoint","urlTemplate":"https:\/\/admin.industriall-union.org\/?s={search_term_string}"},"query-input":{"@type":"PropertyValueSpecification","valueRequired":true,"valueName":"search_term_string"}}],"inLanguage":"fr-FR"}]}},"_links":{"self":[{"href":"https:\/\/admin.industriall-union.org\/fr\/wp-json\/wp\/v2\/archive_imf\/199172","targetHints":{"allow":["GET"]}}],"collection":[{"href":"https:\/\/admin.industriall-union.org\/fr\/wp-json\/wp\/v2\/archive_imf"}],"about":[{"href":"https:\/\/admin.industriall-union.org\/fr\/wp-json\/wp\/v2\/types\/archive_imf"}],"wp:attachment":[{"href":"https:\/\/admin.industriall-union.org\/fr\/wp-json\/wp\/v2\/media?parent=199172"}],"curies":[{"name":"wp","href":"https:\/\/api.w.org\/{rel}","templated":true}]}}