{"id":199157,"date":"2012-04-30T11:24:00","date_gmt":"2012-04-30T11:24:00","guid":{"rendered":"https:\/\/admin.industriall-union.org\/archive\/imf\/les-syndicats-mondiaux-demandent-une-reprise-durable-et-equitable\/"},"modified":"2025-01-31T08:33:00","modified_gmt":"2025-01-31T08:33:00","slug":"les-syndicats-mondiaux-demandent-une-reprise-durable-et-equitable","status":"publish","type":"archive_imf","link":"https:\/\/admin.industriall-union.org\/fr\/archive\/imf\/les-syndicats-mondiaux-demandent-une-reprise-durable-et-equitable\/","title":{"rendered":"Les syndicats mondiaux demandent une reprise durable et \u00e9quitable"},"content":{"rendered":"<p>MONDE: Cette ann\u00e9e, \u00e0 l&#8217;occasion de la c\u00e9l\u00e9bration du Premier Mai, la F\u00e9d\u00e9ration internationale des organisations de travailleurs de la m\u00e9tallurgie (FIOM) se joint aux autres organisations syndicales internationales pour demander aux gouvernements d&#8217;assumer leurs responsabilit\u00e9s, et de se rassembler pour mettre fin \u00e0 la crise financi\u00e8re par la cr\u00e9ation d&#8217;emplois d\u00e9cents et durables, tout en assurant la d\u00e9fense des droits des travailleurs et travailleuses. <\/p><p>&quot;Plus de cinq ans se sont \u00e9coul\u00e9s depuis le choc de la crise financi\u00e8re, suivi rapidement d&#8217;une crise \u00e9conomique encore plus forte. Ce s\u00e9isme \u00e9conomique a mis en lumi\u00e8re les dangers de la financialisation, de la subordination de l&#8217;\u00e9conomie r\u00e9elle \u00e0 la finance, durant deux d\u00e9cennies d&#8217;in\u00e9galit\u00e9s croissantes&quot;, \u00e9crivent les organisations internationales dans un communiqu\u00e9 conjoint publi\u00e9 \u00e0 l&#8217;occasion du Premier Mai 2012.<\/p><p>Les demandes des organisations syndicales internationales aux gouvernements portent sur les points suivants:<\/p><ul><li>la r\u00e9glementation des march\u00e9s financiers \u00e0 l&#8217;\u00e9chelle mondiale, <\/li><li>une action d&#8217;urgence pour cr\u00e9er des emplois stables, <\/li><li>des r\u00e9ponses viables aux d\u00e9fis pr\u00e9sent\u00e9s par les changements climatiques, <\/li><li>une taxation juste, notamment une taxe sur les transactions financi\u00e8res, <\/li><li>le plein respect des droits syndicaux, <\/li><li>une protection sociale compl\u00e8te pour toutes les populations, <\/li><li>la garantie du droit aux besoins \u00e9l\u00e9mentaires, comme la nourriture et le logement, <\/li><li>l&#8217;opposition \u00e0 des mesures d&#8217;aust\u00e9rit\u00e9, <\/li><li>un investissement soutenu dans les services publics. <\/li><\/ul><p>La texte int\u00e9gral de la d\u00e9claration: <a href=\"..\/files\/12043013211766\/GU_May_Day_Statement_2012_EN.pdf\">Les gouvernements doivent agir pour obtenir une reprise durable et \u00e9quitable<\/a>, se trouve <a href=\"..\/files\/12043013211766\/GU_May_Day_Statement_2012_EN.pdf\" target=\"_blank\">ici<\/a>.<\/p><p>&nbsp;<\/p>","protected":false},"featured_media":0,"template":"","class_list":["post-199157","archive_imf","type-archive_imf","status-publish","hentry"],"acf":[],"yoast_head":"<!-- This site is optimized with the Yoast SEO Premium plugin v27.1 (Yoast SEO v27.1) - https:\/\/yoast.com\/product\/yoast-seo-premium-wordpress\/ -->\n<title>Les syndicats mondiaux demandent une reprise durable et \u00e9quitable - industriall-union<\/title>\n<meta name=\"robots\" content=\"index, follow, max-snippet:-1, max-image-preview:large, max-video-preview:-1\" \/>\n<link rel=\"canonical\" href=\"https:\/\/admin.industriall-union.org\/fr\/archive\/imf\/les-syndicats-mondiaux-demandent-une-reprise-durable-et-equitable\/\" \/>\n<meta property=\"og:locale\" content=\"fr_FR\" \/>\n<meta property=\"og:type\" content=\"article\" \/>\n<meta property=\"og:title\" content=\"Les syndicats mondiaux demandent une reprise durable et \u00e9quitable\" \/>\n<meta property=\"og:description\" content=\"MONDE: Cette ann\u00e9e, \u00e0 l&#8217;occasion de la c\u00e9l\u00e9bration du Premier Mai, la F\u00e9d\u00e9ration internationale des organisations de travailleurs de la m\u00e9tallurgie (FIOM) se joint aux autres organisations syndicales internationales pour demander aux gouvernements d&#8217;assumer leurs responsabilit\u00e9s, et de se rassembler pour mettre fin \u00e0 la crise financi\u00e8re par la cr\u00e9ation d&#8217;emplois d\u00e9cents et durables, tout [&hellip;]\" \/>\n<meta property=\"og:url\" content=\"https:\/\/admin.industriall-union.org\/fr\/archive\/imf\/les-syndicats-mondiaux-demandent-une-reprise-durable-et-equitable\/\" \/>\n<meta property=\"og:site_name\" content=\"industriall-union\" \/>\n<meta property=\"article:modified_time\" content=\"2025-01-31T08:33:00+00:00\" \/>\n<meta name=\"twitter:card\" content=\"summary_large_image\" \/>\n<meta name=\"twitter:label1\" content=\"Est. reading time\" \/>\n\t<meta name=\"twitter:data1\" content=\"1 minute\" \/>\n<script type=\"application\/ld+json\" class=\"yoast-schema-graph\">{\"@context\":\"https:\/\/schema.org\",\"@graph\":[{\"@type\":\"WebPage\",\"@id\":\"https:\/\/admin.industriall-union.org\/fr\/archive\/imf\/les-syndicats-mondiaux-demandent-une-reprise-durable-et-equitable\/\",\"url\":\"https:\/\/admin.industriall-union.org\/fr\/archive\/imf\/les-syndicats-mondiaux-demandent-une-reprise-durable-et-equitable\/\",\"name\":\"Les syndicats mondiaux demandent une reprise durable et \u00e9quitable - industriall-union\",\"isPartOf\":{\"@id\":\"https:\/\/admin.industriall-union.org\/#website\"},\"datePublished\":\"2012-04-30T11:24:00+00:00\",\"dateModified\":\"2025-01-31T08:33:00+00:00\",\"breadcrumb\":{\"@id\":\"https:\/\/admin.industriall-union.org\/fr\/archive\/imf\/les-syndicats-mondiaux-demandent-une-reprise-durable-et-equitable\/#breadcrumb\"},\"inLanguage\":\"fr-FR\",\"potentialAction\":[{\"@type\":\"ReadAction\",\"target\":[\"https:\/\/admin.industriall-union.org\/fr\/archive\/imf\/les-syndicats-mondiaux-demandent-une-reprise-durable-et-equitable\/\"]}]},{\"@type\":\"BreadcrumbList\",\"@id\":\"https:\/\/admin.industriall-union.org\/fr\/archive\/imf\/les-syndicats-mondiaux-demandent-une-reprise-durable-et-equitable\/#breadcrumb\",\"itemListElement\":[{\"@type\":\"ListItem\",\"position\":1,\"name\":\"Home\",\"item\":\"https:\/\/admin.industriall-union.org\/\"},{\"@type\":\"ListItem\",\"position\":2,\"name\":\"Archive Imf\",\"item\":\"https:\/\/admin.industriall-union.org\/es\/archive\/imf\/\"},{\"@type\":\"ListItem\",\"position\":3,\"name\":\"Les syndicats mondiaux demandent une reprise durable et \u00e9quitable\"}]},{\"@type\":\"WebSite\",\"@id\":\"https:\/\/admin.industriall-union.org\/#website\",\"url\":\"https:\/\/admin.industriall-union.org\/\",\"name\":\"industriall-union\",\"description\":\"\",\"potentialAction\":[{\"@type\":\"SearchAction\",\"target\":{\"@type\":\"EntryPoint\",\"urlTemplate\":\"https:\/\/admin.industriall-union.org\/?s={search_term_string}\"},\"query-input\":{\"@type\":\"PropertyValueSpecification\",\"valueRequired\":true,\"valueName\":\"search_term_string\"}}],\"inLanguage\":\"fr-FR\"}]}<\/script>\n<!-- \/ Yoast SEO Premium plugin. -->","yoast_head_json":{"title":"Les syndicats mondiaux demandent une reprise durable et \u00e9quitable - industriall-union","robots":{"index":"index","follow":"follow","max-snippet":"max-snippet:-1","max-image-preview":"max-image-preview:large","max-video-preview":"max-video-preview:-1"},"canonical":"https:\/\/admin.industriall-union.org\/fr\/archive\/imf\/les-syndicats-mondiaux-demandent-une-reprise-durable-et-equitable\/","og_locale":"fr_FR","og_type":"article","og_title":"Les syndicats mondiaux demandent une reprise durable et \u00e9quitable","og_description":"MONDE: Cette ann\u00e9e, \u00e0 l&#8217;occasion de la c\u00e9l\u00e9bration du Premier Mai, la F\u00e9d\u00e9ration internationale des organisations de travailleurs de la m\u00e9tallurgie (FIOM) se joint aux autres organisations syndicales internationales pour demander aux gouvernements d&#8217;assumer leurs responsabilit\u00e9s, et de se rassembler pour mettre fin \u00e0 la crise financi\u00e8re par la cr\u00e9ation d&#8217;emplois d\u00e9cents et durables, tout [&hellip;]","og_url":"https:\/\/admin.industriall-union.org\/fr\/archive\/imf\/les-syndicats-mondiaux-demandent-une-reprise-durable-et-equitable\/","og_site_name":"industriall-union","article_modified_time":"2025-01-31T08:33:00+00:00","twitter_card":"summary_large_image","twitter_misc":{"Est. reading time":"1 minute"},"schema":{"@context":"https:\/\/schema.org","@graph":[{"@type":"WebPage","@id":"https:\/\/admin.industriall-union.org\/fr\/archive\/imf\/les-syndicats-mondiaux-demandent-une-reprise-durable-et-equitable\/","url":"https:\/\/admin.industriall-union.org\/fr\/archive\/imf\/les-syndicats-mondiaux-demandent-une-reprise-durable-et-equitable\/","name":"Les syndicats mondiaux demandent une reprise durable et \u00e9quitable - industriall-union","isPartOf":{"@id":"https:\/\/admin.industriall-union.org\/#website"},"datePublished":"2012-04-30T11:24:00+00:00","dateModified":"2025-01-31T08:33:00+00:00","breadcrumb":{"@id":"https:\/\/admin.industriall-union.org\/fr\/archive\/imf\/les-syndicats-mondiaux-demandent-une-reprise-durable-et-equitable\/#breadcrumb"},"inLanguage":"fr-FR","potentialAction":[{"@type":"ReadAction","target":["https:\/\/admin.industriall-union.org\/fr\/archive\/imf\/les-syndicats-mondiaux-demandent-une-reprise-durable-et-equitable\/"]}]},{"@type":"BreadcrumbList","@id":"https:\/\/admin.industriall-union.org\/fr\/archive\/imf\/les-syndicats-mondiaux-demandent-une-reprise-durable-et-equitable\/#breadcrumb","itemListElement":[{"@type":"ListItem","position":1,"name":"Home","item":"https:\/\/admin.industriall-union.org\/"},{"@type":"ListItem","position":2,"name":"Archive Imf","item":"https:\/\/admin.industriall-union.org\/es\/archive\/imf\/"},{"@type":"ListItem","position":3,"name":"Les syndicats mondiaux demandent une reprise durable et \u00e9quitable"}]},{"@type":"WebSite","@id":"https:\/\/admin.industriall-union.org\/#website","url":"https:\/\/admin.industriall-union.org\/","name":"industriall-union","description":"","potentialAction":[{"@type":"SearchAction","target":{"@type":"EntryPoint","urlTemplate":"https:\/\/admin.industriall-union.org\/?s={search_term_string}"},"query-input":{"@type":"PropertyValueSpecification","valueRequired":true,"valueName":"search_term_string"}}],"inLanguage":"fr-FR"}]}},"_links":{"self":[{"href":"https:\/\/admin.industriall-union.org\/fr\/wp-json\/wp\/v2\/archive_imf\/199157","targetHints":{"allow":["GET"]}}],"collection":[{"href":"https:\/\/admin.industriall-union.org\/fr\/wp-json\/wp\/v2\/archive_imf"}],"about":[{"href":"https:\/\/admin.industriall-union.org\/fr\/wp-json\/wp\/v2\/types\/archive_imf"}],"wp:attachment":[{"href":"https:\/\/admin.industriall-union.org\/fr\/wp-json\/wp\/v2\/media?parent=199157"}],"curies":[{"name":"wp","href":"https:\/\/api.w.org\/{rel}","templated":true}]}}