{"id":199076,"date":"2012-05-17T05:38:00","date_gmt":"2012-05-17T05:38:00","guid":{"rendered":"https:\/\/admin.industriall-union.org\/archive\/imf\/un-membre-du-cat-enleve-roue-de-coups-et-menace-de-mort-a-puebla\/"},"modified":"2025-01-31T08:28:03","modified_gmt":"2025-01-31T08:28:03","slug":"un-membre-du-cat-enleve-roue-de-coups-et-menace-de-mort-a-puebla","status":"publish","type":"archive_imf","link":"https:\/\/admin.industriall-union.org\/fr\/archive\/imf\/un-membre-du-cat-enleve-roue-de-coups-et-menace-de-mort-a-puebla\/","title":{"rendered":"Un membre du CAT enlev\u00e9, rou\u00e9 de coups et menac\u00e9 de mort \u00e0 Puebla"},"content":{"rendered":"<p>MEXIQUE:\u00a0 Le 15 mai, quatre individus cagoul\u00e9s ont enlev\u00e9 dans une camionnette le d\u00e9fenseur des droits du travail et de la personne, Jos\u00e9 Enrique Morales Monta\u00f1o, membre du Centre de soutien des travailleurs (Centro de Apoyo al Trabajador &#8212; CAT).<\/p><p>Vers 13 heures, Morales \u00e9tait parti pour assister \u00e0 une audience \u00e0 la commission locale de conciliation et d&#8217;arbitrage de la ville de Puebla, dans le cadre d&#8217;une affaire dans laquelle le CAT d\u00e9fend un groupe de travailleurs\/euses de l&#8217;industrie du textile. Il a \u00e9t\u00e9 enlev\u00e9 vers 17 heures et a subi des tortures.\u00a0 Les ravisseurs ont tenu \u00e0 plusieurs reprises une arme \u00e0 feu contre sa t\u00eate en mena\u00e7ant de le tuer. Il a \u00e9t\u00e9 d\u00e9barqu\u00e9 le lendemain vers 5 heures du matin sur l&#8217;autoroute de Puebla-Veracruz. Les ravisseurs ont vol\u00e9 son t\u00e9l\u00e9phone mobile et son sac \u00e0 dos. Les menaces de mort ont continu\u00e9. Dans la matin\u00e9e, Blanca Vel\u00e1squez, directeur du CAT a re\u00e7u un appel t\u00e9l\u00e9phonique au nom de Jos\u00e9 Enrique. &quot;Tu vas mourir, chien&quot;, a d\u00e9clar\u00e9 la personne qui appelait.<br \/>\u00a0<br \/>L&#8217;enl\u00e8vement a eu lieu dans le contexte d&#8217;un harc\u00e8lement syst\u00e9matique et de menaces graves contre le CAT. D&#8217;autres membres de l&#8217;\u00e9quipe du CAT courent clairement un danger imminent. <\/p><p>Malheureusement, n&#8217;est pas la premi\u00e8re fois que des membres du CAT ou que des bureaux sont attaqu\u00e9s, ou que des membres sont menac\u00e9s. Le CAT est victime de harc\u00e8lements depuis 2008, le plus souvent par des entreprises multinationales. Le CAT est une organisation non gouvernementale, qui appuie et d\u00e9fend les droits du travail. Ses travaux ont mis en lumi\u00e8re les conditions dans l&#8217;emploi pr\u00e9caire subies quotidiennement par les travailleurs et travailleuses.<\/p><p>La FIOM exprime son inqui\u00e9tude et son indignation sur le fait que les d\u00e9fenseurs des droits du travail et des droits de la personne doivent travailler dans un climat de harc\u00e8lement, et que leur int\u00e9grit\u00e9 physique n&#8217;est le plus souvent pas respect\u00e9e, simplement parce qu&#8217;ils d\u00e9fendent les droits de la personne.<br \/>\u00a0<br \/>La FIOM soutient donc les revendications suivantes et demande aux affili\u00e9s d&#8217;entreprendre une action de solidarit\u00e9 et d&#8217;exiger de la part des autorit\u00e9s: <\/p><ul><li>des garanties sur la vie, l&#8217;int\u00e9grit\u00e9 physique et la s\u00e9curit\u00e9 de Jos\u00e9 Enrique Morales Monta\u00f1o et des autres membres du CAT; <\/li><li>de mener une enqu\u00eate effective et rigoureuse, conform\u00e9ment aux normes internationales les plus exigeantes, sur cette agression et sur les menaces r\u00e9p\u00e9t\u00e9es, d&#8217;identifier les responsables de l&#8217;enl\u00e8vement, du tabassage et du vol qualifi\u00e9 de Enrique Morales Monta\u00f1o, ainsi que des menaces prononc\u00e9es contre lui et contre d&#8217;autres membres du CAT, d&#8217;engager des poursuites et de punir les auteurs de ces faits, conform\u00e9ment \u00e0 la loi; <\/li><li>l&#8217;assurance de l&#8217;application des dispositions de la D\u00e9claration des Nations Unies sur les d\u00e9fenseurs des droits de l&#8217;homme, notamment l&#8217;article 1, qui stipule que &quot;chacun a le droit individuellement ou en association avec d&#8217;autres, de promouvoir la protection et la r\u00e9alisation sur tous les droits de l&#8217;homme et toutes les libert\u00e9s fondamentales aux niveaux national et international;&quot; et l&#8217;article 12.2 qui \u00e9tablit que &quot;l&#8217;\u00c9tat prend toutes les mesures n\u00e9cessaires pour assurer que les autorit\u00e9s comp\u00e9tentes prot\u00e8gent toute personne, individuellement ou en association avec d&#8217;autres, de toute violence, menace, repr\u00e9sailles discrimination de facto ou de jure, pression ou autre action arbitraire dans le cadre de l&#8217;exercice l\u00e9gitime des droits vis\u00e9s dans la pr\u00e9sente D\u00e9claration&quot; (Article 12.2)<\/li><\/ul><p>\u00a0LabourStart a commenc\u00e9 une campagne sp\u00e9ciale en faveur des membres de CAT. Pour envoyer votre lettre par la LabourStart suivez le lien: <a href=\"http:\/\/www.labourstart.org\/cgi-bin\/solidarityforever\/show_campaign.cgi?c=1394\">http:\/\/www.labourstart.org\/cgi-bin\/solidarityforever\/show_campaign.cgi?c=1394<\/a><\/p>","protected":false},"featured_media":0,"template":"","class_list":["post-199076","archive_imf","type-archive_imf","status-publish","hentry"],"acf":[],"yoast_head":"<!-- This site is optimized with the Yoast SEO Premium plugin v27.1 (Yoast SEO v27.1) - https:\/\/yoast.com\/product\/yoast-seo-premium-wordpress\/ -->\n<title>Un membre du CAT enlev\u00e9, rou\u00e9 de coups et menac\u00e9 de mort \u00e0 Puebla - industriall-union<\/title>\n<meta name=\"robots\" content=\"index, follow, max-snippet:-1, max-image-preview:large, max-video-preview:-1\" \/>\n<link rel=\"canonical\" href=\"https:\/\/admin.industriall-union.org\/fr\/archive\/imf\/un-membre-du-cat-enleve-roue-de-coups-et-menace-de-mort-a-puebla\/\" \/>\n<meta property=\"og:locale\" content=\"fr_FR\" \/>\n<meta property=\"og:type\" content=\"article\" \/>\n<meta property=\"og:title\" content=\"Un membre du CAT enlev\u00e9, rou\u00e9 de coups et menac\u00e9 de mort \u00e0 Puebla\" \/>\n<meta property=\"og:description\" content=\"MEXIQUE:\u00a0 Le 15 mai, quatre individus cagoul\u00e9s ont enlev\u00e9 dans une camionnette le d\u00e9fenseur des droits du travail et de la personne, Jos\u00e9 Enrique Morales Monta\u00f1o, membre du Centre de soutien des travailleurs (Centro de Apoyo al Trabajador &#8212; CAT). Vers 13 heures, Morales \u00e9tait parti pour assister \u00e0 une audience \u00e0 la commission locale [&hellip;]\" \/>\n<meta property=\"og:url\" content=\"https:\/\/admin.industriall-union.org\/fr\/archive\/imf\/un-membre-du-cat-enleve-roue-de-coups-et-menace-de-mort-a-puebla\/\" \/>\n<meta property=\"og:site_name\" content=\"industriall-union\" \/>\n<meta property=\"article:modified_time\" content=\"2025-01-31T08:28:03+00:00\" \/>\n<meta name=\"twitter:card\" content=\"summary_large_image\" \/>\n<meta name=\"twitter:label1\" content=\"Est. reading time\" \/>\n\t<meta name=\"twitter:data1\" content=\"3 minutes\" \/>\n<script type=\"application\/ld+json\" class=\"yoast-schema-graph\">{\"@context\":\"https:\/\/schema.org\",\"@graph\":[{\"@type\":\"WebPage\",\"@id\":\"https:\/\/admin.industriall-union.org\/fr\/archive\/imf\/un-membre-du-cat-enleve-roue-de-coups-et-menace-de-mort-a-puebla\/\",\"url\":\"https:\/\/admin.industriall-union.org\/fr\/archive\/imf\/un-membre-du-cat-enleve-roue-de-coups-et-menace-de-mort-a-puebla\/\",\"name\":\"Un membre du CAT enlev\u00e9, rou\u00e9 de coups et menac\u00e9 de mort \u00e0 Puebla - industriall-union\",\"isPartOf\":{\"@id\":\"https:\/\/admin.industriall-union.org\/#website\"},\"datePublished\":\"2012-05-17T05:38:00+00:00\",\"dateModified\":\"2025-01-31T08:28:03+00:00\",\"breadcrumb\":{\"@id\":\"https:\/\/admin.industriall-union.org\/fr\/archive\/imf\/un-membre-du-cat-enleve-roue-de-coups-et-menace-de-mort-a-puebla\/#breadcrumb\"},\"inLanguage\":\"fr-FR\",\"potentialAction\":[{\"@type\":\"ReadAction\",\"target\":[\"https:\/\/admin.industriall-union.org\/fr\/archive\/imf\/un-membre-du-cat-enleve-roue-de-coups-et-menace-de-mort-a-puebla\/\"]}]},{\"@type\":\"BreadcrumbList\",\"@id\":\"https:\/\/admin.industriall-union.org\/fr\/archive\/imf\/un-membre-du-cat-enleve-roue-de-coups-et-menace-de-mort-a-puebla\/#breadcrumb\",\"itemListElement\":[{\"@type\":\"ListItem\",\"position\":1,\"name\":\"Home\",\"item\":\"https:\/\/admin.industriall-union.org\/\"},{\"@type\":\"ListItem\",\"position\":2,\"name\":\"Archive Imf\",\"item\":\"https:\/\/admin.industriall-union.org\/es\/archive\/imf\/\"},{\"@type\":\"ListItem\",\"position\":3,\"name\":\"Un membre du CAT enlev\u00e9, rou\u00e9 de coups et menac\u00e9 de mort \u00e0 Puebla\"}]},{\"@type\":\"WebSite\",\"@id\":\"https:\/\/admin.industriall-union.org\/#website\",\"url\":\"https:\/\/admin.industriall-union.org\/\",\"name\":\"industriall-union\",\"description\":\"\",\"potentialAction\":[{\"@type\":\"SearchAction\",\"target\":{\"@type\":\"EntryPoint\",\"urlTemplate\":\"https:\/\/admin.industriall-union.org\/?s={search_term_string}\"},\"query-input\":{\"@type\":\"PropertyValueSpecification\",\"valueRequired\":true,\"valueName\":\"search_term_string\"}}],\"inLanguage\":\"fr-FR\"}]}<\/script>\n<!-- \/ Yoast SEO Premium plugin. -->","yoast_head_json":{"title":"Un membre du CAT enlev\u00e9, rou\u00e9 de coups et menac\u00e9 de mort \u00e0 Puebla - industriall-union","robots":{"index":"index","follow":"follow","max-snippet":"max-snippet:-1","max-image-preview":"max-image-preview:large","max-video-preview":"max-video-preview:-1"},"canonical":"https:\/\/admin.industriall-union.org\/fr\/archive\/imf\/un-membre-du-cat-enleve-roue-de-coups-et-menace-de-mort-a-puebla\/","og_locale":"fr_FR","og_type":"article","og_title":"Un membre du CAT enlev\u00e9, rou\u00e9 de coups et menac\u00e9 de mort \u00e0 Puebla","og_description":"MEXIQUE:\u00a0 Le 15 mai, quatre individus cagoul\u00e9s ont enlev\u00e9 dans une camionnette le d\u00e9fenseur des droits du travail et de la personne, Jos\u00e9 Enrique Morales Monta\u00f1o, membre du Centre de soutien des travailleurs (Centro de Apoyo al Trabajador &#8212; CAT). Vers 13 heures, Morales \u00e9tait parti pour assister \u00e0 une audience \u00e0 la commission locale [&hellip;]","og_url":"https:\/\/admin.industriall-union.org\/fr\/archive\/imf\/un-membre-du-cat-enleve-roue-de-coups-et-menace-de-mort-a-puebla\/","og_site_name":"industriall-union","article_modified_time":"2025-01-31T08:28:03+00:00","twitter_card":"summary_large_image","twitter_misc":{"Est. reading time":"3 minutes"},"schema":{"@context":"https:\/\/schema.org","@graph":[{"@type":"WebPage","@id":"https:\/\/admin.industriall-union.org\/fr\/archive\/imf\/un-membre-du-cat-enleve-roue-de-coups-et-menace-de-mort-a-puebla\/","url":"https:\/\/admin.industriall-union.org\/fr\/archive\/imf\/un-membre-du-cat-enleve-roue-de-coups-et-menace-de-mort-a-puebla\/","name":"Un membre du CAT enlev\u00e9, rou\u00e9 de coups et menac\u00e9 de mort \u00e0 Puebla - industriall-union","isPartOf":{"@id":"https:\/\/admin.industriall-union.org\/#website"},"datePublished":"2012-05-17T05:38:00+00:00","dateModified":"2025-01-31T08:28:03+00:00","breadcrumb":{"@id":"https:\/\/admin.industriall-union.org\/fr\/archive\/imf\/un-membre-du-cat-enleve-roue-de-coups-et-menace-de-mort-a-puebla\/#breadcrumb"},"inLanguage":"fr-FR","potentialAction":[{"@type":"ReadAction","target":["https:\/\/admin.industriall-union.org\/fr\/archive\/imf\/un-membre-du-cat-enleve-roue-de-coups-et-menace-de-mort-a-puebla\/"]}]},{"@type":"BreadcrumbList","@id":"https:\/\/admin.industriall-union.org\/fr\/archive\/imf\/un-membre-du-cat-enleve-roue-de-coups-et-menace-de-mort-a-puebla\/#breadcrumb","itemListElement":[{"@type":"ListItem","position":1,"name":"Home","item":"https:\/\/admin.industriall-union.org\/"},{"@type":"ListItem","position":2,"name":"Archive Imf","item":"https:\/\/admin.industriall-union.org\/es\/archive\/imf\/"},{"@type":"ListItem","position":3,"name":"Un membre du CAT enlev\u00e9, rou\u00e9 de coups et menac\u00e9 de mort \u00e0 Puebla"}]},{"@type":"WebSite","@id":"https:\/\/admin.industriall-union.org\/#website","url":"https:\/\/admin.industriall-union.org\/","name":"industriall-union","description":"","potentialAction":[{"@type":"SearchAction","target":{"@type":"EntryPoint","urlTemplate":"https:\/\/admin.industriall-union.org\/?s={search_term_string}"},"query-input":{"@type":"PropertyValueSpecification","valueRequired":true,"valueName":"search_term_string"}}],"inLanguage":"fr-FR"}]}},"_links":{"self":[{"href":"https:\/\/admin.industriall-union.org\/fr\/wp-json\/wp\/v2\/archive_imf\/199076","targetHints":{"allow":["GET"]}}],"collection":[{"href":"https:\/\/admin.industriall-union.org\/fr\/wp-json\/wp\/v2\/archive_imf"}],"about":[{"href":"https:\/\/admin.industriall-union.org\/fr\/wp-json\/wp\/v2\/types\/archive_imf"}],"wp:attachment":[{"href":"https:\/\/admin.industriall-union.org\/fr\/wp-json\/wp\/v2\/media?parent=199076"}],"curies":[{"name":"wp","href":"https:\/\/api.w.org\/{rel}","templated":true}]}}