{"id":198674,"date":"2005-10-25T08:42:58","date_gmt":"2005-10-25T08:42:58","guid":{"rendered":"https:\/\/admin.industriall-union.org\/archive\/icem\/appel-a-la-solidarite-de-l-039-icem-le-scep-du-canada-en-greve-contre-invista-depuis-5-mois\/"},"modified":"2025-01-31T16:05:09","modified_gmt":"2025-01-31T16:05:09","slug":"appel-a-la-solidarite-de-l-039-icem-le-scep-du-canada-en-greve-contre-invista-depuis-5-mois","status":"publish","type":"archive_icem","link":"https:\/\/admin.industriall-union.org\/fr\/archive\/icem\/appel-a-la-solidarite-de-l-039-icem-le-scep-du-canada-en-greve-contre-invista-depuis-5-mois\/","title":{"rendered":"Appel \u00e0 la solidarit\u00e9 de l&#039;ICEM : Le SCEP du Canada en gr\u00e8ve contre Invista depuis 5 mois"},"content":{"rendered":"<p align=\"center\"><strong><font color=\"#ff0000\" size=\"3\">Cher visiteur, <br \/>\n<br \/>\nLa dispute a &eacute;t&eacute; solutionn&eacute;e depuis l&rsquo;envoi de notre alerte de solidarit&eacute;. <br \/>\n<br \/>\nUne action n&rsquo;est plus n&eacute;cessaire. <br \/>\n<br \/>\nNous vous remercions pour votre soutien.<\/font><\/strong> <br \/>\n<\/p>\n<p><br \/>\nDepuis le 4 juin dernier, les membres du Local 28, Communications, &eacute;nergie et papier (CEP) du Canada m&egrave;nent une action de gr&egrave;ve contre Invista dans une usine chimique dans la province d&rsquo;Ontario. L&rsquo;usine produit des fibres de nylon. Invista est une entreprise mondiale issue de DuPont et elle a &eacute;t&eacute; rachet&eacute;e l&rsquo;ann&eacute;e derni&egrave;re par la soci&eacute;t&eacute; am&eacute;ricaine Koch Industries. <\/p>\n<p align=\"center\"><img loading=\"lazy\" decoding=\"async\" height=\"83\" alt=\"\" src=\"\" width=\"100\" \/><\/p>\n<p>Le syndicat et la direction d&rsquo;Invista avaient conclu un accord pr&eacute;liminaire qui aurait pu mettre un terme &agrave; la gr&egrave;ve en septembre, mais l&rsquo;accord d&eacute;finitif contenait une clause de reprise du travail qui aurait entre autres supprim&eacute; l&rsquo;anciennet&eacute;. <br \/>\n<br \/>\nLes 380 syndicalistes ont rejet&eacute; par vote cette proposition car elle mena&ccedil;ait tout simplement leur emploi. Le protocole de retour au travail propos&eacute; par la soci&eacute;t&eacute; pr&eacute;voyait que si un travailleur ne reprenait pas son activit&eacute; dans les 12 jours suivant la fin de la gr&egrave;ve, il\/elle serait en mise &agrave; pied pour une dur&eacute;e ind&eacute;termin&eacute;e. Une grande partie de l&rsquo;usine a &eacute;t&eacute; compl&egrave;tement ferm&eacute;e pendant la gr&egrave;ve. Une remise en route n&rsquo;est pas pr&eacute;vue avant quelque temps. L&rsquo;intention d&rsquo;Invista est de corrompre l&rsquo;int&eacute;gralit&eacute; du syst&egrave;me d&rsquo;anciennet&eacute; du syndicat. <br \/>\n<br \/>\nLors des s&eacute;ances de m&eacute;diation depuis le rejet de l&rsquo;accord, Invista a refus&eacute; de modifier cette disposition rigoureuse. <br \/>\n<br \/>\nL&rsquo;ICEM appelle tous ces affili&eacute;s &agrave; prendre deux mesures : <br \/>\n<br \/>\n1.) <strong><a href=\"#unio\"><font color=\"#ff0000\">Ecrire un message de solidarit&eacute; au Local 28 CEP<\/font><\/a><\/strong>, exprimant leur soutien et leur appr&eacute;ciation en faveur de la lutte courageuse men&eacute;e par le syndicat en vue de prot&eacute;ger une composante essentielle de toute convention collective ; et <br \/>\n<br \/>\n2.) <strong><a href=\"#comp\"><font color=\"#ff0000\">Protester aupr&egrave;s d&rsquo;Invista<\/font><\/a><\/strong>. La m&ecirc;me lettre de protestation peut &ecirc;tre transmise &agrave; la soci&eacute;t&eacute; m&egrave;re d&rsquo;Invista, Koch Industries. <br \/>\n<br \/>\nNous joignons des lettres-types que vous pouvez utiliser. Vous pouvez modifier vos lettres comme vous l&rsquo;entendez. Veuillez mettre en copie le responsable de l&rsquo;ICEM charg&eacute; du secteur chimique, Michael Wolters (<a href=\"mailto:michael.wolters@icem.org\"><font color=\"#ff0000\">michael.wolters@icem.org<\/font><\/a>), dans toute votre correspondance. <br \/>\n<br \/>\nNous vous remercions pour votre coop&eacute;ration. <\/p>\n<hr \/>\n<p align=\"center\"><strong>Plus d&#8217;information<\/strong><\/p>\n<p>ICEM Inbrief (3 octobre 2005) <br \/>\n<a href=\"\/?id=78&amp;doc=1431&amp;la=EN\"><strong><font color=\"#ff0000\">CEP Members in Canada Reject Invista Contract<\/font><\/strong> <br \/>\n<\/a><br \/>\nICEM Inbrief (5 septembre 2005) <br \/>\n<a href=\"\/?id=78&amp;doc=1300&amp;la=EN\"><strong><font color=\"#ff0000\">Invista Unions Rally Behind CEP at Canadian Chemical Plant Strike<\/font><\/strong> <br \/>\n<\/a><br \/>\nICEM InBrief (11 juillet 2005) <br \/>\n<a href=\"\/?id=78&amp;doc=599&amp;la=EN\"><strong><font color=\"#ff0000\">CEP Members Strike Former DuPont Plant in Canada<\/font><\/strong><\/a> <br \/>\n<a name=\"comp\"><\/a><br \/>\n<\/p>\n<hr \/>\n<p>&nbsp;<\/p>\n<p>Mr. Jeff Walker <br \/>\nChairman and CEO <br \/>\nInvista <br \/>\n41 23 East 37th Street North <br \/>\nWichita, KS 67220 <br \/>\nUSA <br \/>\n<br \/>\n<font color=\"#000000\">Fax : +1-316-828.11.60<\/font> <br \/>\n<strong><a href=\"mailto:invistainfo@invista.com\"><font color=\"#ff0000\">invistainfo@invista.com<\/font><\/a><\/strong><\/p>\n<p>Et : <br \/>\n<br \/>\nCharles Koch <br \/>\nChairman and CEO <br \/>\nKoch Industries <br \/>\n4111 East 37th Street North <br \/>\nWichita, KS 67220 <br \/>\nUSA <br \/>\n<br \/>\nFax : +1-316-828.57.39 <br \/>\n<a href=\"mailto:kochc@kochind.com\"><font color=\"#ff0000\"><strong>kochc@kochind.com<\/strong><\/font><\/a><br \/>\net<br \/>\n<a href=\"mailto:comments@kochind.com\"><font color=\"#ff0000\"><strong>comments@kochind.com<\/strong><\/font><\/a><\/p>\n<p>Monsieur, <br \/>\n<br \/>\nJe vous &eacute;cris afin de protester avec force contre les relations que votre soci&eacute;t&eacute; entretient avec les syndicats au Canada. Notre syndicat a appris l&rsquo;existence d&rsquo;un conflit dans la province d&rsquo;Ontario qui oppose votre entreprise au Syndicat canadien des communications, de l&rsquo;&eacute;nergie et du papier (SCEP), un alli&eacute; important de notre organisation. <br \/>\n<br \/>\nD&rsquo;apr&egrave;s nos informations, une action de gr&egrave;ve men&eacute;e dans l&rsquo;une de vos usines chimiques dans l&lsquo;Ontario depuis le 4 juin 2005 aurait pu prendre fin en septembre gr&acirc;ce &agrave; l&rsquo;adoption d&rsquo;une convention collective acceptable pour les deux parties. <br \/>\n<br \/>\nMalheureusement, la direction de cette usine a tent&eacute; d&rsquo;introduire un protocole de retour au travail qui transformerait radicalement la structure d&rsquo;anciennet&eacute; de l&rsquo;usine. Nous sommes profond&eacute;ment indign&eacute;s par cet affront aux droits des travailleurs. L&rsquo;existence d&rsquo;un syst&egrave;me d&rsquo;anciennet&eacute;, en particulier dans une entreprise chimique o&ugrave; un niveau &eacute;lev&eacute; de comp&eacute;tences et d&rsquo;exp&eacute;rience est n&eacute;cessaire pour la s&eacute;curit&eacute; et la productivit&eacute;, constitue un &eacute;l&eacute;ment essentiel d&rsquo;un site bien g&eacute;r&eacute;. <br \/>\n<br \/>\nNous vous demandons par cons&eacute;quent de modifier la position que votre entreprise a adopt&eacute;e dans ce conflit au Canada. <br \/>\n<br \/>\nNous vous prions, Monsieur, d&rsquo;agr&eacute;er l&rsquo;expression de nos sentiments distingu&eacute;s. <br \/>\n<a name=\"unio\"><\/a><br \/>\n<\/p>\n<hr \/>\n<br \/>\nFr&egrave;re Steve Armstrong <br \/>\nCEP <br \/>\nLocal 28 <br \/>\nHighway 29, PO Box 231 <br \/>\nBrockville, Ontario <br \/>\nCANADA K6V 5V2 <br \/>\n<br \/>\nFax :<font color=\"#000000\"> +1 613.498.1562<\/font>&nbsp;<br \/>\n<br \/>\nFr&egrave;re Armstrong et membres du Local 28 CEP, <br \/>\n<br \/>\nNotre organisation syndicale a pris connaissance de l&rsquo;action de gr&egrave;ve que vous avez entam&eacute;e il y a cinq mois contre l&rsquo;entreprise chimique Invista par le biais de votre affiliation &agrave; l&rsquo;ICEM. <br \/>\n<br \/>\nNous vous &eacute;crivons pour transmettre nos sentiments de solidarit&eacute; et d&rsquo;unit&eacute; &agrave; vos membres qui m&egrave;nent une action de gr&egrave;ve pour des raisons justifi&eacute;es dans cette entreprise au Canada. D&rsquo;apr&egrave;s nos informations, une convention du travail &eacute;tait sur le point d&rsquo;&ecirc;tre adopt&eacute;e pour mettre fin au conflit, mais la direction a introduit des conditions inacceptables qui auraient gravement port&eacute; pr&eacute;judice aux dispositions relatives &agrave; l&rsquo;anciennet&eacute; de vos membres. <br \/>\n<br \/>\nLe principe d&rsquo;anciennet&eacute; occupe une place sacr&eacute;e dans le syst&egrave;me des n&eacute;gociations collectives et garantit une progression syst&eacute;matique et uniforme de la main-d&rsquo;&oelig;uvre. Il garantit &eacute;galement &agrave; l&rsquo;entreprise le plus haut niveau de qualit&eacute; des comp&eacute;tences et d&rsquo;exp&eacute;rience, et nous ne comprenons pas pourquoi une entreprise comme Invista ne tiendrait pas compte de ces faits. <br \/>\n<br \/>\nTous les membres de notre syndicat vous r&eacute;it&egrave;rent leurs v&oelig;ux de solidarit&eacute;. Nous sommes &agrave; vos c&ocirc;t&eacute;s dans votre qu&ecirc;te de justice sur le lieu de travail et dans votre combat en faveur de la protection de r&egrave;gles de travail l&eacute;gitimes. <br \/>\n<br \/>\nEn toute solidarit&eacute;,","protected":false},"featured_media":0,"template":"","class_list":["post-198674","archive_icem","type-archive_icem","status-publish","hentry"],"acf":[],"yoast_head":"<!-- This site is optimized with the Yoast SEO Premium plugin v27.1 (Yoast SEO v27.1) - https:\/\/yoast.com\/product\/yoast-seo-premium-wordpress\/ -->\n<title>Appel \u00e0 la solidarit\u00e9 de l&#039;ICEM : Le SCEP du Canada en gr\u00e8ve contre Invista depuis 5 mois - industriall-union<\/title>\n<meta name=\"robots\" content=\"index, follow, max-snippet:-1, max-image-preview:large, max-video-preview:-1\" \/>\n<link rel=\"canonical\" href=\"https:\/\/admin.industriall-union.org\/fr\/archive\/icem\/appel-a-la-solidarite-de-l-039-icem-le-scep-du-canada-en-greve-contre-invista-depuis-5-mois\/\" \/>\n<meta property=\"og:locale\" content=\"fr_FR\" \/>\n<meta property=\"og:type\" content=\"article\" \/>\n<meta property=\"og:title\" content=\"Appel \u00e0 la solidarit\u00e9 de l&#039;ICEM : Le SCEP du Canada en gr\u00e8ve contre Invista depuis 5 mois\" \/>\n<meta property=\"og:description\" content=\"Cher visiteur, La dispute a &eacute;t&eacute; solutionn&eacute;e depuis l&rsquo;envoi de notre alerte de solidarit&eacute;. Une action n&rsquo;est plus n&eacute;cessaire. Nous vous remercions pour votre soutien. Depuis le 4 juin dernier, les membres du Local 28, Communications, &eacute;nergie et papier (CEP) du Canada m&egrave;nent une action de gr&egrave;ve contre Invista dans une usine chimique dans la [&hellip;]\" \/>\n<meta property=\"og:url\" content=\"https:\/\/admin.industriall-union.org\/fr\/archive\/icem\/appel-a-la-solidarite-de-l-039-icem-le-scep-du-canada-en-greve-contre-invista-depuis-5-mois\/\" \/>\n<meta property=\"og:site_name\" content=\"industriall-union\" \/>\n<meta property=\"article:modified_time\" content=\"2025-01-31T16:05:09+00:00\" \/>\n<meta name=\"twitter:card\" content=\"summary_large_image\" \/>\n<meta name=\"twitter:label1\" content=\"Est. reading time\" \/>\n\t<meta name=\"twitter:data1\" content=\"6 minutes\" \/>\n<script type=\"application\/ld+json\" class=\"yoast-schema-graph\">{\"@context\":\"https:\/\/schema.org\",\"@graph\":[{\"@type\":\"WebPage\",\"@id\":\"https:\/\/admin.industriall-union.org\/fr\/archive\/icem\/appel-a-la-solidarite-de-l-039-icem-le-scep-du-canada-en-greve-contre-invista-depuis-5-mois\/\",\"url\":\"https:\/\/admin.industriall-union.org\/fr\/archive\/icem\/appel-a-la-solidarite-de-l-039-icem-le-scep-du-canada-en-greve-contre-invista-depuis-5-mois\/\",\"name\":\"Appel \u00e0 la solidarit\u00e9 de l&#039;ICEM : Le SCEP du Canada en gr\u00e8ve contre Invista depuis 5 mois - industriall-union\",\"isPartOf\":{\"@id\":\"https:\/\/admin.industriall-union.org\/#website\"},\"datePublished\":\"2005-10-25T08:42:58+00:00\",\"dateModified\":\"2025-01-31T16:05:09+00:00\",\"breadcrumb\":{\"@id\":\"https:\/\/admin.industriall-union.org\/fr\/archive\/icem\/appel-a-la-solidarite-de-l-039-icem-le-scep-du-canada-en-greve-contre-invista-depuis-5-mois\/#breadcrumb\"},\"inLanguage\":\"fr-FR\",\"potentialAction\":[{\"@type\":\"ReadAction\",\"target\":[\"https:\/\/admin.industriall-union.org\/fr\/archive\/icem\/appel-a-la-solidarite-de-l-039-icem-le-scep-du-canada-en-greve-contre-invista-depuis-5-mois\/\"]}]},{\"@type\":\"BreadcrumbList\",\"@id\":\"https:\/\/admin.industriall-union.org\/fr\/archive\/icem\/appel-a-la-solidarite-de-l-039-icem-le-scep-du-canada-en-greve-contre-invista-depuis-5-mois\/#breadcrumb\",\"itemListElement\":[{\"@type\":\"ListItem\",\"position\":1,\"name\":\"Home\",\"item\":\"https:\/\/admin.industriall-union.org\/\"},{\"@type\":\"ListItem\",\"position\":2,\"name\":\"Archive icem\",\"item\":\"https:\/\/admin.industriall-union.org\/archive\/icem\/\"},{\"@type\":\"ListItem\",\"position\":3,\"name\":\"Appel \u00e0 la solidarit\u00e9 de l&#039;ICEM : Le SCEP du Canada en gr\u00e8ve contre Invista depuis 5 mois\"}]},{\"@type\":\"WebSite\",\"@id\":\"https:\/\/admin.industriall-union.org\/#website\",\"url\":\"https:\/\/admin.industriall-union.org\/\",\"name\":\"industriall-union\",\"description\":\"\",\"potentialAction\":[{\"@type\":\"SearchAction\",\"target\":{\"@type\":\"EntryPoint\",\"urlTemplate\":\"https:\/\/admin.industriall-union.org\/?s={search_term_string}\"},\"query-input\":{\"@type\":\"PropertyValueSpecification\",\"valueRequired\":true,\"valueName\":\"search_term_string\"}}],\"inLanguage\":\"fr-FR\"}]}<\/script>\n<!-- \/ Yoast SEO Premium plugin. -->","yoast_head_json":{"title":"Appel \u00e0 la solidarit\u00e9 de l&#039;ICEM : Le SCEP du Canada en gr\u00e8ve contre Invista depuis 5 mois - industriall-union","robots":{"index":"index","follow":"follow","max-snippet":"max-snippet:-1","max-image-preview":"max-image-preview:large","max-video-preview":"max-video-preview:-1"},"canonical":"https:\/\/admin.industriall-union.org\/fr\/archive\/icem\/appel-a-la-solidarite-de-l-039-icem-le-scep-du-canada-en-greve-contre-invista-depuis-5-mois\/","og_locale":"fr_FR","og_type":"article","og_title":"Appel \u00e0 la solidarit\u00e9 de l&#039;ICEM : Le SCEP du Canada en gr\u00e8ve contre Invista depuis 5 mois","og_description":"Cher visiteur, La dispute a &eacute;t&eacute; solutionn&eacute;e depuis l&rsquo;envoi de notre alerte de solidarit&eacute;. Une action n&rsquo;est plus n&eacute;cessaire. Nous vous remercions pour votre soutien. Depuis le 4 juin dernier, les membres du Local 28, Communications, &eacute;nergie et papier (CEP) du Canada m&egrave;nent une action de gr&egrave;ve contre Invista dans une usine chimique dans la [&hellip;]","og_url":"https:\/\/admin.industriall-union.org\/fr\/archive\/icem\/appel-a-la-solidarite-de-l-039-icem-le-scep-du-canada-en-greve-contre-invista-depuis-5-mois\/","og_site_name":"industriall-union","article_modified_time":"2025-01-31T16:05:09+00:00","twitter_card":"summary_large_image","twitter_misc":{"Est. reading time":"6 minutes"},"schema":{"@context":"https:\/\/schema.org","@graph":[{"@type":"WebPage","@id":"https:\/\/admin.industriall-union.org\/fr\/archive\/icem\/appel-a-la-solidarite-de-l-039-icem-le-scep-du-canada-en-greve-contre-invista-depuis-5-mois\/","url":"https:\/\/admin.industriall-union.org\/fr\/archive\/icem\/appel-a-la-solidarite-de-l-039-icem-le-scep-du-canada-en-greve-contre-invista-depuis-5-mois\/","name":"Appel \u00e0 la solidarit\u00e9 de l&#039;ICEM : Le SCEP du Canada en gr\u00e8ve contre Invista depuis 5 mois - industriall-union","isPartOf":{"@id":"https:\/\/admin.industriall-union.org\/#website"},"datePublished":"2005-10-25T08:42:58+00:00","dateModified":"2025-01-31T16:05:09+00:00","breadcrumb":{"@id":"https:\/\/admin.industriall-union.org\/fr\/archive\/icem\/appel-a-la-solidarite-de-l-039-icem-le-scep-du-canada-en-greve-contre-invista-depuis-5-mois\/#breadcrumb"},"inLanguage":"fr-FR","potentialAction":[{"@type":"ReadAction","target":["https:\/\/admin.industriall-union.org\/fr\/archive\/icem\/appel-a-la-solidarite-de-l-039-icem-le-scep-du-canada-en-greve-contre-invista-depuis-5-mois\/"]}]},{"@type":"BreadcrumbList","@id":"https:\/\/admin.industriall-union.org\/fr\/archive\/icem\/appel-a-la-solidarite-de-l-039-icem-le-scep-du-canada-en-greve-contre-invista-depuis-5-mois\/#breadcrumb","itemListElement":[{"@type":"ListItem","position":1,"name":"Home","item":"https:\/\/admin.industriall-union.org\/"},{"@type":"ListItem","position":2,"name":"Archive icem","item":"https:\/\/admin.industriall-union.org\/archive\/icem\/"},{"@type":"ListItem","position":3,"name":"Appel \u00e0 la solidarit\u00e9 de l&#039;ICEM : Le SCEP du Canada en gr\u00e8ve contre Invista depuis 5 mois"}]},{"@type":"WebSite","@id":"https:\/\/admin.industriall-union.org\/#website","url":"https:\/\/admin.industriall-union.org\/","name":"industriall-union","description":"","potentialAction":[{"@type":"SearchAction","target":{"@type":"EntryPoint","urlTemplate":"https:\/\/admin.industriall-union.org\/?s={search_term_string}"},"query-input":{"@type":"PropertyValueSpecification","valueRequired":true,"valueName":"search_term_string"}}],"inLanguage":"fr-FR"}]}},"_links":{"self":[{"href":"https:\/\/admin.industriall-union.org\/fr\/wp-json\/wp\/v2\/archive_icem\/198674","targetHints":{"allow":["GET"]}}],"collection":[{"href":"https:\/\/admin.industriall-union.org\/fr\/wp-json\/wp\/v2\/archive_icem"}],"about":[{"href":"https:\/\/admin.industriall-union.org\/fr\/wp-json\/wp\/v2\/types\/archive_icem"}],"wp:attachment":[{"href":"https:\/\/admin.industriall-union.org\/fr\/wp-json\/wp\/v2\/media?parent=198674"}],"curies":[{"name":"wp","href":"https:\/\/api.w.org\/{rel}","templated":true}]}}