{"id":181098,"date":"2011-07-18T13:48:13","date_gmt":"2011-07-18T13:48:13","guid":{"rendered":"https:\/\/admin.industriall-union.org\/archive\/icem\/la-conference-de-l-039-electricite-de-l-039-icem-denonce-les-benefices-exorbitants-des-prestataires-prives\/"},"modified":"2025-01-31T14:25:06","modified_gmt":"2025-01-31T14:25:06","slug":"la-conference-de-l-039-electricite-de-l-039-icem-denonce-les-benefices-exorbitants-des-prestataires-prives","status":"publish","type":"archive_icem","link":"https:\/\/admin.industriall-union.org\/fr\/archive\/icem\/la-conference-de-l-039-electricite-de-l-039-icem-denonce-les-benefices-exorbitants-des-prestataires-prives\/","title":{"rendered":"La Conf\u00e9rence de l&#039;\u00e9lectricit\u00e9 de l&#039;ICEM d\u00e9nonce les b\u00e9n\u00e9fices exorbitants des prestataires priv\u00e9s"},"content":{"rendered":"<p align=\"center\"><img loading=\"lazy\" decoding=\"async\" src=\"\" width=\"100\" height=\"39\" alt=\"\" \/><\/p>\n<p align=\"justify\">La deuxi&egrave;me Conf&eacute;rence syndicale de l&#8217;industrie de l&#8217;&eacute;nergie &eacute;lectrique s&#8217;est tenue &agrave; Boston, aux &Eacute;tats-Unis, les 12 et 13 juillet en pr&eacute;sence de 60 d&eacute;l&eacute;gu&eacute;s de 19 pays. Cette conf&eacute;rence avait &eacute;t&eacute; tr&egrave;s bien organis&eacute;e par le Utility Workers&rsquo; Union of America (UWUA), dont des d&eacute;l&eacute;gu&eacute;s de plusieurs syndicats de branche de l&#8217;&eacute;nergie &eacute;lectrique figuraient parmi les participants. <br \/>\n<br \/>\nLes d&eacute;l&eacute;gu&eacute;s ont adopt&eacute; une d&eacute;claration condamnant en termes vigoureux la tendance r&eacute;cente dans le secteur de l&#8217;&eacute;lectricit&eacute; qui consiste &agrave; faire passer la recherche du profit avant le bien public. Elle dit que les syndicats doivent continuer &agrave; promouvoir des politiques &eacute;nerg&eacute;tiques d&eacute;mocratiques et note que &quot;la mondialisation croissante du secteur de l&#8217;&eacute;nergie &eacute;lectrique requiert une intensification des contacts internationaux entre les syndicats de la soci&eacute;t&eacute;-m&egrave;re et ceux des pays dans lesquels elle va investir&quot;. (Le texte int&eacute;gral des <a href=\"\/wp-content\/migration\/icem\/1Conclusions%20of%20ICEM%20World%20Conference%20for%20the%20Electric%20Power%20Industry%20Boston%20July%2012.pdf\"><font color=\"#ff0000\">conclusions de la Conf&eacute;rence<\/font><\/a> de l&#8217;ICEM de l&#8217;&eacute;nergie &eacute;lectrique peut &ecirc;tre consult&eacute; ici). <\/p>\n<p align=\"center\"><img loading=\"lazy\" decoding=\"async\" alt=\"\" src=\"\" width=\"245\" height=\"160\" \/><\/p>\n<p align=\"center\"><font color=\"#ff0000\">Manabu Sasaki, de Denryoku Soren<\/font><\/p>\n<p align=\"justify\">Un moment fort de la conf&eacute;rence fut la relation compl&egrave;te des op&eacute;rations de sauvetage &agrave; la centrale nucl&eacute;aire de Fukushima Daiichi, au Japon, apr&egrave;s le tremblement de terre et le tsunami du 11 mars. Des membres de notre affili&eacute; Denryoku Soren, la F&eacute;d&eacute;ration des syndicats des travailleurs de l&#8217;&eacute;lectricit&eacute; et des industries connexes, ont expliqu&eacute; en des termes bouleversants ce qu&#8217;ils ont fait pour refroidir les r&eacute;acteurs apr&egrave;s que le tsunami ait d&eacute;truit l&#8217;alimentation &eacute;lectrique de cette centrale du nord-est du Japon. <br \/>\n<br \/>\nLe responsable politique du syndicat, Takashi Wakasugi, employ&eacute; par la Tokyo Electric Power Co. (TEPCO), a d&eacute;clar&eacute; que personne n&#8217;est d&eacute;c&eacute;d&eacute; d&#8217;une exposition aux radiations &agrave; Fukushima, mais que deux jeunes travailleurs ont &eacute;t&eacute; pi&eacute;g&eacute;s et tu&eacute;s par le tsunami dans le b&acirc;timent des turbines du 4e r&eacute;acteur qui &eacute;tait &agrave; l&#8217;arr&ecirc;t pour maintenance &agrave; ce moment. 11 adh&eacute;rents de Denryoku Soren et 180 membres de familles de travailleurs ont p&eacute;ri dans la r&eacute;gion environnante et plus de 6.000 logements d&#8217;adh&eacute;rents ont &eacute;t&eacute; d&eacute;truits. <\/p>\n<p align=\"center\"><img loading=\"lazy\" decoding=\"async\" alt=\"\" src=\"\" width=\"129\" height=\"161\" \/><\/p>\n<p align=\"center\"><font color=\"#ff0000\">La Pr&eacute;sidente du d&eacute;partement de l&#8217;&eacute;ducation du NUM, Helen Diatile, a mobilis&eacute; les d&eacute;l&eacute;gu&eacute;s pour plus de solidarit&eacute;<\/font><\/p>\n<p align=\"justify\">Depuis la mi mars, le syndicat a envoy&eacute; 3.500 volontaires pour des missions de secours et de sauvetage. Les syndicalistes japonais, dont Kiyoaki Kotabe et Manabu Sasaki, ont insist&eacute; sur le fait que cette catastrophe avait aussi endommag&eacute; des centrales au charbon dans la pr&eacute;fecture de Fukushima, dont celle de Haramachi, o&ugrave; plusieurs travailleurs ont p&eacute;ri. Manabu Sasaki a expliqu&eacute; que l&#8217;&eacute;nergie nucl&eacute;aire repr&eacute;sente moins de 30% du bouquet &eacute;nerg&eacute;tique du Japon. L&#8217;approvisionnement total en &eacute;lectricit&eacute; a diminu&eacute; de 55% apr&egrave;s les catastrophes naturelles, mais l&#8217;essentiel de la perte vient de d&eacute;faillances de centrales au charbon, au p&eacute;trole et au gaz. <br \/>\n<br \/>\nLes syndicalistes ont critiqu&eacute; l&#8217;administration japonaise qui rejette la faute sur les entreprises d&#8217;utilit&eacute; publique et sur les travailleurs. Selon eux, le gouvernement veut absolument que ce soient ces entreprises qui supportent les indemnit&eacute;s et il a d&eacute;pos&eacute; au parlement un projet de loi qui, en finale, encouragerait les licenciements de membres de Denryoku Soren et favoriserait un abaissement des conditions de travail au strict minimum. <br \/>\n<br \/>\n&quot;Denryoku Soren poursuivra le combat pour stabiliser la situation &agrave; Fukushima Daiichi&quot;, a d&eacute;clar&eacute; Manabu Sasaki, qui est le responsable de la politiques sociale et industrielle du syndicat. &quot;Nous affronterons bravement toutes les &eacute;preuves pour garantir la s&eacute;curit&eacute; des Japonais et, par tous les moyens, nous remettrons en &eacute;tat et rendrons vie &agrave; l&#8217;Est du Japon qui a subi d&#8217;&eacute;normes d&eacute;vastations. <br \/>\n<br \/>\n&quot;Ce qui nous a soutenus tout au long de notre lutte a &eacute;t&eacute; la grande solidarit&eacute; des syndicats membres de l&#8217;ICEM.&quot; <\/p>\n<p align=\"center\"><img loading=\"lazy\" decoding=\"async\" alt=\"\" src=\"\" width=\"151\" height=\"162\" \/><\/p>\n<p align=\"center\"><font color=\"#ff0000\">Le Pr&eacute;sident de l&#8217;UWUA, Mike Langford<\/font><\/p>\n<p align=\"justify\">La conf&eacute;rence comportait aussi des panels sur l&#8217;organisation de campagnes et la constitution de r&eacute;seaux avec, dans ce dernier cas, la participation, pour le R&eacute;seau de l&#8217;ICEM des travailleurs de l&#8217;&eacute;nergie &eacute;lectrique de l&#8217;Asie-Pacifique, du Secr&eacute;taire g&eacute;n&eacute;ral de la F&eacute;d&eacute;ration des affili&eacute;s japonais (JAF), Yoshio Sato, de David Shier pour le R&eacute;seau des travailleurs du nucl&eacute;aire, et de Job Matsepe, du National Union of Mineworkers (NUM), qui a pr&eacute;sent&eacute; un expos&eacute; mobilisateur sur le nouveau R&eacute;seau de l&#8217;&eacute;nergie d&#8217;Afrique australe. <br \/>\n<br \/>\nS&#8217;agissant des campagnes, on a pu entendre des expos&eacute;s du Pr&eacute;sident de la section locale 389 de l&#8217;UWUA, Dave Leonardi, sur la campagne de l&#8217;UWUA-ICEM qui a permis d&#8217;obtenir une premi&egrave;re convention collective avec la firme de transformation des d&eacute;chets en &eacute;nergie aux &Eacute;tats-Unis, de David Black, du Syndicat canadien des employ&eacute;s de bureau et professionnels COPE, sur la lutte contre les privatisations en Colombie-Britannique, et de Saffet Asiksou et Huseyln Sonmezoglu du Syndicat des travailleurs de l&#8217;Autorit&eacute; turque de l&#8217;&eacute;lectricit&eacute; de Chypre (El-sen). <br \/>\n<br \/>\nLe Pr&eacute;sident de l&#8217;UWUA, Mike Langford, a aussi parl&eacute; du &quot;virus&quot; am&eacute;ricain, qui contamine lentement les pays d&eacute;velopp&eacute;s comme les pays en d&eacute;veloppement du monde entier et a dit que les syndicats doivent se dresser, unis, contre ces &quot;pratiques n&eacute;fastes pour la population et la soci&eacute;t&eacute;.&quot; <\/p>","protected":false},"featured_media":0,"template":"","class_list":["post-181098","archive_icem","type-archive_icem","status-publish","hentry"],"acf":[],"yoast_head":"<!-- This site is optimized with the Yoast SEO Premium plugin v27.1 (Yoast SEO v27.1) - https:\/\/yoast.com\/product\/yoast-seo-premium-wordpress\/ -->\n<title>La Conf\u00e9rence de l&#039;\u00e9lectricit\u00e9 de l&#039;ICEM d\u00e9nonce les b\u00e9n\u00e9fices exorbitants des prestataires priv\u00e9s - industriall-union<\/title>\n<meta name=\"robots\" content=\"index, follow, max-snippet:-1, max-image-preview:large, max-video-preview:-1\" \/>\n<link rel=\"canonical\" href=\"https:\/\/admin.industriall-union.org\/fr\/archive\/icem\/la-conference-de-l-039-electricite-de-l-039-icem-denonce-les-benefices-exorbitants-des-prestataires-prives\/\" \/>\n<meta property=\"og:locale\" content=\"fr_FR\" \/>\n<meta property=\"og:type\" content=\"article\" \/>\n<meta property=\"og:title\" content=\"La Conf\u00e9rence de l&#039;\u00e9lectricit\u00e9 de l&#039;ICEM d\u00e9nonce les b\u00e9n\u00e9fices exorbitants des prestataires priv\u00e9s\" \/>\n<meta property=\"og:description\" content=\"La deuxi&egrave;me Conf&eacute;rence syndicale de l&#8217;industrie de l&#8217;&eacute;nergie &eacute;lectrique s&#8217;est tenue &agrave; Boston, aux &Eacute;tats-Unis, les 12 et 13 juillet en pr&eacute;sence de 60 d&eacute;l&eacute;gu&eacute;s de 19 pays. Cette conf&eacute;rence avait &eacute;t&eacute; tr&egrave;s bien organis&eacute;e par le Utility Workers&rsquo; Union of America (UWUA), dont des d&eacute;l&eacute;gu&eacute;s de plusieurs syndicats de branche de l&#8217;&eacute;nergie &eacute;lectrique figuraient [&hellip;]\" \/>\n<meta property=\"og:url\" content=\"https:\/\/admin.industriall-union.org\/fr\/archive\/icem\/la-conference-de-l-039-electricite-de-l-039-icem-denonce-les-benefices-exorbitants-des-prestataires-prives\/\" \/>\n<meta property=\"og:site_name\" content=\"industriall-union\" \/>\n<meta property=\"article:modified_time\" content=\"2025-01-31T14:25:06+00:00\" \/>\n<meta name=\"twitter:card\" content=\"summary_large_image\" \/>\n<meta name=\"twitter:label1\" content=\"Est. reading time\" \/>\n\t<meta name=\"twitter:data1\" content=\"5 minutes\" \/>\n<script type=\"application\/ld+json\" class=\"yoast-schema-graph\">{\"@context\":\"https:\/\/schema.org\",\"@graph\":[{\"@type\":\"WebPage\",\"@id\":\"https:\/\/admin.industriall-union.org\/fr\/archive\/icem\/la-conference-de-l-039-electricite-de-l-039-icem-denonce-les-benefices-exorbitants-des-prestataires-prives\/\",\"url\":\"https:\/\/admin.industriall-union.org\/fr\/archive\/icem\/la-conference-de-l-039-electricite-de-l-039-icem-denonce-les-benefices-exorbitants-des-prestataires-prives\/\",\"name\":\"La Conf\u00e9rence de l&#039;\u00e9lectricit\u00e9 de l&#039;ICEM d\u00e9nonce les b\u00e9n\u00e9fices exorbitants des prestataires priv\u00e9s - industriall-union\",\"isPartOf\":{\"@id\":\"https:\/\/admin.industriall-union.org\/#website\"},\"datePublished\":\"2011-07-18T13:48:13+00:00\",\"dateModified\":\"2025-01-31T14:25:06+00:00\",\"breadcrumb\":{\"@id\":\"https:\/\/admin.industriall-union.org\/fr\/archive\/icem\/la-conference-de-l-039-electricite-de-l-039-icem-denonce-les-benefices-exorbitants-des-prestataires-prives\/#breadcrumb\"},\"inLanguage\":\"fr-FR\",\"potentialAction\":[{\"@type\":\"ReadAction\",\"target\":[\"https:\/\/admin.industriall-union.org\/fr\/archive\/icem\/la-conference-de-l-039-electricite-de-l-039-icem-denonce-les-benefices-exorbitants-des-prestataires-prives\/\"]}]},{\"@type\":\"BreadcrumbList\",\"@id\":\"https:\/\/admin.industriall-union.org\/fr\/archive\/icem\/la-conference-de-l-039-electricite-de-l-039-icem-denonce-les-benefices-exorbitants-des-prestataires-prives\/#breadcrumb\",\"itemListElement\":[{\"@type\":\"ListItem\",\"position\":1,\"name\":\"Home\",\"item\":\"https:\/\/admin.industriall-union.org\/\"},{\"@type\":\"ListItem\",\"position\":2,\"name\":\"Archive icem\",\"item\":\"https:\/\/admin.industriall-union.org\/archive\/icem\/\"},{\"@type\":\"ListItem\",\"position\":3,\"name\":\"La Conf\u00e9rence de l&#039;\u00e9lectricit\u00e9 de l&#039;ICEM d\u00e9nonce les b\u00e9n\u00e9fices exorbitants des prestataires priv\u00e9s\"}]},{\"@type\":\"WebSite\",\"@id\":\"https:\/\/admin.industriall-union.org\/#website\",\"url\":\"https:\/\/admin.industriall-union.org\/\",\"name\":\"industriall-union\",\"description\":\"\",\"potentialAction\":[{\"@type\":\"SearchAction\",\"target\":{\"@type\":\"EntryPoint\",\"urlTemplate\":\"https:\/\/admin.industriall-union.org\/?s={search_term_string}\"},\"query-input\":{\"@type\":\"PropertyValueSpecification\",\"valueRequired\":true,\"valueName\":\"search_term_string\"}}],\"inLanguage\":\"fr-FR\"}]}<\/script>\n<!-- \/ Yoast SEO Premium plugin. -->","yoast_head_json":{"title":"La Conf\u00e9rence de l&#039;\u00e9lectricit\u00e9 de l&#039;ICEM d\u00e9nonce les b\u00e9n\u00e9fices exorbitants des prestataires priv\u00e9s - industriall-union","robots":{"index":"index","follow":"follow","max-snippet":"max-snippet:-1","max-image-preview":"max-image-preview:large","max-video-preview":"max-video-preview:-1"},"canonical":"https:\/\/admin.industriall-union.org\/fr\/archive\/icem\/la-conference-de-l-039-electricite-de-l-039-icem-denonce-les-benefices-exorbitants-des-prestataires-prives\/","og_locale":"fr_FR","og_type":"article","og_title":"La Conf\u00e9rence de l&#039;\u00e9lectricit\u00e9 de l&#039;ICEM d\u00e9nonce les b\u00e9n\u00e9fices exorbitants des prestataires priv\u00e9s","og_description":"La deuxi&egrave;me Conf&eacute;rence syndicale de l&#8217;industrie de l&#8217;&eacute;nergie &eacute;lectrique s&#8217;est tenue &agrave; Boston, aux &Eacute;tats-Unis, les 12 et 13 juillet en pr&eacute;sence de 60 d&eacute;l&eacute;gu&eacute;s de 19 pays. Cette conf&eacute;rence avait &eacute;t&eacute; tr&egrave;s bien organis&eacute;e par le Utility Workers&rsquo; Union of America (UWUA), dont des d&eacute;l&eacute;gu&eacute;s de plusieurs syndicats de branche de l&#8217;&eacute;nergie &eacute;lectrique figuraient [&hellip;]","og_url":"https:\/\/admin.industriall-union.org\/fr\/archive\/icem\/la-conference-de-l-039-electricite-de-l-039-icem-denonce-les-benefices-exorbitants-des-prestataires-prives\/","og_site_name":"industriall-union","article_modified_time":"2025-01-31T14:25:06+00:00","twitter_card":"summary_large_image","twitter_misc":{"Est. reading time":"5 minutes"},"schema":{"@context":"https:\/\/schema.org","@graph":[{"@type":"WebPage","@id":"https:\/\/admin.industriall-union.org\/fr\/archive\/icem\/la-conference-de-l-039-electricite-de-l-039-icem-denonce-les-benefices-exorbitants-des-prestataires-prives\/","url":"https:\/\/admin.industriall-union.org\/fr\/archive\/icem\/la-conference-de-l-039-electricite-de-l-039-icem-denonce-les-benefices-exorbitants-des-prestataires-prives\/","name":"La Conf\u00e9rence de l&#039;\u00e9lectricit\u00e9 de l&#039;ICEM d\u00e9nonce les b\u00e9n\u00e9fices exorbitants des prestataires priv\u00e9s - industriall-union","isPartOf":{"@id":"https:\/\/admin.industriall-union.org\/#website"},"datePublished":"2011-07-18T13:48:13+00:00","dateModified":"2025-01-31T14:25:06+00:00","breadcrumb":{"@id":"https:\/\/admin.industriall-union.org\/fr\/archive\/icem\/la-conference-de-l-039-electricite-de-l-039-icem-denonce-les-benefices-exorbitants-des-prestataires-prives\/#breadcrumb"},"inLanguage":"fr-FR","potentialAction":[{"@type":"ReadAction","target":["https:\/\/admin.industriall-union.org\/fr\/archive\/icem\/la-conference-de-l-039-electricite-de-l-039-icem-denonce-les-benefices-exorbitants-des-prestataires-prives\/"]}]},{"@type":"BreadcrumbList","@id":"https:\/\/admin.industriall-union.org\/fr\/archive\/icem\/la-conference-de-l-039-electricite-de-l-039-icem-denonce-les-benefices-exorbitants-des-prestataires-prives\/#breadcrumb","itemListElement":[{"@type":"ListItem","position":1,"name":"Home","item":"https:\/\/admin.industriall-union.org\/"},{"@type":"ListItem","position":2,"name":"Archive icem","item":"https:\/\/admin.industriall-union.org\/archive\/icem\/"},{"@type":"ListItem","position":3,"name":"La Conf\u00e9rence de l&#039;\u00e9lectricit\u00e9 de l&#039;ICEM d\u00e9nonce les b\u00e9n\u00e9fices exorbitants des prestataires priv\u00e9s"}]},{"@type":"WebSite","@id":"https:\/\/admin.industriall-union.org\/#website","url":"https:\/\/admin.industriall-union.org\/","name":"industriall-union","description":"","potentialAction":[{"@type":"SearchAction","target":{"@type":"EntryPoint","urlTemplate":"https:\/\/admin.industriall-union.org\/?s={search_term_string}"},"query-input":{"@type":"PropertyValueSpecification","valueRequired":true,"valueName":"search_term_string"}}],"inLanguage":"fr-FR"}]}},"_links":{"self":[{"href":"https:\/\/admin.industriall-union.org\/fr\/wp-json\/wp\/v2\/archive_icem\/181098","targetHints":{"allow":["GET"]}}],"collection":[{"href":"https:\/\/admin.industriall-union.org\/fr\/wp-json\/wp\/v2\/archive_icem"}],"about":[{"href":"https:\/\/admin.industriall-union.org\/fr\/wp-json\/wp\/v2\/types\/archive_icem"}],"wp:attachment":[{"href":"https:\/\/admin.industriall-union.org\/fr\/wp-json\/wp\/v2\/media?parent=181098"}],"curies":[{"name":"wp","href":"https:\/\/api.w.org\/{rel}","templated":true}]}}