{"id":212628,"date":"2019-03-08T13:35:22","date_gmt":"2019-03-08T13:35:22","guid":{"rendered":"https:\/\/admin.industriall-union.org\/aeroespacial\/"},"modified":"2026-03-12T15:58:13","modified_gmt":"2026-03-12T15:58:13","slug":"industria-aeroespacial","status":"publish","type":"page","link":"https:\/\/admin.industriall-union.org\/es\/industria-aeroespacial\/","title":{"rendered":"Aeroespacial"},"content":{"rendered":"<section class=\"boxTurquoise\">\n<h2>Aeroespacial<\/h2>\n<p>El sector aeroespacial interact\u00faa con las filiales para crear una pol\u00edtica conjunta y desarrollar una estrategia com\u00fan para que los sindicatos puedan abordar los retos y las novedades de la industria. El trabajo se lleva a cabo a trav\u00e9s de un Comit\u00e9 Directivo.<\/p>\n<h3>Contacto<\/h3>\n<table style=\"width: 100%;\" border=\"1\" cellspacing=\"1\" cellpadding=\"1\">\n<tbody>\n<tr>\n<td style=\"text-align: center;\"><img decoding=\"async\" style=\"width: 200px; height: 200px;\" src=\"\/wp-content\/uploads\/images\/People\/Internal\/IndustriALL-Staff\/georgblue.png\" alt=\"\" \/><\/td>\n<td>\n<h4><strong>Georg Leutert<\/strong><br \/>\nTel.\u00a0+41 22 308 5026<br \/>\ne-mail: <a href=\"mailto:gleutert@industriall-union.org\">gleutert<\/a><\/h4>\n<\/td>\n<\/tr>\n<\/tbody>\n<\/table>\n<h4><\/h4>\n<\/section>\n<h4>Acuerdos Marco Globales (AMG) del sector aeroespacial<\/h4>\n<table style=\"width: 500px;\" border=\"1\" cellspacing=\"1\" cellpadding=\"1\">\n<tbody>\n<tr>\n<td><a href=\"https:\/\/www.industriall-union.org\/eads\"><img style=\"width: 150px; height: 107px;\" alt=\"\" \/><\/a><\/td>\n<td><a href=\"https:\/\/www.industriall-union.org\/industriall-signs-global-agreement-with-saab\"><img decoding=\"async\" style=\"width: 150px; height: 52px;\" src=\"\/wp-content\/uploads\/images\/Company-Logos\/saab_logo.png\" alt=\"\" \/><\/a><\/td>\n<td><a href=\"https:\/\/www.industriall-union.org\/industriall-global-union-signs-global-framework-agreement-with-safran\"><img decoding=\"async\" style=\"width: 150px; height: 90px;\" src=\"\/wp-content\/uploads\/images\/Company-Logos\/safran.jpg\" alt=\"\" \/><\/a><\/td>\n<\/tr>\n<\/tbody>\n<\/table>\n<h4>Art\u00edculos de fondo<\/h4>\n<figure class=\"imageArticle imageFull\"><img decoding=\"async\" style=\"width: 1440px; height: 954px;\" src=\"\/wp-content\/uploads\/styles\/article_top_image_w1440\/public\/uploads\/images\/Global-Worker\/2020-1\/aeropspace_shutterstock_1048379746.jpg\" alt=\"\" \/><figcaption class=\"imageContent\">\n<div class=\"imageTitle\">\n<h1 style=\"text-align: right;\"><a href=\"https:\/\/www.industriall-union.org\/es\/industria-aeroespacial-global-se-aproxima-a-un-aterrizaje-forzoso\">Industria aeroespacial global: \u00bfse aproxima a un aterrizaje forzoso?<\/a><\/h1>\n<\/div>\n<div class=\"imageCaption\">\n<p>Global Worker\u00a0&#8211; June 2020<\/p>\n<\/div>\n<\/figcaption><\/figure>\n","protected":false},"excerpt":{"rendered":"<p>Aeroespacial El sector aeroespacial interact\u00faa con las filiales para crear una pol\u00edtica conjunta y desarrollar una estrategia com\u00fan para que los sindicatos puedan abordar los retos y las novedades de la industria. El trabajo se lleva a cabo a trav\u00e9s de un Comit\u00e9 Directivo. Contacto Georg Leutert Tel.\u00a0+41 22 308 5026 e-mail: gleutert Acuerdos Marco [&hellip;]<\/p>\n","protected":false},"author":1,"featured_media":0,"parent":0,"menu_order":0,"comment_status":"closed","ping_status":"closed","template":"","meta":{"_acf_changed":false,"footnotes":""},"issues":[],"companies":[],"regions":[],"sectors":[426],"article_tags":[],"class_list":["post-212628","page","type-page","status-publish","hentry","sectors-aeroespacial"],"acf":[],"yoast_head":"<!-- This site is optimized with the Yoast SEO Premium plugin v27.1 (Yoast SEO v27.1) - https:\/\/yoast.com\/product\/yoast-seo-premium-wordpress\/ -->\n<title>Aeroespacial - industriall-union<\/title>\n<meta name=\"robots\" content=\"index, follow, max-snippet:-1, max-image-preview:large, max-video-preview:-1\" \/>\n<link rel=\"canonical\" href=\"https:\/\/admin.industriall-union.org\/es\/industria-aeroespacial\/\" \/>\n<meta property=\"og:locale\" content=\"es_ES\" \/>\n<meta property=\"og:type\" content=\"article\" \/>\n<meta property=\"og:title\" content=\"Aeroespacial\" \/>\n<meta property=\"og:description\" content=\"Aeroespacial El sector aeroespacial interact\u00faa con las filiales para crear una pol\u00edtica conjunta y desarrollar una estrategia com\u00fan para que los sindicatos puedan abordar los retos y las novedades de la industria. El trabajo se lleva a cabo a trav\u00e9s de un Comit\u00e9 Directivo. Contacto Georg Leutert Tel.\u00a0+41 22 308 5026 e-mail: gleutert Acuerdos Marco [&hellip;]\" \/>\n<meta property=\"og:url\" content=\"https:\/\/admin.industriall-union.org\/es\/industria-aeroespacial\/\" \/>\n<meta property=\"og:site_name\" content=\"industriall-union\" \/>\n<meta property=\"article:modified_time\" content=\"2026-03-12T15:58:13+00:00\" \/>\n<meta name=\"twitter:card\" content=\"summary_large_image\" \/>\n<meta name=\"twitter:label1\" content=\"Est. reading time\" \/>\n\t<meta name=\"twitter:data1\" content=\"2 minutes\" \/>\n<script type=\"application\/ld+json\" class=\"yoast-schema-graph\">{\"@context\":\"https:\/\/schema.org\",\"@graph\":[{\"@type\":\"WebPage\",\"@id\":\"https:\/\/admin.industriall-union.org\/es\/industria-aeroespacial\/\",\"url\":\"https:\/\/admin.industriall-union.org\/es\/industria-aeroespacial\/\",\"name\":\"Aeroespacial - industriall-union\",\"isPartOf\":{\"@id\":\"https:\/\/admin.industriall-union.org\/#website\"},\"datePublished\":\"2019-03-08T13:35:22+00:00\",\"dateModified\":\"2026-03-12T15:58:13+00:00\",\"breadcrumb\":{\"@id\":\"https:\/\/admin.industriall-union.org\/es\/industria-aeroespacial\/#breadcrumb\"},\"inLanguage\":\"es-ES\",\"potentialAction\":[{\"@type\":\"ReadAction\",\"target\":[\"https:\/\/admin.industriall-union.org\/es\/industria-aeroespacial\/\"]}]},{\"@type\":\"BreadcrumbList\",\"@id\":\"https:\/\/admin.industriall-union.org\/es\/industria-aeroespacial\/#breadcrumb\",\"itemListElement\":[{\"@type\":\"ListItem\",\"position\":1,\"name\":\"Home\",\"item\":\"https:\/\/admin.industriall-union.org\/\"},{\"@type\":\"ListItem\",\"position\":2,\"name\":\"Aeroespacial\"}]},{\"@type\":\"WebSite\",\"@id\":\"https:\/\/admin.industriall-union.org\/#website\",\"url\":\"https:\/\/admin.industriall-union.org\/\",\"name\":\"industriall-union\",\"description\":\"\",\"potentialAction\":[{\"@type\":\"SearchAction\",\"target\":{\"@type\":\"EntryPoint\",\"urlTemplate\":\"https:\/\/admin.industriall-union.org\/?s={search_term_string}\"},\"query-input\":{\"@type\":\"PropertyValueSpecification\",\"valueRequired\":true,\"valueName\":\"search_term_string\"}}],\"inLanguage\":\"es-ES\"}]}<\/script>\n<!-- \/ Yoast SEO Premium plugin. -->","yoast_head_json":{"title":"Aeroespacial - industriall-union","robots":{"index":"index","follow":"follow","max-snippet":"max-snippet:-1","max-image-preview":"max-image-preview:large","max-video-preview":"max-video-preview:-1"},"canonical":"https:\/\/admin.industriall-union.org\/es\/industria-aeroespacial\/","og_locale":"es_ES","og_type":"article","og_title":"Aeroespacial","og_description":"Aeroespacial El sector aeroespacial interact\u00faa con las filiales para crear una pol\u00edtica conjunta y desarrollar una estrategia com\u00fan para que los sindicatos puedan abordar los retos y las novedades de la industria. El trabajo se lleva a cabo a trav\u00e9s de un Comit\u00e9 Directivo. Contacto Georg Leutert Tel.\u00a0+41 22 308 5026 e-mail: gleutert Acuerdos Marco [&hellip;]","og_url":"https:\/\/admin.industriall-union.org\/es\/industria-aeroespacial\/","og_site_name":"industriall-union","article_modified_time":"2026-03-12T15:58:13+00:00","twitter_card":"summary_large_image","twitter_misc":{"Est. reading time":"2 minutes"},"schema":{"@context":"https:\/\/schema.org","@graph":[{"@type":"WebPage","@id":"https:\/\/admin.industriall-union.org\/es\/industria-aeroespacial\/","url":"https:\/\/admin.industriall-union.org\/es\/industria-aeroespacial\/","name":"Aeroespacial - industriall-union","isPartOf":{"@id":"https:\/\/admin.industriall-union.org\/#website"},"datePublished":"2019-03-08T13:35:22+00:00","dateModified":"2026-03-12T15:58:13+00:00","breadcrumb":{"@id":"https:\/\/admin.industriall-union.org\/es\/industria-aeroespacial\/#breadcrumb"},"inLanguage":"es-ES","potentialAction":[{"@type":"ReadAction","target":["https:\/\/admin.industriall-union.org\/es\/industria-aeroespacial\/"]}]},{"@type":"BreadcrumbList","@id":"https:\/\/admin.industriall-union.org\/es\/industria-aeroespacial\/#breadcrumb","itemListElement":[{"@type":"ListItem","position":1,"name":"Home","item":"https:\/\/admin.industriall-union.org\/"},{"@type":"ListItem","position":2,"name":"Aeroespacial"}]},{"@type":"WebSite","@id":"https:\/\/admin.industriall-union.org\/#website","url":"https:\/\/admin.industriall-union.org\/","name":"industriall-union","description":"","potentialAction":[{"@type":"SearchAction","target":{"@type":"EntryPoint","urlTemplate":"https:\/\/admin.industriall-union.org\/?s={search_term_string}"},"query-input":{"@type":"PropertyValueSpecification","valueRequired":true,"valueName":"search_term_string"}}],"inLanguage":"es-ES"}]}},"_links":{"self":[{"href":"https:\/\/admin.industriall-union.org\/es\/wp-json\/wp\/v2\/pages\/212628","targetHints":{"allow":["GET"]}}],"collection":[{"href":"https:\/\/admin.industriall-union.org\/es\/wp-json\/wp\/v2\/pages"}],"about":[{"href":"https:\/\/admin.industriall-union.org\/es\/wp-json\/wp\/v2\/types\/page"}],"author":[{"embeddable":true,"href":"https:\/\/admin.industriall-union.org\/es\/wp-json\/wp\/v2\/users\/1"}],"replies":[{"embeddable":true,"href":"https:\/\/admin.industriall-union.org\/es\/wp-json\/wp\/v2\/comments?post=212628"}],"version-history":[{"count":4,"href":"https:\/\/admin.industriall-union.org\/es\/wp-json\/wp\/v2\/pages\/212628\/revisions"}],"predecessor-version":[{"id":467561,"href":"https:\/\/admin.industriall-union.org\/es\/wp-json\/wp\/v2\/pages\/212628\/revisions\/467561"}],"wp:attachment":[{"href":"https:\/\/admin.industriall-union.org\/es\/wp-json\/wp\/v2\/media?parent=212628"}],"wp:term":[{"taxonomy":"issues","embeddable":true,"href":"https:\/\/admin.industriall-union.org\/es\/wp-json\/wp\/v2\/issues?post=212628"},{"taxonomy":"companies","embeddable":true,"href":"https:\/\/admin.industriall-union.org\/es\/wp-json\/wp\/v2\/companies?post=212628"},{"taxonomy":"regions","embeddable":true,"href":"https:\/\/admin.industriall-union.org\/es\/wp-json\/wp\/v2\/regions?post=212628"},{"taxonomy":"sectors","embeddable":true,"href":"https:\/\/admin.industriall-union.org\/es\/wp-json\/wp\/v2\/sectors?post=212628"},{"taxonomy":"article_tags","embeddable":true,"href":"https:\/\/admin.industriall-union.org\/es\/wp-json\/wp\/v2\/article_tags?post=212628"}],"curies":[{"name":"wp","href":"https:\/\/api.w.org\/{rel}","templated":true}]}}