{"id":212611,"date":"2019-03-11T12:41:04","date_gmt":"2019-03-11T12:41:04","guid":{"rendered":"https:\/\/admin.industriall-union.org\/vidrio-ceramica-cemento-y-afines\/"},"modified":"2026-02-03T13:17:36","modified_gmt":"2026-02-03T13:17:36","slug":"vidrio-ceramica-cemento-y-afines","status":"publish","type":"page","link":"https:\/\/admin.industriall-union.org\/es\/vidrio-ceramica-cemento-y-afines\/","title":{"rendered":"Vidrio, Cer\u00e1mica, Cemento y Afines"},"content":{"rendered":"<section class=\"boxTurquoise\"><h2>Vidrio, Cer\u00e1mica, Cemento y Afines<\/h2><p>El sector incluye a trabajadores de cemento, agregados, concreto premezclado, cantera de piedra caliza, vidrio de construcci\u00f3n y residencial, vidrio automotriz, envases de vidrio, paneles de energ\u00eda solar, vajillas, azulejos, productos de arcilla, y paneles LCD. Este sector busca desarrollar redes regionales y mundiales para intercambiar informaci\u00f3n, incluyendo a los sindicatos de Cemento y Materiales de Construcci\u00f3n de Am\u00e9rica del Norte (North America Building Materials Union Network), del sindicato vidriero de Asia-Pac\u00edfico (Asia Pacific Saint Gobain Glass Union Network) y de la Europa oriental (Eastern Europe Glass Union Network), as\u00ed como con el Imery Network.<\/p><h3>Contacto<\/h3><table border=\"1\" cellpadding=\"1\" cellspacing=\"1\" style=\"width:100%\"><tbody><tr><td><img decoding=\"async\" alt=\"\" src=\"\/wp-content\/uploads\/images\/People\/Internal\/alexorange.png\" style=\"width: 200px;height: 200px\" \/><\/td><td><h4><strong>Alexander Ivanou<\/strong><br \/>Tel: +41 22 308 50 33<br \/>Fax: +41 22 308 5055<br \/>email: <a href=\"mailto:aivanou@industriall-union.org\">aivanou<\/a><\/h4><\/td><\/tr><\/tbody><\/table><\/section><h4>Publicaciones<\/h4><table border=\"1\" cellpadding=\"1\" cellspacing=\"1\" style=\"width:500px\"><tbody><tr><td><p><a href=\"\/wp-content\/uploads\/documents\/2019\/NEWwebsitedocs\/ai_action_plan_materials.pdf\">Action Plan&nbsp;Materials <\/a><\/p><p><a href=\"\/wp-content\/uploads\/documents\/2019\/NEWwebsitedocs\/ai_action_plan_materials.pdf\">Industries<\/a> (November 2017)<\/p><\/td><td><a href=\"\/wp-content\/uploads\/documents\/2019\/NEWwebsitedocs\/final_materials_industries_report.pdf\"><img decoding=\"async\" alt=\"\" src=\"\/wp-content\/uploads\/images\/publications\/materialscover.png\" style=\"width: 200px;height: 284px\" \/><\/a><\/td><\/tr><\/tbody><\/table><h4>Articulos de fondo<\/h4><figure class=\"imageArticle imageFull\"><img decoding=\"async\" alt=\"\" src=\"\/wp-content\/uploads\/styles\/article_top_image_w1440\/public\/uploads\/images\/Global-Worker\/2019-1\/aicef_3.jpg\" style=\"width: 1440px;height: 831px\" \/><figcaption class=\"imageContent\"><div class=\"imageTitle\"><h1 style=\"text-align: right\"><a href=\"https:\/\/www.industriall-union.org\/es\/perfil-sindicatos-de-la-india-combaten-el-trabajo-precario\">PERFIL: Sindicatos de la India combaten el trabajo precario<\/a><\/h1><\/div><div class=\"imageCaption\"><p>Perfil revista Global Worker &#8211;&nbsp;Mayo 2019<\/p><\/div><\/figcaption><\/figure>","protected":false},"excerpt":{"rendered":"<p>Vidrio, Cer\u00e1mica, Cemento y Afines El sector incluye a trabajadores de cemento, agregados, concreto premezclado, cantera de piedra caliza, vidrio de construcci\u00f3n y residencial, vidrio automotriz, envases de vidrio, paneles de energ\u00eda solar, vajillas, azulejos, productos de arcilla, y paneles LCD. Este sector busca desarrollar redes regionales y mundiales para intercambiar informaci\u00f3n, incluyendo a los [&hellip;]<\/p>\n","protected":false},"author":1,"featured_media":0,"parent":0,"menu_order":0,"comment_status":"closed","ping_status":"closed","template":"","meta":{"_acf_changed":false,"footnotes":""},"issues":[],"companies":[],"regions":[],"sectors":[450],"article_tags":[],"class_list":["post-212611","page","type-page","status-publish","hentry","sectors-vidrio-ceramica-cemento-y-afines"],"acf":[],"yoast_head":"<!-- This site is optimized with the Yoast SEO Premium plugin v27.1 (Yoast SEO v27.1) - https:\/\/yoast.com\/product\/yoast-seo-premium-wordpress\/ -->\n<title>Vidrio, Cer\u00e1mica, Cemento y Afines - industriall-union<\/title>\n<meta name=\"robots\" content=\"index, follow, max-snippet:-1, max-image-preview:large, max-video-preview:-1\" \/>\n<link rel=\"canonical\" href=\"https:\/\/admin.industriall-union.org\/es\/vidrio-ceramica-cemento-y-afines\/\" \/>\n<meta property=\"og:locale\" content=\"es_ES\" \/>\n<meta property=\"og:type\" content=\"article\" \/>\n<meta property=\"og:title\" content=\"Vidrio, Cer\u00e1mica, Cemento y Afines\" \/>\n<meta property=\"og:description\" content=\"Vidrio, Cer\u00e1mica, Cemento y Afines El sector incluye a trabajadores de cemento, agregados, concreto premezclado, cantera de piedra caliza, vidrio de construcci\u00f3n y residencial, vidrio automotriz, envases de vidrio, paneles de energ\u00eda solar, vajillas, azulejos, productos de arcilla, y paneles LCD. Este sector busca desarrollar redes regionales y mundiales para intercambiar informaci\u00f3n, incluyendo a los [&hellip;]\" \/>\n<meta property=\"og:url\" content=\"https:\/\/admin.industriall-union.org\/es\/vidrio-ceramica-cemento-y-afines\/\" \/>\n<meta property=\"og:site_name\" content=\"industriall-union\" \/>\n<meta property=\"article:modified_time\" content=\"2026-02-03T13:17:36+00:00\" \/>\n<meta name=\"twitter:card\" content=\"summary_large_image\" \/>\n<meta name=\"twitter:label1\" content=\"Est. reading time\" \/>\n\t<meta name=\"twitter:data1\" content=\"1 minute\" \/>\n<script type=\"application\/ld+json\" class=\"yoast-schema-graph\">{\"@context\":\"https:\/\/schema.org\",\"@graph\":[{\"@type\":\"WebPage\",\"@id\":\"https:\/\/admin.industriall-union.org\/es\/vidrio-ceramica-cemento-y-afines\/\",\"url\":\"https:\/\/admin.industriall-union.org\/es\/vidrio-ceramica-cemento-y-afines\/\",\"name\":\"Vidrio, Cer\u00e1mica, Cemento y Afines - industriall-union\",\"isPartOf\":{\"@id\":\"https:\/\/admin.industriall-union.org\/#website\"},\"datePublished\":\"2019-03-11T12:41:04+00:00\",\"dateModified\":\"2026-02-03T13:17:36+00:00\",\"breadcrumb\":{\"@id\":\"https:\/\/admin.industriall-union.org\/es\/vidrio-ceramica-cemento-y-afines\/#breadcrumb\"},\"inLanguage\":\"es-ES\",\"potentialAction\":[{\"@type\":\"ReadAction\",\"target\":[\"https:\/\/admin.industriall-union.org\/es\/vidrio-ceramica-cemento-y-afines\/\"]}]},{\"@type\":\"BreadcrumbList\",\"@id\":\"https:\/\/admin.industriall-union.org\/es\/vidrio-ceramica-cemento-y-afines\/#breadcrumb\",\"itemListElement\":[{\"@type\":\"ListItem\",\"position\":1,\"name\":\"Home\",\"item\":\"https:\/\/admin.industriall-union.org\/\"},{\"@type\":\"ListItem\",\"position\":2,\"name\":\"Vidrio, Cer\u00e1mica, Cemento y Afines\"}]},{\"@type\":\"WebSite\",\"@id\":\"https:\/\/admin.industriall-union.org\/#website\",\"url\":\"https:\/\/admin.industriall-union.org\/\",\"name\":\"industriall-union\",\"description\":\"\",\"potentialAction\":[{\"@type\":\"SearchAction\",\"target\":{\"@type\":\"EntryPoint\",\"urlTemplate\":\"https:\/\/admin.industriall-union.org\/?s={search_term_string}\"},\"query-input\":{\"@type\":\"PropertyValueSpecification\",\"valueRequired\":true,\"valueName\":\"search_term_string\"}}],\"inLanguage\":\"es-ES\"}]}<\/script>\n<!-- \/ Yoast SEO Premium plugin. -->","yoast_head_json":{"title":"Vidrio, Cer\u00e1mica, Cemento y Afines - industriall-union","robots":{"index":"index","follow":"follow","max-snippet":"max-snippet:-1","max-image-preview":"max-image-preview:large","max-video-preview":"max-video-preview:-1"},"canonical":"https:\/\/admin.industriall-union.org\/es\/vidrio-ceramica-cemento-y-afines\/","og_locale":"es_ES","og_type":"article","og_title":"Vidrio, Cer\u00e1mica, Cemento y Afines","og_description":"Vidrio, Cer\u00e1mica, Cemento y Afines El sector incluye a trabajadores de cemento, agregados, concreto premezclado, cantera de piedra caliza, vidrio de construcci\u00f3n y residencial, vidrio automotriz, envases de vidrio, paneles de energ\u00eda solar, vajillas, azulejos, productos de arcilla, y paneles LCD. Este sector busca desarrollar redes regionales y mundiales para intercambiar informaci\u00f3n, incluyendo a los [&hellip;]","og_url":"https:\/\/admin.industriall-union.org\/es\/vidrio-ceramica-cemento-y-afines\/","og_site_name":"industriall-union","article_modified_time":"2026-02-03T13:17:36+00:00","twitter_card":"summary_large_image","twitter_misc":{"Est. reading time":"1 minute"},"schema":{"@context":"https:\/\/schema.org","@graph":[{"@type":"WebPage","@id":"https:\/\/admin.industriall-union.org\/es\/vidrio-ceramica-cemento-y-afines\/","url":"https:\/\/admin.industriall-union.org\/es\/vidrio-ceramica-cemento-y-afines\/","name":"Vidrio, Cer\u00e1mica, Cemento y Afines - industriall-union","isPartOf":{"@id":"https:\/\/admin.industriall-union.org\/#website"},"datePublished":"2019-03-11T12:41:04+00:00","dateModified":"2026-02-03T13:17:36+00:00","breadcrumb":{"@id":"https:\/\/admin.industriall-union.org\/es\/vidrio-ceramica-cemento-y-afines\/#breadcrumb"},"inLanguage":"es-ES","potentialAction":[{"@type":"ReadAction","target":["https:\/\/admin.industriall-union.org\/es\/vidrio-ceramica-cemento-y-afines\/"]}]},{"@type":"BreadcrumbList","@id":"https:\/\/admin.industriall-union.org\/es\/vidrio-ceramica-cemento-y-afines\/#breadcrumb","itemListElement":[{"@type":"ListItem","position":1,"name":"Home","item":"https:\/\/admin.industriall-union.org\/"},{"@type":"ListItem","position":2,"name":"Vidrio, Cer\u00e1mica, Cemento y Afines"}]},{"@type":"WebSite","@id":"https:\/\/admin.industriall-union.org\/#website","url":"https:\/\/admin.industriall-union.org\/","name":"industriall-union","description":"","potentialAction":[{"@type":"SearchAction","target":{"@type":"EntryPoint","urlTemplate":"https:\/\/admin.industriall-union.org\/?s={search_term_string}"},"query-input":{"@type":"PropertyValueSpecification","valueRequired":true,"valueName":"search_term_string"}}],"inLanguage":"es-ES"}]}},"_links":{"self":[{"href":"https:\/\/admin.industriall-union.org\/es\/wp-json\/wp\/v2\/pages\/212611","targetHints":{"allow":["GET"]}}],"collection":[{"href":"https:\/\/admin.industriall-union.org\/es\/wp-json\/wp\/v2\/pages"}],"about":[{"href":"https:\/\/admin.industriall-union.org\/es\/wp-json\/wp\/v2\/types\/page"}],"author":[{"embeddable":true,"href":"https:\/\/admin.industriall-union.org\/es\/wp-json\/wp\/v2\/users\/1"}],"replies":[{"embeddable":true,"href":"https:\/\/admin.industriall-union.org\/es\/wp-json\/wp\/v2\/comments?post=212611"}],"version-history":[{"count":3,"href":"https:\/\/admin.industriall-union.org\/es\/wp-json\/wp\/v2\/pages\/212611\/revisions"}],"predecessor-version":[{"id":464211,"href":"https:\/\/admin.industriall-union.org\/es\/wp-json\/wp\/v2\/pages\/212611\/revisions\/464211"}],"wp:attachment":[{"href":"https:\/\/admin.industriall-union.org\/es\/wp-json\/wp\/v2\/media?parent=212611"}],"wp:term":[{"taxonomy":"issues","embeddable":true,"href":"https:\/\/admin.industriall-union.org\/es\/wp-json\/wp\/v2\/issues?post=212611"},{"taxonomy":"companies","embeddable":true,"href":"https:\/\/admin.industriall-union.org\/es\/wp-json\/wp\/v2\/companies?post=212611"},{"taxonomy":"regions","embeddable":true,"href":"https:\/\/admin.industriall-union.org\/es\/wp-json\/wp\/v2\/regions?post=212611"},{"taxonomy":"sectors","embeddable":true,"href":"https:\/\/admin.industriall-union.org\/es\/wp-json\/wp\/v2\/sectors?post=212611"},{"taxonomy":"article_tags","embeddable":true,"href":"https:\/\/admin.industriall-union.org\/es\/wp-json\/wp\/v2\/article_tags?post=212611"}],"curies":[{"name":"wp","href":"https:\/\/api.w.org\/{rel}","templated":true}]}}