{"id":212606,"date":"2019-03-11T14:22:49","date_gmt":"2019-03-11T14:22:49","guid":{"rendered":"https:\/\/admin.industriall-union.org\/tic-industria-electrica-y-electronica\/"},"modified":"2026-02-03T13:17:15","modified_gmt":"2026-02-03T13:17:15","slug":"industria-electrica-y-electronica","status":"publish","type":"page","link":"https:\/\/admin.industriall-union.org\/es\/industria-electrica-y-electronica\/","title":{"rendered":"TIC, Industria el\u00e9ctrica y electr\u00f3nica"},"content":{"rendered":"<section class=\"boxTurquoise\"><h2>TIC, Industria el\u00e9ctrica y electr\u00f3nica<\/h2><p>Las labores el\u00e9ctricas y de electr\u00f3nica se hacen dentro de una amplia gama de empresas que desarrollan productos electr\u00f3nicos de consumo, hardware, software y dem\u00e1s. IndustriALL tiene como objetivo desarrollar estrategias sindicales para el sector, y mejorar y fortalecer el intercambio de informaci\u00f3n en las empresas transnacionales y las cadenas de suministro.<\/p><h3>Contacto<\/h3><table border=\"1\" cellpadding=\"1\" cellspacing=\"1\" style=\"width:100%\"><tbody><tr><td style=\"text-align: center\"><img decoding=\"async\" alt=\"\" src=\"\/wp-content\/uploads\/images\/People\/Internal\/alexorange.png\" style=\"width: 200px;height: 200px\" \/><\/td><td><h4><strong>Alex Ivanou<\/strong><br \/>Tel. +41 22 308 50 33<br \/>e-mail: <a href=\"mailto:aivanou@industriall-union.org\">aivanou<\/a><\/h4><\/td><\/tr><\/tbody><\/table><\/section><h4>Acuerdos Marco Globales (AMG) del sector TIC, la industria el\u00e9ctrica y electr\u00f3nica&nbsp;<\/h4><table border=\"1\" cellpadding=\"1\" cellspacing=\"1\" style=\"width:500px\"><tbody><tr><td style=\"text-align: center\"><a href=\"http:\/\/www.industriall-union.org\/industriall-signs-gfa-with-siemens\"><img decoding=\"async\" alt=\"\" src=\"\/wp-content\/uploads\/images\/Company-Logos\/1081-sie-logo-petrol-1991.jpg\" style=\"width: 200px;height: 46px\" \/><\/a><\/td><td style=\"text-align: center\"><a href=\"http:\/\/www.industriall-union.org\/electrolux\"><img decoding=\"async\" alt=\"\" src=\"\/wp-content\/uploads\/images\/Company-Logos\/electolux.jpg\" style=\"width: 250px;height: 73px\" \/><\/a><\/td><\/tr><\/tbody><\/table><h4>Art\u00edculos en profundidad<\/h4><figure class=\"imageArticle imageFull\"><a href=\"https:\/\/www.industriall-union.org\/report-due-diligence-across-the-battery-supply-chain\"><img decoding=\"async\" alt=\"\" src=\"\/wp-content\/uploads\/styles\/article_top_image_w1440\/public\/uploads\/images\/Global-Worker\/2020-2\/lithium-batshutterstock_1757106191.jpg\" style=\"width: 1000px;height: 570px\" \/><\/a><figcaption class=\"imageContent\"><div class=\"imageTitle\"><h1 style=\"text-align: right\"><a href=\"\/node\/65079\">INFORME: Debida diligencia en toda la cadena de suministro de bater\u00edas<\/a><\/h1><\/div><div class=\"imageCaption\"><p>informe revista Global Worker &#8211;&nbsp;Nov&nbsp;2020<\/p><\/div><\/figcaption><\/figure><figure class=\"imageArticle imageMedium\"><img decoding=\"async\" alt=\"\" src=\"\/wp-content\/uploads\/styles\/article_top_image_w1440\/public\/uploads\/images\/Global-Worker\/2018-2\/img_3413.jpg\" style=\"width: 500px;height: 375px\" \/><figcaption class=\"imageContent\"><div class=\"imageTitle\"><h1 style=\"text-align: right\"><a href=\"\/node\/61194\">PERFIL: Sindicato de la electr\u00f3nica de Bielorrusia ha ganado mucha experiencia en la lucha<\/a><\/h1><\/div><div class=\"imageCaption\"><p>perfil revista Global Worker&nbsp;&#8211; &nbsp; Nov 2018<\/p><\/div><\/figcaption><\/figure><figure class=\"imageArticle imageMedium\"><img decoding=\"async\" alt=\"\" src=\"\/wp-content\/uploads\/styles\/article_top_image_w1440\/public\/uploads\/images\/2015\/GlobalWorker\/malaysia.png\" style=\"width: 500px;height: 332px\" \/><figcaption class=\"imageContent\"><div class=\"imageTitle\"><h1 style=\"text-align: right\"><a href=\"\/node\/53656\">PERFIL: Activistas de Malasia luchan por los derechos laborales<\/a><\/h1><\/div><div class=\"imageCaption\"><p>perfil revista Global Worker &#8211; Nov 2015<\/p><\/div><\/figcaption><\/figure>","protected":false},"excerpt":{"rendered":"<p>TIC, Industria el\u00e9ctrica y electr\u00f3nica Las labores el\u00e9ctricas y de electr\u00f3nica se hacen dentro de una amplia gama de empresas que desarrollan productos electr\u00f3nicos de consumo, hardware, software y dem\u00e1s. IndustriALL tiene como objetivo desarrollar estrategias sindicales para el sector, y mejorar y fortalecer el intercambio de informaci\u00f3n en las empresas transnacionales y las cadenas [&hellip;]<\/p>\n","protected":false},"author":1,"featured_media":0,"parent":0,"menu_order":0,"comment_status":"closed","ping_status":"closed","template":"","meta":{"_acf_changed":false,"footnotes":""},"issues":[],"companies":[],"regions":[],"sectors":[439],"article_tags":[],"class_list":["post-212606","page","type-page","status-publish","hentry","sectors-itc-electricidad-y-electronica"],"acf":[],"yoast_head":"<!-- This site is optimized with the Yoast SEO Premium plugin v27.1 (Yoast SEO v27.1) - https:\/\/yoast.com\/product\/yoast-seo-premium-wordpress\/ -->\n<title>TIC, Industria el\u00e9ctrica y electr\u00f3nica - industriall-union<\/title>\n<meta name=\"robots\" content=\"index, follow, max-snippet:-1, max-image-preview:large, max-video-preview:-1\" \/>\n<link rel=\"canonical\" href=\"https:\/\/admin.industriall-union.org\/es\/industria-electrica-y-electronica\/\" \/>\n<meta property=\"og:locale\" content=\"es_ES\" \/>\n<meta property=\"og:type\" content=\"article\" \/>\n<meta property=\"og:title\" content=\"TIC, Industria el\u00e9ctrica y electr\u00f3nica\" \/>\n<meta property=\"og:description\" content=\"TIC, Industria el\u00e9ctrica y electr\u00f3nica Las labores el\u00e9ctricas y de electr\u00f3nica se hacen dentro de una amplia gama de empresas que desarrollan productos electr\u00f3nicos de consumo, hardware, software y dem\u00e1s. IndustriALL tiene como objetivo desarrollar estrategias sindicales para el sector, y mejorar y fortalecer el intercambio de informaci\u00f3n en las empresas transnacionales y las cadenas [&hellip;]\" \/>\n<meta property=\"og:url\" content=\"https:\/\/admin.industriall-union.org\/es\/industria-electrica-y-electronica\/\" \/>\n<meta property=\"og:site_name\" content=\"industriall-union\" \/>\n<meta property=\"article:modified_time\" content=\"2026-02-03T13:17:15+00:00\" \/>\n<meta name=\"twitter:card\" content=\"summary_large_image\" \/>\n<meta name=\"twitter:label1\" content=\"Est. reading time\" \/>\n\t<meta name=\"twitter:data1\" content=\"1 minute\" \/>\n<script type=\"application\/ld+json\" class=\"yoast-schema-graph\">{\"@context\":\"https:\/\/schema.org\",\"@graph\":[{\"@type\":\"WebPage\",\"@id\":\"https:\/\/admin.industriall-union.org\/es\/industria-electrica-y-electronica\/\",\"url\":\"https:\/\/admin.industriall-union.org\/es\/industria-electrica-y-electronica\/\",\"name\":\"TIC, Industria el\u00e9ctrica y electr\u00f3nica - industriall-union\",\"isPartOf\":{\"@id\":\"https:\/\/admin.industriall-union.org\/#website\"},\"datePublished\":\"2019-03-11T14:22:49+00:00\",\"dateModified\":\"2026-02-03T13:17:15+00:00\",\"breadcrumb\":{\"@id\":\"https:\/\/admin.industriall-union.org\/es\/industria-electrica-y-electronica\/#breadcrumb\"},\"inLanguage\":\"es-ES\",\"potentialAction\":[{\"@type\":\"ReadAction\",\"target\":[\"https:\/\/admin.industriall-union.org\/es\/industria-electrica-y-electronica\/\"]}]},{\"@type\":\"BreadcrumbList\",\"@id\":\"https:\/\/admin.industriall-union.org\/es\/industria-electrica-y-electronica\/#breadcrumb\",\"itemListElement\":[{\"@type\":\"ListItem\",\"position\":1,\"name\":\"Home\",\"item\":\"https:\/\/admin.industriall-union.org\/\"},{\"@type\":\"ListItem\",\"position\":2,\"name\":\"TIC, Industria el\u00e9ctrica y electr\u00f3nica\"}]},{\"@type\":\"WebSite\",\"@id\":\"https:\/\/admin.industriall-union.org\/#website\",\"url\":\"https:\/\/admin.industriall-union.org\/\",\"name\":\"industriall-union\",\"description\":\"\",\"potentialAction\":[{\"@type\":\"SearchAction\",\"target\":{\"@type\":\"EntryPoint\",\"urlTemplate\":\"https:\/\/admin.industriall-union.org\/?s={search_term_string}\"},\"query-input\":{\"@type\":\"PropertyValueSpecification\",\"valueRequired\":true,\"valueName\":\"search_term_string\"}}],\"inLanguage\":\"es-ES\"}]}<\/script>\n<!-- \/ Yoast SEO Premium plugin. -->","yoast_head_json":{"title":"TIC, Industria el\u00e9ctrica y electr\u00f3nica - industriall-union","robots":{"index":"index","follow":"follow","max-snippet":"max-snippet:-1","max-image-preview":"max-image-preview:large","max-video-preview":"max-video-preview:-1"},"canonical":"https:\/\/admin.industriall-union.org\/es\/industria-electrica-y-electronica\/","og_locale":"es_ES","og_type":"article","og_title":"TIC, Industria el\u00e9ctrica y electr\u00f3nica","og_description":"TIC, Industria el\u00e9ctrica y electr\u00f3nica Las labores el\u00e9ctricas y de electr\u00f3nica se hacen dentro de una amplia gama de empresas que desarrollan productos electr\u00f3nicos de consumo, hardware, software y dem\u00e1s. IndustriALL tiene como objetivo desarrollar estrategias sindicales para el sector, y mejorar y fortalecer el intercambio de informaci\u00f3n en las empresas transnacionales y las cadenas [&hellip;]","og_url":"https:\/\/admin.industriall-union.org\/es\/industria-electrica-y-electronica\/","og_site_name":"industriall-union","article_modified_time":"2026-02-03T13:17:15+00:00","twitter_card":"summary_large_image","twitter_misc":{"Est. reading time":"1 minute"},"schema":{"@context":"https:\/\/schema.org","@graph":[{"@type":"WebPage","@id":"https:\/\/admin.industriall-union.org\/es\/industria-electrica-y-electronica\/","url":"https:\/\/admin.industriall-union.org\/es\/industria-electrica-y-electronica\/","name":"TIC, Industria el\u00e9ctrica y electr\u00f3nica - industriall-union","isPartOf":{"@id":"https:\/\/admin.industriall-union.org\/#website"},"datePublished":"2019-03-11T14:22:49+00:00","dateModified":"2026-02-03T13:17:15+00:00","breadcrumb":{"@id":"https:\/\/admin.industriall-union.org\/es\/industria-electrica-y-electronica\/#breadcrumb"},"inLanguage":"es-ES","potentialAction":[{"@type":"ReadAction","target":["https:\/\/admin.industriall-union.org\/es\/industria-electrica-y-electronica\/"]}]},{"@type":"BreadcrumbList","@id":"https:\/\/admin.industriall-union.org\/es\/industria-electrica-y-electronica\/#breadcrumb","itemListElement":[{"@type":"ListItem","position":1,"name":"Home","item":"https:\/\/admin.industriall-union.org\/"},{"@type":"ListItem","position":2,"name":"TIC, Industria el\u00e9ctrica y electr\u00f3nica"}]},{"@type":"WebSite","@id":"https:\/\/admin.industriall-union.org\/#website","url":"https:\/\/admin.industriall-union.org\/","name":"industriall-union","description":"","potentialAction":[{"@type":"SearchAction","target":{"@type":"EntryPoint","urlTemplate":"https:\/\/admin.industriall-union.org\/?s={search_term_string}"},"query-input":{"@type":"PropertyValueSpecification","valueRequired":true,"valueName":"search_term_string"}}],"inLanguage":"es-ES"}]}},"_links":{"self":[{"href":"https:\/\/admin.industriall-union.org\/es\/wp-json\/wp\/v2\/pages\/212606","targetHints":{"allow":["GET"]}}],"collection":[{"href":"https:\/\/admin.industriall-union.org\/es\/wp-json\/wp\/v2\/pages"}],"about":[{"href":"https:\/\/admin.industriall-union.org\/es\/wp-json\/wp\/v2\/types\/page"}],"author":[{"embeddable":true,"href":"https:\/\/admin.industriall-union.org\/es\/wp-json\/wp\/v2\/users\/1"}],"replies":[{"embeddable":true,"href":"https:\/\/admin.industriall-union.org\/es\/wp-json\/wp\/v2\/comments?post=212606"}],"version-history":[{"count":3,"href":"https:\/\/admin.industriall-union.org\/es\/wp-json\/wp\/v2\/pages\/212606\/revisions"}],"predecessor-version":[{"id":464209,"href":"https:\/\/admin.industriall-union.org\/es\/wp-json\/wp\/v2\/pages\/212606\/revisions\/464209"}],"wp:attachment":[{"href":"https:\/\/admin.industriall-union.org\/es\/wp-json\/wp\/v2\/media?parent=212606"}],"wp:term":[{"taxonomy":"issues","embeddable":true,"href":"https:\/\/admin.industriall-union.org\/es\/wp-json\/wp\/v2\/issues?post=212606"},{"taxonomy":"companies","embeddable":true,"href":"https:\/\/admin.industriall-union.org\/es\/wp-json\/wp\/v2\/companies?post=212606"},{"taxonomy":"regions","embeddable":true,"href":"https:\/\/admin.industriall-union.org\/es\/wp-json\/wp\/v2\/regions?post=212606"},{"taxonomy":"sectors","embeddable":true,"href":"https:\/\/admin.industriall-union.org\/es\/wp-json\/wp\/v2\/sectors?post=212606"},{"taxonomy":"article_tags","embeddable":true,"href":"https:\/\/admin.industriall-union.org\/es\/wp-json\/wp\/v2\/article_tags?post=212606"}],"curies":[{"name":"wp","href":"https:\/\/api.w.org\/{rel}","templated":true}]}}