{"id":212586,"date":"2019-03-11T12:47:41","date_gmt":"2019-03-11T12:47:41","guid":{"rendered":"https:\/\/admin.industriall-union.org\/ratifica-el-c176-de-la-oit\/"},"modified":"2026-02-03T13:12:05","modified_gmt":"2026-02-03T13:12:05","slug":"ratifica-el-c176-de-la-oit","status":"publish","type":"page","link":"https:\/\/admin.industriall-union.org\/es\/ratifica-el-c176-de-la-oit-0","title":{"rendered":"Ratifica el C176 de la OIT"},"content":{"rendered":"<h2><span style=\"color:#c0392b\">Ratificar y aplicar el Convenio 176 de la OIT sobre seguridad y salud en las minas.<\/span><\/h2><p>Existe una crisis de seguridad en la industria minera. Pero hay una soluci\u00f3n: en el D\u00eda Internacional de Conmemoraci\u00f3n de los Trabajadores Fallecidos y Lesionados&nbsp;lleg\u00f3 la hora de tomar medidas sobre la seguridad en las minas.<\/p><div class=\"regularQuote\"><blockquote><p>&quot;Cuanto m\u00e1s fuertes sean los sindicatos, m\u00e1s seguras ser\u00e1n las minas.&quot;<\/p><\/blockquote><cite>IndustriALL<\/cite><\/div><h3><span style=\"color:#000000\">Recursos&nbsp;<\/span><\/h3><p><strong>Gu\u00eda&nbsp;de la campa\u00f1a&nbsp;para descargar<\/strong><\/p><table border=\"1\" cellpadding=\"1\" cellspacing=\"1\" style=\"width:100%\"><tbody><tr><td><a href=\"\/wp-content\/uploads\/documents\/2019\/PAKISTAN\/176_campaign_guide_en_crop_hires_0.pdf\"><img decoding=\"async\" alt=\"\" src=\"\/wp-content\/uploads\/images\/ILO-176\/c176_poster.jpg\" style=\"width: 200px;height: 283px\" \/><\/a><\/td><td><a href=\"\/wp-content\/uploads\/documents\/2019\/PAKISTAN\/176_campaign_guide_ur_hires.pdf\"><img decoding=\"async\" alt=\"\" src=\"\/wp-content\/uploads\/images\/ILO-176\/screenshot_2019-04-04_at_23.50.36.png\" style=\"width: 200px;height: 283px\" \/><\/a><\/td><td><a href=\"\/wp-content\/uploads\/documents\/ILO-Con-176\/176_campaign_guide_fr_web.pdf\" target=\"_blank\"><img decoding=\"async\" alt=\"\" src=\"\/wp-content\/uploads\/images\/ILO-176\/c176_poster_french.png\" style=\"width: 200px;height: 283px\" \/><\/a><\/td><\/tr><tr><td style=\"text-align: center\"><a href=\"\/wp-content\/uploads\/documents\/2019\/PAKISTAN\/176_campaign_guide_en_crop_hires_0.pdf\">C176 Campaign guide (English<\/a>)<\/td><td style=\"text-align: center\"><a href=\"http:\/\/admin.industriall.consids5.se\/wp-content\/uploads\/documents\/2019\/PAKISTAN\/176_campaign_guide_ur_hires.pdf\">C176 Campaign guide (Urdu)<\/a><\/td><td style=\"text-align: center\"><a href=\"\/wp-content\/uploads\/documents\/ILO-Con-176\/176_campaign_guide_fr_web.pdf\">Guide de Campagne C176 (Fran\u00e7ais)<\/a><\/td><\/tr><\/tbody><\/table><p><strong>Carteles para descargar<\/strong><\/p><table border=\"1\" cellpadding=\"1\" cellspacing=\"1\" style=\"width:100%\"><tbody><tr><td><a href=\"\/wp-content\/uploads\/documents\/ILO-Con-176\/a2_c176_helmet_poster_en_hires.pdf\"><img decoding=\"async\" alt=\"\" src=\"\/wp-content\/uploads\/images\/ILO-176\/Pakistan\/c190helmetposter-eng.png\" style=\"width: 200px\" \/><\/a><\/td><td><a href=\"\/wp-content\/uploads\/documents\/ILO-Con-176\/a2_c176_helmet_poster_crop_ur_hires.pdf\"><img decoding=\"async\" alt=\"\" src=\"\/wp-content\/uploads\/images\/ILO-176\/Pakistan\/c190helmetposter-urd.png\" style=\"width: 200px;height: 282px\" \/><\/a><\/td><td><a href=\"\/wp-content\/uploads\/documents\/ILO-Con-176\/a2_c176_miner_poster_en_hires.pdf\"><img decoding=\"async\" alt=\"\" src=\"\/wp-content\/uploads\/images\/ILO-176\/Pakistan\/c190miner-eng.png\" style=\"width: 200px;height: 289px\" \/><\/a><\/td><td><a href=\"\/wp-content\/uploads\/documents\/ILO-Con-176\/a2_c176_miner_poster_crop_ur_hires.pdf\"><img decoding=\"async\" alt=\"\" src=\"\/wp-content\/uploads\/images\/ILO-176\/Pakistan\/c190miner-urd.png\" style=\"width: 200px;height: 290px\" \/><\/a><\/td><\/tr><tr><td style=\"text-align: center\"><a href=\"\/wp-content\/uploads\/documents\/ILO-Con-176\/a2_c176_helmet_poster_en_hires.pdf\">Download poster in english<\/a><\/td><td style=\"text-align: center\"><a href=\"\/wp-content\/uploads\/documents\/ILO-Con-176\/a2_c176_helmet_poster_crop_ur_hires.pdf\">Download poster in urdu&nbsp;<\/a><\/td><td style=\"text-align: center\"><a href=\"\/wp-content\/uploads\/documents\/ILO-Con-176\/a2_c176_miner_poster_en_hires.pdf\">Download poster in english<\/a><\/td><td style=\"text-align: center\"><a href=\"\/wp-content\/uploads\/documents\/ILO-Con-176\/a2_c176_miner_poster_crop_ur_hires.pdf\">Download poster in urdu<\/a>&nbsp;<\/td><\/tr><\/tbody><\/table><p><span style=\"color:#c0392b\"><strong>Materiales (Ingl\u00e9s y urdu)<\/strong><\/span><\/p><table border=\"1\" cellpadding=\"1\" cellspacing=\"1\" style=\"width:500px\"><tbody><tr><td><img decoding=\"async\" alt=\"\" src=\"\/wp-content\/uploads\/images\/ILO-176\/c176_poster.jpg\" style=\"width: 200px;height: 283px\" \/><\/td><td><img decoding=\"async\" alt=\"\" src=\"\/wp-content\/uploads\/images\/ILO-176\/screenshot_2019-04-04_at_23.50.36.png\" style=\"width: 200px;height: 283px\" \/><\/td><\/tr><tr><td><a href=\"\/wp-content\/uploads\/documents\/2019\/PAKISTAN\/176_campaign_guide_en_crop_hires.pdf\">C176 Campaign guide (English)<\/a><\/td><td><a href=\"http:\/\/admin.industriall.consids5.se\/wp-content\/uploads\/documents\/2019\/PAKISTAN\/176_campaign_guide_ur_hires.pdf\">C176 Campaign guide (Urdu)<\/a><\/td><\/tr><tr><td>&nbsp;<\/td><td>&nbsp;<\/td><\/tr><\/tbody><\/table><figure class=\"imageArticle imageFull\"><a href=\"http:\/\/industriall.consids5.se\/es\/seguridad-minera-es-el-momento-de-ratificar-el-convenio-num-176-de-la-oit\" target=\"_blank\"><img decoding=\"async\" alt=\"\" src=\"\/wp-content\/uploads\/images\/ILO-176\/dsc_8833.jpg\" style=\"width: 4928px;height: 3264px\" \/><\/a><figcaption class=\"imageContent\"><div class=\"imageTitle\"><h1 style=\"text-align: right\"><a href=\"http:\/\/industriall.consids5.se\/es\/seguridad-minera-es-el-momento-de-ratificar-el-convenio-num-176-de-la-oit\"><span style=\"color:#f1c40f\">Seguridad minera:<\/span><span style=\"color:#ffffff\"> es el momento de ratificar el Convenio n\u00fam. 176 de la OIT<\/span><\/a><\/h1><\/div><\/figcaption><\/figure>","protected":false},"excerpt":{"rendered":"<p>Ratificar y aplicar el Convenio 176 de la OIT sobre seguridad y salud en las minas. Existe una crisis de seguridad en la industria minera. Pero hay una soluci\u00f3n: en el D\u00eda Internacional de Conmemoraci\u00f3n de los Trabajadores Fallecidos y Lesionados&nbsp;lleg\u00f3 la hora de tomar medidas sobre la seguridad en las minas. &quot;Cuanto m\u00e1s fuertes [&hellip;]<\/p>\n","protected":false},"author":1,"featured_media":0,"parent":212630,"menu_order":0,"comment_status":"closed","ping_status":"closed","template":"","meta":{"_acf_changed":false,"footnotes":""},"issues":[],"companies":[],"regions":[],"sectors":[],"article_tags":[],"class_list":["post-212586","page","type-page","status-publish","hentry"],"acf":[],"yoast_head":"<!-- This site is optimized with the Yoast SEO Premium plugin v27.1 (Yoast SEO v27.1) - https:\/\/yoast.com\/product\/yoast-seo-premium-wordpress\/ -->\n<title>Ratifica el C176 de la OIT - industriall-union<\/title>\n<meta name=\"robots\" content=\"index, follow, max-snippet:-1, max-image-preview:large, max-video-preview:-1\" \/>\n<link rel=\"canonical\" href=\"https:\/\/admin.industriall-union.org\/es\/ratifica-el-c176-de-la-oit-0\/\" \/>\n<meta property=\"og:locale\" content=\"es_ES\" \/>\n<meta property=\"og:type\" content=\"article\" \/>\n<meta property=\"og:title\" content=\"Ratifica el C176 de la OIT\" \/>\n<meta property=\"og:description\" content=\"Ratificar y aplicar el Convenio 176 de la OIT sobre seguridad y salud en las minas. Existe una crisis de seguridad en la industria minera. Pero hay una soluci\u00f3n: en el D\u00eda Internacional de Conmemoraci\u00f3n de los Trabajadores Fallecidos y Lesionados&nbsp;lleg\u00f3 la hora de tomar medidas sobre la seguridad en las minas. &quot;Cuanto m\u00e1s fuertes [&hellip;]\" \/>\n<meta property=\"og:url\" content=\"https:\/\/admin.industriall-union.org\/es\/ratifica-el-c176-de-la-oit-0\/\" \/>\n<meta property=\"og:site_name\" content=\"industriall-union\" \/>\n<meta property=\"article:modified_time\" content=\"2026-02-03T13:12:05+00:00\" \/>\n<meta name=\"twitter:card\" content=\"summary_large_image\" \/>\n<meta name=\"twitter:label1\" content=\"Est. reading time\" \/>\n\t<meta name=\"twitter:data1\" content=\"1 minute\" \/>\n<script type=\"application\/ld+json\" class=\"yoast-schema-graph\">{\"@context\":\"https:\/\/schema.org\",\"@graph\":[{\"@type\":\"WebPage\",\"@id\":\"https:\/\/admin.industriall-union.org\/es\/ratifica-el-c176-de-la-oit-0\/\",\"url\":\"https:\/\/admin.industriall-union.org\/es\/ratifica-el-c176-de-la-oit-0\/\",\"name\":\"Ratifica el C176 de la OIT - industriall-union\",\"isPartOf\":{\"@id\":\"https:\/\/admin.industriall-union.org\/#website\"},\"datePublished\":\"2019-03-11T12:47:41+00:00\",\"dateModified\":\"2026-02-03T13:12:05+00:00\",\"breadcrumb\":{\"@id\":\"https:\/\/admin.industriall-union.org\/es\/ratifica-el-c176-de-la-oit-0\/#breadcrumb\"},\"inLanguage\":\"es-ES\",\"potentialAction\":[{\"@type\":\"ReadAction\",\"target\":[\"https:\/\/admin.industriall-union.org\/es\/ratifica-el-c176-de-la-oit-0\/\"]}]},{\"@type\":\"BreadcrumbList\",\"@id\":\"https:\/\/admin.industriall-union.org\/es\/ratifica-el-c176-de-la-oit-0\/#breadcrumb\",\"itemListElement\":[{\"@type\":\"ListItem\",\"position\":1,\"name\":\"Home\",\"item\":\"https:\/\/admin.industriall-union.org\/\"},{\"@type\":\"ListItem\",\"position\":2,\"name\":\"Qu\u00e9 hacemos\",\"item\":\"https:\/\/admin.industriall-union.org\/es\/que-hacemos\/\"},{\"@type\":\"ListItem\",\"position\":3,\"name\":\"Ratifica el C176 de la OIT\"}]},{\"@type\":\"WebSite\",\"@id\":\"https:\/\/admin.industriall-union.org\/#website\",\"url\":\"https:\/\/admin.industriall-union.org\/\",\"name\":\"industriall-union\",\"description\":\"\",\"potentialAction\":[{\"@type\":\"SearchAction\",\"target\":{\"@type\":\"EntryPoint\",\"urlTemplate\":\"https:\/\/admin.industriall-union.org\/?s={search_term_string}\"},\"query-input\":{\"@type\":\"PropertyValueSpecification\",\"valueRequired\":true,\"valueName\":\"search_term_string\"}}],\"inLanguage\":\"es-ES\"}]}<\/script>\n<!-- \/ Yoast SEO Premium plugin. -->","yoast_head_json":{"title":"Ratifica el C176 de la OIT - industriall-union","robots":{"index":"index","follow":"follow","max-snippet":"max-snippet:-1","max-image-preview":"max-image-preview:large","max-video-preview":"max-video-preview:-1"},"canonical":"https:\/\/admin.industriall-union.org\/es\/ratifica-el-c176-de-la-oit-0\/","og_locale":"es_ES","og_type":"article","og_title":"Ratifica el C176 de la OIT","og_description":"Ratificar y aplicar el Convenio 176 de la OIT sobre seguridad y salud en las minas. Existe una crisis de seguridad en la industria minera. Pero hay una soluci\u00f3n: en el D\u00eda Internacional de Conmemoraci\u00f3n de los Trabajadores Fallecidos y Lesionados&nbsp;lleg\u00f3 la hora de tomar medidas sobre la seguridad en las minas. &quot;Cuanto m\u00e1s fuertes [&hellip;]","og_url":"https:\/\/admin.industriall-union.org\/es\/ratifica-el-c176-de-la-oit-0\/","og_site_name":"industriall-union","article_modified_time":"2026-02-03T13:12:05+00:00","twitter_card":"summary_large_image","twitter_misc":{"Est. reading time":"1 minute"},"schema":{"@context":"https:\/\/schema.org","@graph":[{"@type":"WebPage","@id":"https:\/\/admin.industriall-union.org\/es\/ratifica-el-c176-de-la-oit-0\/","url":"https:\/\/admin.industriall-union.org\/es\/ratifica-el-c176-de-la-oit-0\/","name":"Ratifica el C176 de la OIT - industriall-union","isPartOf":{"@id":"https:\/\/admin.industriall-union.org\/#website"},"datePublished":"2019-03-11T12:47:41+00:00","dateModified":"2026-02-03T13:12:05+00:00","breadcrumb":{"@id":"https:\/\/admin.industriall-union.org\/es\/ratifica-el-c176-de-la-oit-0\/#breadcrumb"},"inLanguage":"es-ES","potentialAction":[{"@type":"ReadAction","target":["https:\/\/admin.industriall-union.org\/es\/ratifica-el-c176-de-la-oit-0\/"]}]},{"@type":"BreadcrumbList","@id":"https:\/\/admin.industriall-union.org\/es\/ratifica-el-c176-de-la-oit-0\/#breadcrumb","itemListElement":[{"@type":"ListItem","position":1,"name":"Home","item":"https:\/\/admin.industriall-union.org\/"},{"@type":"ListItem","position":2,"name":"Qu\u00e9 hacemos","item":"https:\/\/admin.industriall-union.org\/es\/que-hacemos\/"},{"@type":"ListItem","position":3,"name":"Ratifica el C176 de la OIT"}]},{"@type":"WebSite","@id":"https:\/\/admin.industriall-union.org\/#website","url":"https:\/\/admin.industriall-union.org\/","name":"industriall-union","description":"","potentialAction":[{"@type":"SearchAction","target":{"@type":"EntryPoint","urlTemplate":"https:\/\/admin.industriall-union.org\/?s={search_term_string}"},"query-input":{"@type":"PropertyValueSpecification","valueRequired":true,"valueName":"search_term_string"}}],"inLanguage":"es-ES"}]}},"_links":{"self":[{"href":"https:\/\/admin.industriall-union.org\/es\/wp-json\/wp\/v2\/pages\/212586","targetHints":{"allow":["GET"]}}],"collection":[{"href":"https:\/\/admin.industriall-union.org\/es\/wp-json\/wp\/v2\/pages"}],"about":[{"href":"https:\/\/admin.industriall-union.org\/es\/wp-json\/wp\/v2\/types\/page"}],"author":[{"embeddable":true,"href":"https:\/\/admin.industriall-union.org\/es\/wp-json\/wp\/v2\/users\/1"}],"replies":[{"embeddable":true,"href":"https:\/\/admin.industriall-union.org\/es\/wp-json\/wp\/v2\/comments?post=212586"}],"version-history":[{"count":4,"href":"https:\/\/admin.industriall-union.org\/es\/wp-json\/wp\/v2\/pages\/212586\/revisions"}],"predecessor-version":[{"id":464198,"href":"https:\/\/admin.industriall-union.org\/es\/wp-json\/wp\/v2\/pages\/212586\/revisions\/464198"}],"up":[{"embeddable":true,"href":"https:\/\/admin.industriall-union.org\/es\/wp-json\/wp\/v2\/pages\/212630"}],"wp:attachment":[{"href":"https:\/\/admin.industriall-union.org\/es\/wp-json\/wp\/v2\/media?parent=212586"}],"wp:term":[{"taxonomy":"issues","embeddable":true,"href":"https:\/\/admin.industriall-union.org\/es\/wp-json\/wp\/v2\/issues?post=212586"},{"taxonomy":"companies","embeddable":true,"href":"https:\/\/admin.industriall-union.org\/es\/wp-json\/wp\/v2\/companies?post=212586"},{"taxonomy":"regions","embeddable":true,"href":"https:\/\/admin.industriall-union.org\/es\/wp-json\/wp\/v2\/regions?post=212586"},{"taxonomy":"sectors","embeddable":true,"href":"https:\/\/admin.industriall-union.org\/es\/wp-json\/wp\/v2\/sectors?post=212586"},{"taxonomy":"article_tags","embeddable":true,"href":"https:\/\/admin.industriall-union.org\/es\/wp-json\/wp\/v2\/article_tags?post=212586"}],"curies":[{"name":"wp","href":"https:\/\/api.w.org\/{rel}","templated":true}]}}